{"id":51443,"date":"2026-07-26T12:19:16","date_gmt":"2026-07-26T09:19:16","guid":{"rendered":"https:\/\/adanaseshaber.com.tr\/habercim\/wp-content\/uploads\/2026\/07\/images.jpg"},"modified":"2026-07-26T12:19:38","modified_gmt":"2026-07-26T09:19:38","slug":"images-38","status":"inherit","type":"attachment","link":"https:\/\/adanaseshaber.com.tr\/habercim\/foto-galeri\/netanyahudan\/attachment\/images-38\/","title":{"rendered":"Netanyahu\u2019dan"},"author":2,"comment_status":"open","ping_status":"closed","template":"","meta":[],"description":{"rendered":"<p class=\"attachment\"><a href='https:\/\/adanaseshaber.com.tr\/habercim\/wp-content\/uploads\/2026\/07\/images.jpg'><img width=\"300\" height=\"168\" src=\"https:\/\/adanaseshaber.com.tr\/habercim\/wp-content\/uploads\/2026\/07\/images-300x168.jpg\" class=\"attachment-medium size-medium\" alt=\"\" loading=\"lazy\" srcset=\"https:\/\/adanaseshaber.com.tr\/habercim\/wp-content\/uploads\/2026\/07\/images-300x168.jpg 300w, https:\/\/adanaseshaber.com.tr\/habercim\/wp-content\/uploads\/2026\/07\/images.jpg 738w\" sizes=\"(max-width: 300px) 100vw, 300px\" \/><\/a><\/p>\n"},"caption":{"rendered":"<p>Netanyahu\u2019dan \u015eok \u0130tiraf! \u0130srail ordusuna bak\u0131n ne talimat verdi..<br \/>\n\u0130srail Ba\u015fbakan\u0131 Netanyahu, sosyal medya hesab\u0131 \u00fczerinden payla\u015ft\u0131\u011f\u0131 konu\u015fmas\u0131nda, L\u00fcbnan\u2019\u0131n g\u00fcneyinde halk\u0131n zorla yerinden edildi\u011fi b\u00f6lgelerde i\u015fgalin derinle\u015ftirilece\u011fini kaydetti. Kuzeydeki mevcut durumu \u201ctemelden de\u011fi\u015ftirmeye\u201d kararl\u0131 olduklar\u0131n\u0131 savunan Netanyahu, orduya i\u015fgalin geni\u015fletilmesi y\u00f6n\u00fcnde kesin emir verdi\u011fini duyurdu.<\/p>\n<p>devam\u0131 sonraki sayfada\u2026 g\u00f6rsel \u00fczerinden do2\u2019kununuz ge\u00e7ebilirsiniz\u2026<\/p>\n"},"alt_text":"","media_type":"image","mime_type":"image\/jpeg","media_details":{"width":738,"height":414,"file":"2026\/07\/images.jpg","sizes":{"medium":{"file":"images-300x168.jpg","width":300,"height":168,"mime_type":"image\/jpeg","source_url":"https:\/\/adanaseshaber.com.tr\/habercim\/wp-content\/uploads\/2026\/07\/images-300x168.jpg"},"thumbnail":{"file":"images-150x150.jpg","width":150,"height":150,"mime_type":"image\/jpeg","source_url":"https:\/\/adanaseshaber.com.tr\/habercim\/wp-content\/uploads\/2026\/07\/images-150x150.jpg"},"kucukResim":{"file":"images-80x50.jpg","width":80,"height":50,"mime_type":"image\/jpeg","source_url":"https:\/\/adanaseshaber.com.tr\/habercim\/wp-content\/uploads\/2026\/07\/images-80x50.jpg"},"sliderResim":{"file":"images-670x330.jpg","width":670,"height":330,"mime_type":"image\/jpeg","source_url":"https:\/\/adanaseshaber.com.tr\/habercim\/wp-content\/uploads\/2026\/07\/images-670x330.jpg"},"resim1":{"file":"images-184x140.jpg","width":184,"height":140,"mime_type":"image\/jpeg","source_url":"https:\/\/adanaseshaber.com.tr\/habercim\/wp-content\/uploads\/2026\/07\/images-184x140.jpg"},"resim2":{"file":"images-216x103.jpg","width":216,"height":103,"mime_type":"image\/jpeg","source_url":"https:\/\/adanaseshaber.com.tr\/habercim\/wp-content\/uploads\/2026\/07\/images-216x103.jpg"},"resim3":{"file":"images-145x70.jpg","width":145,"height":70,"mime_type":"image\/jpeg","source_url":"https:\/\/adanaseshaber.com.tr\/habercim\/wp-content\/uploads\/2026\/07\/images-145x70.jpg"},"sagSlider":{"file":"images-300x150.jpg","width":300,"height":150,"mime_type":"image\/jpeg","source_url":"https:\/\/adanaseshaber.com.tr\/habercim\/wp-content\/uploads\/2026\/07\/images-300x150.jpg"},"yeniSlider":{"file":"images-500x290.jpg","width":500,"height":290,"mime_type":"image\/jpeg","source_url":"https:\/\/adanaseshaber.com.tr\/habercim\/wp-content\/uploads\/2026\/07\/images-500x290.jpg"},"full":{"file":"images.jpg","width":738,"height":414,"mime_type":"image\/jpeg","source_url":"https:\/\/adanaseshaber.com.tr\/habercim\/wp-content\/uploads\/2026\/07\/images.jpg"}},"image_meta":{"aperture":"0","credit":"","camera":"","caption":"","created_timestamp":"0","copyright":"","focal_length":"0","iso":"0","shutter_speed":"0","title":"","orientation":"0","keywords":[]}},"post":51442,"source_url":"https:\/\/adanaseshaber.com.tr\/habercim\/wp-content\/uploads\/2026\/07\/images.jpg","_links":{"self":[{"href":"https:\/\/adanaseshaber.com.tr\/habercim\/wp-json\/wp\/v2\/media\/51443"}],"collection":[{"href":"https:\/\/adanaseshaber.com.tr\/habercim\/wp-json\/wp\/v2\/media"}],"about":[{"href":"https:\/\/adanaseshaber.com.tr\/habercim\/wp-json\/wp\/v2\/types\/attachment"}],"author":[{"embeddable":true,"href":"https:\/\/adanaseshaber.com.tr\/habercim\/wp-json\/wp\/v2\/users\/2"}],"replies":[{"embeddable":true,"href":"https:\/\/adanaseshaber.com.tr\/habercim\/wp-json\/wp\/v2\/comments?post=51443"}]}}