{"id":51448,"date":"2026-07-26T12:21:45","date_gmt":"2026-07-26T09:21:45","guid":{"rendered":"https:\/\/adanaseshaber.com.tr\/habercim\/wp-content\/uploads\/2026\/07\/images-6-1-6-1.jpg"},"modified":"2026-07-26T12:22:03","modified_gmt":"2026-07-26T09:22:03","slug":"images-6-1-6-1","status":"inherit","type":"attachment","link":"https:\/\/adanaseshaber.com.tr\/habercim\/foto-galeri\/orta-dogudaki-2\/attachment\/images-6-1-6-1\/","title":{"rendered":"Orta Do\u011fu\u2019daki"},"author":2,"comment_status":"open","ping_status":"closed","template":"","meta":[],"description":{"rendered":"<p class=\"attachment\"><a href='https:\/\/adanaseshaber.com.tr\/habercim\/wp-content\/uploads\/2026\/07\/images-6-1-6-1.jpg'><img width=\"292\" height=\"172\" src=\"https:\/\/adanaseshaber.com.tr\/habercim\/wp-content\/uploads\/2026\/07\/images-6-1-6-1.jpg\" class=\"attachment-medium size-medium\" alt=\"\" loading=\"lazy\" \/><\/a><\/p>\n"},"caption":{"rendered":"<p>Orta Do\u011fu\u2019daki sava\u015f, \u00c7inli tarih\u00e7i ve e\u011fitimci Jiang Xueqin\u2019in iki y\u0131l \u00f6nce dile getirdi\u011fi \u00e7arp\u0131c\u0131 \u00f6ng\u00f6r\u00fcleri ve Erbakan\u2019\u0131n a\u00e7\u0131klamalar\u0131 yeniden g\u00fcndeme ta\u015f\u0131d\u0131. Jiang, 2024 y\u0131l\u0131nda verdi\u011fi \u201c\u00d6ng\u00f6r\u00fclebilir Tarih\u201d derslerinde her\u015feyi tek tek anlatm\u0131\u015f. Erbakan\u2019da benzer bir a\u00e7\u0131klama yapm\u0131\u015f. Sava\u015f\u0131n sonunda kimin kazanaca\u011f\u0131n\u0131 da anlatm\u0131\u015f..<\/p>\n<p>devam\u0131 sonraki sayfada\u2026<\/p>\n"},"alt_text":"","media_type":"image","mime_type":"image\/jpeg","media_details":{"width":292,"height":172,"file":"2026\/07\/images-6-1-6-1.jpg","sizes":{"thumbnail":{"file":"images-6-1-6-1-150x150.jpg","width":150,"height":150,"mime_type":"image\/jpeg","source_url":"https:\/\/adanaseshaber.com.tr\/habercim\/wp-content\/uploads\/2026\/07\/images-6-1-6-1-150x150.jpg"},"kucukResim":{"file":"images-6-1-6-1-80x50.jpg","width":80,"height":50,"mime_type":"image\/jpeg","source_url":"https:\/\/adanaseshaber.com.tr\/habercim\/wp-content\/uploads\/2026\/07\/images-6-1-6-1-80x50.jpg"},"resim1":{"file":"images-6-1-6-1-184x140.jpg","width":184,"height":140,"mime_type":"image\/jpeg","source_url":"https:\/\/adanaseshaber.com.tr\/habercim\/wp-content\/uploads\/2026\/07\/images-6-1-6-1-184x140.jpg"},"resim2":{"file":"images-6-1-6-1-216x103.jpg","width":216,"height":103,"mime_type":"image\/jpeg","source_url":"https:\/\/adanaseshaber.com.tr\/habercim\/wp-content\/uploads\/2026\/07\/images-6-1-6-1-216x103.jpg"},"resim3":{"file":"images-6-1-6-1-145x70.jpg","width":145,"height":70,"mime_type":"image\/jpeg","source_url":"https:\/\/adanaseshaber.com.tr\/habercim\/wp-content\/uploads\/2026\/07\/images-6-1-6-1-145x70.jpg"},"sagSlider":{"file":"images-6-1-6-1-292x150.jpg","width":292,"height":150,"mime_type":"image\/jpeg","source_url":"https:\/\/adanaseshaber.com.tr\/habercim\/wp-content\/uploads\/2026\/07\/images-6-1-6-1-292x150.jpg"},"full":{"file":"images-6-1-6-1.jpg","width":292,"height":172,"mime_type":"image\/jpeg","source_url":"https:\/\/adanaseshaber.com.tr\/habercim\/wp-content\/uploads\/2026\/07\/images-6-1-6-1.jpg"}},"image_meta":{"aperture":"0","credit":"","camera":"","caption":"","created_timestamp":"0","copyright":"","focal_length":"0","iso":"0","shutter_speed":"0","title":"","orientation":"0","keywords":[]}},"post":51447,"source_url":"https:\/\/adanaseshaber.com.tr\/habercim\/wp-content\/uploads\/2026\/07\/images-6-1-6-1.jpg","_links":{"self":[{"href":"https:\/\/adanaseshaber.com.tr\/habercim\/wp-json\/wp\/v2\/media\/51448"}],"collection":[{"href":"https:\/\/adanaseshaber.com.tr\/habercim\/wp-json\/wp\/v2\/media"}],"about":[{"href":"https:\/\/adanaseshaber.com.tr\/habercim\/wp-json\/wp\/v2\/types\/attachment"}],"author":[{"embeddable":true,"href":"https:\/\/adanaseshaber.com.tr\/habercim\/wp-json\/wp\/v2\/users\/2"}],"replies":[{"embeddable":true,"href":"https:\/\/adanaseshaber.com.tr\/habercim\/wp-json\/wp\/v2\/comments?post=51448"}]}}