{"id":51468,"date":"2026-07-26T18:23:23","date_gmt":"2026-07-26T15:23:23","guid":{"rendered":"https:\/\/adanaseshaber.com.tr\/habercim\/wp-content\/uploads\/2026\/07\/PARA-EMEKLI.jpg"},"modified":"2026-07-26T18:23:42","modified_gmt":"2026-07-26T15:23:42","slug":"para-emekli","status":"inherit","type":"attachment","link":"https:\/\/adanaseshaber.com.tr\/habercim\/foto-galeri\/eyt-durumu-2\/attachment\/para-emekli\/","title":{"rendered":"EYT Durumu 2"},"author":2,"comment_status":"open","ping_status":"closed","template":"","meta":[],"description":{"rendered":"<p class=\"attachment\"><a href='https:\/\/adanaseshaber.com.tr\/habercim\/wp-content\/uploads\/2026\/07\/PARA-EMEKLI.jpg'><img width=\"300\" height=\"168\" src=\"https:\/\/adanaseshaber.com.tr\/habercim\/wp-content\/uploads\/2026\/07\/PARA-EMEKLI.jpg\" class=\"attachment-medium size-medium\" alt=\"\" loading=\"lazy\" \/><\/a><\/p>\n"},"caption":{"rendered":"<p>Milyonlarca vatanda\u015f i\u00e7in y\u00fcz g\u00fcld\u00fcren bir geli\u015fme ya\u015fand\u0131: 2000 ile 2008 y\u0131llar\u0131 aras\u0131nda Sosyal G\u00fcvenlik Kurumu\u2019na (SGK) giri\u015fi olanlar i\u00e7in Emeklilikte Ya\u015fa Tak\u0131lanlar (EYT) d\u00fczenlemesi d\u0131\u015f\u0131nda, kademeli emeklilik modeliyle erken emeklilik umudu do\u011fdu. Bu durum, s\u00f6z konusu y\u0131llarda sigortal\u0131 olanlar\u0131n b\u00fcy\u00fck bir kesiminde heyecan yaratt\u0131.<\/p>\n<p>Devam\u0131 sonraki sayfadad\u0131r\u2026 g\u00f6rsel \u00fczerinden do2\u2019kununuz ge\u00e7ebilirsiniz\u2026<\/p>\n"},"alt_text":"","media_type":"image","mime_type":"image\/jpeg","media_details":{"width":300,"height":168,"file":"2026\/07\/PARA-EMEKLI.jpg","sizes":{"thumbnail":{"file":"PARA-EMEKLI-150x150.jpg","width":150,"height":150,"mime_type":"image\/jpeg","source_url":"https:\/\/adanaseshaber.com.tr\/habercim\/wp-content\/uploads\/2026\/07\/PARA-EMEKLI-150x150.jpg"},"kucukResim":{"file":"PARA-EMEKLI-80x50.jpg","width":80,"height":50,"mime_type":"image\/jpeg","source_url":"https:\/\/adanaseshaber.com.tr\/habercim\/wp-content\/uploads\/2026\/07\/PARA-EMEKLI-80x50.jpg"},"resim1":{"file":"PARA-EMEKLI-184x140.jpg","width":184,"height":140,"mime_type":"image\/jpeg","source_url":"https:\/\/adanaseshaber.com.tr\/habercim\/wp-content\/uploads\/2026\/07\/PARA-EMEKLI-184x140.jpg"},"resim2":{"file":"PARA-EMEKLI-216x103.jpg","width":216,"height":103,"mime_type":"image\/jpeg","source_url":"https:\/\/adanaseshaber.com.tr\/habercim\/wp-content\/uploads\/2026\/07\/PARA-EMEKLI-216x103.jpg"},"resim3":{"file":"PARA-EMEKLI-145x70.jpg","width":145,"height":70,"mime_type":"image\/jpeg","source_url":"https:\/\/adanaseshaber.com.tr\/habercim\/wp-content\/uploads\/2026\/07\/PARA-EMEKLI-145x70.jpg"},"sagSlider":{"file":"PARA-EMEKLI-300x150.jpg","width":300,"height":150,"mime_type":"image\/jpeg","source_url":"https:\/\/adanaseshaber.com.tr\/habercim\/wp-content\/uploads\/2026\/07\/PARA-EMEKLI-300x150.jpg"},"full":{"file":"PARA-EMEKLI.jpg","width":300,"height":168,"mime_type":"image\/jpeg","source_url":"https:\/\/adanaseshaber.com.tr\/habercim\/wp-content\/uploads\/2026\/07\/PARA-EMEKLI.jpg"}},"image_meta":{"aperture":"0","credit":"","camera":"","caption":"","created_timestamp":"0","copyright":"","focal_length":"0","iso":"0","shutter_speed":"0","title":"","orientation":"0","keywords":[]}},"post":51467,"source_url":"https:\/\/adanaseshaber.com.tr\/habercim\/wp-content\/uploads\/2026\/07\/PARA-EMEKLI.jpg","_links":{"self":[{"href":"https:\/\/adanaseshaber.com.tr\/habercim\/wp-json\/wp\/v2\/media\/51468"}],"collection":[{"href":"https:\/\/adanaseshaber.com.tr\/habercim\/wp-json\/wp\/v2\/media"}],"about":[{"href":"https:\/\/adanaseshaber.com.tr\/habercim\/wp-json\/wp\/v2\/types\/attachment"}],"author":[{"embeddable":true,"href":"https:\/\/adanaseshaber.com.tr\/habercim\/wp-json\/wp\/v2\/users\/2"}],"replies":[{"embeddable":true,"href":"https:\/\/adanaseshaber.com.tr\/habercim\/wp-json\/wp\/v2\/comments?post=51468"}]}}