{"id":51480,"date":"2026-07-26T22:08:55","date_gmt":"2026-07-26T19:08:55","guid":{"rendered":"https:\/\/adanaseshaber.com.tr\/habercim\/wp-content\/uploads\/2026\/07\/images-2-1.jpg"},"modified":"2026-07-26T22:10:08","modified_gmt":"2026-07-26T19:10:08","slug":"images-2-20","status":"inherit","type":"attachment","link":"https:\/\/adanaseshaber.com.tr\/habercim\/foto-galeri\/guran-ailesi-durumu\/attachment\/images-2-20\/","title":{"rendered":"G\u00fcran ailesi durumu"},"author":2,"comment_status":"open","ping_status":"closed","template":"","meta":[],"description":{"rendered":"<p class=\"attachment\"><a href='https:\/\/adanaseshaber.com.tr\/habercim\/wp-content\/uploads\/2026\/07\/images-2-1.jpg'><img width=\"300\" height=\"201\" src=\"https:\/\/adanaseshaber.com.tr\/habercim\/wp-content\/uploads\/2026\/07\/images-2-1-300x201.jpg\" class=\"attachment-medium size-medium\" alt=\"\" loading=\"lazy\" srcset=\"https:\/\/adanaseshaber.com.tr\/habercim\/wp-content\/uploads\/2026\/07\/images-2-1-300x201.jpg 300w, https:\/\/adanaseshaber.com.tr\/habercim\/wp-content\/uploads\/2026\/07\/images-2-1.jpg 545w\" sizes=\"(max-width: 300px) 100vw, 300px\" \/><\/a><\/p>\n"},"caption":{"rendered":"<p>Diyarbak\u0131r&#8217;da Narin G\u00fcran cinayeti davas\u0131n\u0131n san\u0131\u011f\u0131 Nevzat Bahtiyar&#8217;\u0131n o\u011flu ve karde\u015fi &#8220;ruhsats\u0131z ate\u015fli silahlarla mermileri sat\u0131n alma, ta\u015f\u0131ma veya bulundurma&#8221; su\u00e7undan 1 y\u0131ldan 3 y\u0131la kadar hapis cezas\u0131 istemiyle yarg\u0131lanacak. Diyarbak\u0131r&#8217;da Narin G\u00fcran cinayeti davas\u0131n\u0131n san\u0131\u011f\u0131 Nevzat Bahtiyar&#8217;\u0131n o\u011flu ve karde\u015fi hakk\u0131nda &#8220;ruhsats\u0131z ate\u015fli silahlarla mermileri sat\u0131n alma, ta\u015f\u0131ma veya bulundurma&#8221; su\u00e7undan 1 y\u0131ldan 3 y\u0131la kadar hapis cezas\u0131 istemiyle dava a\u00e7\u0131ld\u0131.<\/p>\n<p>Diyarbak\u0131r Cumhuriyet Ba\u015fsavc\u0131l\u0131\u011f\u0131nca, 8 ya\u015f\u0131ndaki Narin G\u00fcran&#8217;\u0131n \u00f6ld\u00fcr\u00fclmesine ili\u015fkin yeniden yarg\u0131lanan ve &#8220;nitelikli kasten \u00f6ld\u00fcrmeye yard\u0131m&#8221; su\u00e7undan 17 y\u0131l hapis cezas\u0131na \u00e7arpt\u0131r\u0131lan Nevzat Bahtiyar&#8217;\u0131n o\u011flu tutuklu san\u0131k \u0130brahim Bahtiyar (22) ve karde\u015fi tutuksuz san\u0131k Mehmet Bahtiyar (37) hakk\u0131nda haz\u0131rlanan iddianame 2. Asliye Ceza Mahkemesince kabul edildi.<\/p>\n<p>\u0130ddianamede, \u0130l Emniyet M\u00fcd\u00fcrl\u00fc\u011f\u00fc Asayi\u015f \u015eube M\u00fcd\u00fcrl\u00fc\u011f\u00fc Yunus Timleri taraf\u0131ndan Narin G\u00fcran cinayetinin tutuklu san\u0131\u011f\u0131 Nevzat Bahtiyar&#8217;\u0131n duru\u015fmas\u0131n\u0131n oldu\u011fu 16 Nisan&#8217;da, Diyarbak\u0131r Adliyesi arkas\u0131nda g\u00fcvenlik \u00f6nlemleri kapsam\u0131nda kontrollerin yap\u0131ld\u0131\u011f\u0131 belirtildi.<\/p>\n<p>\u0130ddianamede, park halindeki otomobilde bulunan san\u0131klar\u0131n heyecanl\u0131 ve tedirgin hareketler sergiledi\u011fi, ara\u00e7ta yap\u0131lan aramada 2 ruhsats\u0131z tabanca ve \u00e7ok say\u0131da mermi ele ge\u00e7irildi\u011fi bildirildi.<\/p>\n<p>\u0130fadesine yer verilen san\u0131k \u0130brahim Bahtiyar, Narin G\u00fcran&#8217;\u0131n ailesinin olaydan sonra kendisini ve ailesini s\u00fcrekli tehdit etti\u011fini ileri s\u00fcrd\u00fc.<\/p>\n<p>Kendisini ve ailesini \u00f6ld\u00fcrmekle tehdit eden Narin G\u00fcran&#8217;\u0131n a\u011fabeyi B.G. hakk\u0131nda daha \u00f6nce Diyarbak\u0131r Cumhuriyet Ba\u015fsavc\u0131l\u0131\u011f\u0131na \u015fikayette bulundu\u011funu belirten Bahtiyar ifadesinde, \u015funlar\u0131 kaydetti:<\/p>\n<p>&#8220;\u00d6l\u00fcm tehditleri ald\u0131\u011f\u0131m i\u00e7in kendimi ve ailemi korumak i\u00e7in sosyal medya \u00fczerinden ileti\u015fime ge\u00e7ti\u011fim bir ki\u015fiyle anla\u015farak tabancalar\u0131 bir y\u0131l \u00f6nce ald\u0131m. \u0130kametimin kap\u0131s\u0131nda polis ekipleri bekledi\u011fi zamanlarda silah alma ihtiyac\u0131 hissetmiyordum. Tabancalar\u0131n ruhsat\u0131 yoktur. Babam\u0131n duru\u015fmas\u0131n\u0131n oldu\u011fu g\u00fcn a\u011fabeyime ait otomobilde adliyenin arka k\u0131sm\u0131nda ailemi almak i\u00e7in bekliyordum. Otomobilde tabanca oldu\u011funu amcam bilmiyordu. Her duru\u015fma sonras\u0131 G\u00fcran ailesi taraf\u0131ndan tehdit edildi\u011fim i\u00e7in tabancalar\u0131 g\u00fcvenlik amac\u0131yla yan\u0131mda bulundurmak i\u00e7in getirmi\u015ftim. Son ya\u015fanan olaylar sonras\u0131nda babam cezaevinde oldu\u011fu i\u00e7in ailemi ve kendimi korumak i\u00e7in silah bulundurma ihtiyac\u0131 hissettim. Silah kullanmas\u0131n\u0131 dahi bilmiyorum.&#8221;<\/p>\n<p>San\u0131k Mehmet Bahtiyar ise ifadesinde a\u011fabeyi Nevzat Bahtiyar&#8217;\u0131n duru\u015fmas\u0131 oldu\u011fu i\u00e7in adliyeye geldi\u011fini belirtti.<\/p>\n<p>Bahtiyar, &#8220;Duru\u015fma sonras\u0131nda ailemi alarak k\u00f6ye gidecektim. Ye\u011fenlerimin otomobilde beklediklerini g\u00f6r\u00fcnce onlar\u0131n yan\u0131na giderek ara\u00e7ta oturdum. Bir s\u00fcre sonra polis ekipleri gelerek bizi ara\u00e7tan indirerek, arama yapt\u0131. Aramada 2 tabanca bulundu. Ara\u00e7ta tabanca oldu\u011funu bilmiyordum.&#8221; ifadelerini kulland\u0131.<\/p>\n<p>\u0130ddianamenin sonu\u00e7 k\u0131sm\u0131nda \u015fu de\u011ferlendirmede bulunuldu:<\/p>\n<p>&#8220;San\u0131klar, kolluk g\u00f6revlilerini g\u00f6r\u00fcnce heyecanl\u0131 ve tedirgin hareketlerde bulunmu\u015flard\u0131r. Ara\u00e7ta 2 tabanca bulunmas\u0131 ve san\u0131k Mehmet Bahtiyar&#8217;\u0131n arac\u0131n \u015fof\u00f6r koltu\u011funda, araca hakim pozisyonda olmas\u0131, ele ge\u00e7irilen silahlar\u0131n, arac\u0131n g\u00f6zle g\u00f6r\u00fcn\u00fcr yerlerinde olmas\u0131 hususlar\u0131 nazara al\u0131nm\u0131\u015ft\u0131r. San\u0131k Mehmet Bahtiyar, ara\u00e7taki silahlardan bilgisinin olmad\u0131\u011f\u0131 y\u00f6n\u00fcndeki beyan\u0131n\u0131n su\u00e7tan kurtulmaya y\u00f6nelik oldu\u011fu, san\u0131k \u0130brahim Bahtiyar&#8217;\u0131n 2 tabancan\u0131n kendisine ait oldu\u011fu y\u00f6n\u00fcndeki beyan\u0131n\u0131n da amcas\u0131n\u0131 su\u00e7tan kurtarma \u00e7abas\u0131 ile verilmi\u015f bir beyan oldu\u011fu de\u011ferlendirilmi\u015ftir. San\u0131k Mehmet Bahtiyar&#8217;\u0131n, tabancay\u0131 ruhsats\u0131z ta\u015f\u0131mak suretiyle ve san\u0131k \u0130brahim Bahtiyar&#8217;\u0131n tabancay\u0131 ruhsats\u0131z sat\u0131n almak ve ta\u015f\u0131mak suretiyle \u00fczerlerine at\u0131l\u0131 su\u00e7u i\u015fledikleri y\u00f6n\u00fcnde haklar\u0131nda kamu davas\u0131 a\u00e7\u0131lmas\u0131 i\u00e7in yeterli delil ve \u015f\u00fcphe bulundu\u011fu anla\u015f\u0131lm\u0131\u015ft\u0131r. San\u0131klar\u0131n sevk maddesi uyar\u0131nca cezaland\u0131r\u0131lmalar\u0131 kamu ad\u0131na talep olunur.&#8221;<\/p>\n<p>\u0130stenilen ceza<br \/>\n\u0130ddianamede, tutuklu san\u0131k Nevzat Bahtiyar&#8217;\u0131n o\u011flu \u0130brahim Bahtiyar ve karde\u015fi Mehmet Bahtiyar hakk\u0131nda, &#8220;ruhsats\u0131z ate\u015fli silahlarla mermileri sat\u0131n alma, ta\u015f\u0131ma veya bulundurma&#8221; su\u00e7undan 1 y\u0131ldan 3 y\u0131la kadar hapis cezas\u0131 isteniyor.<\/p>\n<p>Diyarbak\u0131r&#8217;da 8 ya\u015f\u0131ndaki Narin G\u00fcran&#8217;\u0131n \u00f6ld\u00fcr\u00fclmesine ili\u015fkin &#8220;su\u00e7 delillerini yok etme, gizleme veya de\u011fi\u015ftirme&#8221; su\u00e7undan verilen 4 y\u0131l 6 ay hapis cezas\u0131 karar\u0131n\u0131n Yarg\u0131tay 1. Ceza Dairesince bozulmas\u0131n\u0131n ard\u0131ndan san\u0131k Nevzat Bahtiyar Diyarbak\u0131r 8. A\u011f\u0131r Ceza Mahkemesinde yeniden yarg\u0131lanm\u0131\u015f, Bahtiyar&#8217;a 16 Nisan&#8217;da g\u00f6r\u00fclen ikinci duru\u015fmada &#8220;nitelikli kasten \u00f6ld\u00fcrmeye yard\u0131m&#8221; su\u00e7undan 17 y\u0131l hapis cezas\u0131 verilmi\u015fti.<\/p>\n<p>Kaynak : aa.com.tr<\/p>\n"},"alt_text":"","media_type":"image","mime_type":"image\/jpeg","media_details":{"width":545,"height":366,"file":"2026\/07\/images-2-1.jpg","sizes":{"medium":{"file":"images-2-1-300x201.jpg","width":300,"height":201,"mime_type":"image\/jpeg","source_url":"https:\/\/adanaseshaber.com.tr\/habercim\/wp-content\/uploads\/2026\/07\/images-2-1-300x201.jpg"},"thumbnail":{"file":"images-2-1-150x150.jpg","width":150,"height":150,"mime_type":"image\/jpeg","source_url":"https:\/\/adanaseshaber.com.tr\/habercim\/wp-content\/uploads\/2026\/07\/images-2-1-150x150.jpg"},"kucukResim":{"file":"images-2-1-80x50.jpg","width":80,"height":50,"mime_type":"image\/jpeg","source_url":"https:\/\/adanaseshaber.com.tr\/habercim\/wp-content\/uploads\/2026\/07\/images-2-1-80x50.jpg"},"sliderResim":{"file":"images-2-1-545x330.jpg","width":545,"height":330,"mime_type":"image\/jpeg","source_url":"https:\/\/adanaseshaber.com.tr\/habercim\/wp-content\/uploads\/2026\/07\/images-2-1-545x330.jpg"},"resim1":{"file":"images-2-1-184x140.jpg","width":184,"height":140,"mime_type":"image\/jpeg","source_url":"https:\/\/adanaseshaber.com.tr\/habercim\/wp-content\/uploads\/2026\/07\/images-2-1-184x140.jpg"},"resim2":{"file":"images-2-1-216x103.jpg","width":216,"height":103,"mime_type":"image\/jpeg","source_url":"https:\/\/adanaseshaber.com.tr\/habercim\/wp-content\/uploads\/2026\/07\/images-2-1-216x103.jpg"},"resim3":{"file":"images-2-1-145x70.jpg","width":145,"height":70,"mime_type":"image\/jpeg","source_url":"https:\/\/adanaseshaber.com.tr\/habercim\/wp-content\/uploads\/2026\/07\/images-2-1-145x70.jpg"},"sagSlider":{"file":"images-2-1-300x150.jpg","width":300,"height":150,"mime_type":"image\/jpeg","source_url":"https:\/\/adanaseshaber.com.tr\/habercim\/wp-content\/uploads\/2026\/07\/images-2-1-300x150.jpg"},"yeniSlider":{"file":"images-2-1-500x290.jpg","width":500,"height":290,"mime_type":"image\/jpeg","source_url":"https:\/\/adanaseshaber.com.tr\/habercim\/wp-content\/uploads\/2026\/07\/images-2-1-500x290.jpg"},"full":{"file":"images-2-1.jpg","width":545,"height":366,"mime_type":"image\/jpeg","source_url":"https:\/\/adanaseshaber.com.tr\/habercim\/wp-content\/uploads\/2026\/07\/images-2-1.jpg"}},"image_meta":{"aperture":"0","credit":"","camera":"","caption":"","created_timestamp":"0","copyright":"","focal_length":"0","iso":"0","shutter_speed":"0","title":"","orientation":"0","keywords":[]}},"post":51478,"source_url":"https:\/\/adanaseshaber.com.tr\/habercim\/wp-content\/uploads\/2026\/07\/images-2-1.jpg","_links":{"self":[{"href":"https:\/\/adanaseshaber.com.tr\/habercim\/wp-json\/wp\/v2\/media\/51480"}],"collection":[{"href":"https:\/\/adanaseshaber.com.tr\/habercim\/wp-json\/wp\/v2\/media"}],"about":[{"href":"https:\/\/adanaseshaber.com.tr\/habercim\/wp-json\/wp\/v2\/types\/attachment"}],"author":[{"embeddable":true,"href":"https:\/\/adanaseshaber.com.tr\/habercim\/wp-json\/wp\/v2\/users\/2"}],"replies":[{"embeddable":true,"href":"https:\/\/adanaseshaber.com.tr\/habercim\/wp-json\/wp\/v2\/comments?post=51480"}]}}