{"id":51490,"date":"2026-07-26T22:17:47","date_gmt":"2026-07-26T19:17:47","guid":{"rendered":"https:\/\/adanaseshaber.com.tr\/habercim\/wp-content\/uploads\/2026\/07\/1-15-768x201-365.jpg"},"modified":"2026-07-26T22:18:50","modified_gmt":"2026-07-26T19:18:50","slug":"1-15-768x201-2508","status":"inherit","type":"attachment","link":"https:\/\/adanaseshaber.com.tr\/habercim\/foto-galeri\/rojin-kabaisin-kiyafetlerinden\/attachment\/1-15-768x201-2508\/","title":{"rendered":"Rojin Kabai\u015f&#8217;in k\u0131yafetlerinden"},"author":2,"comment_status":"open","ping_status":"closed","template":"","meta":[],"description":{"rendered":"<p class=\"attachment\"><a href='https:\/\/adanaseshaber.com.tr\/habercim\/wp-content\/uploads\/2026\/07\/1-15-768x201-365.jpg'><img width=\"300\" height=\"79\" src=\"https:\/\/adanaseshaber.com.tr\/habercim\/wp-content\/uploads\/2026\/07\/1-15-768x201-365-300x79.jpg\" class=\"attachment-medium size-medium\" alt=\"\" loading=\"lazy\" srcset=\"https:\/\/adanaseshaber.com.tr\/habercim\/wp-content\/uploads\/2026\/07\/1-15-768x201-365-300x79.jpg 300w, https:\/\/adanaseshaber.com.tr\/habercim\/wp-content\/uploads\/2026\/07\/1-15-768x201-365.jpg 768w\" sizes=\"(max-width: 300px) 100vw, 300px\" \/><\/a><\/p>\n"},"caption":{"rendered":"<p>Rojin Kabai\u015f&#8217;in \u00fczerinden \u00e7\u0131kar\u0131ld\u0131\u011f\u0131 bildirilen k\u0131yafetler \u00fczerinde biyolojik incelemeler ve DNA analizlerinin yap\u0131ld\u0131\u011f\u0131 vurgulanan a\u00e7\u0131klamada, s\u00f6z konusu k\u0131yafetlerin ilk olarak Van Jandarma Kriminal Laboratuvar\u0131na g\u00f6nderildi\u011fi ve yap\u0131lan biyolojik incelemelere ili\u015fkin rapor d\u00fczenlendi\u011fi bildirildi.<\/p>\n<p>K\u0131yafetlerin daha sonra, Adli T\u0131p Kurumu Biyoloji \u0130htisas Dairesine g\u00f6nderildi\u011fi, ger\u00e7ekle\u015ftirilen incelemeler sonucunda ayr\u0131nt\u0131l\u0131 rapor haz\u0131rland\u0131\u011f\u0131 aktar\u0131lan a\u00e7\u0131klamada, \u015funlara yer verildi:<\/p>\n<p>&#8220;Adli T\u0131p Kurumu Biyoloji \u0130htisas Dairesince i\u00e7 \u00e7ama\u015f\u0131r\u0131, e\u015fofman \u00fcst\u00fc ve e\u015fofman alt\u0131n\u0131n farkl\u0131 b\u00f6lgelerinden \u00e7ok say\u0131da leke ve s\u00fcr\u00fcnt\u00fc \u00f6rne\u011fi al\u0131nm\u0131\u015ft\u0131r. Bu \u00f6rnekler \u00fczerinde g\u00f6rsel leke incelemesi, kan ve insan kan\u0131 ara\u015ft\u0131rmas\u0131, menstr\u00fcasyon kaynakl\u0131 kan incelemesi, otozomal STR DNA analizi ile Y-STR DNA analizleri ger\u00e7ekle\u015ftirilmi\u015ftir. Dolay\u0131s\u0131yla &#8216;Rojin Kabai\u015f&#8217;in k\u0131yafetlerinden DNA \u00f6rne\u011fi al\u0131nmad\u0131\u011f\u0131&#8217; iddias\u0131 a\u00e7\u0131k\u00e7a ger\u00e7e\u011fe ayk\u0131r\u0131d\u0131r.<\/p>\n<p>K\u0131yafetler hem Van Jandarma Kriminal Laboratuvar\u0131nda hem de Adli T\u0131p Kurumu Biyoloji \u0130htisas Dairesinde incelenmi\u015f, k\u0131yafetlerin farkl\u0131 b\u00f6lgelerinden \u00e7ok say\u0131da biyolojik \u00f6rnek al\u0131narak gerekli DNA analizleri yap\u0131lm\u0131\u015ft\u0131r. Kamuoyunun, devam eden soru\u015fturmaya ili\u015fkin do\u011frulu\u011fu teyit edilmemi\u015f, yan\u0131lt\u0131c\u0131 ve dezenformasyon niteli\u011findeki i\u00e7eriklere itibar etmemesi \u00f6nemle rica olunur.&#8221;<\/p>\n<p>Kaynak : trthaber.com<\/p>\n"},"alt_text":"","media_type":"image","mime_type":"image\/jpeg","media_details":{"width":768,"height":201,"file":"2026\/07\/1-15-768x201-365.jpg","sizes":{"medium":{"file":"1-15-768x201-365-300x79.jpg","width":300,"height":79,"mime_type":"image\/jpeg","source_url":"https:\/\/adanaseshaber.com.tr\/habercim\/wp-content\/uploads\/2026\/07\/1-15-768x201-365-300x79.jpg"},"thumbnail":{"file":"1-15-768x201-365-150x150.jpg","width":150,"height":150,"mime_type":"image\/jpeg","source_url":"https:\/\/adanaseshaber.com.tr\/habercim\/wp-content\/uploads\/2026\/07\/1-15-768x201-365-150x150.jpg"},"kucukResim":{"file":"1-15-768x201-365-80x50.jpg","width":80,"height":50,"mime_type":"image\/jpeg","source_url":"https:\/\/adanaseshaber.com.tr\/habercim\/wp-content\/uploads\/2026\/07\/1-15-768x201-365-80x50.jpg"},"sliderResim":{"file":"1-15-768x201-365-670x201.jpg","width":670,"height":201,"mime_type":"image\/jpeg","source_url":"https:\/\/adanaseshaber.com.tr\/habercim\/wp-content\/uploads\/2026\/07\/1-15-768x201-365-670x201.jpg"},"resim1":{"file":"1-15-768x201-365-184x140.jpg","width":184,"height":140,"mime_type":"image\/jpeg","source_url":"https:\/\/adanaseshaber.com.tr\/habercim\/wp-content\/uploads\/2026\/07\/1-15-768x201-365-184x140.jpg"},"resim2":{"file":"1-15-768x201-365-216x103.jpg","width":216,"height":103,"mime_type":"image\/jpeg","source_url":"https:\/\/adanaseshaber.com.tr\/habercim\/wp-content\/uploads\/2026\/07\/1-15-768x201-365-216x103.jpg"},"resim3":{"file":"1-15-768x201-365-145x70.jpg","width":145,"height":70,"mime_type":"image\/jpeg","source_url":"https:\/\/adanaseshaber.com.tr\/habercim\/wp-content\/uploads\/2026\/07\/1-15-768x201-365-145x70.jpg"},"sagSlider":{"file":"1-15-768x201-365-300x150.jpg","width":300,"height":150,"mime_type":"image\/jpeg","source_url":"https:\/\/adanaseshaber.com.tr\/habercim\/wp-content\/uploads\/2026\/07\/1-15-768x201-365-300x150.jpg"},"yeniSlider":{"file":"1-15-768x201-365-500x201.jpg","width":500,"height":201,"mime_type":"image\/jpeg","source_url":"https:\/\/adanaseshaber.com.tr\/habercim\/wp-content\/uploads\/2026\/07\/1-15-768x201-365-500x201.jpg"},"full":{"file":"1-15-768x201-365.jpg","width":768,"height":201,"mime_type":"image\/jpeg","source_url":"https:\/\/adanaseshaber.com.tr\/habercim\/wp-content\/uploads\/2026\/07\/1-15-768x201-365.jpg"}},"image_meta":{"aperture":"0","credit":"","camera":"","caption":"","created_timestamp":"0","copyright":"","focal_length":"0","iso":"0","shutter_speed":"0","title":"","orientation":"0","keywords":[]}},"post":51488,"source_url":"https:\/\/adanaseshaber.com.tr\/habercim\/wp-content\/uploads\/2026\/07\/1-15-768x201-365.jpg","_links":{"self":[{"href":"https:\/\/adanaseshaber.com.tr\/habercim\/wp-json\/wp\/v2\/media\/51490"}],"collection":[{"href":"https:\/\/adanaseshaber.com.tr\/habercim\/wp-json\/wp\/v2\/media"}],"about":[{"href":"https:\/\/adanaseshaber.com.tr\/habercim\/wp-json\/wp\/v2\/types\/attachment"}],"author":[{"embeddable":true,"href":"https:\/\/adanaseshaber.com.tr\/habercim\/wp-json\/wp\/v2\/users\/2"}],"replies":[{"embeddable":true,"href":"https:\/\/adanaseshaber.com.tr\/habercim\/wp-json\/wp\/v2\/comments?post=51490"}]}}