{"id":51575,"date":"2026-07-29T11:44:34","date_gmt":"2026-07-29T08:44:34","guid":{"rendered":"https:\/\/adanaseshaber.com.tr\/habercim\/wp-content\/uploads\/2026\/07\/ALTIN-1.webp"},"modified":"2026-07-29T11:45:02","modified_gmt":"2026-07-29T08:45:02","slug":"altin-4","status":"inherit","type":"attachment","link":"https:\/\/adanaseshaber.com.tr\/habercim\/foto-galeri\/altin-ve-gumus-icin\/attachment\/altin-4\/","title":{"rendered":"Alt\u0131n ve g\u00fcm\u00fc\u015f i\u00e7in"},"author":2,"comment_status":"open","ping_status":"closed","template":"","meta":[],"description":{"rendered":"<p class=\"attachment\"><a href='https:\/\/adanaseshaber.com.tr\/habercim\/wp-content\/uploads\/2026\/07\/ALTIN-1.webp'><img width=\"300\" height=\"195\" src=\"https:\/\/adanaseshaber.com.tr\/habercim\/wp-content\/uploads\/2026\/07\/ALTIN-1-300x195.webp\" class=\"attachment-medium size-medium\" alt=\"\" loading=\"lazy\" srcset=\"https:\/\/adanaseshaber.com.tr\/habercim\/wp-content\/uploads\/2026\/07\/ALTIN-1-300x195.webp 300w, https:\/\/adanaseshaber.com.tr\/habercim\/wp-content\/uploads\/2026\/07\/ALTIN-1.webp 768w\" sizes=\"(max-width: 300px) 100vw, 300px\" \/><\/a><\/p>\n"},"caption":{"rendered":"<p>Alt\u0131n ve Para Piyasalar\u0131 Uzman\u0131 \u0130slam Memi\u015f, Orta Do\u011fu\u2019daki jeopolitik gerilimin alt\u0131n fiyatlar\u0131n\u0131 do\u011frudan etkiledi\u011fini belirtti. Dolar ve petroldeki y\u00fckseli\u015fin de\u011ferli metalleri bask\u0131lad\u0131\u011f\u0131na de\u011finen Memi\u015f, \u201cBu y\u0131l manip\u00fclasyon y\u0131l\u0131. \u00c7in Merkez Bankas\u0131\u2019n\u0131n yapt\u0131\u011f\u0131 gibi bu y\u0131l alt\u0131n satma de\u011fil toplama y\u0131l\u0131d\u0131r\u201d dedi\u2026.<\/p>\n<p>devam\u0131 sonraki sayfada\u2026 g\u00f6rsel \u00fczerinden do\u20192kununuz ge\u00e7ebilirsiniz\u2026<\/p>\n"},"alt_text":"","media_type":"image","mime_type":"image\/webp","media_details":{"width":768,"height":499,"file":"2026\/07\/ALTIN-1.webp","sizes":{"medium":{"file":"ALTIN-1-300x195.webp","width":300,"height":195,"mime_type":"image\/webp","source_url":"https:\/\/adanaseshaber.com.tr\/habercim\/wp-content\/uploads\/2026\/07\/ALTIN-1-300x195.webp"},"thumbnail":{"file":"ALTIN-1-150x150.webp","width":150,"height":150,"mime_type":"image\/webp","source_url":"https:\/\/adanaseshaber.com.tr\/habercim\/wp-content\/uploads\/2026\/07\/ALTIN-1-150x150.webp"},"kucukResim":{"file":"ALTIN-1-80x50.webp","width":80,"height":50,"mime_type":"image\/webp","source_url":"https:\/\/adanaseshaber.com.tr\/habercim\/wp-content\/uploads\/2026\/07\/ALTIN-1-80x50.webp"},"sliderResim":{"file":"ALTIN-1-670x330.webp","width":670,"height":330,"mime_type":"image\/webp","source_url":"https:\/\/adanaseshaber.com.tr\/habercim\/wp-content\/uploads\/2026\/07\/ALTIN-1-670x330.webp"},"resim1":{"file":"ALTIN-1-184x140.webp","width":184,"height":140,"mime_type":"image\/webp","source_url":"https:\/\/adanaseshaber.com.tr\/habercim\/wp-content\/uploads\/2026\/07\/ALTIN-1-184x140.webp"},"resim2":{"file":"ALTIN-1-216x103.webp","width":216,"height":103,"mime_type":"image\/webp","source_url":"https:\/\/adanaseshaber.com.tr\/habercim\/wp-content\/uploads\/2026\/07\/ALTIN-1-216x103.webp"},"resim3":{"file":"ALTIN-1-145x70.webp","width":145,"height":70,"mime_type":"image\/webp","source_url":"https:\/\/adanaseshaber.com.tr\/habercim\/wp-content\/uploads\/2026\/07\/ALTIN-1-145x70.webp"},"sagSlider":{"file":"ALTIN-1-300x150.webp","width":300,"height":150,"mime_type":"image\/webp","source_url":"https:\/\/adanaseshaber.com.tr\/habercim\/wp-content\/uploads\/2026\/07\/ALTIN-1-300x150.webp"},"yeniSlider":{"file":"ALTIN-1-500x290.webp","width":500,"height":290,"mime_type":"image\/webp","source_url":"https:\/\/adanaseshaber.com.tr\/habercim\/wp-content\/uploads\/2026\/07\/ALTIN-1-500x290.webp"},"full":{"file":"ALTIN-1.webp","width":768,"height":499,"mime_type":"image\/webp","source_url":"https:\/\/adanaseshaber.com.tr\/habercim\/wp-content\/uploads\/2026\/07\/ALTIN-1.webp"}},"image_meta":{"aperture":"0","credit":"","camera":"","caption":"","created_timestamp":"0","copyright":"","focal_length":"0","iso":"0","shutter_speed":"0","title":"","orientation":"0","keywords":[]}},"post":51574,"source_url":"https:\/\/adanaseshaber.com.tr\/habercim\/wp-content\/uploads\/2026\/07\/ALTIN-1.webp","_links":{"self":[{"href":"https:\/\/adanaseshaber.com.tr\/habercim\/wp-json\/wp\/v2\/media\/51575"}],"collection":[{"href":"https:\/\/adanaseshaber.com.tr\/habercim\/wp-json\/wp\/v2\/media"}],"about":[{"href":"https:\/\/adanaseshaber.com.tr\/habercim\/wp-json\/wp\/v2\/types\/attachment"}],"author":[{"embeddable":true,"href":"https:\/\/adanaseshaber.com.tr\/habercim\/wp-json\/wp\/v2\/users\/2"}],"replies":[{"embeddable":true,"href":"https:\/\/adanaseshaber.com.tr\/habercim\/wp-json\/wp\/v2\/comments?post=51575"}]}}