{"id":51576,"date":"2026-07-29T11:44:38","date_gmt":"2026-07-29T08:44:38","guid":{"rendered":"https:\/\/adanaseshaber.com.tr\/habercim\/wp-content\/uploads\/2026\/07\/1-15-768x201-399.jpg"},"modified":"2026-07-29T11:47:49","modified_gmt":"2026-07-29T08:47:49","slug":"1-15-768x201-2542","status":"inherit","type":"attachment","link":"https:\/\/adanaseshaber.com.tr\/habercim\/foto-galeri\/altin-ve-gumus-icin\/attachment\/1-15-768x201-2542\/","title":{"rendered":"Alt\u0131n ve g\u00fcm\u00fc\u015f i\u00e7in"},"author":2,"comment_status":"open","ping_status":"closed","template":"","meta":[],"description":{"rendered":"<p class=\"attachment\"><a href='https:\/\/adanaseshaber.com.tr\/habercim\/wp-content\/uploads\/2026\/07\/1-15-768x201-399.jpg'><img width=\"300\" height=\"79\" src=\"https:\/\/adanaseshaber.com.tr\/habercim\/wp-content\/uploads\/2026\/07\/1-15-768x201-399-300x79.jpg\" class=\"attachment-medium size-medium\" alt=\"\" loading=\"lazy\" srcset=\"https:\/\/adanaseshaber.com.tr\/habercim\/wp-content\/uploads\/2026\/07\/1-15-768x201-399-300x79.jpg 300w, https:\/\/adanaseshaber.com.tr\/habercim\/wp-content\/uploads\/2026\/07\/1-15-768x201-399.jpg 768w\" sizes=\"(max-width: 300px) 100vw, 300px\" \/><\/a><\/p>\n"},"caption":{"rendered":"<p>Finans Analisti \u0130slam Memi\u015f, ABD Ba\u015fkan\u0131 Donald Trump&#8217;\u0131n a\u00e7\u0131klamalar\u0131n\u0131n alt\u0131n fiyatlar\u0131nda olumlu etki uyand\u0131rd\u0131\u011f\u0131n\u0131 s\u00f6yledi. Bu nedenle r\u00fczgar\u0131n her an tersine d\u00f6nebilece\u011fini belirten Memi\u015f, &#8220;Ons alt\u0131n\u0131 4000-4200 dolar aral\u0131\u011f\u0131nda, gram alt\u0131n\u0131 ise 6000-6500 lira aral\u0131\u011f\u0131nda takip etmeyi s\u00fcrd\u00fcrece\u011fiz&#8221; dedi.<br \/>\nABD Ba\u015fkan\u0131 Donald Trump&#8217;\u0131n \u0130ran&#8217;a y\u00f6nelik sald\u0131r\u0131lar\u0131 erteleme karar\u0131 almas\u0131 de\u011ferli metal fiyatlar\u0131na olumlu y\u00f6nde yans\u0131d\u0131. Finans Analisti \u0130slam Memi\u015f, alt\u0131n piyasalar\u0131ndaki son geli\u015fmeleri A Haber canl\u0131 yay\u0131n\u0131nda de\u011ferlendirdi.<br \/>\nHafta sonu gelen a\u00e7\u0131klamalar\u0131n piyasalardaki tansiyonu bir nebze d\u00fc\u015f\u00fcrd\u00fc\u011f\u00fcn\u00fc belirten Memi\u015f, &#8220;Hafta sonu yine ABD Ba\u015fkan\u0131 Donald Trump&#8217;\u0131n a\u00e7\u0131klamalar\u0131 biraz daha olumlu y\u00f6ndeydi. Sald\u0131r\u0131y\u0131 erteledim dedi ve dolay\u0131s\u0131yla petrol fiyatlar\u0131nda sert d\u00fc\u015f\u00fc\u015fler g\u00f6rd\u00fck. Brent petrol\u00fcn varil fiyat\u0131 87 dolar seviyesine kadar geriledi, y\u00fczde 6,5 civar\u0131nda bir geri \u00e7ekilme oldu&#8221; ifadelerini kulland\u0131.<br \/>\nPetrol fiyatlar\u0131ndaki bu d\u00fc\u015f\u00fc\u015f\u00fcn di\u011fer varl\u0131klar\u0131 destekledi\u011fini vurgulayan Finans Analisti, &#8220;Bu durum petrol kar\u015f\u0131s\u0131ndaki b\u00fct\u00fcn varl\u0131klar\u0131n y\u00fckseli\u015fine neden oldu. Alt\u0131n\u0131n gram ve ons fiyat\u0131 y\u00fczde 1 y\u00fckseli\u015fle haftaya ba\u015flad\u0131&#8221; dedi.<br \/>\nAlt\u0131n piyasas\u0131ndaki g\u00fcncel rakamlar\u0131 payla\u015fan \u0130slam Memi\u015f, &#8220;Uluslararas\u0131 piyasalarda ons alt\u0131n 4050 dolar seviyesinden ge\u00e7en haftay\u0131 tamamlam\u0131\u015ft\u0131. 4100 dolar seviyesini g\u00f6rd\u00fc, \u015fu anda 4090 dolar seviyesinde. Gram alt\u0131n TL fiyat\u0131 ise \u015fu anda 6230 lira, Kapal\u0131\u00e7ar\u015f\u0131 piyasas\u0131nda ise 6275 lira seviyesini g\u00f6rm\u00fc\u015ft\u00fc&#8221; \u015feklinde konu\u015ftu.<br \/>\nMemi\u015f, piyasalar\u0131n Trump&#8217;\u0131n tutars\u0131z a\u00e7\u0131klamalar\u0131 nedeniyle y\u00f6n bulmakta zorland\u0131\u011f\u0131n\u0131 belirterek, &#8220;Yar\u0131n ak\u015famdan itibaren petrol fiyatlar\u0131ndaki d\u00fc\u015f\u00fc\u015f pompa fiyatlar\u0131na indirim olarak yans\u0131yacak ancak Trump&#8217;\u0131n farkl\u0131 bir s\u00f6ylemi r\u00fczgar\u0131 tersine \u00e7evirebilir&#8221; uyar\u0131s\u0131nda bulundu.<br \/>\nBu haftan\u0131n ekonomi takvimi a\u00e7\u0131s\u0131ndan olduk\u00e7a yo\u011fun oldu\u011funu hat\u0131rlatan Finans Analisti, &#8220;\u00d6nemli ve kritik bir hafta. 29 Temmuz \u00c7ar\u015famba ak\u015fam\u0131 ABD Merkez Bankas\u0131 Fed&#8217;in faiz karar\u0131 var. Per\u015fembe g\u00fcn\u00fc \u0130ngiltere, cuma g\u00fcn\u00fc ise Japonya Merkez Bankalar\u0131n\u0131n faiz kararlar\u0131 a\u00e7\u0131klanacak. Bu geli\u015fmeler alt\u0131n ve petrol fiyatlar\u0131nda dalgal\u0131 bir seyre yol a\u00e7acakt\u0131r&#8221; dedi.<br \/>\nMemi\u015f, konu\u015fmas\u0131n\u0131n devam\u0131nda \u015funlar\u0131 kaydetti:<\/p>\n<p>&#8220;\u015eu anda sava\u015fa odakl\u0131, petrol fiyatlar\u0131na odakl\u0131 bir alt\u0131n piyasas\u0131 var kar\u015f\u0131m\u0131zda. Y\u0131l\u0131n ikinci yar\u0131s\u0131nda ate\u015fkes ve anla\u015fma beklentimiz vard\u0131, ger\u00e7ekle\u015fti ama s\u00fcrd\u00fcr\u00fclebilir olmad\u0131. Alt\u0131n fiyatlar\u0131 bask\u0131 alt\u0131nda kalmaya devam ediyor.&#8221; Gelecek d\u00f6nem i\u00e7in kilit noktan\u0131n sava\u015f\u0131n bitmesi oldu\u011funu ifade eden Memi\u015f, &#8220;Kilit nokta Orta Do\u011fu&#8217;daki sava\u015f\u0131n bitmesi ve petrol fiyatlar\u0131n\u0131n normalle\u015fmesi. Ons alt\u0131n\u0131 4000-4200 dolar aral\u0131\u011f\u0131nda, gram alt\u0131n\u0131 ise 6000-6500 lira aral\u0131\u011f\u0131nda takip etmeyi s\u00fcrd\u00fcrece\u011fiz&#8221; ifadelerini kulland\u0131.<\/p>\n<p>Kaynak : ahaber.com.tr<\/p>\n"},"alt_text":"","media_type":"image","mime_type":"image\/jpeg","media_details":{"width":768,"height":201,"file":"2026\/07\/1-15-768x201-399.jpg","sizes":{"medium":{"file":"1-15-768x201-399-300x79.jpg","width":300,"height":79,"mime_type":"image\/jpeg","source_url":"https:\/\/adanaseshaber.com.tr\/habercim\/wp-content\/uploads\/2026\/07\/1-15-768x201-399-300x79.jpg"},"thumbnail":{"file":"1-15-768x201-399-150x150.jpg","width":150,"height":150,"mime_type":"image\/jpeg","source_url":"https:\/\/adanaseshaber.com.tr\/habercim\/wp-content\/uploads\/2026\/07\/1-15-768x201-399-150x150.jpg"},"kucukResim":{"file":"1-15-768x201-399-80x50.jpg","width":80,"height":50,"mime_type":"image\/jpeg","source_url":"https:\/\/adanaseshaber.com.tr\/habercim\/wp-content\/uploads\/2026\/07\/1-15-768x201-399-80x50.jpg"},"sliderResim":{"file":"1-15-768x201-399-670x201.jpg","width":670,"height":201,"mime_type":"image\/jpeg","source_url":"https:\/\/adanaseshaber.com.tr\/habercim\/wp-content\/uploads\/2026\/07\/1-15-768x201-399-670x201.jpg"},"resim1":{"file":"1-15-768x201-399-184x140.jpg","width":184,"height":140,"mime_type":"image\/jpeg","source_url":"https:\/\/adanaseshaber.com.tr\/habercim\/wp-content\/uploads\/2026\/07\/1-15-768x201-399-184x140.jpg"},"resim2":{"file":"1-15-768x201-399-216x103.jpg","width":216,"height":103,"mime_type":"image\/jpeg","source_url":"https:\/\/adanaseshaber.com.tr\/habercim\/wp-content\/uploads\/2026\/07\/1-15-768x201-399-216x103.jpg"},"resim3":{"file":"1-15-768x201-399-145x70.jpg","width":145,"height":70,"mime_type":"image\/jpeg","source_url":"https:\/\/adanaseshaber.com.tr\/habercim\/wp-content\/uploads\/2026\/07\/1-15-768x201-399-145x70.jpg"},"sagSlider":{"file":"1-15-768x201-399-300x150.jpg","width":300,"height":150,"mime_type":"image\/jpeg","source_url":"https:\/\/adanaseshaber.com.tr\/habercim\/wp-content\/uploads\/2026\/07\/1-15-768x201-399-300x150.jpg"},"yeniSlider":{"file":"1-15-768x201-399-500x201.jpg","width":500,"height":201,"mime_type":"image\/jpeg","source_url":"https:\/\/adanaseshaber.com.tr\/habercim\/wp-content\/uploads\/2026\/07\/1-15-768x201-399-500x201.jpg"},"full":{"file":"1-15-768x201-399.jpg","width":768,"height":201,"mime_type":"image\/jpeg","source_url":"https:\/\/adanaseshaber.com.tr\/habercim\/wp-content\/uploads\/2026\/07\/1-15-768x201-399.jpg"}},"image_meta":{"aperture":"0","credit":"","camera":"","caption":"","created_timestamp":"0","copyright":"","focal_length":"0","iso":"0","shutter_speed":"0","title":"","orientation":"0","keywords":[]}},"post":51574,"source_url":"https:\/\/adanaseshaber.com.tr\/habercim\/wp-content\/uploads\/2026\/07\/1-15-768x201-399.jpg","_links":{"self":[{"href":"https:\/\/adanaseshaber.com.tr\/habercim\/wp-json\/wp\/v2\/media\/51576"}],"collection":[{"href":"https:\/\/adanaseshaber.com.tr\/habercim\/wp-json\/wp\/v2\/media"}],"about":[{"href":"https:\/\/adanaseshaber.com.tr\/habercim\/wp-json\/wp\/v2\/types\/attachment"}],"author":[{"embeddable":true,"href":"https:\/\/adanaseshaber.com.tr\/habercim\/wp-json\/wp\/v2\/users\/2"}],"replies":[{"embeddable":true,"href":"https:\/\/adanaseshaber.com.tr\/habercim\/wp-json\/wp\/v2\/comments?post=51576"}]}}