{"id":51581,"date":"2026-07-29T12:20:09","date_gmt":"2026-07-29T09:20:09","guid":{"rendered":"https:\/\/adanaseshaber.com.tr\/habercim\/wp-content\/uploads\/2026\/07\/1-15-768x201-401.jpg"},"modified":"2026-07-29T12:20:47","modified_gmt":"2026-07-29T09:20:47","slug":"1-15-768x201-2544","status":"inherit","type":"attachment","link":"https:\/\/adanaseshaber.com.tr\/habercim\/foto-galeri\/ozel-tuketim-vergisi\/attachment\/1-15-768x201-2544\/","title":{"rendered":"\u00d6zel T\u00fcketim Vergisi"},"author":2,"comment_status":"open","ping_status":"closed","template":"","meta":[],"description":{"rendered":"<p class=\"attachment\"><a href='https:\/\/adanaseshaber.com.tr\/habercim\/wp-content\/uploads\/2026\/07\/1-15-768x201-401.jpg'><img width=\"300\" height=\"79\" src=\"https:\/\/adanaseshaber.com.tr\/habercim\/wp-content\/uploads\/2026\/07\/1-15-768x201-401-300x79.jpg\" class=\"attachment-medium size-medium\" alt=\"\" loading=\"lazy\" srcset=\"https:\/\/adanaseshaber.com.tr\/habercim\/wp-content\/uploads\/2026\/07\/1-15-768x201-401-300x79.jpg 300w, https:\/\/adanaseshaber.com.tr\/habercim\/wp-content\/uploads\/2026\/07\/1-15-768x201-401.jpg 768w\" sizes=\"(max-width: 300px) 100vw, 300px\" \/><\/a><\/p>\n"},"caption":{"rendered":"<p>EMEKL\u0130YE \u00d6TV\u2019S\u0130Z ARA\u00c7 ALIMINDAN K\u0130MLER YARARLANACAK?<\/p>\n<p>D\u00fczenleme t\u00fcm emeklileri kapsam\u0131yor. SSK (4\/1-a) emeklileri (i\u015f\u00e7i emeklileri) ve memur emeklileri (Emekli Sand\u0131\u011f\u0131) genel olarak kapsam d\u0131\u015f\u0131 kal\u0131yor. Teklif metnine g\u00f6re yaln\u0131zca \u015fu gruplar hedefleniyor;<\/p>\n<p>5362 say\u0131l\u0131 Esnaf ve Sanatk\u00e2rlar Meslek Kurulu\u015flar\u0131 Kanunu kapsam\u0131nda esnaf\/sanatk\u00e2r stat\u00fcs\u00fcnde olanlar<\/p>\n<p>5510 say\u0131l\u0131 Kanun\u2019un 4\/1-b maddesi (Ba\u011f-Kur) kapsam\u0131nda ya\u015fl\u0131l\u0131k ayl\u0131\u011f\u0131 alan emekliler. Emekliye \u00d6TV\u2019siz ara\u00e7 d\u00fczenlemesi y\u00fcr\u00fcrl\u00fc\u011fe girmedi\u011fi i\u00e7in \u015fu anda kesin bir marka-model listesi bulunmuyor. Emekliye \u00d6TV\u2019siz ara\u00e7 yasas\u0131 y\u00fcr\u00fcrl\u00fc\u011fe girdi\u011finde a\u015fa\u011f\u0131daki ara\u00e7 modellerinden faydalanmas\u0131 bekleniyor. 2026 otomobil piyasas\u0131nda uygun fiyatl\u0131 ve d\u00fc\u015f\u00fck motor hacimli modellerin \u00d6TV muafiyetli ara\u00e7 listesinde yer alabilece\u011fi de\u011ferlendiriliyor. -En az y\u00fczde 40 yerli olmas\u0131 \u015fart\u0131 nedeniyle Togg T10X ve T10F,<\/p>\n<p>-Fiat Egea Sedan ve Egea Cross,<\/p>\n<p>-Renault Clio, Megane Sedan ve Duster,<\/p>\n<p>-Toyota Corolla, Corolla Hybrid ve C-HR,<\/p>\n<p>-Hyundai i20 ve Bayon al\u0131nabiliyor<\/p>\n<p>Kaynak : yenisafak.com<\/p>\n"},"alt_text":"","media_type":"image","mime_type":"image\/jpeg","media_details":{"width":768,"height":201,"file":"2026\/07\/1-15-768x201-401.jpg","sizes":{"medium":{"file":"1-15-768x201-401-300x79.jpg","width":300,"height":79,"mime_type":"image\/jpeg","source_url":"https:\/\/adanaseshaber.com.tr\/habercim\/wp-content\/uploads\/2026\/07\/1-15-768x201-401-300x79.jpg"},"thumbnail":{"file":"1-15-768x201-401-150x150.jpg","width":150,"height":150,"mime_type":"image\/jpeg","source_url":"https:\/\/adanaseshaber.com.tr\/habercim\/wp-content\/uploads\/2026\/07\/1-15-768x201-401-150x150.jpg"},"kucukResim":{"file":"1-15-768x201-401-80x50.jpg","width":80,"height":50,"mime_type":"image\/jpeg","source_url":"https:\/\/adanaseshaber.com.tr\/habercim\/wp-content\/uploads\/2026\/07\/1-15-768x201-401-80x50.jpg"},"sliderResim":{"file":"1-15-768x201-401-670x201.jpg","width":670,"height":201,"mime_type":"image\/jpeg","source_url":"https:\/\/adanaseshaber.com.tr\/habercim\/wp-content\/uploads\/2026\/07\/1-15-768x201-401-670x201.jpg"},"resim1":{"file":"1-15-768x201-401-184x140.jpg","width":184,"height":140,"mime_type":"image\/jpeg","source_url":"https:\/\/adanaseshaber.com.tr\/habercim\/wp-content\/uploads\/2026\/07\/1-15-768x201-401-184x140.jpg"},"resim2":{"file":"1-15-768x201-401-216x103.jpg","width":216,"height":103,"mime_type":"image\/jpeg","source_url":"https:\/\/adanaseshaber.com.tr\/habercim\/wp-content\/uploads\/2026\/07\/1-15-768x201-401-216x103.jpg"},"resim3":{"file":"1-15-768x201-401-145x70.jpg","width":145,"height":70,"mime_type":"image\/jpeg","source_url":"https:\/\/adanaseshaber.com.tr\/habercim\/wp-content\/uploads\/2026\/07\/1-15-768x201-401-145x70.jpg"},"sagSlider":{"file":"1-15-768x201-401-300x150.jpg","width":300,"height":150,"mime_type":"image\/jpeg","source_url":"https:\/\/adanaseshaber.com.tr\/habercim\/wp-content\/uploads\/2026\/07\/1-15-768x201-401-300x150.jpg"},"yeniSlider":{"file":"1-15-768x201-401-500x201.jpg","width":500,"height":201,"mime_type":"image\/jpeg","source_url":"https:\/\/adanaseshaber.com.tr\/habercim\/wp-content\/uploads\/2026\/07\/1-15-768x201-401-500x201.jpg"},"full":{"file":"1-15-768x201-401.jpg","width":768,"height":201,"mime_type":"image\/jpeg","source_url":"https:\/\/adanaseshaber.com.tr\/habercim\/wp-content\/uploads\/2026\/07\/1-15-768x201-401.jpg"}},"image_meta":{"aperture":"0","credit":"","camera":"","caption":"","created_timestamp":"0","copyright":"","focal_length":"0","iso":"0","shutter_speed":"0","title":"","orientation":"0","keywords":[]}},"post":51579,"source_url":"https:\/\/adanaseshaber.com.tr\/habercim\/wp-content\/uploads\/2026\/07\/1-15-768x201-401.jpg","_links":{"self":[{"href":"https:\/\/adanaseshaber.com.tr\/habercim\/wp-json\/wp\/v2\/media\/51581"}],"collection":[{"href":"https:\/\/adanaseshaber.com.tr\/habercim\/wp-json\/wp\/v2\/media"}],"about":[{"href":"https:\/\/adanaseshaber.com.tr\/habercim\/wp-json\/wp\/v2\/types\/attachment"}],"author":[{"embeddable":true,"href":"https:\/\/adanaseshaber.com.tr\/habercim\/wp-json\/wp\/v2\/users\/2"}],"replies":[{"embeddable":true,"href":"https:\/\/adanaseshaber.com.tr\/habercim\/wp-json\/wp\/v2\/comments?post=51581"}]}}