{"id":51586,"date":"2026-07-29T12:23:31","date_gmt":"2026-07-29T09:23:31","guid":{"rendered":"https:\/\/adanaseshaber.com.tr\/habercim\/wp-content\/uploads\/2026\/07\/1-15-768x201-403.jpg"},"modified":"2026-07-29T12:24:15","modified_gmt":"2026-07-29T09:24:15","slug":"1-15-768x201-2546","status":"inherit","type":"attachment","link":"https:\/\/adanaseshaber.com.tr\/habercim\/foto-galeri\/kirmizi-ete\/attachment\/1-15-768x201-2546\/","title":{"rendered":"K\u0131rm\u0131z\u0131 ete"},"author":2,"comment_status":"open","ping_status":"closed","template":"","meta":[],"description":{"rendered":"<p class=\"attachment\"><a href='https:\/\/adanaseshaber.com.tr\/habercim\/wp-content\/uploads\/2026\/07\/1-15-768x201-403.jpg'><img width=\"300\" height=\"79\" src=\"https:\/\/adanaseshaber.com.tr\/habercim\/wp-content\/uploads\/2026\/07\/1-15-768x201-403-300x79.jpg\" class=\"attachment-medium size-medium\" alt=\"\" loading=\"lazy\" srcset=\"https:\/\/adanaseshaber.com.tr\/habercim\/wp-content\/uploads\/2026\/07\/1-15-768x201-403-300x79.jpg 300w, https:\/\/adanaseshaber.com.tr\/habercim\/wp-content\/uploads\/2026\/07\/1-15-768x201-403.jpg 768w\" sizes=\"(max-width: 300px) 100vw, 300px\" \/><\/a><\/p>\n"},"caption":{"rendered":"<p>Tar\u0131m ve Orman Bakanl\u0131\u011f\u0131 taraf\u0131ndan yay\u0131mlanan ta\u011f\u015fi\u015f listesi, g\u0131da sahtecili\u011finin kamu kurumlar\u0131na kadar uzand\u0131\u011f\u0131n\u0131 g\u00f6sterdi. Konya\u2019daki bir devlet \u00fcniversitesinin kafeteryas\u0131nda \u00f6\u011frencilere sunulan Adana kebapta yap\u0131lan hile, g\u0131da g\u00fcvenli\u011fi tart\u0131\u015fmalar\u0131n\u0131 b\u00fcy\u00fctt\u00fc.<br \/>\nTar\u0131m ve Orman Bakanl\u0131\u011f\u0131 taraf\u0131ndan yay\u0131mlanan ta\u011f\u015fi\u015f listesi, g\u0131da sahtecili\u011finin kamu kurumlar\u0131na kadar uzand\u0131\u011f\u0131n\u0131 g\u00f6sterdi. Konya\u2019daki bir devlet \u00fcniversitesinin kafeteryas\u0131nda \u00f6\u011frencilere sunulan Adana kebapta yap\u0131lan hile, g\u0131da g\u00fcvenli\u011fi tart\u0131\u015fmalar\u0131n\u0131 b\u00fcy\u00fctt\u00fc.<br \/>\nBakanl\u0131k taraf\u0131ndan ger\u00e7ekle\u015ftirilen laboratuvar analizlerinde, \u00fcniversite kafeteryas\u0131nda sat\u0131lan ve normal \u015fartlarda k\u0131rm\u0131z\u0131 etten yap\u0131lmas\u0131 gereken Adana kebapta kanatl\u0131 eti bulundu\u011fu belirlendi.<br \/>\nUzmanlar, gelece\u011fimiz olan \u00f6\u011frencilerin toplu beslenme hizmeti ald\u0131\u011f\u0131 bir devlet kurumunda bu t\u00fcr bir usuls\u00fczl\u00fc\u011f\u00fcn ya\u015fanmas\u0131n\u0131n g\u0131da g\u00fcvenli\u011fi ve denetim mekanizmalar\u0131 a\u00e7\u0131s\u0131ndan ciddi soru i\u015faretleri do\u011furdu\u011funa dikkat \u00e7ekiyor.<br \/>\nBakanl\u0131\u011f\u0131n g\u00fcncel listesinde Konya genelinde faaliyet g\u00f6steren pek \u00e7ok farkl\u0131 i\u015fletmede de benzer ta\u011f\u015fi\u015f \u00f6rneklerine rastland\u0131. Yap\u0131lan incelemelere g\u00f6re;<br \/>\nSon d\u00f6nemde lahmacun, pide ve kebap fiyatlar\u0131ndaki art\u0131\u015flara gerek\u00e7e olarak k\u0131rm\u0131z\u0131 et maliyetleri g\u00f6sterilse de ta\u011f\u015fi\u015f listeleri baz\u0131 i\u015fletmelerin y\u00fcksek fiyatlara ra\u011fmen daha ucuz olan kanatl\u0131 eti ya da sakatatlara y\u00f6neldi\u011fini kan\u0131tl\u0131yor.<br \/>\nBu durum t\u00fcketicilerin k\u0131rm\u0131z\u0131 et \u00fccreti \u00f6deyip sakatat veya kanatl\u0131 eti t\u00fcketmesine, dolay\u0131s\u0131yla iki kat ma\u011fdur olmas\u0131na yol a\u00e7\u0131yor. Bakanl\u0131k verileri incelendi\u011finde; sucuk, k\u0131yma, lahmacun, pide harc\u0131 ve kebap gibi g\u00fcnl\u00fck t\u00fcketimi yo\u011fun olan \u00fcr\u00fcnlerde kanatl\u0131 eti, ta\u015fl\u0131k, ba\u015f eti ve kalp gibi malzemelerin kullan\u0131m\u0131n\u0131n yap\u0131sal bir sorun haline geldi\u011fi g\u00f6r\u00fcl\u00fcyor. \u00dcniversite kafeteryas\u0131nda ya\u015fanan bu son olay, okul yemekhaneleri ve yurtlar gibi toplu t\u00fcketim alanlar\u0131ndaki kamusal denetimlerin s\u0131kl\u0131\u011f\u0131 ile g\u00fcvenilirli\u011fini yeniden tart\u0131\u015fmaya a\u00e7t\u0131.<\/p>\n<p>Kaynak : yenicaggazetesi.com<\/p>\n"},"alt_text":"","media_type":"image","mime_type":"image\/jpeg","media_details":{"width":768,"height":201,"file":"2026\/07\/1-15-768x201-403.jpg","sizes":{"medium":{"file":"1-15-768x201-403-300x79.jpg","width":300,"height":79,"mime_type":"image\/jpeg","source_url":"https:\/\/adanaseshaber.com.tr\/habercim\/wp-content\/uploads\/2026\/07\/1-15-768x201-403-300x79.jpg"},"thumbnail":{"file":"1-15-768x201-403-150x150.jpg","width":150,"height":150,"mime_type":"image\/jpeg","source_url":"https:\/\/adanaseshaber.com.tr\/habercim\/wp-content\/uploads\/2026\/07\/1-15-768x201-403-150x150.jpg"},"kucukResim":{"file":"1-15-768x201-403-80x50.jpg","width":80,"height":50,"mime_type":"image\/jpeg","source_url":"https:\/\/adanaseshaber.com.tr\/habercim\/wp-content\/uploads\/2026\/07\/1-15-768x201-403-80x50.jpg"},"sliderResim":{"file":"1-15-768x201-403-670x201.jpg","width":670,"height":201,"mime_type":"image\/jpeg","source_url":"https:\/\/adanaseshaber.com.tr\/habercim\/wp-content\/uploads\/2026\/07\/1-15-768x201-403-670x201.jpg"},"resim1":{"file":"1-15-768x201-403-184x140.jpg","width":184,"height":140,"mime_type":"image\/jpeg","source_url":"https:\/\/adanaseshaber.com.tr\/habercim\/wp-content\/uploads\/2026\/07\/1-15-768x201-403-184x140.jpg"},"resim2":{"file":"1-15-768x201-403-216x103.jpg","width":216,"height":103,"mime_type":"image\/jpeg","source_url":"https:\/\/adanaseshaber.com.tr\/habercim\/wp-content\/uploads\/2026\/07\/1-15-768x201-403-216x103.jpg"},"resim3":{"file":"1-15-768x201-403-145x70.jpg","width":145,"height":70,"mime_type":"image\/jpeg","source_url":"https:\/\/adanaseshaber.com.tr\/habercim\/wp-content\/uploads\/2026\/07\/1-15-768x201-403-145x70.jpg"},"sagSlider":{"file":"1-15-768x201-403-300x150.jpg","width":300,"height":150,"mime_type":"image\/jpeg","source_url":"https:\/\/adanaseshaber.com.tr\/habercim\/wp-content\/uploads\/2026\/07\/1-15-768x201-403-300x150.jpg"},"yeniSlider":{"file":"1-15-768x201-403-500x201.jpg","width":500,"height":201,"mime_type":"image\/jpeg","source_url":"https:\/\/adanaseshaber.com.tr\/habercim\/wp-content\/uploads\/2026\/07\/1-15-768x201-403-500x201.jpg"},"full":{"file":"1-15-768x201-403.jpg","width":768,"height":201,"mime_type":"image\/jpeg","source_url":"https:\/\/adanaseshaber.com.tr\/habercim\/wp-content\/uploads\/2026\/07\/1-15-768x201-403.jpg"}},"image_meta":{"aperture":"0","credit":"","camera":"","caption":"","created_timestamp":"0","copyright":"","focal_length":"0","iso":"0","shutter_speed":"0","title":"","orientation":"0","keywords":[]}},"post":51584,"source_url":"https:\/\/adanaseshaber.com.tr\/habercim\/wp-content\/uploads\/2026\/07\/1-15-768x201-403.jpg","_links":{"self":[{"href":"https:\/\/adanaseshaber.com.tr\/habercim\/wp-json\/wp\/v2\/media\/51586"}],"collection":[{"href":"https:\/\/adanaseshaber.com.tr\/habercim\/wp-json\/wp\/v2\/media"}],"about":[{"href":"https:\/\/adanaseshaber.com.tr\/habercim\/wp-json\/wp\/v2\/types\/attachment"}],"author":[{"embeddable":true,"href":"https:\/\/adanaseshaber.com.tr\/habercim\/wp-json\/wp\/v2\/users\/2"}],"replies":[{"embeddable":true,"href":"https:\/\/adanaseshaber.com.tr\/habercim\/wp-json\/wp\/v2\/comments?post=51586"}]}}