{"id":51601,"date":"2026-07-29T19:24:56","date_gmt":"2026-07-29T16:24:56","guid":{"rendered":"https:\/\/adanaseshaber.com.tr\/habercim\/wp-content\/uploads\/2026\/07\/goruntuleri-elden-ele-dolasiyor-konya-da-vergi-19393343_6979_amp-768x512-2.jpg"},"modified":"2026-07-29T19:25:24","modified_gmt":"2026-07-29T16:25:24","slug":"goruntuleri-elden-ele-dolasiyor-konya-da-vergi-19393343_6979_amp-768x512-2","status":"inherit","type":"attachment","link":"https:\/\/adanaseshaber.com.tr\/habercim\/foto-galeri\/konyadan-rezil-goruntu\/attachment\/goruntuleri-elden-ele-dolasiyor-konya-da-vergi-19393343_6979_amp-768x512-2\/","title":{"rendered":"Konya\u2019dan Rezil G\u00f6r\u00fcnt\u00fc"},"author":2,"comment_status":"open","ping_status":"closed","template":"","meta":[],"description":{"rendered":"<p class=\"attachment\"><a href='https:\/\/adanaseshaber.com.tr\/habercim\/wp-content\/uploads\/2026\/07\/goruntuleri-elden-ele-dolasiyor-konya-da-vergi-19393343_6979_amp-768x512-2.jpg'><img width=\"300\" height=\"200\" src=\"https:\/\/adanaseshaber.com.tr\/habercim\/wp-content\/uploads\/2026\/07\/goruntuleri-elden-ele-dolasiyor-konya-da-vergi-19393343_6979_amp-768x512-2-300x200.jpg\" class=\"attachment-medium size-medium\" alt=\"\" loading=\"lazy\" srcset=\"https:\/\/adanaseshaber.com.tr\/habercim\/wp-content\/uploads\/2026\/07\/goruntuleri-elden-ele-dolasiyor-konya-da-vergi-19393343_6979_amp-768x512-2-300x200.jpg 300w, https:\/\/adanaseshaber.com.tr\/habercim\/wp-content\/uploads\/2026\/07\/goruntuleri-elden-ele-dolasiyor-konya-da-vergi-19393343_6979_amp-768x512-2.jpg 768w\" sizes=\"(max-width: 300px) 100vw, 300px\" \/><\/a><\/p>\n"},"caption":{"rendered":"<p>Konya\u2019dan Rezil G\u00f6r\u00fcnt\u00fcler! Konya Defterdarl\u0131\u011f\u0131 Sel\u00e7uk Vergi Dairesi\u2019nde gelir uzman\u0131 olarak g\u00f6rev yapt\u0131\u011f\u0131 belirtilen S.D. hakk\u0131nda ortaya at\u0131lan iddialar sosyal medyada g\u00fcndem oldu. \u0130ddiaya g\u00f6re raporlu oldu\u011fu d\u00f6nemde i\u015fe gitmeyen S.D.\u2019nin sosyal medya i\u00e7in video i\u00e7erikleri \u00fcretmeye devam etti\u011fi \u00f6ne s\u00fcr\u00fcld\u00fc\u2026.<\/p>\n<p>devam\u0131 sonraki sayfada\u2026. g\u00f6rsel \u00fczerinden do2\u2019kununuz ge\u00e7ebilirsiniz\u2026<\/p>\n"},"alt_text":"","media_type":"image","mime_type":"image\/jpeg","media_details":{"width":768,"height":512,"file":"2026\/07\/goruntuleri-elden-ele-dolasiyor-konya-da-vergi-19393343_6979_amp-768x512-2.jpg","sizes":{"medium":{"file":"goruntuleri-elden-ele-dolasiyor-konya-da-vergi-19393343_6979_amp-768x512-2-300x200.jpg","width":300,"height":200,"mime_type":"image\/jpeg","source_url":"https:\/\/adanaseshaber.com.tr\/habercim\/wp-content\/uploads\/2026\/07\/goruntuleri-elden-ele-dolasiyor-konya-da-vergi-19393343_6979_amp-768x512-2-300x200.jpg"},"thumbnail":{"file":"goruntuleri-elden-ele-dolasiyor-konya-da-vergi-19393343_6979_amp-768x512-2-150x150.jpg","width":150,"height":150,"mime_type":"image\/jpeg","source_url":"https:\/\/adanaseshaber.com.tr\/habercim\/wp-content\/uploads\/2026\/07\/goruntuleri-elden-ele-dolasiyor-konya-da-vergi-19393343_6979_amp-768x512-2-150x150.jpg"},"kucukResim":{"file":"goruntuleri-elden-ele-dolasiyor-konya-da-vergi-19393343_6979_amp-768x512-2-80x50.jpg","width":80,"height":50,"mime_type":"image\/jpeg","source_url":"https:\/\/adanaseshaber.com.tr\/habercim\/wp-content\/uploads\/2026\/07\/goruntuleri-elden-ele-dolasiyor-konya-da-vergi-19393343_6979_amp-768x512-2-80x50.jpg"},"sliderResim":{"file":"goruntuleri-elden-ele-dolasiyor-konya-da-vergi-19393343_6979_amp-768x512-2-670x330.jpg","width":670,"height":330,"mime_type":"image\/jpeg","source_url":"https:\/\/adanaseshaber.com.tr\/habercim\/wp-content\/uploads\/2026\/07\/goruntuleri-elden-ele-dolasiyor-konya-da-vergi-19393343_6979_amp-768x512-2-670x330.jpg"},"resim1":{"file":"goruntuleri-elden-ele-dolasiyor-konya-da-vergi-19393343_6979_amp-768x512-2-184x140.jpg","width":184,"height":140,"mime_type":"image\/jpeg","source_url":"https:\/\/adanaseshaber.com.tr\/habercim\/wp-content\/uploads\/2026\/07\/goruntuleri-elden-ele-dolasiyor-konya-da-vergi-19393343_6979_amp-768x512-2-184x140.jpg"},"resim2":{"file":"goruntuleri-elden-ele-dolasiyor-konya-da-vergi-19393343_6979_amp-768x512-2-216x103.jpg","width":216,"height":103,"mime_type":"image\/jpeg","source_url":"https:\/\/adanaseshaber.com.tr\/habercim\/wp-content\/uploads\/2026\/07\/goruntuleri-elden-ele-dolasiyor-konya-da-vergi-19393343_6979_amp-768x512-2-216x103.jpg"},"resim3":{"file":"goruntuleri-elden-ele-dolasiyor-konya-da-vergi-19393343_6979_amp-768x512-2-145x70.jpg","width":145,"height":70,"mime_type":"image\/jpeg","source_url":"https:\/\/adanaseshaber.com.tr\/habercim\/wp-content\/uploads\/2026\/07\/goruntuleri-elden-ele-dolasiyor-konya-da-vergi-19393343_6979_amp-768x512-2-145x70.jpg"},"sagSlider":{"file":"goruntuleri-elden-ele-dolasiyor-konya-da-vergi-19393343_6979_amp-768x512-2-300x150.jpg","width":300,"height":150,"mime_type":"image\/jpeg","source_url":"https:\/\/adanaseshaber.com.tr\/habercim\/wp-content\/uploads\/2026\/07\/goruntuleri-elden-ele-dolasiyor-konya-da-vergi-19393343_6979_amp-768x512-2-300x150.jpg"},"yeniSlider":{"file":"goruntuleri-elden-ele-dolasiyor-konya-da-vergi-19393343_6979_amp-768x512-2-500x290.jpg","width":500,"height":290,"mime_type":"image\/jpeg","source_url":"https:\/\/adanaseshaber.com.tr\/habercim\/wp-content\/uploads\/2026\/07\/goruntuleri-elden-ele-dolasiyor-konya-da-vergi-19393343_6979_amp-768x512-2-500x290.jpg"},"full":{"file":"goruntuleri-elden-ele-dolasiyor-konya-da-vergi-19393343_6979_amp-768x512-2.jpg","width":768,"height":512,"mime_type":"image\/jpeg","source_url":"https:\/\/adanaseshaber.com.tr\/habercim\/wp-content\/uploads\/2026\/07\/goruntuleri-elden-ele-dolasiyor-konya-da-vergi-19393343_6979_amp-768x512-2.jpg"}},"image_meta":{"aperture":"0","credit":"","camera":"","caption":"","created_timestamp":"0","copyright":"","focal_length":"0","iso":"0","shutter_speed":"0","title":"","orientation":"0","keywords":[]}},"post":51600,"source_url":"https:\/\/adanaseshaber.com.tr\/habercim\/wp-content\/uploads\/2026\/07\/goruntuleri-elden-ele-dolasiyor-konya-da-vergi-19393343_6979_amp-768x512-2.jpg","_links":{"self":[{"href":"https:\/\/adanaseshaber.com.tr\/habercim\/wp-json\/wp\/v2\/media\/51601"}],"collection":[{"href":"https:\/\/adanaseshaber.com.tr\/habercim\/wp-json\/wp\/v2\/media"}],"about":[{"href":"https:\/\/adanaseshaber.com.tr\/habercim\/wp-json\/wp\/v2\/types\/attachment"}],"author":[{"embeddable":true,"href":"https:\/\/adanaseshaber.com.tr\/habercim\/wp-json\/wp\/v2\/users\/2"}],"replies":[{"embeddable":true,"href":"https:\/\/adanaseshaber.com.tr\/habercim\/wp-json\/wp\/v2\/comments?post=51601"}]}}