{"id":51632,"date":"2026-07-30T18:42:32","date_gmt":"2026-07-30T15:42:32","guid":{"rendered":"https:\/\/adanaseshaber.com.tr\/habercim\/wp-content\/uploads\/2026\/07\/1-15-768x201-421.jpg"},"modified":"2026-07-30T18:44:09","modified_gmt":"2026-07-30T15:44:09","slug":"1-15-768x201-2564","status":"inherit","type":"attachment","link":"https:\/\/adanaseshaber.com.tr\/habercim\/foto-galeri\/masterchef-sampiyonu\/attachment\/1-15-768x201-2564\/","title":{"rendered":"MasterChef \u015fampiyonu"},"author":2,"comment_status":"open","ping_status":"closed","template":"","meta":[],"description":{"rendered":"<p class=\"attachment\"><a href='https:\/\/adanaseshaber.com.tr\/habercim\/wp-content\/uploads\/2026\/07\/1-15-768x201-421.jpg'><img width=\"300\" height=\"79\" src=\"https:\/\/adanaseshaber.com.tr\/habercim\/wp-content\/uploads\/2026\/07\/1-15-768x201-421-300x79.jpg\" class=\"attachment-medium size-medium\" alt=\"\" loading=\"lazy\" srcset=\"https:\/\/adanaseshaber.com.tr\/habercim\/wp-content\/uploads\/2026\/07\/1-15-768x201-421-300x79.jpg 300w, https:\/\/adanaseshaber.com.tr\/habercim\/wp-content\/uploads\/2026\/07\/1-15-768x201-421.jpg 768w\" sizes=\"(max-width: 300px) 100vw, 300px\" \/><\/a><\/p>\n"},"caption":{"rendered":"<p>Olay, saat 17.00 s\u0131ralar\u0131nda Kumk\u00f6y Mahallesi&#8217;nde meydana geldi. \u0130ddiaya g\u00f6re, \u015fef Eren Ka\u015f\u0131k\u00e7\u0131, arkada\u015f\u0131 Mikail M.(44) taraf\u0131ndan evinde hareketsiz halde bulundu. Mikail B.&#8217;nin ihbar\u0131 \u00fczerine olay yerine jandarma ve acil sa\u011fl\u0131k ekipleri geldi. Sa\u011fl\u0131k ekiplerinin kontrollerinde yerde hareketsiz yatan Eren Ka\u015f\u0131k\u00e7\u0131&#8217;n\u0131n hayat\u0131n\u0131 kaybetti\u011fi belirlendi. Ka\u015f\u0131k\u00e7\u0131&#8217;n\u0131n cenazesi olay yerindeki incelemelerin ard\u0131ndan kesin \u00f6l\u00fcm nedeninin belirlenmesi i\u00e7in Adli T\u0131p Kurumu morguna kald\u0131r\u0131ld\u0131.<br \/>\nKa\u015f\u0131k\u00e7\u0131&#8217;n\u0131n \u00f6l\u00fcm nedeninin hen\u00fcz netle\u015fmedi\u011fi \u00f6\u011frenilirken, \u0130stanbul Cumhuriyet Ba\u015fsavc\u0131l\u0131\u011f\u0131 olayla ilgili soru\u015fturma ba\u015flatt\u0131.<br \/>\nANNE VE BABASI AYAKTA ZOR DURDU<\/p>\n<p>37 ya\u015f\u0131nda hayat\u0131n\u0131 kaybeden Eren Ka\u015f\u0131k\u00e7\u0131 son yolculu\u011funa u\u011furlan\u0131rken ac\u0131l\u0131 anne ve babas\u0131n\u0131n ayakta zor durdu\u011fu g\u00f6r\u00fcld\u00fc. Annesi yak\u0131nlar\u0131n\u0131n yard\u0131m\u0131yla ayakta durabildi.<\/p>\n<p>Kilyos\u2019taki evinde cans\u0131z bedeni bulunan Ka\u015f\u0131kc\u0131\u2019n\u0131n vefat haberi, ailesini, yak\u0131nlar\u0131n\u0131 ve kom\u015fular\u0131n\u0131 yasa bo\u011fdu. Cenaze evden \u00e7\u0131kart\u0131l\u0131rken a\u011flama ve feryat sesleri y\u00fckseldi.<\/p>\n<p>Ac\u0131l\u0131 anne \u201cAnnem, b\u00f6yle olmaz, olmaz, olmaz. Olmaz yavrum\u201d diyerek feryat etti. Cenaze t\u00f6renine \u00fcnl\u00fc \u015fef Somer Sivrio\u011flu Mehmet Yal\u00e7\u0131nkaya da kat\u0131ld\u0131. EREN KA\u015eIK\u00c7I K\u0130MD\u0130R?<\/p>\n<p>1989 do\u011fumlu, aslen Tokatl\u0131 profesyonel \u015fef ve i\u015fletmeci olan Eren Ka\u015f\u0131k\u00e7\u0131, meslek hayat\u0131 boyunca \u0130stanbul\u2019daki \u00e7e\u015fitli otellerin mutfaklar\u0131nda \u00e7al\u0131\u015ft\u0131. Ka\u015f\u0131k\u00e7\u0131 daha sonra G\u00f6k\u00e7eada\u2019ya yerle\u015ferek bir s\u00f6rf otelinde \u015feflik yapt\u0131.<\/p>\n<p>2021 y\u0131l\u0131nda MasterChef T\u00fcrkiye\u2019ye kat\u0131lan Ka\u015f\u0131k\u00e7\u0131, \u00f6zellikle Anadolu mutfa\u011f\u0131ndan esinlenen tabaklar\u0131yla dikkat \u00e7ekti. Finalde Hasan Biltekin\u2019i geride b\u0131rakarak sezonun \u015fampiyonu oldu. Yar\u0131\u015fman\u0131n ard\u0131ndan \u201cK\u0131z\u0131l Sakal\u201d markas\u0131yla restoran ve sandvi\u00e7 i\u015fletmeleri a\u00e7an Ka\u015f\u0131k\u00e7\u0131, gastronomi alan\u0131ndaki \u00e7al\u0131\u015fmalar yapt\u0131. Evli ve bir \u00e7ocuk babas\u0131yd\u0131. <\/p>\n<p>Kaynak : milliyet.com.tr<\/p>\n"},"alt_text":"","media_type":"image","mime_type":"image\/jpeg","media_details":{"width":768,"height":201,"file":"2026\/07\/1-15-768x201-421.jpg","sizes":{"medium":{"file":"1-15-768x201-421-300x79.jpg","width":300,"height":79,"mime_type":"image\/jpeg","source_url":"https:\/\/adanaseshaber.com.tr\/habercim\/wp-content\/uploads\/2026\/07\/1-15-768x201-421-300x79.jpg"},"thumbnail":{"file":"1-15-768x201-421-150x150.jpg","width":150,"height":150,"mime_type":"image\/jpeg","source_url":"https:\/\/adanaseshaber.com.tr\/habercim\/wp-content\/uploads\/2026\/07\/1-15-768x201-421-150x150.jpg"},"kucukResim":{"file":"1-15-768x201-421-80x50.jpg","width":80,"height":50,"mime_type":"image\/jpeg","source_url":"https:\/\/adanaseshaber.com.tr\/habercim\/wp-content\/uploads\/2026\/07\/1-15-768x201-421-80x50.jpg"},"sliderResim":{"file":"1-15-768x201-421-670x201.jpg","width":670,"height":201,"mime_type":"image\/jpeg","source_url":"https:\/\/adanaseshaber.com.tr\/habercim\/wp-content\/uploads\/2026\/07\/1-15-768x201-421-670x201.jpg"},"resim1":{"file":"1-15-768x201-421-184x140.jpg","width":184,"height":140,"mime_type":"image\/jpeg","source_url":"https:\/\/adanaseshaber.com.tr\/habercim\/wp-content\/uploads\/2026\/07\/1-15-768x201-421-184x140.jpg"},"resim2":{"file":"1-15-768x201-421-216x103.jpg","width":216,"height":103,"mime_type":"image\/jpeg","source_url":"https:\/\/adanaseshaber.com.tr\/habercim\/wp-content\/uploads\/2026\/07\/1-15-768x201-421-216x103.jpg"},"resim3":{"file":"1-15-768x201-421-145x70.jpg","width":145,"height":70,"mime_type":"image\/jpeg","source_url":"https:\/\/adanaseshaber.com.tr\/habercim\/wp-content\/uploads\/2026\/07\/1-15-768x201-421-145x70.jpg"},"sagSlider":{"file":"1-15-768x201-421-300x150.jpg","width":300,"height":150,"mime_type":"image\/jpeg","source_url":"https:\/\/adanaseshaber.com.tr\/habercim\/wp-content\/uploads\/2026\/07\/1-15-768x201-421-300x150.jpg"},"yeniSlider":{"file":"1-15-768x201-421-500x201.jpg","width":500,"height":201,"mime_type":"image\/jpeg","source_url":"https:\/\/adanaseshaber.com.tr\/habercim\/wp-content\/uploads\/2026\/07\/1-15-768x201-421-500x201.jpg"},"full":{"file":"1-15-768x201-421.jpg","width":768,"height":201,"mime_type":"image\/jpeg","source_url":"https:\/\/adanaseshaber.com.tr\/habercim\/wp-content\/uploads\/2026\/07\/1-15-768x201-421.jpg"}},"image_meta":{"aperture":"0","credit":"","camera":"","caption":"","created_timestamp":"0","copyright":"","focal_length":"0","iso":"0","shutter_speed":"0","title":"","orientation":"0","keywords":[]}},"post":51630,"source_url":"https:\/\/adanaseshaber.com.tr\/habercim\/wp-content\/uploads\/2026\/07\/1-15-768x201-421.jpg","_links":{"self":[{"href":"https:\/\/adanaseshaber.com.tr\/habercim\/wp-json\/wp\/v2\/media\/51632"}],"collection":[{"href":"https:\/\/adanaseshaber.com.tr\/habercim\/wp-json\/wp\/v2\/media"}],"about":[{"href":"https:\/\/adanaseshaber.com.tr\/habercim\/wp-json\/wp\/v2\/types\/attachment"}],"author":[{"embeddable":true,"href":"https:\/\/adanaseshaber.com.tr\/habercim\/wp-json\/wp\/v2\/users\/2"}],"replies":[{"embeddable":true,"href":"https:\/\/adanaseshaber.com.tr\/habercim\/wp-json\/wp\/v2\/comments?post=51632"}]}}