{"id":51642,"date":"2026-07-31T01:50:13","date_gmt":"2026-07-30T22:50:13","guid":{"rendered":"https:\/\/adanaseshaber.com.tr\/habercim\/wp-content\/uploads\/2026\/07\/1-15-768x201-425.jpg"},"modified":"2026-07-31T01:53:12","modified_gmt":"2026-07-30T22:53:12","slug":"1-15-768x201-2568","status":"inherit","type":"attachment","link":"https:\/\/adanaseshaber.com.tr\/habercim\/foto-galeri\/masterchef-2021-sampiyonu\/attachment\/1-15-768x201-2568\/","title":{"rendered":"MasterChef 2021 \u015fampiyonu"},"author":2,"comment_status":"open","ping_status":"closed","template":"","meta":[],"description":{"rendered":"<p class=\"attachment\"><a href='https:\/\/adanaseshaber.com.tr\/habercim\/wp-content\/uploads\/2026\/07\/1-15-768x201-425.jpg'><img width=\"300\" height=\"79\" src=\"https:\/\/adanaseshaber.com.tr\/habercim\/wp-content\/uploads\/2026\/07\/1-15-768x201-425-300x79.jpg\" class=\"attachment-medium size-medium\" alt=\"\" loading=\"lazy\" srcset=\"https:\/\/adanaseshaber.com.tr\/habercim\/wp-content\/uploads\/2026\/07\/1-15-768x201-425-300x79.jpg 300w, https:\/\/adanaseshaber.com.tr\/habercim\/wp-content\/uploads\/2026\/07\/1-15-768x201-425.jpg 768w\" sizes=\"(max-width: 300px) 100vw, 300px\" \/><\/a><\/p>\n"},"caption":{"rendered":"<p>Eren Ka\u015f\u0131k\u00e7\u0131&#8217;n\u0131n \u00f6l\u00fcm\u00fcne ili\u015fkin \u0130stanbul Cumhuriyet Ba\u015fsavc\u0131l\u0131\u011f\u0131 taraf\u0131ndan soru\u015fturma ba\u015flat\u0131ld\u0131. Ka\u015f\u0131k\u00e7\u0131&#8217;n\u0131n cenazesi, Sancaktepe Yenido\u011fan Cemevi&#8217;nde d\u00fczenlenen cenaze t\u00f6reninin ard\u0131ndan memleketi Tokat\u2019a g\u00f6nderildi.<br \/>\nMasterChef T\u00fcrkiye yar\u0131\u015fmas\u0131nda 2021 y\u0131l\u0131nda \u015fampiyon olan \u00fcnl\u00fc \u015fef Eren Ka\u015f\u0131k\u00e7\u0131, d\u00fcn Sar\u0131yer&#8217;deki evinde \u00f6l\u00fc bulundu. Gen\u00e7 ya\u015ftaki vefat\u0131yla sevenlerini yasa bo\u011fan Ka\u015f\u0131k\u00e7\u0131&#8217;n\u0131n \u00f6l\u00fcm nedeni yap\u0131lacak otopsiden sonra netlik kazanacak. Cenazeye, sunucu ve yap\u0131mc\u0131 Acun Il\u0131cal\u0131, yar\u0131\u015fman\u0131n j\u00fcri \u00fcyeleri \u015eef Somer Sivrio\u011flu, Mehmet Yal\u00e7\u0131nkaya, arkada\u015flar\u0131 ve \u00e7ok say\u0131da seveni kat\u0131ld\u0131.<br \/>\nCenaze t\u00f6reninde konu\u015fan \u015fef Somer Sivrio\u011flu, &#8220;Eren&#8217;in ustas\u0131yd\u0131m ayr\u0131ca onun abilerinden bir tanesiydim. \u00c7ok k\u0131ymetli karde\u015fimizi kaybettik. D\u00fcnyan\u0131n en g\u00fczel, en y\u00fcce g\u00f6n\u00fcll\u00fc, en y\u00fcce insanlar\u0131ndan bir tanesiydi. Hakk\u0131n rahmetine u\u011furluyoruz. Bende ac\u0131l\u0131 ailesine sab\u0131rlar dilerim, ba\u015f\u0131m\u0131z sa\u011f olsun&#8221; dedi.<br \/>\nKa\u015f\u0131k\u00e7\u0131&#8217;n\u0131n cans\u0131z bedenini bulan arkada\u015f\u0131 Mikail Malko\u00e7o\u011flu konu\u015ftu.<br \/>\nOlduk\u00e7a \u00fczg\u00fcn oldu\u011fu g\u00f6r\u00fcnen Malko\u00e7o\u011flu, &#8221;Telefonla ula\u015f\u0131lamay\u0131nca, e\u015fi de zaten ula\u015famam\u0131\u015f. Bize haber verdi biz de evine gittik. Eve gidince de cans\u0131z bedeniyle kar\u015f\u0131la\u015ft\u0131k. Sa\u011fl\u0131k ekipleri ilk geldi\u011finde ilk izlenimleri kalp krizi oldu\u011fu y\u00f6n\u00fcndeydi. Do\u011fru sonucu adli t\u0131p kurumu raporu sonras\u0131nda belli olacak. Ac\u0131m\u0131z b\u00fcy\u00fck, karde\u015fimizi kaybettik. D\u00fcnyada tan\u0131d\u0131\u011f\u0131m en iyi insanlardan biriydi. \u0130yilikle yar\u0131\u015f\u0131yordu, herkese elini uzat\u0131yordu. T\u00fcm garibanlara ula\u015f\u0131yordu. Afrika&#8217;da oradaki mazlumlara buradan sandvi\u00e7 g\u00f6t\u00fcrd\u00fc. Orada onlara yemek yapt\u0131. Hayat\u0131mda g\u00f6rd\u00fc\u011f\u00fcm en iyiliksever insand\u0131. Yapacak bir \u015fey yok takdiri ilahi. Karde\u015fimizin emanetine Maya k\u0131z\u0131m\u0131za sahip \u00e7\u0131kaca\u011f\u0131z. \u0130smine de emanetlerine de sahip \u00e7\u0131kaca\u011f\u0131z. Allah mekan\u0131n\u0131 cennet eylesin&#8221; a\u00e7\u0131klamas\u0131nda bulundu.<\/p>\n<p>Kaynak : milliyet.com.tr<\/p>\n"},"alt_text":"","media_type":"image","mime_type":"image\/jpeg","media_details":{"width":768,"height":201,"file":"2026\/07\/1-15-768x201-425.jpg","sizes":{"medium":{"file":"1-15-768x201-425-300x79.jpg","width":300,"height":79,"mime_type":"image\/jpeg","source_url":"https:\/\/adanaseshaber.com.tr\/habercim\/wp-content\/uploads\/2026\/07\/1-15-768x201-425-300x79.jpg"},"thumbnail":{"file":"1-15-768x201-425-150x150.jpg","width":150,"height":150,"mime_type":"image\/jpeg","source_url":"https:\/\/adanaseshaber.com.tr\/habercim\/wp-content\/uploads\/2026\/07\/1-15-768x201-425-150x150.jpg"},"kucukResim":{"file":"1-15-768x201-425-80x50.jpg","width":80,"height":50,"mime_type":"image\/jpeg","source_url":"https:\/\/adanaseshaber.com.tr\/habercim\/wp-content\/uploads\/2026\/07\/1-15-768x201-425-80x50.jpg"},"sliderResim":{"file":"1-15-768x201-425-670x201.jpg","width":670,"height":201,"mime_type":"image\/jpeg","source_url":"https:\/\/adanaseshaber.com.tr\/habercim\/wp-content\/uploads\/2026\/07\/1-15-768x201-425-670x201.jpg"},"resim1":{"file":"1-15-768x201-425-184x140.jpg","width":184,"height":140,"mime_type":"image\/jpeg","source_url":"https:\/\/adanaseshaber.com.tr\/habercim\/wp-content\/uploads\/2026\/07\/1-15-768x201-425-184x140.jpg"},"resim2":{"file":"1-15-768x201-425-216x103.jpg","width":216,"height":103,"mime_type":"image\/jpeg","source_url":"https:\/\/adanaseshaber.com.tr\/habercim\/wp-content\/uploads\/2026\/07\/1-15-768x201-425-216x103.jpg"},"resim3":{"file":"1-15-768x201-425-145x70.jpg","width":145,"height":70,"mime_type":"image\/jpeg","source_url":"https:\/\/adanaseshaber.com.tr\/habercim\/wp-content\/uploads\/2026\/07\/1-15-768x201-425-145x70.jpg"},"sagSlider":{"file":"1-15-768x201-425-300x150.jpg","width":300,"height":150,"mime_type":"image\/jpeg","source_url":"https:\/\/adanaseshaber.com.tr\/habercim\/wp-content\/uploads\/2026\/07\/1-15-768x201-425-300x150.jpg"},"yeniSlider":{"file":"1-15-768x201-425-500x201.jpg","width":500,"height":201,"mime_type":"image\/jpeg","source_url":"https:\/\/adanaseshaber.com.tr\/habercim\/wp-content\/uploads\/2026\/07\/1-15-768x201-425-500x201.jpg"},"full":{"file":"1-15-768x201-425.jpg","width":768,"height":201,"mime_type":"image\/jpeg","source_url":"https:\/\/adanaseshaber.com.tr\/habercim\/wp-content\/uploads\/2026\/07\/1-15-768x201-425.jpg"}},"image_meta":{"aperture":"0","credit":"","camera":"","caption":"","created_timestamp":"0","copyright":"","focal_length":"0","iso":"0","shutter_speed":"0","title":"","orientation":"0","keywords":[]}},"post":51640,"source_url":"https:\/\/adanaseshaber.com.tr\/habercim\/wp-content\/uploads\/2026\/07\/1-15-768x201-425.jpg","_links":{"self":[{"href":"https:\/\/adanaseshaber.com.tr\/habercim\/wp-json\/wp\/v2\/media\/51642"}],"collection":[{"href":"https:\/\/adanaseshaber.com.tr\/habercim\/wp-json\/wp\/v2\/media"}],"about":[{"href":"https:\/\/adanaseshaber.com.tr\/habercim\/wp-json\/wp\/v2\/types\/attachment"}],"author":[{"embeddable":true,"href":"https:\/\/adanaseshaber.com.tr\/habercim\/wp-json\/wp\/v2\/users\/2"}],"replies":[{"embeddable":true,"href":"https:\/\/adanaseshaber.com.tr\/habercim\/wp-json\/wp\/v2\/comments?post=51642"}]}}