{"id":51656,"date":"2026-07-31T02:17:33","date_gmt":"2026-07-30T23:17:33","guid":{"rendered":"https:\/\/adanaseshaber.com.tr\/habercim\/wp-content\/uploads\/2026\/07\/Reis.webp"},"modified":"2026-07-31T02:17:53","modified_gmt":"2026-07-30T23:17:53","slug":"reis","status":"inherit","type":"attachment","link":"https:\/\/adanaseshaber.com.tr\/habercim\/foto-galeri\/suriyeden-karar\/attachment\/reis\/","title":{"rendered":"Suriye\u2019den Karar"},"author":2,"comment_status":"open","ping_status":"closed","template":"","meta":[],"description":{"rendered":"<p class=\"attachment\"><a href='https:\/\/adanaseshaber.com.tr\/habercim\/wp-content\/uploads\/2026\/07\/Reis.webp'><img width=\"300\" height=\"200\" src=\"https:\/\/adanaseshaber.com.tr\/habercim\/wp-content\/uploads\/2026\/07\/Reis-300x200.webp\" class=\"attachment-medium size-medium\" alt=\"\" loading=\"lazy\" srcset=\"https:\/\/adanaseshaber.com.tr\/habercim\/wp-content\/uploads\/2026\/07\/Reis-300x200.webp 300w, https:\/\/adanaseshaber.com.tr\/habercim\/wp-content\/uploads\/2026\/07\/Reis.webp 640w\" sizes=\"(max-width: 300px) 100vw, 300px\" \/><\/a><\/p>\n"},"caption":{"rendered":"<p>Suriye Ekonomi ve Sanayi Bakanl\u0131\u011f\u0131, T\u00fcrkiye\u2019den ithal edilen dondurulmu\u015f pili\u00e7lerin \u00fclkeye giri\u015fini s\u00fcresiz olarak yasaklad\u0131. 15 A\u011fustos itibar\u0131yla y\u00fcr\u00fcrl\u00fc\u011fe giren karar\u0131n, yerli \u00fcreticiyi koruma ve g\u0131da g\u00fcvenli\u011fini sa\u011flama amac\u0131 ta\u015f\u0131d\u0131\u011f\u0131 a\u00e7\u0131kland\u0131.<\/p>\n<p>devam\u0131 sonraki sayfada\u2026<\/p>\n"},"alt_text":"","media_type":"image","mime_type":"image\/webp","media_details":{"width":640,"height":426,"file":"2026\/07\/Reis.webp","sizes":{"medium":{"file":"Reis-300x200.webp","width":300,"height":200,"mime_type":"image\/webp","source_url":"https:\/\/adanaseshaber.com.tr\/habercim\/wp-content\/uploads\/2026\/07\/Reis-300x200.webp"},"thumbnail":{"file":"Reis-150x150.webp","width":150,"height":150,"mime_type":"image\/webp","source_url":"https:\/\/adanaseshaber.com.tr\/habercim\/wp-content\/uploads\/2026\/07\/Reis-150x150.webp"},"kucukResim":{"file":"Reis-80x50.webp","width":80,"height":50,"mime_type":"image\/webp","source_url":"https:\/\/adanaseshaber.com.tr\/habercim\/wp-content\/uploads\/2026\/07\/Reis-80x50.webp"},"sliderResim":{"file":"Reis-640x330.webp","width":640,"height":330,"mime_type":"image\/webp","source_url":"https:\/\/adanaseshaber.com.tr\/habercim\/wp-content\/uploads\/2026\/07\/Reis-640x330.webp"},"resim1":{"file":"Reis-184x140.webp","width":184,"height":140,"mime_type":"image\/webp","source_url":"https:\/\/adanaseshaber.com.tr\/habercim\/wp-content\/uploads\/2026\/07\/Reis-184x140.webp"},"resim2":{"file":"Reis-216x103.webp","width":216,"height":103,"mime_type":"image\/webp","source_url":"https:\/\/adanaseshaber.com.tr\/habercim\/wp-content\/uploads\/2026\/07\/Reis-216x103.webp"},"resim3":{"file":"Reis-145x70.webp","width":145,"height":70,"mime_type":"image\/webp","source_url":"https:\/\/adanaseshaber.com.tr\/habercim\/wp-content\/uploads\/2026\/07\/Reis-145x70.webp"},"sagSlider":{"file":"Reis-300x150.webp","width":300,"height":150,"mime_type":"image\/webp","source_url":"https:\/\/adanaseshaber.com.tr\/habercim\/wp-content\/uploads\/2026\/07\/Reis-300x150.webp"},"yeniSlider":{"file":"Reis-500x290.webp","width":500,"height":290,"mime_type":"image\/webp","source_url":"https:\/\/adanaseshaber.com.tr\/habercim\/wp-content\/uploads\/2026\/07\/Reis-500x290.webp"},"full":{"file":"Reis.webp","width":640,"height":426,"mime_type":"image\/webp","source_url":"https:\/\/adanaseshaber.com.tr\/habercim\/wp-content\/uploads\/2026\/07\/Reis.webp"}},"image_meta":{"aperture":"0","credit":"","camera":"","caption":"","created_timestamp":"0","copyright":"","focal_length":"0","iso":"0","shutter_speed":"0","title":"","orientation":"0","keywords":[]}},"post":51655,"source_url":"https:\/\/adanaseshaber.com.tr\/habercim\/wp-content\/uploads\/2026\/07\/Reis.webp","_links":{"self":[{"href":"https:\/\/adanaseshaber.com.tr\/habercim\/wp-json\/wp\/v2\/media\/51656"}],"collection":[{"href":"https:\/\/adanaseshaber.com.tr\/habercim\/wp-json\/wp\/v2\/media"}],"about":[{"href":"https:\/\/adanaseshaber.com.tr\/habercim\/wp-json\/wp\/v2\/types\/attachment"}],"author":[{"embeddable":true,"href":"https:\/\/adanaseshaber.com.tr\/habercim\/wp-json\/wp\/v2\/users\/2"}],"replies":[{"embeddable":true,"href":"https:\/\/adanaseshaber.com.tr\/habercim\/wp-json\/wp\/v2\/comments?post=51656"}]}}