{"id":51713,"date":"2026-08-01T19:13:12","date_gmt":"2026-08-01T16:13:12","guid":{"rendered":"https:\/\/adanaseshaber.com.tr\/habercim\/wp-content\/uploads\/2026\/08\/1-15-768x201-5.jpg"},"modified":"2026-08-01T19:13:41","modified_gmt":"2026-08-01T16:13:41","slug":"1-15-768x201-2596","status":"inherit","type":"attachment","link":"https:\/\/adanaseshaber.com.tr\/habercim\/foto-galeri\/tbmmye-sunulan-kanun-2\/attachment\/1-15-768x201-2596\/","title":{"rendered":"TBMM\u2019ye sunulan kanun"},"author":2,"comment_status":"open","ping_status":"closed","template":"","meta":[],"description":{"rendered":"<p class=\"attachment\"><a href='https:\/\/adanaseshaber.com.tr\/habercim\/wp-content\/uploads\/2026\/08\/1-15-768x201-5.jpg'><img width=\"300\" height=\"79\" src=\"https:\/\/adanaseshaber.com.tr\/habercim\/wp-content\/uploads\/2026\/08\/1-15-768x201-5-300x79.jpg\" class=\"attachment-medium size-medium\" alt=\"\" loading=\"lazy\" srcset=\"https:\/\/adanaseshaber.com.tr\/habercim\/wp-content\/uploads\/2026\/08\/1-15-768x201-5-300x79.jpg 300w, https:\/\/adanaseshaber.com.tr\/habercim\/wp-content\/uploads\/2026\/08\/1-15-768x201-5.jpg 768w\" sizes=\"(max-width: 300px) 100vw, 300px\" \/><\/a><\/p>\n"},"caption":{"rendered":"<p>T\u00dc\u0130K\u2019in d\u00fcn a\u00e7\u0131klad\u0131\u011f\u0131 enflasyon rakamlar\u0131n\u0131n ard\u0131ndan emekliler bu ay ayl\u0131klar\u0131n\u0131 y\u00fczde 17,76 oran\u0131nda zaml\u0131 alacak.<\/p>\n<p>Milyonlar bu oran\u0131n kesinle\u015fmesi i\u00e7in Hazine ve Maliye Bakanl\u0131\u011f\u0131\u2019n\u0131n genelgesini beklerken Meclis\u2019e hem seyyanen zam i\u00e7eren hem de temmuz ay\u0131 maa\u015f zamm\u0131 oran\u0131n\u0131n y\u00fckseltilmesini i\u00e7eren bir kanun teklifi sunuldu. Teklifle ayr\u0131ca emekli bayram ikramiyesinin asgari \u00fccretin yar\u0131s\u0131na y\u00fckseltilmesi, en d\u00fc\u015f\u00fck emekli ayl\u0131\u011f\u0131n\u0131n asgari \u00fccretin alt\u0131na d\u00fc\u015fmemesi ve emeklilerden al\u0131nan tedavi kat\u0131l\u0131m pay\u0131n\u0131n iptal edilmesi \u00f6ng\u00f6r\u00fcld\u00fc. \u201cDER\u0130NLE\u015eEN KR\u0130Z\u201d VURGUSU<br \/>\nTeklifin gerek\u00e7esinde \u015funlar yer ald\u0131:<\/p>\n<p>\u201cT\u00fcrkiye\u2019nin ekonomik kalk\u0131nmas\u0131na y\u0131llar\u0131n\u0131 vermi\u015f, \u00e7al\u0131\u015fma hayat\u0131 boyunca sosyal g\u00fcvenlik sistemine prim \u00f6deyerek \u00fclkenin bug\u00fcnk\u00fc refah\u0131na katk\u0131da bulunmu\u015f olan emeklilerimiz, g\u00fcn\u00fcm\u00fczde derinle\u015fen bir ekonomik kriz ve y\u00fcksek enflasyon ortam\u0131nda ya\u015fam m\u00fccadelesi vermektedir. Sabit gelirli bir grup olan emeklilerimizin al\u0131m g\u00fcc\u00fc, temel t\u00fcketim maddelerindeki fiyat art\u0131\u015flar\u0131, kira bedellerinde g\u00f6r\u00fclen fahi\u015f y\u00fckseli\u015fler ve sa\u011fl\u0131k harcamalar\u0131ndaki mali y\u00fckler kar\u015f\u0131s\u0131nda ciddi oranda erimi\u015ftir.<\/p>\n<p>Sosyal devlet ilkesinin en temel sorumlulu\u011fu, vatanda\u015flar\u0131n\u0131n onurlu bir ya\u015fam s\u00fcrmelerini temin etmek ve ya\u015fl\u0131l\u0131k d\u00f6nemlerini ekonomik kayg\u0131lardan ar\u0131nd\u0131rmakt\u0131r. Ancak gelinen noktada emekli maa\u015flar\u0131, asgari ya\u015fam standartlar\u0131m kar\u015f\u0131lamaktan uzakla\u015fm\u0131\u015f; bayram ikramiyeleri sembolik bir seviyeye gerilemi\u015f ve sa\u011fl\u0131k hizmetlerine eri\u015fim dahi ekonomik bir engel haline gelmi\u015ftir.<\/p>\n<p>\u201c\u00c7OK BOYUTLU MA\u011eDUR\u0130YET YA\u015eANIYOR\u201d<br \/>\nBu kanun teklifi, emeklilerimizin ya\u015fad\u0131\u011f\u0131 bu \u00e7ok boyutlu ma\u011fduriyeti gidermek ve toplumsal adaleti tesis etmek amac\u0131yla haz\u0131rlanm\u0131\u015ft\u0131r. Teklifle; memur emeklilerine verilmesi vaat edilen ancak y\u0131llard\u0131r \u00f6denmeyen seyyanen zamm\u0131n bir k\u0131sm\u0131n\u0131n telafisi, emekli bayram ikramiyelerinin net asgari \u00fccretin yar\u0131s\u0131 seviyesine \u00e7\u0131kar\u0131lmas\u0131, en d\u00fc\u015f\u00fck emekli maa\u015f\u0131n\u0131n net asgari \u00fccretin alt\u0131na d\u00fc\u015fmemesinin g\u00fcvence alt\u0131na al\u0131nmas\u0131 ve temmuz ay\u0131 maa\u015f zamm\u0131n\u0131n ger\u00e7ek enflasyon verileriyle uyumlu olarak %40 seviyesine y\u00fckseltilmesi hedeflenmektedir.<\/p>\n<p>Ayr\u0131ca, emeklilerimizin en temel insani haklar\u0131ndan biri olan sa\u011fl\u0131k hizmetlerine eri\u015fimindeki mali engellerin kald\u0131r\u0131lmas\u0131 ad\u0131na kat\u0131l\u0131m paylar\u0131n\u0131n iptali \u00f6ng\u00f6r\u00fclmektedir.<\/p>\n<p>Bu d\u00fczenlemeler b\u00fct\u00fcn\u00fcyle, \u00fclkemizin fedak\u00e2r emeklilerini hayat pahal\u0131l\u0131\u011f\u0131 kar\u015f\u0131s\u0131nda korumay\u0131, ekonomik refah\u0131 adil bir \u015fekilde da\u011f\u0131tmay\u0131 ve sosyal g\u00fcvenlik sistemimizi Anayasal d\u00fczeydeki \u201csosyal devlet\u201d tan\u0131m\u0131na uygun bir yap\u0131ya kavu\u015fturmay\u0131 ama\u00e7lamaktad\u0131r. Emeklilerimizin onurlu bir ya\u015fam s\u00fcrmelerini sa\u011flamak, sadece bir ekonomik tedbir de\u011fil, ayn\u0131 zamanda toplum vicdan\u0131na kar\u015f\u0131 yerine getirilmesi gereken tarihsel bir sorumluluktur.\u201d<\/p>\n<p>KOM\u0130SYON\u2019A SEVK ED\u0130LD\u0130<br \/>\n\u0130Y\u0130 Parti taraf\u0131ndan haz\u0131rlanan teklif Meclis Ba\u015fkanl\u0131\u011f\u0131\u2019na sunulmas\u0131n\u0131n ard\u0131ndan Komisyon\u2019a sevk edildi.<\/p>\n<p>Kaynak : birgun.net<\/p>\n"},"alt_text":"","media_type":"image","mime_type":"image\/jpeg","media_details":{"width":768,"height":201,"file":"2026\/08\/1-15-768x201-5.jpg","sizes":{"medium":{"file":"1-15-768x201-5-300x79.jpg","width":300,"height":79,"mime_type":"image\/jpeg","source_url":"https:\/\/adanaseshaber.com.tr\/habercim\/wp-content\/uploads\/2026\/08\/1-15-768x201-5-300x79.jpg"},"thumbnail":{"file":"1-15-768x201-5-150x150.jpg","width":150,"height":150,"mime_type":"image\/jpeg","source_url":"https:\/\/adanaseshaber.com.tr\/habercim\/wp-content\/uploads\/2026\/08\/1-15-768x201-5-150x150.jpg"},"kucukResim":{"file":"1-15-768x201-5-80x50.jpg","width":80,"height":50,"mime_type":"image\/jpeg","source_url":"https:\/\/adanaseshaber.com.tr\/habercim\/wp-content\/uploads\/2026\/08\/1-15-768x201-5-80x50.jpg"},"sliderResim":{"file":"1-15-768x201-5-670x201.jpg","width":670,"height":201,"mime_type":"image\/jpeg","source_url":"https:\/\/adanaseshaber.com.tr\/habercim\/wp-content\/uploads\/2026\/08\/1-15-768x201-5-670x201.jpg"},"resim1":{"file":"1-15-768x201-5-184x140.jpg","width":184,"height":140,"mime_type":"image\/jpeg","source_url":"https:\/\/adanaseshaber.com.tr\/habercim\/wp-content\/uploads\/2026\/08\/1-15-768x201-5-184x140.jpg"},"resim2":{"file":"1-15-768x201-5-216x103.jpg","width":216,"height":103,"mime_type":"image\/jpeg","source_url":"https:\/\/adanaseshaber.com.tr\/habercim\/wp-content\/uploads\/2026\/08\/1-15-768x201-5-216x103.jpg"},"resim3":{"file":"1-15-768x201-5-145x70.jpg","width":145,"height":70,"mime_type":"image\/jpeg","source_url":"https:\/\/adanaseshaber.com.tr\/habercim\/wp-content\/uploads\/2026\/08\/1-15-768x201-5-145x70.jpg"},"sagSlider":{"file":"1-15-768x201-5-300x150.jpg","width":300,"height":150,"mime_type":"image\/jpeg","source_url":"https:\/\/adanaseshaber.com.tr\/habercim\/wp-content\/uploads\/2026\/08\/1-15-768x201-5-300x150.jpg"},"yeniSlider":{"file":"1-15-768x201-5-500x201.jpg","width":500,"height":201,"mime_type":"image\/jpeg","source_url":"https:\/\/adanaseshaber.com.tr\/habercim\/wp-content\/uploads\/2026\/08\/1-15-768x201-5-500x201.jpg"},"full":{"file":"1-15-768x201-5.jpg","width":768,"height":201,"mime_type":"image\/jpeg","source_url":"https:\/\/adanaseshaber.com.tr\/habercim\/wp-content\/uploads\/2026\/08\/1-15-768x201-5.jpg"}},"image_meta":{"aperture":"0","credit":"","camera":"","caption":"","created_timestamp":"0","copyright":"","focal_length":"0","iso":"0","shutter_speed":"0","title":"","orientation":"0","keywords":[]}},"post":51711,"source_url":"https:\/\/adanaseshaber.com.tr\/habercim\/wp-content\/uploads\/2026\/08\/1-15-768x201-5.jpg","_links":{"self":[{"href":"https:\/\/adanaseshaber.com.tr\/habercim\/wp-json\/wp\/v2\/media\/51713"}],"collection":[{"href":"https:\/\/adanaseshaber.com.tr\/habercim\/wp-json\/wp\/v2\/media"}],"about":[{"href":"https:\/\/adanaseshaber.com.tr\/habercim\/wp-json\/wp\/v2\/types\/attachment"}],"author":[{"embeddable":true,"href":"https:\/\/adanaseshaber.com.tr\/habercim\/wp-json\/wp\/v2\/users\/2"}],"replies":[{"embeddable":true,"href":"https:\/\/adanaseshaber.com.tr\/habercim\/wp-json\/wp\/v2\/comments?post=51713"}]}}