{"id":51718,"date":"2026-08-01T20:36:11","date_gmt":"2026-08-01T17:36:11","guid":{"rendered":"https:\/\/adanaseshaber.com.tr\/habercim\/wp-content\/uploads\/2026\/08\/1-15-768x201-7.jpg"},"modified":"2026-08-01T20:36:57","modified_gmt":"2026-08-01T17:36:57","slug":"1-15-768x201-2598","status":"inherit","type":"attachment","link":"https:\/\/adanaseshaber.com.tr\/habercim\/foto-galeri\/muhsin-yazicioglu-2\/attachment\/1-15-768x201-2598\/","title":{"rendered":"Muhsin Yaz\u0131c\u0131o\u011flu"},"author":2,"comment_status":"open","ping_status":"closed","template":"","meta":[],"description":{"rendered":"<p class=\"attachment\"><a href='https:\/\/adanaseshaber.com.tr\/habercim\/wp-content\/uploads\/2026\/08\/1-15-768x201-7.jpg'><img width=\"300\" height=\"79\" src=\"https:\/\/adanaseshaber.com.tr\/habercim\/wp-content\/uploads\/2026\/08\/1-15-768x201-7-300x79.jpg\" class=\"attachment-medium size-medium\" alt=\"\" loading=\"lazy\" srcset=\"https:\/\/adanaseshaber.com.tr\/habercim\/wp-content\/uploads\/2026\/08\/1-15-768x201-7-300x79.jpg 300w, https:\/\/adanaseshaber.com.tr\/habercim\/wp-content\/uploads\/2026\/08\/1-15-768x201-7.jpg 768w\" sizes=\"(max-width: 300px) 100vw, 300px\" \/><\/a><\/p>\n"},"caption":{"rendered":"<p>B\u00fcy\u00fck Birlik Partisi (BBP) Kurucu Genel Ba\u015fkan\u0131 Muhsin Yaz\u0131c\u0131o\u011flu ve beraberindeki 5 ki\u015finin hayat\u0131n\u0131 kaybetti\u011fi helikopter kazas\u0131na ili\u015fkin y\u00fcr\u00fct\u00fclen soru\u015fturmada tutuklanan emekli albay Ali Arma\u011fan ve e\u015finin ifadelerine ula\u015f\u0131ld\u0131.<br \/>\nAdli kaynaklardan al\u0131nan bilgiye g\u00f6re, emekli albay Arma\u011fan\u2019a, 25 Mart 2009\u2019da Yaz\u0131c\u0131o\u011flu ve beraberindekilerin i\u00e7inde bulundu\u011fu helikopterin kaza k\u0131r\u0131ma u\u011frad\u0131\u011f\u0131 saatlerde Malatya Erha\u00e7 Havaliman\u0131\u2019ndan kalkan F-4 sava\u015f u\u00e7aklar\u0131 soruldu. Olay g\u00fcn\u00fc \u201cD721\u201d \u00e7a\u011fr\u0131 adl\u0131 \u201cHH721\u201d iz numaral\u0131 14.26-15.41 saatleri aras\u0131ndaki u\u00e7u\u015fta Ali Arma\u011fan ve Ahmet Turhan\u2019\u0131n, \u201cD720\u201d \u00e7a\u011fr\u0131 adl\u0131 \u201cHH720\u201d iz numaral\u0131 10.30-12.12 saatleri aras\u0131ndaki u\u00e7u\u015fta ise Ali Arma\u011fan ve Nihat Bi\u00e7er\u2019in yer ald\u0131\u011f\u0131na ili\u015fkin kay\u0131tlar\u0131 g\u00f6steren soru\u015fturma makamlar\u0131, buna ili\u015fkin sorular y\u00f6neltti.<\/p>\n<p>F-16 pilotlar\u0131yla Kahramanmara\u015f semalar\u0131nda u\u00e7mad\u0131\u011f\u0131n\u0131 \u00f6ne s\u00fcren Arma\u011fan, helikopterin d\u00fc\u015ft\u00fc\u011f\u00fc s\u0131rada Sivas \u00fczerinde \u00f6nleme g\u00f6revinde bulundu\u011funu, Genelkurmay Ba\u015fkanl\u0131\u011f\u0131ndan g\u00f6nderilen bilgilerin yanl\u0131\u015f oldu\u011funu iddia etti.<\/p>\n<p>F-16 pilotlar\u0131 Sedat K\u0131l\u0131\u00e7aslan ve Tezcan Kaymaz ile Kahramanmara\u015f \u00fczerinde TAKSAN u\u00e7u\u015fu yap\u0131p yapmad\u0131\u011f\u0131 sorulan Arma\u011fan, \u201cBenim yapt\u0131\u011f\u0131m u\u00e7u\u015f geri hizmet u\u00e7u\u015fudur. TAKSAN u\u00e7u\u015funda bulunmad\u0131m.\u201d savunmas\u0131n\u0131 yapt\u0131.<\/p>\n<p>F-4 u\u00e7a\u011f\u0131n\u0131n baz\u0131 anlarda radardan kaybolmas\u0131na ili\u015fkin Arma\u011fan, \u201cBana g\u00f6sterilmi\u015f olan u\u00e7u\u015fta F-4\u2019\u00fcn 4 dakika radardan kaybolma sebebi, radar\u0131n tespit edemeyece\u011fi d\u00fc\u015f\u00fck irtifada u\u00e7mas\u0131d\u0131r. Radar\u0131n, b\u00f6lgenin yap\u0131s\u0131na g\u00f6re u\u00e7a\u011f\u0131 g\u00f6r\u00fcp g\u00f6remeyece\u011fi de\u011fi\u015fir. U\u00e7u\u015f yap\u0131lan yer da\u011fl\u0131k ise radar g\u00f6r\u00fcnt\u00fcleyemez.\u201d ifadelerini kulland\u0131. FET\u00d6\u2019n\u00fcn s\u00f6zde TSK imam\u0131 firari Adil \u00d6ks\u00fcz\u2019\u00fcn kulland\u0131\u011f\u0131 telefon hatt\u0131 ile 21 \u015eubat 2012-10 \u015eubat 2014 aras\u0131nda 152 kez irtibat kayd\u0131 tespit edilen sonu \u201c\u202605 50\u201d ile biten operasyonel hatt\u0131n kendisine ait olup olmad\u0131\u011f\u0131 sorulan Arma\u011fan, \u201cHat bana ait de\u011fildir. Kimin kulland\u0131\u011f\u0131n\u0131 veya kullan\u0131l\u0131p kullan\u0131lmad\u0131\u011f\u0131n\u0131 hat\u0131rlam\u0131yorum.\u201d iddias\u0131nda bulundu.<\/p>\n<p>\u201cAdil \u00d6ks\u00fcz ve Kemal Batmaz\u2019\u0131 tan\u0131yor musun?\u201d sorusu \u00fczerine Arma\u011fan, \u015fu ifadeleri kulland\u0131:<\/p>\n<p>\u201cKemal Batmaz\u2019\u0131 daha \u00f6nce yarg\u0131lanm\u0131\u015f oldu\u011fum dosyadaki iddialardan ve 15 Temmuz s\u00fcreci sonras\u0131 bas\u0131nda \u00e7\u0131kan haberlerden biliyorum. Yoksa benim FET\u00d6\u2019n\u00fcn mahrem imamlar\u0131ndan olan Adil \u00d6ks\u00fcz ve Kemal Batmaz ile bir irtibat\u0131m yoktur. Bana bu \u015fekilde iddialarda bulunulmas\u0131n\u0131n sebebi kendime ait telefonum ile e\u015fimin kulland\u0131\u011f\u0131 telefonun ayn\u0131 yerden baz vermesinden kaynakl\u0131d\u0131r.\u201d \u015e\u00fcpheli \u015eerife Arma\u011fan ise \u00d6ks\u00fcz\u2019\u00fcn Sakarya\u2019daki evinde ele ge\u00e7irilen ve \u00f6rg\u00fct eleba\u015f\u0131 Fetullah G\u00fclen taraf\u0131ndan imzalanan bir kitapta parmak izine ula\u015f\u0131lmas\u0131na ili\u015fkin soruya, \u201c\u015eahs\u0131n ne i\u015f yapt\u0131\u011f\u0131n\u0131 bilmem. \u0130rtibat\u0131m s\u00f6z konusu de\u011fildir.\u201d cevab\u0131n\u0131 verdi.<\/p>\n<p>Arma\u011fan\u2019a ikametinde yap\u0131lan aramada ele ge\u00e7irilen baz\u0131 notlar, isimler, telefon numaral\u0131, IBAN bilgilerine ili\u015fkin sorular da y\u00f6neltildi.<\/p>\n<p>Bu notlar\u0131n kendisine ait olmad\u0131\u011f\u0131n\u0131, \u00fczerlerinde yaz\u0131l\u0131 isim ve numaralar\u0131 bilmedi\u011fini s\u00f6yleyen Arma\u011fan, \u201c2004 y\u0131l\u0131 Hava Harp Akademisi giri\u015f s\u0131nav\u0131n\u0131 kazanan subaylar\u201d ba\u015fl\u0131kl\u0131 belgenin ise e\u015fine ait oldu\u011funu belirtti.<\/p>\n<p>Kaynak : aa.com.tr<\/p>\n"},"alt_text":"","media_type":"image","mime_type":"image\/jpeg","media_details":{"width":768,"height":201,"file":"2026\/08\/1-15-768x201-7.jpg","sizes":{"medium":{"file":"1-15-768x201-7-300x79.jpg","width":300,"height":79,"mime_type":"image\/jpeg","source_url":"https:\/\/adanaseshaber.com.tr\/habercim\/wp-content\/uploads\/2026\/08\/1-15-768x201-7-300x79.jpg"},"thumbnail":{"file":"1-15-768x201-7-150x150.jpg","width":150,"height":150,"mime_type":"image\/jpeg","source_url":"https:\/\/adanaseshaber.com.tr\/habercim\/wp-content\/uploads\/2026\/08\/1-15-768x201-7-150x150.jpg"},"kucukResim":{"file":"1-15-768x201-7-80x50.jpg","width":80,"height":50,"mime_type":"image\/jpeg","source_url":"https:\/\/adanaseshaber.com.tr\/habercim\/wp-content\/uploads\/2026\/08\/1-15-768x201-7-80x50.jpg"},"sliderResim":{"file":"1-15-768x201-7-670x201.jpg","width":670,"height":201,"mime_type":"image\/jpeg","source_url":"https:\/\/adanaseshaber.com.tr\/habercim\/wp-content\/uploads\/2026\/08\/1-15-768x201-7-670x201.jpg"},"resim1":{"file":"1-15-768x201-7-184x140.jpg","width":184,"height":140,"mime_type":"image\/jpeg","source_url":"https:\/\/adanaseshaber.com.tr\/habercim\/wp-content\/uploads\/2026\/08\/1-15-768x201-7-184x140.jpg"},"resim2":{"file":"1-15-768x201-7-216x103.jpg","width":216,"height":103,"mime_type":"image\/jpeg","source_url":"https:\/\/adanaseshaber.com.tr\/habercim\/wp-content\/uploads\/2026\/08\/1-15-768x201-7-216x103.jpg"},"resim3":{"file":"1-15-768x201-7-145x70.jpg","width":145,"height":70,"mime_type":"image\/jpeg","source_url":"https:\/\/adanaseshaber.com.tr\/habercim\/wp-content\/uploads\/2026\/08\/1-15-768x201-7-145x70.jpg"},"sagSlider":{"file":"1-15-768x201-7-300x150.jpg","width":300,"height":150,"mime_type":"image\/jpeg","source_url":"https:\/\/adanaseshaber.com.tr\/habercim\/wp-content\/uploads\/2026\/08\/1-15-768x201-7-300x150.jpg"},"yeniSlider":{"file":"1-15-768x201-7-500x201.jpg","width":500,"height":201,"mime_type":"image\/jpeg","source_url":"https:\/\/adanaseshaber.com.tr\/habercim\/wp-content\/uploads\/2026\/08\/1-15-768x201-7-500x201.jpg"},"full":{"file":"1-15-768x201-7.jpg","width":768,"height":201,"mime_type":"image\/jpeg","source_url":"https:\/\/adanaseshaber.com.tr\/habercim\/wp-content\/uploads\/2026\/08\/1-15-768x201-7.jpg"}},"image_meta":{"aperture":"0","credit":"","camera":"","caption":"","created_timestamp":"0","copyright":"","focal_length":"0","iso":"0","shutter_speed":"0","title":"","orientation":"0","keywords":[]}},"post":51716,"source_url":"https:\/\/adanaseshaber.com.tr\/habercim\/wp-content\/uploads\/2026\/08\/1-15-768x201-7.jpg","_links":{"self":[{"href":"https:\/\/adanaseshaber.com.tr\/habercim\/wp-json\/wp\/v2\/media\/51718"}],"collection":[{"href":"https:\/\/adanaseshaber.com.tr\/habercim\/wp-json\/wp\/v2\/media"}],"about":[{"href":"https:\/\/adanaseshaber.com.tr\/habercim\/wp-json\/wp\/v2\/types\/attachment"}],"author":[{"embeddable":true,"href":"https:\/\/adanaseshaber.com.tr\/habercim\/wp-json\/wp\/v2\/users\/2"}],"replies":[{"embeddable":true,"href":"https:\/\/adanaseshaber.com.tr\/habercim\/wp-json\/wp\/v2\/comments?post=51718"}]}}