{"id":51723,"date":"2026-08-01T22:31:06","date_gmt":"2026-08-01T19:31:06","guid":{"rendered":"https:\/\/adanaseshaber.com.tr\/habercim\/wp-content\/uploads\/2026\/08\/1-15-768x201-9.jpg"},"modified":"2026-08-01T22:31:44","modified_gmt":"2026-08-01T19:31:44","slug":"1-15-768x201-2600","status":"inherit","type":"attachment","link":"https:\/\/adanaseshaber.com.tr\/habercim\/foto-galeri\/milletvekilinin-evi\/attachment\/1-15-768x201-2600\/","title":{"rendered":"Milletvekilinin Evi"},"author":2,"comment_status":"open","ping_status":"closed","template":"","meta":[],"description":{"rendered":"<p class=\"attachment\"><a href='https:\/\/adanaseshaber.com.tr\/habercim\/wp-content\/uploads\/2026\/08\/1-15-768x201-9.jpg'><img width=\"300\" height=\"79\" src=\"https:\/\/adanaseshaber.com.tr\/habercim\/wp-content\/uploads\/2026\/08\/1-15-768x201-9-300x79.jpg\" class=\"attachment-medium size-medium\" alt=\"\" loading=\"lazy\" srcset=\"https:\/\/adanaseshaber.com.tr\/habercim\/wp-content\/uploads\/2026\/08\/1-15-768x201-9-300x79.jpg 300w, https:\/\/adanaseshaber.com.tr\/habercim\/wp-content\/uploads\/2026\/08\/1-15-768x201-9.jpg 768w\" sizes=\"(max-width: 300px) 100vw, 300px\" \/><\/a><\/p>\n"},"caption":{"rendered":"<p>Ba\u015fbakan Ali el Zeydi y\u00f6netiminin talimat\u0131yla hayata ge\u00e7irilen ve kamuoyunda \u2018\u015eafak Bask\u0131n\u0131\u2019 olarak bilinen dev operasyon, \u00fclkenin en kritik kurumlar\u0131n\u0131n bulundu\u011fu ba\u015fkent Ba\u011fdat\u2019taki y\u00fcksek g\u00fcvenlikli Ye\u015fil B\u00f6lge\u2019de ger\u00e7ekle\u015ftirildi. Ter\u00f6rle m\u00fccadele ekiplerinin gece yar\u0131s\u0131 ba\u015flatt\u0131\u011f\u0131 ani bask\u0131nlar sonucunda, aralar\u0131nda \u00e7ok say\u0131da milletvekili ve kilit g\u00f6revlerdeki devlet memurlar\u0131n\u0131n da bulundu\u011fu toplam 67 ki\u015fi adalete teslim edildi. Bask\u0131nlar\u0131n uluslararas\u0131 kamuoyunda en \u00e7ok konu\u015fulan aya\u011f\u0131 ise Meclis \u00dcyesi Hind el Abbasi\u2019nin konutunda yap\u0131lan aramalar oldu. Hen\u00fcz resmi makamlarca t\u00fcm detaylar\u0131 teyit edilmese de, vekilin evinde tam 57 milyon dolar nakit para ile 27 kilo a\u011f\u0131rl\u0131\u011f\u0131nda som alt\u0131n bulundu\u011fu iddia ediliyor. D\u00fcnya bas\u0131n\u0131nda geni\u015f yer bulan as\u0131l \u00e7arp\u0131c\u0131 detay ise evdeki aramada alt\u0131n kaplamal\u0131 i\u00e7 \u00e7ama\u015f\u0131rlar\u0131na rastlanm\u0131\u015f olmas\u0131.<br \/>\nOperasyonun boyutu sadece bu dudak u\u00e7uklatan servetle s\u0131n\u0131rl\u0131 kalmad\u0131. G\u00fcvenlik g\u00fc\u00e7leri, \u015f\u00fcphelilerin ka\u00e7mas\u0131n\u0131 engellemek amac\u0131yla yabanc\u0131 misyonlar\u0131n da yer ald\u0131\u011f\u0131 Ye\u015fil B\u00f6lge\u2019nin t\u00fcm giri\u015f \u00e7\u0131k\u0131\u015flar\u0131n\u0131 tamamen m\u00fch\u00fcrledi. Buna ra\u011fmen baz\u0131 isimlerin polis gelmeden hemen \u00f6nce ka\u00e7may\u0131 ba\u015fard\u0131\u011f\u0131, bu y\u00fczden \u00e7emberin daha da daralt\u0131ld\u0131\u011f\u0131 ve aramalar\u0131n geni\u015fletildi\u011fi belirtiliyor. Emniyet g\u00fc\u00e7lerinin titizlikle y\u00fcr\u00fctt\u00fc\u011f\u00fc s\u00fcre\u00e7te \u015fu ana dek 12 aktif milletvekili, eski bir vekil, \u00f6nceki Ba\u015fbakan Muhammed \u015eiya el Sudani\u2019nin dan\u0131\u015fmanlar\u0131ndan biri ve petrol bakanl\u0131\u011f\u0131n\u0131n tepe isimlerinden baz\u0131lar\u0131 yakaland\u0131. G\u00f6zalt\u0131na al\u0131nan siyasilerin farkl\u0131 g\u00f6r\u00fc\u015flerden, \u015eii ve S\u00fcnni siyasi gruplardan olmas\u0131, h\u00fck\u00fcmetin bu konuda kimseye ayr\u0131cal\u0131k tan\u0131mad\u0131\u011f\u0131n\u0131n bir g\u00f6stergesi olarak yorumlan\u0131yor. Nitekim i\u015f d\u00fcnyas\u0131ndan gelerek k\u0131sa s\u00fcre \u00f6nce koltu\u011fa oturan ve ABD\u2019nin de deste\u011fini arkas\u0131na alan Ba\u015fbakan Zeydi, kamu fonlar\u0131n\u0131n ya\u011fmalanmas\u0131na kar\u015f\u0131 hi\u00e7bir taviz verilmeyece\u011finin alt\u0131n\u0131 net bir \u015fekilde \u00e7izdi.<br \/>\nIrak Y\u00fcksek Yarg\u0131 Konseyi, bu isme ait yakla\u015f\u0131k 8,7 milyon dolarl\u0131k devasa bir mal varl\u0131\u011f\u0131na ve \u00e7ok say\u0131da gayrimenkule el konuldu\u011funu a\u00e7\u0131klad\u0131. Bahadli\u2019nin ismi daha \u00f6nce de uluslararas\u0131 krizlere konu olmu\u015f, ABD y\u00f6netimi kendisini \u0130ran men\u015feili petrol\u00fcn yasa d\u0131\u015f\u0131 yollarla pazarlanmas\u0131na arac\u0131l\u0131k etmek ve konumunu k\u00f6t\u00fcye kullanmakla su\u00e7layarak yapt\u0131r\u0131m listesine alm\u0131\u015ft\u0131. D\u00f6nemin Irak Petrol Bakanl\u0131\u011f\u0131 ise bu iddialar\u0131 kesin bir dille reddetmi\u015fti.<br \/>\nG\u00d6ZALTI DALGASI S\u00dcR\u00dcYOR<br \/>\nSoru\u015fturma kapsam\u0131nda yaln\u0131zca siyaset\u00e7iler de\u011fil, b\u00fcrokrasi i\u00e7inde g\u00f6rev yapan \u00fcst d\u00fczey isimlerin de bulundu\u011fu toplam 67 \u015f\u00fcpheli g\u00f6zalt\u0131na al\u0131nd\u0131. Yetkililer operasyonun, uzun s\u00fcredir y\u00fcr\u00fct\u00fclen kamu kaynaklar\u0131n\u0131n k\u00f6t\u00fcye kullan\u0131lmas\u0131 ve r\u00fc\u015fvet a\u011flar\u0131n\u0131n ortaya \u00e7\u0131kar\u0131lmas\u0131na y\u00f6nelik daha geni\u015f bir s\u00fcrecin par\u00e7as\u0131 oldu\u011funu belirtti. Soru\u015fturman\u0131n ilerleyen g\u00fcnlerde daha fazla ismi kapsayabilece\u011fi ifade edildi.<\/p>\n"},"alt_text":"","media_type":"image","mime_type":"image\/jpeg","media_details":{"width":768,"height":201,"file":"2026\/08\/1-15-768x201-9.jpg","sizes":{"medium":{"file":"1-15-768x201-9-300x79.jpg","width":300,"height":79,"mime_type":"image\/jpeg","source_url":"https:\/\/adanaseshaber.com.tr\/habercim\/wp-content\/uploads\/2026\/08\/1-15-768x201-9-300x79.jpg"},"thumbnail":{"file":"1-15-768x201-9-150x150.jpg","width":150,"height":150,"mime_type":"image\/jpeg","source_url":"https:\/\/adanaseshaber.com.tr\/habercim\/wp-content\/uploads\/2026\/08\/1-15-768x201-9-150x150.jpg"},"kucukResim":{"file":"1-15-768x201-9-80x50.jpg","width":80,"height":50,"mime_type":"image\/jpeg","source_url":"https:\/\/adanaseshaber.com.tr\/habercim\/wp-content\/uploads\/2026\/08\/1-15-768x201-9-80x50.jpg"},"sliderResim":{"file":"1-15-768x201-9-670x201.jpg","width":670,"height":201,"mime_type":"image\/jpeg","source_url":"https:\/\/adanaseshaber.com.tr\/habercim\/wp-content\/uploads\/2026\/08\/1-15-768x201-9-670x201.jpg"},"resim1":{"file":"1-15-768x201-9-184x140.jpg","width":184,"height":140,"mime_type":"image\/jpeg","source_url":"https:\/\/adanaseshaber.com.tr\/habercim\/wp-content\/uploads\/2026\/08\/1-15-768x201-9-184x140.jpg"},"resim2":{"file":"1-15-768x201-9-216x103.jpg","width":216,"height":103,"mime_type":"image\/jpeg","source_url":"https:\/\/adanaseshaber.com.tr\/habercim\/wp-content\/uploads\/2026\/08\/1-15-768x201-9-216x103.jpg"},"resim3":{"file":"1-15-768x201-9-145x70.jpg","width":145,"height":70,"mime_type":"image\/jpeg","source_url":"https:\/\/adanaseshaber.com.tr\/habercim\/wp-content\/uploads\/2026\/08\/1-15-768x201-9-145x70.jpg"},"sagSlider":{"file":"1-15-768x201-9-300x150.jpg","width":300,"height":150,"mime_type":"image\/jpeg","source_url":"https:\/\/adanaseshaber.com.tr\/habercim\/wp-content\/uploads\/2026\/08\/1-15-768x201-9-300x150.jpg"},"yeniSlider":{"file":"1-15-768x201-9-500x201.jpg","width":500,"height":201,"mime_type":"image\/jpeg","source_url":"https:\/\/adanaseshaber.com.tr\/habercim\/wp-content\/uploads\/2026\/08\/1-15-768x201-9-500x201.jpg"},"full":{"file":"1-15-768x201-9.jpg","width":768,"height":201,"mime_type":"image\/jpeg","source_url":"https:\/\/adanaseshaber.com.tr\/habercim\/wp-content\/uploads\/2026\/08\/1-15-768x201-9.jpg"}},"image_meta":{"aperture":"0","credit":"","camera":"","caption":"","created_timestamp":"0","copyright":"","focal_length":"0","iso":"0","shutter_speed":"0","title":"","orientation":"0","keywords":[]}},"post":51721,"source_url":"https:\/\/adanaseshaber.com.tr\/habercim\/wp-content\/uploads\/2026\/08\/1-15-768x201-9.jpg","_links":{"self":[{"href":"https:\/\/adanaseshaber.com.tr\/habercim\/wp-json\/wp\/v2\/media\/51723"}],"collection":[{"href":"https:\/\/adanaseshaber.com.tr\/habercim\/wp-json\/wp\/v2\/media"}],"about":[{"href":"https:\/\/adanaseshaber.com.tr\/habercim\/wp-json\/wp\/v2\/types\/attachment"}],"author":[{"embeddable":true,"href":"https:\/\/adanaseshaber.com.tr\/habercim\/wp-json\/wp\/v2\/users\/2"}],"replies":[{"embeddable":true,"href":"https:\/\/adanaseshaber.com.tr\/habercim\/wp-json\/wp\/v2\/comments?post=51723"}]}}