{"id":51758,"date":"2026-08-02T23:19:14","date_gmt":"2026-08-02T20:19:14","guid":{"rendered":"https:\/\/adanaseshaber.com.tr\/habercim\/wp-content\/uploads\/2026\/08\/1-15-768x201-23.jpg"},"modified":"2026-08-02T23:20:05","modified_gmt":"2026-08-02T20:20:05","slug":"1-15-768x201-2614","status":"inherit","type":"attachment","link":"https:\/\/adanaseshaber.com.tr\/habercim\/foto-galeri\/15-yas-ve\/attachment\/1-15-768x201-2614\/","title":{"rendered":"15 ya\u015f ve"},"author":2,"comment_status":"open","ping_status":"closed","template":"","meta":[],"description":{"rendered":"<p class=\"attachment\"><a href='https:\/\/adanaseshaber.com.tr\/habercim\/wp-content\/uploads\/2026\/08\/1-15-768x201-23.jpg'><img width=\"300\" height=\"79\" src=\"https:\/\/adanaseshaber.com.tr\/habercim\/wp-content\/uploads\/2026\/08\/1-15-768x201-23-300x79.jpg\" class=\"attachment-medium size-medium\" alt=\"\" loading=\"lazy\" srcset=\"https:\/\/adanaseshaber.com.tr\/habercim\/wp-content\/uploads\/2026\/08\/1-15-768x201-23-300x79.jpg 300w, https:\/\/adanaseshaber.com.tr\/habercim\/wp-content\/uploads\/2026\/08\/1-15-768x201-23.jpg 768w\" sizes=\"(max-width: 300px) 100vw, 300px\" \/><\/a><\/p>\n"},"caption":{"rendered":"<p>Bununla birlikte uzmanlar, s\u00fcr\u00fcc\u00fclerin sosyal medyada dola\u015fan her habere hemen inanmamas\u0131 gerekti\u011fini belirtiyor. Dikkat \u00e7ekici ba\u015fl\u0131klar \u00e7o\u011fu zaman merak uyand\u0131rmak amac\u0131yla haz\u0131rlan\u0131yor ve i\u00e7eri\u011fin tamam\u0131 ba\u015fl\u0131ktaki kadar b\u00fcy\u00fck de\u011fi\u015fiklikler i\u00e7ermeyebiliyor. Bu nedenle ara\u00e7 sahiplerinin resmi kurumlar\u0131n a\u00e7\u0131klamalar\u0131n\u0131 takip etmeleri b\u00fcy\u00fck \u00f6nem ta\u015f\u0131yor. Eski ara\u00e7 sahiplerinin dikkat etmesi gereken en \u00f6nemli konular\u0131n ba\u015f\u0131nda periyodik bak\u0131m geliyor. Motor ya\u011f\u0131 de\u011fi\u015fimleri, fren sistemi kontrolleri, lastiklerin durumu ve elektrik aksam\u0131n\u0131n d\u00fczenli olarak kontrol edilmesi, ara\u00e7lar\u0131n uzun y\u0131llar g\u00fcvenli bir \u015fekilde kullan\u0131lmas\u0131na katk\u0131 sa\u011fl\u0131yor. Ayr\u0131ca trafik muayenelerinin zaman\u0131nda yapt\u0131r\u0131lmas\u0131 hem s\u00fcr\u00fcc\u00fcn\u00fcn g\u00fcvenli\u011fi hem de yasal sorumluluklar a\u00e7\u0131s\u0131ndan b\u00fcy\u00fck \u00f6nem ta\u015f\u0131yor. Uzmanlar ayr\u0131ca eski ara\u00e7lar\u0131n de\u011ferini korumak i\u00e7in orijinal par\u00e7alar\u0131n kullan\u0131lmas\u0131n\u0131, arac\u0131n kapal\u0131 alanlarda muhafaza edilmesini ve d\u00fczenli temizlik yap\u0131lmas\u0131n\u0131 \u00f6neriyor. \u0130yi korunmu\u015f bir otomobil, ya\u015f\u0131na ra\u011fmen ikinci el piyasas\u0131nda h\u00e2l\u00e2 de\u011ferli olabiliyor. \u00d6zellikle son y\u0131llarda ikinci el ara\u00e7 fiyatlar\u0131n\u0131n y\u00fckselmesiyle birlikte bir\u00e7ok ki\u015fi eski ara\u00e7lar\u0131n\u0131 satmak yerine kullanmaya devam ediyor. Bu durum da 15 ya\u015f\u0131ndan b\u00fcy\u00fck ara\u00e7lar\u0131n h\u00e2l\u00e2 \u00f6nemli bir kullan\u0131c\u0131 kitlesine sahip oldu\u011funu g\u00f6steriyor. Dolay\u0131s\u0131yla bu ara\u00e7larla ilgili ortaya \u00e7\u0131kan her yeni haber, geni\u015f bir kesim taraf\u0131ndan dikkatle takip ediliyor. Sonu\u00e7 olarak, 15 ya\u015f\u0131ndan b\u00fcy\u00fck ara\u00e7 sahiplerini ilgilendiren geli\u015fmeler her zaman g\u00fcndemde olmaya devam edecek gibi g\u00f6r\u00fcn\u00fcyor. Ancak vatanda\u015flar\u0131n dikkat \u00e7ekici ba\u015fl\u0131klara kap\u0131lmadan \u00f6nce haberlerin do\u011frulu\u011funu ara\u015ft\u0131rmas\u0131, resmi a\u00e7\u0131klamalar\u0131 takip etmesi ve ara\u00e7lar\u0131n\u0131n bak\u0131m\u0131n\u0131 d\u00fczenli olarak yapt\u0131rmas\u0131 b\u00fcy\u00fck \u00f6nem ta\u015f\u0131yor. Unutulmamal\u0131d\u0131r ki bir arac\u0131n ya\u015f\u0131 kadar, nas\u0131l kullan\u0131ld\u0131\u011f\u0131 ve ne kadar iyi korundu\u011fu da onun g\u00fcvenli\u011fini ve de\u011ferini belirleyen en \u00f6nemli unsurlardan biridir. Eski bir otomobil, do\u011fru bak\u0131m ve bilin\u00e7li kullan\u0131m sayesinde uzun y\u0131llar boyunca sahibine g\u00fcvenle hizmet etmeye devam edebilir. <\/p>\n<p>Kaynak : haberzamani.com<\/p>\n"},"alt_text":"","media_type":"image","mime_type":"image\/jpeg","media_details":{"width":768,"height":201,"file":"2026\/08\/1-15-768x201-23.jpg","sizes":{"medium":{"file":"1-15-768x201-23-300x79.jpg","width":300,"height":79,"mime_type":"image\/jpeg","source_url":"https:\/\/adanaseshaber.com.tr\/habercim\/wp-content\/uploads\/2026\/08\/1-15-768x201-23-300x79.jpg"},"thumbnail":{"file":"1-15-768x201-23-150x150.jpg","width":150,"height":150,"mime_type":"image\/jpeg","source_url":"https:\/\/adanaseshaber.com.tr\/habercim\/wp-content\/uploads\/2026\/08\/1-15-768x201-23-150x150.jpg"},"kucukResim":{"file":"1-15-768x201-23-80x50.jpg","width":80,"height":50,"mime_type":"image\/jpeg","source_url":"https:\/\/adanaseshaber.com.tr\/habercim\/wp-content\/uploads\/2026\/08\/1-15-768x201-23-80x50.jpg"},"sliderResim":{"file":"1-15-768x201-23-670x201.jpg","width":670,"height":201,"mime_type":"image\/jpeg","source_url":"https:\/\/adanaseshaber.com.tr\/habercim\/wp-content\/uploads\/2026\/08\/1-15-768x201-23-670x201.jpg"},"resim1":{"file":"1-15-768x201-23-184x140.jpg","width":184,"height":140,"mime_type":"image\/jpeg","source_url":"https:\/\/adanaseshaber.com.tr\/habercim\/wp-content\/uploads\/2026\/08\/1-15-768x201-23-184x140.jpg"},"resim2":{"file":"1-15-768x201-23-216x103.jpg","width":216,"height":103,"mime_type":"image\/jpeg","source_url":"https:\/\/adanaseshaber.com.tr\/habercim\/wp-content\/uploads\/2026\/08\/1-15-768x201-23-216x103.jpg"},"resim3":{"file":"1-15-768x201-23-145x70.jpg","width":145,"height":70,"mime_type":"image\/jpeg","source_url":"https:\/\/adanaseshaber.com.tr\/habercim\/wp-content\/uploads\/2026\/08\/1-15-768x201-23-145x70.jpg"},"sagSlider":{"file":"1-15-768x201-23-300x150.jpg","width":300,"height":150,"mime_type":"image\/jpeg","source_url":"https:\/\/adanaseshaber.com.tr\/habercim\/wp-content\/uploads\/2026\/08\/1-15-768x201-23-300x150.jpg"},"yeniSlider":{"file":"1-15-768x201-23-500x201.jpg","width":500,"height":201,"mime_type":"image\/jpeg","source_url":"https:\/\/adanaseshaber.com.tr\/habercim\/wp-content\/uploads\/2026\/08\/1-15-768x201-23-500x201.jpg"},"full":{"file":"1-15-768x201-23.jpg","width":768,"height":201,"mime_type":"image\/jpeg","source_url":"https:\/\/adanaseshaber.com.tr\/habercim\/wp-content\/uploads\/2026\/08\/1-15-768x201-23.jpg"}},"image_meta":{"aperture":"0","credit":"","camera":"","caption":"","created_timestamp":"0","copyright":"","focal_length":"0","iso":"0","shutter_speed":"0","title":"","orientation":"0","keywords":[]}},"post":51756,"source_url":"https:\/\/adanaseshaber.com.tr\/habercim\/wp-content\/uploads\/2026\/08\/1-15-768x201-23.jpg","_links":{"self":[{"href":"https:\/\/adanaseshaber.com.tr\/habercim\/wp-json\/wp\/v2\/media\/51758"}],"collection":[{"href":"https:\/\/adanaseshaber.com.tr\/habercim\/wp-json\/wp\/v2\/media"}],"about":[{"href":"https:\/\/adanaseshaber.com.tr\/habercim\/wp-json\/wp\/v2\/types\/attachment"}],"author":[{"embeddable":true,"href":"https:\/\/adanaseshaber.com.tr\/habercim\/wp-json\/wp\/v2\/users\/2"}],"replies":[{"embeddable":true,"href":"https:\/\/adanaseshaber.com.tr\/habercim\/wp-json\/wp\/v2\/comments?post=51758"}]}}