{"id":51763,"date":"2026-08-02T23:22:12","date_gmt":"2026-08-02T20:22:12","guid":{"rendered":"https:\/\/adanaseshaber.com.tr\/habercim\/wp-content\/uploads\/2026\/08\/1-15-768x201-25.jpg"},"modified":"2026-08-02T23:22:41","modified_gmt":"2026-08-02T20:22:41","slug":"1-15-768x201-2616","status":"inherit","type":"attachment","link":"https:\/\/adanaseshaber.com.tr\/habercim\/foto-galeri\/yeni-goruntuler-geldi\/attachment\/1-15-768x201-2616\/","title":{"rendered":"Yeni g\u00f6r\u00fcnt\u00fcler geldi"},"author":2,"comment_status":"open","ping_status":"closed","template":"","meta":[],"description":{"rendered":"<p class=\"attachment\"><a href='https:\/\/adanaseshaber.com.tr\/habercim\/wp-content\/uploads\/2026\/08\/1-15-768x201-25.jpg'><img width=\"300\" height=\"79\" src=\"https:\/\/adanaseshaber.com.tr\/habercim\/wp-content\/uploads\/2026\/08\/1-15-768x201-25-300x79.jpg\" class=\"attachment-medium size-medium\" alt=\"\" loading=\"lazy\" srcset=\"https:\/\/adanaseshaber.com.tr\/habercim\/wp-content\/uploads\/2026\/08\/1-15-768x201-25-300x79.jpg 300w, https:\/\/adanaseshaber.com.tr\/habercim\/wp-content\/uploads\/2026\/08\/1-15-768x201-25.jpg 768w\" sizes=\"(max-width: 300px) 100vw, 300px\" \/><\/a><\/p>\n"},"caption":{"rendered":"<p>Ahbap Derne\u011fi\u2019ne y\u00f6nelik y\u00fcr\u00fct\u00fclen soru\u015fturma kapsam\u0131nda d\u00fczenlenen operasyonda dernek ba\u015fkan\u0131 \u015fark\u0131c\u0131 Haluk Levent g\u00f6zalt\u0131na al\u0131nd\u0131. Levent\u2019in g\u00f6zalt\u0131na al\u0131nmadan \u00f6nceki g\u00f6r\u00fcnt\u00fcleri ortaya \u00e7\u0131kt\u0131.<br \/>\n\u0130stanbul Cumhuriyet Ba\u015fsavc\u0131l\u0131\u011f\u0131 taraf\u0131ndan Ahbap Derne\u011fi\u2019ne ili\u015fkin y\u00fcr\u00fct\u00fclen soru\u015fturma kapsam\u0131nda dernek ba\u015fkan\u0131 Haluk Levent \u2018Dernekler kanununa muhalefet\u2019, \u2018Su\u00e7tan kaynaklanan mal varl\u0131\u011f\u0131 de\u011ferlerini aklama\u2019, \u2018\u00d6rg\u00fct \u00fcyeli\u011fi\u2019 su\u00e7lar\u0131ndan \u0130stanbul Emniyeti Mali Su\u00e7larla M\u00fccadele \u015eube M\u00fcd\u00fcrl\u00fc\u011f\u00fc ekipleri taraf\u0131ndan Bursa\u2019da g\u00f6zalt\u0131na al\u0131nd\u0131. Levent\u2019in 2020-2026 y\u0131llar\u0131 aras\u0131nda 990 milyon lira bahis oynad\u0131\u011f\u0131 ve 390 milyon lira kaybetti\u011fi belirlendi. Ayr\u0131ca Ahbap Derne\u011fi\u2019nin hesab\u0131ndan asistan\u0131 Yeliz Kaya\u2019n\u0131n hesab\u0131na ise 120 milyon lira para aktar\u0131ld\u0131\u011f\u0131 tespit edildi.<br \/>\nLevent, ifade i\u015flemleri i\u00e7in \u0130stanbul Emniyet M\u00fcd\u00fcrl\u00fc\u011f\u00fc\u2019ne getirildi.<br \/>\nHaluk Levent\u2019in g\u00f6zalt\u0131na al\u0131nmadan \u00f6nce \u0130stanbul \u0130zmir yolundaki bir dinlenme tesisi \u00f6n\u00fcnden araca bindi\u011fi g\u00f6r\u00fcnt\u00fcler ortaya \u00e7\u0131kt\u0131. Kaynak : hurriyet.com.tr<\/p>\n"},"alt_text":"","media_type":"image","mime_type":"image\/jpeg","media_details":{"width":768,"height":201,"file":"2026\/08\/1-15-768x201-25.jpg","sizes":{"medium":{"file":"1-15-768x201-25-300x79.jpg","width":300,"height":79,"mime_type":"image\/jpeg","source_url":"https:\/\/adanaseshaber.com.tr\/habercim\/wp-content\/uploads\/2026\/08\/1-15-768x201-25-300x79.jpg"},"thumbnail":{"file":"1-15-768x201-25-150x150.jpg","width":150,"height":150,"mime_type":"image\/jpeg","source_url":"https:\/\/adanaseshaber.com.tr\/habercim\/wp-content\/uploads\/2026\/08\/1-15-768x201-25-150x150.jpg"},"kucukResim":{"file":"1-15-768x201-25-80x50.jpg","width":80,"height":50,"mime_type":"image\/jpeg","source_url":"https:\/\/adanaseshaber.com.tr\/habercim\/wp-content\/uploads\/2026\/08\/1-15-768x201-25-80x50.jpg"},"sliderResim":{"file":"1-15-768x201-25-670x201.jpg","width":670,"height":201,"mime_type":"image\/jpeg","source_url":"https:\/\/adanaseshaber.com.tr\/habercim\/wp-content\/uploads\/2026\/08\/1-15-768x201-25-670x201.jpg"},"resim1":{"file":"1-15-768x201-25-184x140.jpg","width":184,"height":140,"mime_type":"image\/jpeg","source_url":"https:\/\/adanaseshaber.com.tr\/habercim\/wp-content\/uploads\/2026\/08\/1-15-768x201-25-184x140.jpg"},"resim2":{"file":"1-15-768x201-25-216x103.jpg","width":216,"height":103,"mime_type":"image\/jpeg","source_url":"https:\/\/adanaseshaber.com.tr\/habercim\/wp-content\/uploads\/2026\/08\/1-15-768x201-25-216x103.jpg"},"resim3":{"file":"1-15-768x201-25-145x70.jpg","width":145,"height":70,"mime_type":"image\/jpeg","source_url":"https:\/\/adanaseshaber.com.tr\/habercim\/wp-content\/uploads\/2026\/08\/1-15-768x201-25-145x70.jpg"},"sagSlider":{"file":"1-15-768x201-25-300x150.jpg","width":300,"height":150,"mime_type":"image\/jpeg","source_url":"https:\/\/adanaseshaber.com.tr\/habercim\/wp-content\/uploads\/2026\/08\/1-15-768x201-25-300x150.jpg"},"yeniSlider":{"file":"1-15-768x201-25-500x201.jpg","width":500,"height":201,"mime_type":"image\/jpeg","source_url":"https:\/\/adanaseshaber.com.tr\/habercim\/wp-content\/uploads\/2026\/08\/1-15-768x201-25-500x201.jpg"},"full":{"file":"1-15-768x201-25.jpg","width":768,"height":201,"mime_type":"image\/jpeg","source_url":"https:\/\/adanaseshaber.com.tr\/habercim\/wp-content\/uploads\/2026\/08\/1-15-768x201-25.jpg"}},"image_meta":{"aperture":"0","credit":"","camera":"","caption":"","created_timestamp":"0","copyright":"","focal_length":"0","iso":"0","shutter_speed":"0","title":"","orientation":"0","keywords":[]}},"post":51761,"source_url":"https:\/\/adanaseshaber.com.tr\/habercim\/wp-content\/uploads\/2026\/08\/1-15-768x201-25.jpg","_links":{"self":[{"href":"https:\/\/adanaseshaber.com.tr\/habercim\/wp-json\/wp\/v2\/media\/51763"}],"collection":[{"href":"https:\/\/adanaseshaber.com.tr\/habercim\/wp-json\/wp\/v2\/media"}],"about":[{"href":"https:\/\/adanaseshaber.com.tr\/habercim\/wp-json\/wp\/v2\/types\/attachment"}],"author":[{"embeddable":true,"href":"https:\/\/adanaseshaber.com.tr\/habercim\/wp-json\/wp\/v2\/users\/2"}],"replies":[{"embeddable":true,"href":"https:\/\/adanaseshaber.com.tr\/habercim\/wp-json\/wp\/v2\/comments?post=51763"}]}}