{"id":51768,"date":"2026-08-02T23:24:17","date_gmt":"2026-08-02T20:24:17","guid":{"rendered":"https:\/\/adanaseshaber.com.tr\/habercim\/wp-content\/uploads\/2026\/08\/1-15-768x201-27.jpg"},"modified":"2026-08-02T23:24:47","modified_gmt":"2026-08-02T20:24:47","slug":"1-15-768x201-2618","status":"inherit","type":"attachment","link":"https:\/\/adanaseshaber.com.tr\/habercim\/foto-galeri\/eskisehir-sivrihisar\/attachment\/1-15-768x201-2618\/","title":{"rendered":"Eski\u015fehir Sivrihisar"},"author":2,"comment_status":"open","ping_status":"closed","template":"","meta":[],"description":{"rendered":"<p class=\"attachment\"><a href='https:\/\/adanaseshaber.com.tr\/habercim\/wp-content\/uploads\/2026\/08\/1-15-768x201-27.jpg'><img width=\"300\" height=\"79\" src=\"https:\/\/adanaseshaber.com.tr\/habercim\/wp-content\/uploads\/2026\/08\/1-15-768x201-27-300x79.jpg\" class=\"attachment-medium size-medium\" alt=\"\" loading=\"lazy\" srcset=\"https:\/\/adanaseshaber.com.tr\/habercim\/wp-content\/uploads\/2026\/08\/1-15-768x201-27-300x79.jpg 300w, https:\/\/adanaseshaber.com.tr\/habercim\/wp-content\/uploads\/2026\/08\/1-15-768x201-27.jpg 768w\" sizes=\"(max-width: 300px) 100vw, 300px\" \/><\/a><\/p>\n"},"caption":{"rendered":"<p>Eski\u015fehir Sivrihisar Devlet Hastanesi, ad\u0131n\u0131n kar\u0131\u015ft\u0131\u011f\u0131 pe\u015f pe\u015fe skandallarla kamuoyunun tepkisini \u00e7ekmeye devam ediyor. K\u0131sa s\u00fcre \u00f6nce hastane m\u00fcd\u00fcr\u00fcn\u00fcn bir \u00e7al\u0131\u015fana y\u00f6nelik darp iddias\u0131yla sars\u0131lan sa\u011fl\u0131k kurumunda, bu kez de mesai saatleri i\u00e7inde bir g\u00fcvenlik g\u00f6revlisinin kurum i\u00e7inde bir kad\u0131nla sergiledi\u011fi uygunsuz g\u00f6r\u00fcnt\u00fcler ortaya \u00e7\u0131kt\u0131.<br \/>\nESK\u0130\u015eEH\u0130R\u2019in Sivrihisar il\u00e7esinde bulunan devlet hastanesinden kamuoyuna yans\u0131yan son g\u00f6r\u00fcnt\u00fcler \u015fa\u015fk\u0131nl\u0131k yaratt\u0131. Hastanede, bir \u00e7al\u0131\u015fan\u0131n kar\u0131\u015ft\u0131\u011f\u0131 uygunsuz anlar cep telefonu kameralar\u0131na yans\u0131d\u0131.<br \/>\nSosyal medyada h\u0131zla yay\u0131lan ve b\u00fcy\u00fck tepki \u00e7eken g\u00f6r\u00fcnt\u00fclerde, Sivrihisar Devlet Hastanesi\u2019nde g\u00f6revli oldu\u011fu belirtilen bir g\u00fcvenlik personelinin mesai saatleri i\u00e7erisinde sergiledi\u011fi rahat tav\u0131rlar dikkat \u00e7ekti.<br \/>\nBekleme alan\u0131nda bir kad\u0131n\u0131n kuca\u011f\u0131na oturarak \u00f6p\u00fc\u015ft\u00fc\u011f\u00fc g\u00f6r\u00fclen g\u00f6revlinin bu uygunsuz hallerine, o s\u0131rada s\u0131ras\u0131n\u0131 bekleyen hastalar da \u015fahit oldu.<br \/>\nSivrihisar Devlet Hastanesi\u2019nin ad\u0131n\u0131n bu t\u00fcr olaylarla an\u0131lmas\u0131 ise ilk de\u011fil. S\u00f6z konusu hastane, ayn\u0131 g\u00fcn idari kadrodaki bir \u015fiddet olay\u0131yla da ulusal bas\u0131n\u0131n g\u00fcndemine oturdu. Kaynak : internethaber.com<\/p>\n"},"alt_text":"","media_type":"image","mime_type":"image\/jpeg","media_details":{"width":768,"height":201,"file":"2026\/08\/1-15-768x201-27.jpg","sizes":{"medium":{"file":"1-15-768x201-27-300x79.jpg","width":300,"height":79,"mime_type":"image\/jpeg","source_url":"https:\/\/adanaseshaber.com.tr\/habercim\/wp-content\/uploads\/2026\/08\/1-15-768x201-27-300x79.jpg"},"thumbnail":{"file":"1-15-768x201-27-150x150.jpg","width":150,"height":150,"mime_type":"image\/jpeg","source_url":"https:\/\/adanaseshaber.com.tr\/habercim\/wp-content\/uploads\/2026\/08\/1-15-768x201-27-150x150.jpg"},"kucukResim":{"file":"1-15-768x201-27-80x50.jpg","width":80,"height":50,"mime_type":"image\/jpeg","source_url":"https:\/\/adanaseshaber.com.tr\/habercim\/wp-content\/uploads\/2026\/08\/1-15-768x201-27-80x50.jpg"},"sliderResim":{"file":"1-15-768x201-27-670x201.jpg","width":670,"height":201,"mime_type":"image\/jpeg","source_url":"https:\/\/adanaseshaber.com.tr\/habercim\/wp-content\/uploads\/2026\/08\/1-15-768x201-27-670x201.jpg"},"resim1":{"file":"1-15-768x201-27-184x140.jpg","width":184,"height":140,"mime_type":"image\/jpeg","source_url":"https:\/\/adanaseshaber.com.tr\/habercim\/wp-content\/uploads\/2026\/08\/1-15-768x201-27-184x140.jpg"},"resim2":{"file":"1-15-768x201-27-216x103.jpg","width":216,"height":103,"mime_type":"image\/jpeg","source_url":"https:\/\/adanaseshaber.com.tr\/habercim\/wp-content\/uploads\/2026\/08\/1-15-768x201-27-216x103.jpg"},"resim3":{"file":"1-15-768x201-27-145x70.jpg","width":145,"height":70,"mime_type":"image\/jpeg","source_url":"https:\/\/adanaseshaber.com.tr\/habercim\/wp-content\/uploads\/2026\/08\/1-15-768x201-27-145x70.jpg"},"sagSlider":{"file":"1-15-768x201-27-300x150.jpg","width":300,"height":150,"mime_type":"image\/jpeg","source_url":"https:\/\/adanaseshaber.com.tr\/habercim\/wp-content\/uploads\/2026\/08\/1-15-768x201-27-300x150.jpg"},"yeniSlider":{"file":"1-15-768x201-27-500x201.jpg","width":500,"height":201,"mime_type":"image\/jpeg","source_url":"https:\/\/adanaseshaber.com.tr\/habercim\/wp-content\/uploads\/2026\/08\/1-15-768x201-27-500x201.jpg"},"full":{"file":"1-15-768x201-27.jpg","width":768,"height":201,"mime_type":"image\/jpeg","source_url":"https:\/\/adanaseshaber.com.tr\/habercim\/wp-content\/uploads\/2026\/08\/1-15-768x201-27.jpg"}},"image_meta":{"aperture":"0","credit":"","camera":"","caption":"","created_timestamp":"0","copyright":"","focal_length":"0","iso":"0","shutter_speed":"0","title":"","orientation":"0","keywords":[]}},"post":51766,"source_url":"https:\/\/adanaseshaber.com.tr\/habercim\/wp-content\/uploads\/2026\/08\/1-15-768x201-27.jpg","_links":{"self":[{"href":"https:\/\/adanaseshaber.com.tr\/habercim\/wp-json\/wp\/v2\/media\/51768"}],"collection":[{"href":"https:\/\/adanaseshaber.com.tr\/habercim\/wp-json\/wp\/v2\/media"}],"about":[{"href":"https:\/\/adanaseshaber.com.tr\/habercim\/wp-json\/wp\/v2\/types\/attachment"}],"author":[{"embeddable":true,"href":"https:\/\/adanaseshaber.com.tr\/habercim\/wp-json\/wp\/v2\/users\/2"}],"replies":[{"embeddable":true,"href":"https:\/\/adanaseshaber.com.tr\/habercim\/wp-json\/wp\/v2\/comments?post=51768"}]}}