{"id":51778,"date":"2026-08-03T16:39:56","date_gmt":"2026-08-03T13:39:56","guid":{"rendered":"https:\/\/adanaseshaber.com.tr\/habercim\/wp-content\/uploads\/2026\/08\/1-15-768x201-31.jpg"},"modified":"2026-08-03T16:42:29","modified_gmt":"2026-08-03T13:42:29","slug":"1-15-768x201-2622","status":"inherit","type":"attachment","link":"https:\/\/adanaseshaber.com.tr\/habercim\/foto-galeri\/masterchef-sampiyonu-sef-eren-kasikci\/attachment\/1-15-768x201-2622\/","title":{"rendered":"MasterChef \u015fampiyonu \u015eef Eren Ka\u015f\u0131k\u00e7\u0131"},"author":2,"comment_status":"open","ping_status":"closed","template":"","meta":[],"description":{"rendered":"<p class=\"attachment\"><a href='https:\/\/adanaseshaber.com.tr\/habercim\/wp-content\/uploads\/2026\/08\/1-15-768x201-31.jpg'><img width=\"300\" height=\"79\" src=\"https:\/\/adanaseshaber.com.tr\/habercim\/wp-content\/uploads\/2026\/08\/1-15-768x201-31-300x79.jpg\" class=\"attachment-medium size-medium\" alt=\"\" loading=\"lazy\" srcset=\"https:\/\/adanaseshaber.com.tr\/habercim\/wp-content\/uploads\/2026\/08\/1-15-768x201-31-300x79.jpg 300w, https:\/\/adanaseshaber.com.tr\/habercim\/wp-content\/uploads\/2026\/08\/1-15-768x201-31.jpg 768w\" sizes=\"(max-width: 300px) 100vw, 300px\" \/><\/a><\/p>\n"},"caption":{"rendered":"<p>MasterChef T\u00fcrkiye 2021 \u015fampiyonu \u015eef Eren Ka\u015f\u0131k\u00e7\u0131, Kilyos&#8217;taki evinde hayat\u0131n\u0131 kaybetmi\u015f halde bulundu. Yak\u0131nlar\u0131n\u0131n ula\u015famamas\u0131 \u00fczerine ortaya \u00e7\u0131kan olayla ilgili soru\u015fturma ba\u015flat\u0131l\u0131rken, Ka\u015f\u0131k\u00e7\u0131&#8217;n\u0131n ani vefat\u0131 sevenlerini yasa bo\u011fdu.<br \/>\nMasterChef \u015fampiyonu \u015eef Eren Ka\u015f\u0131k\u00e7\u0131&#8217;n\u0131n cenazesi, Sancaktepe Yenido\u011fan Cemevi&#8217;nde d\u00fczenlenen t\u00f6renin ard\u0131ndan topra\u011fa verilmek \u00fczere memleketi Tokat&#8217;a u\u011furland\u0131\u011f\u0131 s\u0131rada annesinin g\u00f6zya\u015flar\u0131 magazinde geni\u015f yer bulmu\u015ftu. Cenaze t\u00f6reninde b\u00fcy\u00fck \u00fcz\u00fcnt\u00fc ya\u015fayan annesi fenala\u015f\u0131rken, Mehmet Yal\u00e7\u0131nkaya ac\u0131l\u0131 aileye destek olarak teselli etmeye \u00e7al\u0131\u015fm\u0131\u015ft\u0131.<br \/>\nMasterChef 2021 \u015fampiyonu \u015fef Eren Ka\u015f\u0131k\u00e7\u0131, memleketi Tokat&#8217;ta son yolculu\u011funa u\u011furlanm\u0131\u015ft\u0131. Musullu k\u00f6y\u00fcnde d\u00fczenlenen cenaze t\u00f6renine Ka\u015f\u0131k\u00e7\u0131&#8217;n\u0131n ailesi, k\u00f6yl\u00fcleri ve \u00e7ok say\u0131da seveni kat\u0131lm\u0131\u015ft\u0131.<br \/>\nK\u0131l\u0131nan cenaze namaz\u0131n\u0131n ard\u0131ndan Eren Ka\u015f\u0131k\u00e7\u0131&#8217;n\u0131n cenazesi, Musullu K\u00f6y Mezarl\u0131\u011f\u0131&#8217;nda g\u00f6zya\u015flar\u0131 aras\u0131nda topra\u011fa verildi.<br \/>\nAc\u0131 haberin ard\u0131ndan yar\u0131\u015fmadaki bir di\u011fer j\u00fcri \u00fcyesi Somer Sivrio\u011flu da sosyal medya hesab\u0131ndan y\u00fcrek burkan bir payla\u015f\u0131mla eski yar\u0131\u015fmac\u0131s\u0131n\u0131 and\u0131. Sivrio\u011flu, Eren Ka\u015f\u0131k\u00e7\u0131 ile birlikte kat\u0131ld\u0131klar\u0131 K\u00fclt\u00fcr Yolu Festivali&#8217;nden ne\u015feli bir an\u0131 foto\u011fraf\u0131n\u0131 payla\u015ft\u0131. \u00c7ocuklarla birlikte g\u00fcler y\u00fczle poz verdikleri o kareye &#8220;Allah var, gam yok&#8221; notunu d\u00fc\u015fen Somer \u015eef, \u015fampiyon yar\u0131\u015fmac\u0131s\u0131n\u0131n an\u0131s\u0131n\u0131 bu anlaml\u0131 foto\u011frafla bir kez daha ya\u015fatt\u0131.<br \/>\nEren Ka\u015f\u0131k\u00e7\u0131&#8217;n\u0131n \u00f6l\u00fcm nedeni hakk\u0131nda \u015fu ana kadar resmi makamlar taraf\u0131ndan kesinle\u015fmi\u015f bir a\u00e7\u0131klama yap\u0131lmad\u0131. \u0130lk belirlemelere g\u00f6re \u00f6l\u00fcm nedeni hen\u00fcz netlik kazanmad\u0131.<\/p>\n<p>Savc\u0131l\u0131k taraf\u0131ndan ba\u015flat\u0131lan soru\u015fturma kapsam\u0131nda olay t\u00fcm y\u00f6nleriyle incelenirken, kesin \u00f6l\u00fcm nedeninin adli t\u0131p incelemesinin ard\u0131ndan kamuoyuyla payla\u015f\u0131lmas\u0131 bekleniyor. Kamuoyuna yans\u0131yan bilgiler do\u011frultusunda, \u00f6l\u00fcm nedenine ili\u015fkin resmi a\u00e7\u0131klama yap\u0131l\u0131ncaya kadar ortaya at\u0131lan iddialar\u0131n do\u011frulanmad\u0131\u011f\u0131 ve soru\u015fturman\u0131n s\u00fcrd\u00fc\u011f\u00fc belirtiliyor.<br \/>\nEren Ka\u015f\u0131k\u00e7\u0131&#8217;n\u0131n cans\u0131z bedenini bulan arkada\u015f\u0131 Mikail Malko\u00e7o\u011flu konu\u015ftu.<\/p>\n<p>Malko\u00e7o\u011flu, &#8220;Telefonla ula\u015famad\u0131m. E\u015fi de zaten ula\u015famam\u0131\u015f. Bize haber verdi biz de evine gittik. Eve gidince de cans\u0131z bedeniyle kar\u015f\u0131la\u015ft\u0131k. Sa\u011fl\u0131k ekipleri ilk geldi\u011finde ilk izlenimleri kalp krizi oldu\u011fu y\u00f6n\u00fcndeydi. Do\u011fru sonucu adli t\u0131p kurumu raporu sonras\u0131nda belli olacak. Ac\u0131m\u0131z b\u00fcy\u00fck, karde\u015fimizi kaybettik&#8221; dedi.<\/p>\n"},"alt_text":"","media_type":"image","mime_type":"image\/jpeg","media_details":{"width":768,"height":201,"file":"2026\/08\/1-15-768x201-31.jpg","sizes":{"medium":{"file":"1-15-768x201-31-300x79.jpg","width":300,"height":79,"mime_type":"image\/jpeg","source_url":"https:\/\/adanaseshaber.com.tr\/habercim\/wp-content\/uploads\/2026\/08\/1-15-768x201-31-300x79.jpg"},"thumbnail":{"file":"1-15-768x201-31-150x150.jpg","width":150,"height":150,"mime_type":"image\/jpeg","source_url":"https:\/\/adanaseshaber.com.tr\/habercim\/wp-content\/uploads\/2026\/08\/1-15-768x201-31-150x150.jpg"},"kucukResim":{"file":"1-15-768x201-31-80x50.jpg","width":80,"height":50,"mime_type":"image\/jpeg","source_url":"https:\/\/adanaseshaber.com.tr\/habercim\/wp-content\/uploads\/2026\/08\/1-15-768x201-31-80x50.jpg"},"sliderResim":{"file":"1-15-768x201-31-670x201.jpg","width":670,"height":201,"mime_type":"image\/jpeg","source_url":"https:\/\/adanaseshaber.com.tr\/habercim\/wp-content\/uploads\/2026\/08\/1-15-768x201-31-670x201.jpg"},"resim1":{"file":"1-15-768x201-31-184x140.jpg","width":184,"height":140,"mime_type":"image\/jpeg","source_url":"https:\/\/adanaseshaber.com.tr\/habercim\/wp-content\/uploads\/2026\/08\/1-15-768x201-31-184x140.jpg"},"resim2":{"file":"1-15-768x201-31-216x103.jpg","width":216,"height":103,"mime_type":"image\/jpeg","source_url":"https:\/\/adanaseshaber.com.tr\/habercim\/wp-content\/uploads\/2026\/08\/1-15-768x201-31-216x103.jpg"},"resim3":{"file":"1-15-768x201-31-145x70.jpg","width":145,"height":70,"mime_type":"image\/jpeg","source_url":"https:\/\/adanaseshaber.com.tr\/habercim\/wp-content\/uploads\/2026\/08\/1-15-768x201-31-145x70.jpg"},"sagSlider":{"file":"1-15-768x201-31-300x150.jpg","width":300,"height":150,"mime_type":"image\/jpeg","source_url":"https:\/\/adanaseshaber.com.tr\/habercim\/wp-content\/uploads\/2026\/08\/1-15-768x201-31-300x150.jpg"},"yeniSlider":{"file":"1-15-768x201-31-500x201.jpg","width":500,"height":201,"mime_type":"image\/jpeg","source_url":"https:\/\/adanaseshaber.com.tr\/habercim\/wp-content\/uploads\/2026\/08\/1-15-768x201-31-500x201.jpg"},"full":{"file":"1-15-768x201-31.jpg","width":768,"height":201,"mime_type":"image\/jpeg","source_url":"https:\/\/adanaseshaber.com.tr\/habercim\/wp-content\/uploads\/2026\/08\/1-15-768x201-31.jpg"}},"image_meta":{"aperture":"0","credit":"","camera":"","caption":"","created_timestamp":"0","copyright":"","focal_length":"0","iso":"0","shutter_speed":"0","title":"","orientation":"0","keywords":[]}},"post":51776,"source_url":"https:\/\/adanaseshaber.com.tr\/habercim\/wp-content\/uploads\/2026\/08\/1-15-768x201-31.jpg","_links":{"self":[{"href":"https:\/\/adanaseshaber.com.tr\/habercim\/wp-json\/wp\/v2\/media\/51778"}],"collection":[{"href":"https:\/\/adanaseshaber.com.tr\/habercim\/wp-json\/wp\/v2\/media"}],"about":[{"href":"https:\/\/adanaseshaber.com.tr\/habercim\/wp-json\/wp\/v2\/types\/attachment"}],"author":[{"embeddable":true,"href":"https:\/\/adanaseshaber.com.tr\/habercim\/wp-json\/wp\/v2\/users\/2"}],"replies":[{"embeddable":true,"href":"https:\/\/adanaseshaber.com.tr\/habercim\/wp-json\/wp\/v2\/comments?post=51778"}]}}