{"id":51798,"date":"2026-08-03T22:59:54","date_gmt":"2026-08-03T19:59:54","guid":{"rendered":"https:\/\/adanaseshaber.com.tr\/habercim\/wp-content\/uploads\/2026\/08\/1-15-768x201-39.jpg"},"modified":"2026-08-03T23:01:45","modified_gmt":"2026-08-03T20:01:45","slug":"1-15-768x201-2630","status":"inherit","type":"attachment","link":"https:\/\/adanaseshaber.com.tr\/habercim\/foto-galeri\/meteoroloji-saat-verdi-3\/attachment\/1-15-768x201-2630\/","title":{"rendered":"Meteoroloji saat verdi"},"author":2,"comment_status":"open","ping_status":"closed","template":"","meta":[],"description":{"rendered":"<p class=\"attachment\"><a href='https:\/\/adanaseshaber.com.tr\/habercim\/wp-content\/uploads\/2026\/08\/1-15-768x201-39.jpg'><img width=\"300\" height=\"79\" src=\"https:\/\/adanaseshaber.com.tr\/habercim\/wp-content\/uploads\/2026\/08\/1-15-768x201-39-300x79.jpg\" class=\"attachment-medium size-medium\" alt=\"\" loading=\"lazy\" srcset=\"https:\/\/adanaseshaber.com.tr\/habercim\/wp-content\/uploads\/2026\/08\/1-15-768x201-39-300x79.jpg 300w, https:\/\/adanaseshaber.com.tr\/habercim\/wp-content\/uploads\/2026\/08\/1-15-768x201-39.jpg 768w\" sizes=\"(max-width: 300px) 100vw, 300px\" \/><\/a><\/p>\n"},"caption":{"rendered":"<p>Hava s\u0131cakl\u0131\u011f\u0131 \u0130\u00e7 kesimlerde biraz artaca\u011f\u0131, \u00fclkemiz genelinde mevsim normalleri civar\u0131 ve yer yer \u00fczerinde seyredece\u011fi tahmin ediliyor. R\u00fczgar\u0131n ise genellikle kuzeyli, g\u00fcney ve do\u011fu kesimlerde g\u00fcneyli y\u00f6nlerden hafif, ara s\u0131ra orta kuvvette esmesi bekleniyor.<\/p>\n<p>SA\u011eANAK YA\u011eI\u015e GEL\u0130YOR<\/p>\n<p>Meteoroloji Genel M\u00fcd\u00fcrl\u00fc\u011f\u00fc taraf\u0131ndan yap\u0131lan son de\u011ferlendirmelere g\u00f6re, \u00fclkemizin kuzey kesimleri ile Akdeniz\u2019in i\u00e7 kesimlerinin par\u00e7al\u0131 yer yer \u00e7ok bulutlu ge\u00e7ece\u011fi tahmin ediliyor. B\u00f6lgesel olarak etkisini g\u00f6sterecek ya\u011f\u0131\u015flar\u0131n; Marmara\u2019n\u0131n kuzeyi, Bat\u0131 Karadeniz\u2019in i\u00e7 kesimleri, Do\u011fu Karadeniz k\u0131y\u0131lar\u0131, Antalya ve Mersin&#8217;in i\u00e7 kesimleri, Ardahan ile \u00c7orum ve Kars&#8217;\u0131n kuzey kesimlerinde yerel sa\u011fanak ve g\u00f6k g\u00fcr\u00fclt\u00fcl\u00fc sa\u011fanak \u015feklinde olmas\u0131 bekleniyor.<br \/>\nAz bulutlu ve a\u00e7\u0131k zamanla kuzeyi par\u00e7al\u0131 ve \u00e7ok bulutlu, \u00f6\u011flen saatlerinde ba\u015flay\u0131p K\u0131rklareli, Tekirda\u011f, \u0130stanbul, Kocaeli, Sakarya, Bolu, Karab\u00fck, Kastamonu, Rize, Artvin ve Ardahan \u00e7evrelerinin k\u0131sa s\u00fcreli ve yerel olmak \u00fczere sa\u011fanak ve g\u00f6k g\u00fcr\u00fclt\u00fcl\u00fc sa\u011fanak ya\u011f\u0131\u015fl\u0131 ge\u00e7ece\u011fi tahmin ediliyor.<br \/>\nAniden bast\u0131rabilecek g\u00f6k g\u00fcr\u00fclt\u00fcl\u00fc sa\u011fanaklara kar\u015f\u0131 vatanda\u015flar\u0131n sel, su bask\u0131n\u0131 ve y\u0131ld\u0131r\u0131m gibi olumsuzluklara kar\u015f\u0131 dikkatli olmas\u0131 \u00f6nerilirken; yurdun geriye kalan b\u00fcy\u00fck bir b\u00f6l\u00fcm\u00fcnde ise az bulutlu, a\u00e7\u0131k ve s\u0131cak havan\u0131n hakimiyetini koruyaca\u011f\u0131 \u00f6ng\u00f6r\u00fcl\u00fcyor.<br \/>\nYap\u0131lan son de\u011ferlendirmelere g\u00f6re, bug\u00fcn 12:00 &#8211; 18:00 saatleri aras\u0131nda \u00f6zellikle \u00c7anakkale ve Bal\u0131kesir k\u0131y\u0131lar\u0131 ile Kuzey Ege genelinde kuzeyli y\u00f6nlerden esen r\u00fczgar\u0131n \u015fiddetini art\u0131rarak saatte 30 ila 50 kilometre h\u0131za ula\u015faca\u011f\u0131 tahmin ediliyor.<br \/>\nSal\u0131 g\u00fcn\u00fc itibar\u0131yla ise ya\u011f\u0131\u015fl\u0131 hava k\u00fctlesi Bat\u0131 Karadeniz ve Marmara genelinde etkisini kaybederek par\u00e7al\u0131 bulutlu havaya b\u0131rak\u0131rken, ya\u011f\u0131\u015flar Do\u011fu Karadeniz k\u0131y\u0131lar\u0131 (Rize, Artvin) ve Do\u011fu Anadolu&#8217;nun kuzeydo\u011fusuna (Kars, Ardahan) etkisini g\u00f6sterecek.<br \/>\nB\u00f6lgesel olarak g\u00f6r\u00fclecek ya\u011f\u0131\u015flar\u0131n; \u0130\u00e7 Ege (Afyonkarahisar, U\u015fak, Denizli, K\u00fctahya \u00e7evreleri), Akdeniz\u2019in i\u00e7 kesimleri (Isparta, Burdur, G\u00f6ller Y\u00f6resi ile Mersin ve Kahramanmara\u015f\u2019\u0131n y\u00fcksekleri), \u0130\u00e7 Anadolu\u2019nun bat\u0131s\u0131 (Eski\u015fehir, \u00c7ank\u0131r\u0131 \u00e7evreleri), Do\u011fu Karadeniz k\u0131y\u0131lar\u0131 (Trabzon, Rize, Artvin) ve Ardahan \u00e7evrelerinde yerel sa\u011fanak ve g\u00f6k g\u00fcr\u00fclt\u00fcl\u00fc sa\u011fanak \u015feklinde hafta sonuna kadar devam etmesi \u00f6ng\u00f6r\u00fcl\u00fcyor.<br \/>\n\u00c7evre, \u015eehircilik ve \u0130klim De\u011fi\u015fikli\u011fi Bakanl\u0131\u011f\u0131 Meteoroloji Genel M\u00fcd\u00fcrl\u00fc\u011f\u00fc Hava Tahmin Uzman\u0131 Fevzi Burak Tekin, hafta boyunca ya\u011f\u0131\u015flar\u0131n a\u011f\u0131rl\u0131kl\u0131 olarak \u00fclkenin kuzey kesimleri ile Akdeniz&#8217;in i\u00e7 kesimlerinde g\u00f6r\u00fclece\u011fini ifade ederek, bu ya\u011f\u0131\u015flar\u0131n genellikle hafif ve orta kuvvette sa\u011fanak \u015feklinde etkili olaca\u011f\u0131n\u0131 dile getirdi.<\/p>\n<p>Ankara ve \u0130zmir&#8217;de \u00f6n\u00fcm\u00fczdeki \u00fc\u00e7 g\u00fcn boyunca ya\u011f\u0131\u015f beklenmedi\u011fini vurgulayan Tekin, Ba\u015fkent&#8217;te hava s\u0131cakl\u0131\u011f\u0131n\u0131n 33-35, \u0130zmir&#8217;de ise 36-37 derece olaca\u011f\u0131n\u0131 bildirdi. Tekin, \u0130stanbul&#8217;da sal\u0131 ve \u00e7ar\u015famba g\u00fcnlerinin par\u00e7al\u0131 ve az bulutlu ge\u00e7ece\u011fini, per\u015fembe g\u00fcn\u00fc ise il genelinde hafif ve orta kuvvette sa\u011fanak ge\u00e7i\u015flerinin beklendi\u011fini, kentte s\u0131cakl\u0131\u011f\u0131n 32-33 derece dolaylar\u0131nda seyredece\u011fini s\u00f6zlerine ekledi.<\/p>\n<p>Ya\u011f\u0131\u015f olarak bak\u0131ld\u0131\u011f\u0131nda ise hafta boyunca \u00fclkemizin kuzey kesimleri ile Akdeniz&#8217;in i\u00e7 kesimlerinde ya\u011f\u0131\u015flar g\u00f6rece\u011fiz. Ya\u011f\u0131\u015flar genellikle hafif ve orta kuvvette kendini g\u00f6sterecek. \u00d6n\u00fcm\u00fczdeki 3 g\u00fcnl\u00fck periyoda ayr\u0131nt\u0131l\u0131 bak\u0131ld\u0131\u011f\u0131nda ise sal\u0131 g\u00fcn\u00fc Bat\u0131 Karadeniz&#8217;in k\u0131y\u0131 kesimleri, Do\u011fu Karadeniz&#8217;in do\u011fusu ve Ardahan&#8217;\u0131n \u00e7evrelerinde sa\u011fanak ve yer yer g\u00f6k g\u00fcr\u00fclt\u00fcl\u00fc sa\u011fanak ya\u011f\u0131\u015flar\u0131 g\u00f6rece\u011fiz. Bat\u0131 Akdeniz&#8217;in i\u00e7 kesimlerinde ise yerel ve k\u0131sa s\u00fcreli ya\u011f\u0131\u015f ge\u00e7i\u015fleri olabilir&#8221; diye konu\u015ftu.<\/p>\n<p>R\u00dcZGAR SAATTE 60 K\u0130LOMETREYE \u00c7IKACAK<\/p>\n<p>Bu haftaki ya\u011f\u0131\u015flar\u0131n Akdeniz B\u00f6lgesi&#8217;ne de u\u011frayaca\u011f\u0131n\u0131 dile getiren Tekin, &#8220;\u00c7ar\u015famba g\u00fcn\u00fcyle devam edecek olursak Do\u011fu Karadeniz&#8217;in do\u011fusu ve yine Ardahan \u00e7evrelerinde ya\u011f\u0131\u015flar g\u00f6rece\u011fiz. Per\u015fembe g\u00fcn\u00fc ise K\u0131rklareli&#8217;nin k\u0131y\u0131 kesimleri, Tekirda\u011f&#8217;\u0131n do\u011fusu, \u0130stanbul&#8217;un \u00e7evreleri, Kocaeli, \u00c7anakkale ve Bal\u0131kesir&#8217;in kuzeyi ile Do\u011fu Karadeniz&#8217;in k\u0131y\u0131 kesimlerinde ya\u011f\u0131\u015flar kendini g\u00f6sterirken \u0130skenderun K\u00f6rfezi, Osmaniye ve Kahramanmara\u015f&#8217;\u0131n bat\u0131s\u0131nda yine k\u0131sa s\u00fcreli ya\u011f\u0131\u015f ge\u00e7i\u015fleri olacak. Cuma g\u00fcn\u00fcne ve hafta sonuna bak\u0131ld\u0131\u011f\u0131nda ise \u00fclkemizin kuzey kesimlerindeki ya\u011f\u0131\u015flar kendini g\u00f6stermeye devam edecek. Sal\u0131 ve \u00e7ar\u015famba g\u00fcn\u00fc \u00f6zellikle \u00c7anakkale, Bal\u0131kesir, \u0130zmir&#8217;in kuzeyinden r\u00fczgar kuvvetli esecek. Saatte 60 kilometreye \u00e7\u0131kabilir. Dikkatli olunmal\u0131&#8221; \u015feklinde konu\u015ftu.<\/p>\n<p>Kaynak : hurriyet.com.tr<\/p>\n"},"alt_text":"","media_type":"image","mime_type":"image\/jpeg","media_details":{"width":768,"height":201,"file":"2026\/08\/1-15-768x201-39.jpg","sizes":{"medium":{"file":"1-15-768x201-39-300x79.jpg","width":300,"height":79,"mime_type":"image\/jpeg","source_url":"https:\/\/adanaseshaber.com.tr\/habercim\/wp-content\/uploads\/2026\/08\/1-15-768x201-39-300x79.jpg"},"thumbnail":{"file":"1-15-768x201-39-150x150.jpg","width":150,"height":150,"mime_type":"image\/jpeg","source_url":"https:\/\/adanaseshaber.com.tr\/habercim\/wp-content\/uploads\/2026\/08\/1-15-768x201-39-150x150.jpg"},"kucukResim":{"file":"1-15-768x201-39-80x50.jpg","width":80,"height":50,"mime_type":"image\/jpeg","source_url":"https:\/\/adanaseshaber.com.tr\/habercim\/wp-content\/uploads\/2026\/08\/1-15-768x201-39-80x50.jpg"},"sliderResim":{"file":"1-15-768x201-39-670x201.jpg","width":670,"height":201,"mime_type":"image\/jpeg","source_url":"https:\/\/adanaseshaber.com.tr\/habercim\/wp-content\/uploads\/2026\/08\/1-15-768x201-39-670x201.jpg"},"resim1":{"file":"1-15-768x201-39-184x140.jpg","width":184,"height":140,"mime_type":"image\/jpeg","source_url":"https:\/\/adanaseshaber.com.tr\/habercim\/wp-content\/uploads\/2026\/08\/1-15-768x201-39-184x140.jpg"},"resim2":{"file":"1-15-768x201-39-216x103.jpg","width":216,"height":103,"mime_type":"image\/jpeg","source_url":"https:\/\/adanaseshaber.com.tr\/habercim\/wp-content\/uploads\/2026\/08\/1-15-768x201-39-216x103.jpg"},"resim3":{"file":"1-15-768x201-39-145x70.jpg","width":145,"height":70,"mime_type":"image\/jpeg","source_url":"https:\/\/adanaseshaber.com.tr\/habercim\/wp-content\/uploads\/2026\/08\/1-15-768x201-39-145x70.jpg"},"sagSlider":{"file":"1-15-768x201-39-300x150.jpg","width":300,"height":150,"mime_type":"image\/jpeg","source_url":"https:\/\/adanaseshaber.com.tr\/habercim\/wp-content\/uploads\/2026\/08\/1-15-768x201-39-300x150.jpg"},"yeniSlider":{"file":"1-15-768x201-39-500x201.jpg","width":500,"height":201,"mime_type":"image\/jpeg","source_url":"https:\/\/adanaseshaber.com.tr\/habercim\/wp-content\/uploads\/2026\/08\/1-15-768x201-39-500x201.jpg"},"full":{"file":"1-15-768x201-39.jpg","width":768,"height":201,"mime_type":"image\/jpeg","source_url":"https:\/\/adanaseshaber.com.tr\/habercim\/wp-content\/uploads\/2026\/08\/1-15-768x201-39.jpg"}},"image_meta":{"aperture":"0","credit":"","camera":"","caption":"","created_timestamp":"0","copyright":"","focal_length":"0","iso":"0","shutter_speed":"0","title":"","orientation":"0","keywords":[]}},"post":51796,"source_url":"https:\/\/adanaseshaber.com.tr\/habercim\/wp-content\/uploads\/2026\/08\/1-15-768x201-39.jpg","_links":{"self":[{"href":"https:\/\/adanaseshaber.com.tr\/habercim\/wp-json\/wp\/v2\/media\/51798"}],"collection":[{"href":"https:\/\/adanaseshaber.com.tr\/habercim\/wp-json\/wp\/v2\/media"}],"about":[{"href":"https:\/\/adanaseshaber.com.tr\/habercim\/wp-json\/wp\/v2\/types\/attachment"}],"author":[{"embeddable":true,"href":"https:\/\/adanaseshaber.com.tr\/habercim\/wp-json\/wp\/v2\/users\/2"}],"replies":[{"embeddable":true,"href":"https:\/\/adanaseshaber.com.tr\/habercim\/wp-json\/wp\/v2\/comments?post=51798"}]}}