{"id":51817,"date":"2026-08-04T22:14:51","date_gmt":"2026-08-04T19:14:51","guid":{"rendered":"https:\/\/adanaseshaber.com.tr\/habercim\/wp-content\/uploads\/2026\/08\/images-7-7-1.jpg"},"modified":"2026-08-04T22:15:17","modified_gmt":"2026-08-04T19:15:17","slug":"images-7-7-5","status":"inherit","type":"attachment","link":"https:\/\/adanaseshaber.com.tr\/habercim\/foto-galeri\/tum-gercekleriyle\/attachment\/images-7-7-5\/","title":{"rendered":"T\u00fcm ger\u00e7ekleriyle"},"author":2,"comment_status":"open","ping_status":"closed","template":"","meta":[],"description":{"rendered":"<p class=\"attachment\"><a href='https:\/\/adanaseshaber.com.tr\/habercim\/wp-content\/uploads\/2026\/08\/images-7-7-1.jpg'><img width=\"300\" height=\"168\" src=\"https:\/\/adanaseshaber.com.tr\/habercim\/wp-content\/uploads\/2026\/08\/images-7-7-1-300x168.jpg\" class=\"attachment-medium size-medium\" alt=\"\" loading=\"lazy\" srcset=\"https:\/\/adanaseshaber.com.tr\/habercim\/wp-content\/uploads\/2026\/08\/images-7-7-1-300x168.jpg 300w, https:\/\/adanaseshaber.com.tr\/habercim\/wp-content\/uploads\/2026\/08\/images-7-7-1.jpg 738w\" sizes=\"(max-width: 300px) 100vw, 300px\" \/><\/a><\/p>\n"},"caption":{"rendered":"<p>Uzun y\u0131llard\u0131r kamuoyunun g\u00fcndemindeki yerini koruyan olaya ili\u015fkin yeni ve dikkat \u00e7ekici geli\u015fmeler konu\u015fuluyor. Ortaya at\u0131lan son iddialar ile yap\u0131lan de\u011ferlendirmeler, olay\u0131n arka plan\u0131nda ya\u015fananlara dair merak\u0131 yeniden art\u0131rd\u0131. Kamuoyu, soru\u015fturma s\u00fcrecinde yap\u0131lacak a\u00e7\u0131klamalar\u0131 ve ortaya \u00e7\u0131kabilecek yeni bilgileri yak\u0131ndan izliyor\u2026.<\/p>\n<p>devam\u0131 sonraki sayfada\u2026 g\u00f6rsel \u00fczerinden do2\u2019kununuz ge\u00e7ebilirsiniz\u2026<\/p>\n"},"alt_text":"","media_type":"image","mime_type":"image\/jpeg","media_details":{"width":738,"height":414,"file":"2026\/08\/images-7-7-1.jpg","sizes":{"medium":{"file":"images-7-7-1-300x168.jpg","width":300,"height":168,"mime_type":"image\/jpeg","source_url":"https:\/\/adanaseshaber.com.tr\/habercim\/wp-content\/uploads\/2026\/08\/images-7-7-1-300x168.jpg"},"thumbnail":{"file":"images-7-7-1-150x150.jpg","width":150,"height":150,"mime_type":"image\/jpeg","source_url":"https:\/\/adanaseshaber.com.tr\/habercim\/wp-content\/uploads\/2026\/08\/images-7-7-1-150x150.jpg"},"kucukResim":{"file":"images-7-7-1-80x50.jpg","width":80,"height":50,"mime_type":"image\/jpeg","source_url":"https:\/\/adanaseshaber.com.tr\/habercim\/wp-content\/uploads\/2026\/08\/images-7-7-1-80x50.jpg"},"sliderResim":{"file":"images-7-7-1-670x330.jpg","width":670,"height":330,"mime_type":"image\/jpeg","source_url":"https:\/\/adanaseshaber.com.tr\/habercim\/wp-content\/uploads\/2026\/08\/images-7-7-1-670x330.jpg"},"resim1":{"file":"images-7-7-1-184x140.jpg","width":184,"height":140,"mime_type":"image\/jpeg","source_url":"https:\/\/adanaseshaber.com.tr\/habercim\/wp-content\/uploads\/2026\/08\/images-7-7-1-184x140.jpg"},"resim2":{"file":"images-7-7-1-216x103.jpg","width":216,"height":103,"mime_type":"image\/jpeg","source_url":"https:\/\/adanaseshaber.com.tr\/habercim\/wp-content\/uploads\/2026\/08\/images-7-7-1-216x103.jpg"},"resim3":{"file":"images-7-7-1-145x70.jpg","width":145,"height":70,"mime_type":"image\/jpeg","source_url":"https:\/\/adanaseshaber.com.tr\/habercim\/wp-content\/uploads\/2026\/08\/images-7-7-1-145x70.jpg"},"sagSlider":{"file":"images-7-7-1-300x150.jpg","width":300,"height":150,"mime_type":"image\/jpeg","source_url":"https:\/\/adanaseshaber.com.tr\/habercim\/wp-content\/uploads\/2026\/08\/images-7-7-1-300x150.jpg"},"yeniSlider":{"file":"images-7-7-1-500x290.jpg","width":500,"height":290,"mime_type":"image\/jpeg","source_url":"https:\/\/adanaseshaber.com.tr\/habercim\/wp-content\/uploads\/2026\/08\/images-7-7-1-500x290.jpg"},"full":{"file":"images-7-7-1.jpg","width":738,"height":414,"mime_type":"image\/jpeg","source_url":"https:\/\/adanaseshaber.com.tr\/habercim\/wp-content\/uploads\/2026\/08\/images-7-7-1.jpg"}},"image_meta":{"aperture":"0","credit":"","camera":"","caption":"","created_timestamp":"0","copyright":"","focal_length":"0","iso":"0","shutter_speed":"0","title":"","orientation":"0","keywords":[]}},"post":51816,"source_url":"https:\/\/adanaseshaber.com.tr\/habercim\/wp-content\/uploads\/2026\/08\/images-7-7-1.jpg","_links":{"self":[{"href":"https:\/\/adanaseshaber.com.tr\/habercim\/wp-json\/wp\/v2\/media\/51817"}],"collection":[{"href":"https:\/\/adanaseshaber.com.tr\/habercim\/wp-json\/wp\/v2\/media"}],"about":[{"href":"https:\/\/adanaseshaber.com.tr\/habercim\/wp-json\/wp\/v2\/types\/attachment"}],"author":[{"embeddable":true,"href":"https:\/\/adanaseshaber.com.tr\/habercim\/wp-json\/wp\/v2\/users\/2"}],"replies":[{"embeddable":true,"href":"https:\/\/adanaseshaber.com.tr\/habercim\/wp-json\/wp\/v2\/comments?post=51817"}]}}