{"id":51823,"date":"2026-08-04T22:19:48","date_gmt":"2026-08-04T19:19:48","guid":{"rendered":"https:\/\/adanaseshaber.com.tr\/habercim\/wp-content\/uploads\/2026\/08\/1-15-768x201-49.jpg"},"modified":"2026-08-04T22:22:37","modified_gmt":"2026-08-04T19:22:37","slug":"1-15-768x201-2640","status":"inherit","type":"attachment","link":"https:\/\/adanaseshaber.com.tr\/habercim\/foto-galeri\/herkes-bekliyordu\/attachment\/1-15-768x201-2640\/","title":{"rendered":"Herkes bekliyordu"},"author":2,"comment_status":"open","ping_status":"closed","template":"","meta":[],"description":{"rendered":"<p class=\"attachment\"><a href='https:\/\/adanaseshaber.com.tr\/habercim\/wp-content\/uploads\/2026\/08\/1-15-768x201-49.jpg'><img width=\"300\" height=\"79\" src=\"https:\/\/adanaseshaber.com.tr\/habercim\/wp-content\/uploads\/2026\/08\/1-15-768x201-49-300x79.jpg\" class=\"attachment-medium size-medium\" alt=\"\" loading=\"lazy\" srcset=\"https:\/\/adanaseshaber.com.tr\/habercim\/wp-content\/uploads\/2026\/08\/1-15-768x201-49-300x79.jpg 300w, https:\/\/adanaseshaber.com.tr\/habercim\/wp-content\/uploads\/2026\/08\/1-15-768x201-49.jpg 768w\" sizes=\"(max-width: 300px) 100vw, 300px\" \/><\/a><\/p>\n"},"caption":{"rendered":"<p>Cumhurba\u015fkan\u0131 Recep Tayyip Erdo\u011fan, esnaf ve sanatk\u00e2rlara y\u00f6nelik Hazine destekli i\u015fletme kredisi limitinin 1 milyon liradan 1,5 milyon liraya y\u00fckseltildi\u011fini a\u00e7\u0131klad\u0131.<br \/>\nCumhurba\u015fkan\u0131 Erdo\u011fan, AK Parti \u0130stanbul \u0130l Ba\u015fkanl\u0131\u011f\u0131nca Hali\u00e7 Kongre Merkezi&#8217;nde d\u00fczenlenen \u0130l Dan\u0131\u015fma Meclisi&#8217;ndeki konu\u015fmas\u0131nda, \u0130stanbul&#8217;un trafi\u011fin yan\u0131 s\u0131ra en \u00f6nemli sorunlar\u0131ndan birisinin kentsel d\u00f6n\u00fc\u015f\u00fcm meselesi oldu\u011funu s\u00f6yledi.<\/p>\n<p>\u0130stanbul&#8217;un \u00e7arp\u0131k ve sa\u011fl\u0131ks\u0131z kentle\u015fmenin yo\u011fun oldu\u011fu bir \u015fehir oldu\u011funu belirten Erdo\u011fan, &#8220;\u0130stanbul&#8217;un yap\u0131 stokunu g\u00fc\u00e7lendirmek, siyasetten \u00f6te hepimiz i\u00e7in bir milli g\u00fcvenlik sorunudur. Bu anlay\u0131\u015fla iktidar olarak \u015fu anda her iki kentsel d\u00f6n\u00fc\u015f\u00fcmden birini \u0130stanbul&#8217;da yap\u0131yoruz. \u015eehrimizin d\u00f6rt bir yan\u0131nda riskli yap\u0131lar\u0131 h\u0131zla d\u00f6n\u00fc\u015ft\u00fcr\u00fcyor, \u0130stanbul&#8217;u daha g\u00fcvenli hale getiriyoruz. Bug\u00fcne kadar \u0130stanbul&#8217;da yakla\u015f\u0131k 1 milyon ba\u011f\u0131ms\u0131z b\u00f6l\u00fcm\u00fc yeniledik. &#8216;Yar\u0131s\u0131 Bizden&#8217; kampanyam\u0131zla 377 bin konutu d\u00f6n\u00fc\u015ft\u00fcr\u00fcyoruz. Sadece kentsel d\u00f6n\u00fc\u015f\u00fcmle de\u011fil, dar gelirli insanlar\u0131m\u0131za y\u00f6nelik sosyal konutlar\u0131m\u0131zla da \u0130stanbul&#8217;un yap\u0131 stokunu yeniliyoruz.&#8221; ifadelerini kulland\u0131. Kuralar\u0131 \u00e7ekilerek yap\u0131m\u0131na ba\u015flanan &#8220;Ev Sahibi T\u00fcrkiye&#8221; projesi ile 100 bin sosyal konutu \u0130stanbul&#8217;a kazand\u0131racaklar\u0131n\u0131 anlatan Erdo\u011fan, \u015f\u00f6yle konu\u015ftu:<\/p>\n<p>&#8220;Kiral\u0131k sosyal konut uygulamam\u0131z\u0131n ilk ad\u0131m\u0131n\u0131, bismillah diyerek \u0130stanbul&#8217;da 15 bin kiral\u0131k sosyal konutla at\u0131yoruz. Eyl\u00fcl ay\u0131nda konutlar\u0131m\u0131z\u0131 kiralamaya ba\u015fl\u0131yoruz. Talep toplay\u0131p adil ve \u015feffaf bir \u015fekilde, noter huzurunda kura usul\u00fcyle hak sahiplerini belirleyece\u011fiz. En \u00f6nemlisi bu konutlar\u0131m\u0131z bulundu\u011fu b\u00f6lgedeki piyasa rayi\u00e7 bedelinin alt\u0131nda kiralanacak. Kira s\u00f6zle\u015fmelerimiz \u00fc\u00e7 y\u0131ll\u0131k olacak. \u00dc\u00e7 sene sonra evlerin tahliye ve bak\u0131m s\u00fcre\u00e7leri tamamlanacak ve bu konutlar kurayla belirlenen yeni ihtiya\u00e7 sahiplerine devredilecek. B\u00f6ylece on binlerce dar gelirli ailemize bu sirk\u00fclasyon i\u00e7inde rahat bir nefes ald\u0131raca\u011f\u0131z. \u0130stanbullu vatanda\u015flar\u0131ma \u015fimdiden hay\u0131rl\u0131 u\u011furlu olsun diyorum.&#8221;<\/p>\n<p>Kredi limitinde art\u0131\u015f<br \/>\n&#8220;Bir di\u011fer m\u00fcjdemiz de esnaf ve sanatkarlar\u0131m\u0131za kulland\u0131r\u0131lan, hazine destekli i\u015fletme kredilerinin limitini 1 milyon liradan 1,5 milyon liraya \u00e7\u0131kar\u0131yoruz.&#8221; diyen Erdo\u011fan, i\u015f yeri, ta\u015f\u0131t ve makine tesisat al\u0131m\u0131na y\u00f6nelik yat\u0131r\u0131m kredilerinin limitlerini de 2,5 milyon liradan 3,5 milyon liraya y\u00fckselttiklerini bildirdi. <\/p>\n<p>Kaynak : dunya.com<\/p>\n"},"alt_text":"","media_type":"image","mime_type":"image\/jpeg","media_details":{"width":768,"height":201,"file":"2026\/08\/1-15-768x201-49.jpg","sizes":{"medium":{"file":"1-15-768x201-49-300x79.jpg","width":300,"height":79,"mime_type":"image\/jpeg","source_url":"https:\/\/adanaseshaber.com.tr\/habercim\/wp-content\/uploads\/2026\/08\/1-15-768x201-49-300x79.jpg"},"thumbnail":{"file":"1-15-768x201-49-150x150.jpg","width":150,"height":150,"mime_type":"image\/jpeg","source_url":"https:\/\/adanaseshaber.com.tr\/habercim\/wp-content\/uploads\/2026\/08\/1-15-768x201-49-150x150.jpg"},"kucukResim":{"file":"1-15-768x201-49-80x50.jpg","width":80,"height":50,"mime_type":"image\/jpeg","source_url":"https:\/\/adanaseshaber.com.tr\/habercim\/wp-content\/uploads\/2026\/08\/1-15-768x201-49-80x50.jpg"},"sliderResim":{"file":"1-15-768x201-49-670x201.jpg","width":670,"height":201,"mime_type":"image\/jpeg","source_url":"https:\/\/adanaseshaber.com.tr\/habercim\/wp-content\/uploads\/2026\/08\/1-15-768x201-49-670x201.jpg"},"resim1":{"file":"1-15-768x201-49-184x140.jpg","width":184,"height":140,"mime_type":"image\/jpeg","source_url":"https:\/\/adanaseshaber.com.tr\/habercim\/wp-content\/uploads\/2026\/08\/1-15-768x201-49-184x140.jpg"},"resim2":{"file":"1-15-768x201-49-216x103.jpg","width":216,"height":103,"mime_type":"image\/jpeg","source_url":"https:\/\/adanaseshaber.com.tr\/habercim\/wp-content\/uploads\/2026\/08\/1-15-768x201-49-216x103.jpg"},"resim3":{"file":"1-15-768x201-49-145x70.jpg","width":145,"height":70,"mime_type":"image\/jpeg","source_url":"https:\/\/adanaseshaber.com.tr\/habercim\/wp-content\/uploads\/2026\/08\/1-15-768x201-49-145x70.jpg"},"sagSlider":{"file":"1-15-768x201-49-300x150.jpg","width":300,"height":150,"mime_type":"image\/jpeg","source_url":"https:\/\/adanaseshaber.com.tr\/habercim\/wp-content\/uploads\/2026\/08\/1-15-768x201-49-300x150.jpg"},"yeniSlider":{"file":"1-15-768x201-49-500x201.jpg","width":500,"height":201,"mime_type":"image\/jpeg","source_url":"https:\/\/adanaseshaber.com.tr\/habercim\/wp-content\/uploads\/2026\/08\/1-15-768x201-49-500x201.jpg"},"full":{"file":"1-15-768x201-49.jpg","width":768,"height":201,"mime_type":"image\/jpeg","source_url":"https:\/\/adanaseshaber.com.tr\/habercim\/wp-content\/uploads\/2026\/08\/1-15-768x201-49.jpg"}},"image_meta":{"aperture":"0","credit":"","camera":"","caption":"","created_timestamp":"0","copyright":"","focal_length":"0","iso":"0","shutter_speed":"0","title":"","orientation":"0","keywords":[]}},"post":51821,"source_url":"https:\/\/adanaseshaber.com.tr\/habercim\/wp-content\/uploads\/2026\/08\/1-15-768x201-49.jpg","_links":{"self":[{"href":"https:\/\/adanaseshaber.com.tr\/habercim\/wp-json\/wp\/v2\/media\/51823"}],"collection":[{"href":"https:\/\/adanaseshaber.com.tr\/habercim\/wp-json\/wp\/v2\/media"}],"about":[{"href":"https:\/\/adanaseshaber.com.tr\/habercim\/wp-json\/wp\/v2\/types\/attachment"}],"author":[{"embeddable":true,"href":"https:\/\/adanaseshaber.com.tr\/habercim\/wp-json\/wp\/v2\/users\/2"}],"replies":[{"embeddable":true,"href":"https:\/\/adanaseshaber.com.tr\/habercim\/wp-json\/wp\/v2\/comments?post=51823"}]}}