{"id":51833,"date":"2026-08-04T22:28:34","date_gmt":"2026-08-04T19:28:34","guid":{"rendered":"https:\/\/adanaseshaber.com.tr\/habercim\/wp-content\/uploads\/2026\/08\/1-15-768x201-53.jpg"},"modified":"2026-08-04T22:29:15","modified_gmt":"2026-08-04T19:29:15","slug":"1-15-768x201-2644","status":"inherit","type":"attachment","link":"https:\/\/adanaseshaber.com.tr\/habercim\/foto-galeri\/rezil-anlar-gundem\/attachment\/1-15-768x201-2644\/","title":{"rendered":"Rezil anlar g\u00fcndem"},"author":2,"comment_status":"open","ping_status":"closed","template":"","meta":[],"description":{"rendered":"<p class=\"attachment\"><a href='https:\/\/adanaseshaber.com.tr\/habercim\/wp-content\/uploads\/2026\/08\/1-15-768x201-53.jpg'><img width=\"300\" height=\"79\" src=\"https:\/\/adanaseshaber.com.tr\/habercim\/wp-content\/uploads\/2026\/08\/1-15-768x201-53-300x79.jpg\" class=\"attachment-medium size-medium\" alt=\"\" loading=\"lazy\" srcset=\"https:\/\/adanaseshaber.com.tr\/habercim\/wp-content\/uploads\/2026\/08\/1-15-768x201-53-300x79.jpg 300w, https:\/\/adanaseshaber.com.tr\/habercim\/wp-content\/uploads\/2026\/08\/1-15-768x201-53.jpg 768w\" sizes=\"(max-width: 300px) 100vw, 300px\" \/><\/a><\/p>\n"},"caption":{"rendered":"<p>Kayseri\u2019de kent esteti\u011fini korumak ve bahar aylar\u0131n\u0131n co\u015fkusunu meydanlara ta\u015f\u0131mak amac\u0131yla belediye ekiplerince park, bah\u00e7e ve ye\u015fil alanlara dikilen rengarenk laleler, kimli\u011fi belirsiz ki\u015filerin \u00e7irkin bir eylemine sahne oldu. \u015eehrin ortak kullan\u0131m alanlar\u0131nda yer alan kamuya ait \u00e7i\u00e7eklerin ac\u0131mas\u0131zca yerinden s\u00f6k\u00fclmesi, yoldan ge\u00e7en duyarl\u0131 bir vatanda\u015f\u0131n cep telefonu kameras\u0131na saniye saniye yans\u0131d\u0131.<br \/>\n\u201cBah\u00e7edeki Laleleri S\u00f6k\u00fcyorlar, \u00c7antay\u0131 Tamamen Doldurdular\u201d<br \/>\nSosyal medyada payla\u015f\u0131ld\u0131\u011f\u0131 andan itibaren infial yaratan g\u00f6r\u00fcnt\u00fclerde, baz\u0131 ki\u015filerin hi\u00e7bir \u00e7ekince duymadan \u00e7evre d\u00fczenlemesi olarak dikilen laleleri tek tek k\u00f6klerinden kopard\u0131\u011f\u0131 g\u00f6r\u00fcld\u00fc. \u015eah\u0131slar\u0131n, kopard\u0131klar\u0131 kamu mal\u0131 \u00e7i\u00e7ekleri yanlar\u0131nda getirdikleri b\u00fcy\u00fck \u00e7antalara istifledi\u011fi anlar durumun vahametini g\u00f6zler \u00f6n\u00fcne serdi. Olay\u0131 \u015fa\u015fk\u0131nl\u0131k ve \u00fcz\u00fcnt\u00fc i\u00e7inde kayda alan vatanda\u015f\u0131n, \u201cBah\u00e7edeki laleleri s\u00f6k\u00fcyorlar, kad\u0131n da \u00e7antas\u0131na koyuyor. \u00c7antay\u0131 tamamen doldurdular\u201d \u015feklindeki ifadeleri, ya\u015fanan pi\u015fkinli\u011fi ve h\u0131rs\u0131zl\u0131\u011f\u0131 net bir \u015fekilde kan\u0131tlad\u0131.<br \/>\nK\u0131sa s\u00fcrede video payla\u015f\u0131m platformlar\u0131nda ve yerel gruplarda h\u0131zla yay\u0131lan g\u00f6r\u00fcnt\u00fcler, Kayserililer ba\u015fta olmak \u00fczere t\u00fcm kullan\u0131c\u0131lardan \u00e7ok sert tepki ald\u0131. Kamu mal\u0131na a\u00e7\u0131k\u00e7a zarar verildi\u011fini, ye\u015fil alanlar\u0131n talan edildi\u011fini ve kentin estetik g\u00f6r\u00fcnt\u00fcs\u00fcn\u00fcn bozuldu\u011funu belirten vatanda\u015flar, bu t\u00fcr bencilce ve yasa d\u0131\u015f\u0131 eylemlerin kesinlikle cezas\u0131z kalmamas\u0131 gerekti\u011fini vurgulad\u0131.<br \/>\nKonuya ili\u015fkin olarak ilgili belediyelerden ya da emniyet g\u00fc\u00e7lerinden hen\u00fcz resmi bir a\u00e7\u0131klama yap\u0131lmam\u0131\u015f olsa da, net bir \u015fekilde e\u015fkalleri ve ara\u00e7\/b\u00f6lge durumlar\u0131 g\u00f6r\u00fcnen \u015fah\u0131slar\u0131n yakalanmas\u0131 an meselesi. Kayseri kamuoyu, g\u00f6r\u00fcnt\u00fclerin ard\u0131ndan adli ve idari makamlar\u0131n h\u0131zl\u0131ca sorumlular\u0131n tespit edilmesi, \u00e7evre cezalar\u0131n\u0131n kesilmesi ve benzer ya\u011fma olaylar\u0131n\u0131n bir daha ya\u015fanmamas\u0131 ad\u0131na emsal te\u015fkil edecek bir inceleme ba\u015flatmas\u0131n\u0131 sab\u0131rs\u0131zl\u0131kla bekliyor. <\/p>\n<p>Kaynak: Haber Merkezi<br \/>\ndemokrat32.com<\/p>\n"},"alt_text":"","media_type":"image","mime_type":"image\/jpeg","media_details":{"width":768,"height":201,"file":"2026\/08\/1-15-768x201-53.jpg","sizes":{"medium":{"file":"1-15-768x201-53-300x79.jpg","width":300,"height":79,"mime_type":"image\/jpeg","source_url":"https:\/\/adanaseshaber.com.tr\/habercim\/wp-content\/uploads\/2026\/08\/1-15-768x201-53-300x79.jpg"},"thumbnail":{"file":"1-15-768x201-53-150x150.jpg","width":150,"height":150,"mime_type":"image\/jpeg","source_url":"https:\/\/adanaseshaber.com.tr\/habercim\/wp-content\/uploads\/2026\/08\/1-15-768x201-53-150x150.jpg"},"kucukResim":{"file":"1-15-768x201-53-80x50.jpg","width":80,"height":50,"mime_type":"image\/jpeg","source_url":"https:\/\/adanaseshaber.com.tr\/habercim\/wp-content\/uploads\/2026\/08\/1-15-768x201-53-80x50.jpg"},"sliderResim":{"file":"1-15-768x201-53-670x201.jpg","width":670,"height":201,"mime_type":"image\/jpeg","source_url":"https:\/\/adanaseshaber.com.tr\/habercim\/wp-content\/uploads\/2026\/08\/1-15-768x201-53-670x201.jpg"},"resim1":{"file":"1-15-768x201-53-184x140.jpg","width":184,"height":140,"mime_type":"image\/jpeg","source_url":"https:\/\/adanaseshaber.com.tr\/habercim\/wp-content\/uploads\/2026\/08\/1-15-768x201-53-184x140.jpg"},"resim2":{"file":"1-15-768x201-53-216x103.jpg","width":216,"height":103,"mime_type":"image\/jpeg","source_url":"https:\/\/adanaseshaber.com.tr\/habercim\/wp-content\/uploads\/2026\/08\/1-15-768x201-53-216x103.jpg"},"resim3":{"file":"1-15-768x201-53-145x70.jpg","width":145,"height":70,"mime_type":"image\/jpeg","source_url":"https:\/\/adanaseshaber.com.tr\/habercim\/wp-content\/uploads\/2026\/08\/1-15-768x201-53-145x70.jpg"},"sagSlider":{"file":"1-15-768x201-53-300x150.jpg","width":300,"height":150,"mime_type":"image\/jpeg","source_url":"https:\/\/adanaseshaber.com.tr\/habercim\/wp-content\/uploads\/2026\/08\/1-15-768x201-53-300x150.jpg"},"yeniSlider":{"file":"1-15-768x201-53-500x201.jpg","width":500,"height":201,"mime_type":"image\/jpeg","source_url":"https:\/\/adanaseshaber.com.tr\/habercim\/wp-content\/uploads\/2026\/08\/1-15-768x201-53-500x201.jpg"},"full":{"file":"1-15-768x201-53.jpg","width":768,"height":201,"mime_type":"image\/jpeg","source_url":"https:\/\/adanaseshaber.com.tr\/habercim\/wp-content\/uploads\/2026\/08\/1-15-768x201-53.jpg"}},"image_meta":{"aperture":"0","credit":"","camera":"","caption":"","created_timestamp":"0","copyright":"","focal_length":"0","iso":"0","shutter_speed":"0","title":"","orientation":"0","keywords":[]}},"post":51831,"source_url":"https:\/\/adanaseshaber.com.tr\/habercim\/wp-content\/uploads\/2026\/08\/1-15-768x201-53.jpg","_links":{"self":[{"href":"https:\/\/adanaseshaber.com.tr\/habercim\/wp-json\/wp\/v2\/media\/51833"}],"collection":[{"href":"https:\/\/adanaseshaber.com.tr\/habercim\/wp-json\/wp\/v2\/media"}],"about":[{"href":"https:\/\/adanaseshaber.com.tr\/habercim\/wp-json\/wp\/v2\/types\/attachment"}],"author":[{"embeddable":true,"href":"https:\/\/adanaseshaber.com.tr\/habercim\/wp-json\/wp\/v2\/users\/2"}],"replies":[{"embeddable":true,"href":"https:\/\/adanaseshaber.com.tr\/habercim\/wp-json\/wp\/v2\/comments?post=51833"}]}}