{"id":51916,"date":"2026-08-06T16:26:41","date_gmt":"2026-08-06T13:26:41","guid":{"rendered":"https:\/\/adanaseshaber.com.tr\/habercim\/wp-content\/uploads\/2026\/08\/1-15-768x201-85.jpg"},"modified":"2026-08-06T16:29:36","modified_gmt":"2026-08-06T13:29:36","slug":"1-15-768x201-2676","status":"inherit","type":"attachment","link":"https:\/\/adanaseshaber.com.tr\/habercim\/foto-galeri\/pazar-gunu-ulkemize-geliyor\/attachment\/1-15-768x201-2676\/","title":{"rendered":"Pazar g\u00fcn\u00fc \u00fclkemize geliyor"},"author":2,"comment_status":"open","ping_status":"closed","template":"","meta":[],"description":{"rendered":"<p class=\"attachment\"><a href='https:\/\/adanaseshaber.com.tr\/habercim\/wp-content\/uploads\/2026\/08\/1-15-768x201-85.jpg'><img width=\"300\" height=\"79\" src=\"https:\/\/adanaseshaber.com.tr\/habercim\/wp-content\/uploads\/2026\/08\/1-15-768x201-85-300x79.jpg\" class=\"attachment-medium size-medium\" alt=\"\" loading=\"lazy\" srcset=\"https:\/\/adanaseshaber.com.tr\/habercim\/wp-content\/uploads\/2026\/08\/1-15-768x201-85-300x79.jpg 300w, https:\/\/adanaseshaber.com.tr\/habercim\/wp-content\/uploads\/2026\/08\/1-15-768x201-85.jpg 768w\" sizes=\"(max-width: 300px) 100vw, 300px\" \/><\/a><\/p>\n"},"caption":{"rendered":"<p>Prof. Dr. Orhan \u015een a\u00e7\u0131klad\u0131: S\u0131cak hava dalgas\u0131 kap\u0131da, Eyyam-\u0131 Bahur geliyor! Yaz mevsiminin en s\u0131cak g\u00fcnlerini ifade eden &#8220;Eyyam-\u0131 Bahur&#8221; d\u00f6nemi geldi. CNN T\u00dcRK Meteoroloji Dan\u0131\u015fman\u0131 Prof. Dr. Orhan \u015een, \u00f6n\u00fcm\u00fczdeki g\u00fcnlerde hava s\u0131cakl\u0131klar\u0131n\u0131n artaca\u011f\u0131n\u0131, a\u011fustos ve eyl\u00fcl aylar\u0131nda s\u0131cak hava dalgalar\u0131n\u0131n T\u00fcrkiye&#8217;de daha etkili olaca\u011f\u0131n\u0131 s\u00f6yledi.<br \/>\nA\u015f\u0131r\u0131 s\u0131cak hava dalgas\u0131 kap\u0131da. Hava s\u0131cakl\u0131klar\u0131n\u0131n \u00f6n\u00fcm\u00fczdeki g\u00fcnlerde kademeli olarak artmas\u0131 bekleniyor. Konuyla ilgili de\u011ferlendirmelerde bulunan CNN T\u00dcRK Meteoroloji Dan\u0131\u015fman\u0131 Prof. Dr. Orhan \u015een, &#8220;As\u0131l a\u015f\u0131r\u0131 s\u0131cak hava dalgalar\u0131 hen\u00fcz T\u00fcrkiye&#8217;yi etkilemedi. Bu dalgalar Avrupa&#8217;y\u0131 2-3 kez etkisi alt\u0131na ald\u0131 ancak T\u00fcrkiye&#8217;de ayn\u0131 \u00f6l\u00e7\u00fcde etkili olmad\u0131. Tahminlerimize g\u00f6re a\u011fustos ve eyl\u00fcl aylar\u0131nda T\u00fcrkiye&#8217;de de s\u0131cak hava dalgalar\u0131n\u0131 daha s\u0131k g\u00f6rece\u011fiz.&#8221; dedi.<br \/>\n&#8220;NEM ORANI H\u0130SSED\u0130LEN SICAKLI\u011eI ARTIRIYOR&#8221;<\/p>\n<p>T\u00fcrkiye genelinde s\u0131cakl\u0131klar\u0131n y\u00fckselmesiyle birlikte, &#8220;Eyyam-\u0131 Bahur s\u0131caklar\u0131 m\u0131 geliyor?&#8221; sorusu yeniden g\u00fcndeme geldi. Karadeniz ve Marmara b\u00f6lgelerinde s\u0131cakl\u0131klar \u015fimdilik mevsim normallerinin 1-2 derece \u00fczerinde seyrediyor. Prof. Dr. \u015een, &#8220;Bug\u00fcnlerde \u0130stanbul&#8217;da hava s\u0131cakl\u0131\u011f\u0131 30-34 derece aras\u0131nda de\u011fi\u015fiyor. Ancak kentte nem oran\u0131 \u00e7ok y\u00fcksek oldu\u011fu i\u00e7in hissedilen s\u0131cakl\u0131k zaman zaman 37 dereceye kadar \u00e7\u0131kabiliyor. \u00c7\u00fcnk\u00fc y\u00fcksek nem, hissedilen s\u0131cakl\u0131\u011f\u0131 art\u0131r\u0131yor.&#8221; diye konu\u015ftu. Meteorolojik de\u011ferlendirmelere g\u00f6re T\u00fcrkiye, Orta Akdeniz, Kuzey Afrika, Suriye ve Irak hatt\u0131n\u0131 kapsayan geni\u015f bir y\u00fcksek bas\u0131n\u00e7 ve s\u0131cak hava sisteminin etkisi alt\u0131na giriyor. Peki, a\u011fustos ay\u0131nda bizi nas\u0131l bir hava bekliyor? Orhan \u015een, &#8220;S\u0131cakl\u0131klar \u015fu anda mevsim normallerinin 1-2 derece \u00fczerinde seyrediyor ve bu durum hafta boyunca devam edecek. Ancak \u00f6n\u00fcm\u00fczdeki haftalarda s\u0131cakl\u0131klar\u0131n daha da artaca\u011f\u0131n\u0131 tahmin ediyoruz. \u0130\u00e7 Ege&#8217;de s\u0131cakl\u0131klar olduk\u00e7a y\u00fcksek olacak. Ayd\u0131n&#8217;da termometreler 40 dereceyi, \u0130zmir&#8217;de ise 35 derecenin \u00fczerini g\u00f6sterecek. Eyyam-\u0131 Bahur olarak bilinen s\u0131cak hava dalgas\u0131 ya da a\u015f\u0131r\u0131 s\u0131caklar \u015fu an i\u00e7in T\u00fcrkiye genelinde \u00e7ok kuvvetli hissedilmiyor. Ancak ilerleyen g\u00fcnlerde a\u015f\u0131r\u0131 s\u0131caklar\u0131 yeniden ya\u015fayaca\u011f\u0131z.&#8221; ifadelerini kulland\u0131.<\/p>\n<p>Kaynak : cnnturk.com<\/p>\n"},"alt_text":"","media_type":"image","mime_type":"image\/jpeg","media_details":{"width":768,"height":201,"file":"2026\/08\/1-15-768x201-85.jpg","sizes":{"medium":{"file":"1-15-768x201-85-300x79.jpg","width":300,"height":79,"mime_type":"image\/jpeg","source_url":"https:\/\/adanaseshaber.com.tr\/habercim\/wp-content\/uploads\/2026\/08\/1-15-768x201-85-300x79.jpg"},"thumbnail":{"file":"1-15-768x201-85-150x150.jpg","width":150,"height":150,"mime_type":"image\/jpeg","source_url":"https:\/\/adanaseshaber.com.tr\/habercim\/wp-content\/uploads\/2026\/08\/1-15-768x201-85-150x150.jpg"},"kucukResim":{"file":"1-15-768x201-85-80x50.jpg","width":80,"height":50,"mime_type":"image\/jpeg","source_url":"https:\/\/adanaseshaber.com.tr\/habercim\/wp-content\/uploads\/2026\/08\/1-15-768x201-85-80x50.jpg"},"sliderResim":{"file":"1-15-768x201-85-670x201.jpg","width":670,"height":201,"mime_type":"image\/jpeg","source_url":"https:\/\/adanaseshaber.com.tr\/habercim\/wp-content\/uploads\/2026\/08\/1-15-768x201-85-670x201.jpg"},"resim1":{"file":"1-15-768x201-85-184x140.jpg","width":184,"height":140,"mime_type":"image\/jpeg","source_url":"https:\/\/adanaseshaber.com.tr\/habercim\/wp-content\/uploads\/2026\/08\/1-15-768x201-85-184x140.jpg"},"resim2":{"file":"1-15-768x201-85-216x103.jpg","width":216,"height":103,"mime_type":"image\/jpeg","source_url":"https:\/\/adanaseshaber.com.tr\/habercim\/wp-content\/uploads\/2026\/08\/1-15-768x201-85-216x103.jpg"},"resim3":{"file":"1-15-768x201-85-145x70.jpg","width":145,"height":70,"mime_type":"image\/jpeg","source_url":"https:\/\/adanaseshaber.com.tr\/habercim\/wp-content\/uploads\/2026\/08\/1-15-768x201-85-145x70.jpg"},"sagSlider":{"file":"1-15-768x201-85-300x150.jpg","width":300,"height":150,"mime_type":"image\/jpeg","source_url":"https:\/\/adanaseshaber.com.tr\/habercim\/wp-content\/uploads\/2026\/08\/1-15-768x201-85-300x150.jpg"},"yeniSlider":{"file":"1-15-768x201-85-500x201.jpg","width":500,"height":201,"mime_type":"image\/jpeg","source_url":"https:\/\/adanaseshaber.com.tr\/habercim\/wp-content\/uploads\/2026\/08\/1-15-768x201-85-500x201.jpg"},"full":{"file":"1-15-768x201-85.jpg","width":768,"height":201,"mime_type":"image\/jpeg","source_url":"https:\/\/adanaseshaber.com.tr\/habercim\/wp-content\/uploads\/2026\/08\/1-15-768x201-85.jpg"}},"image_meta":{"aperture":"0","credit":"","camera":"","caption":"","created_timestamp":"0","copyright":"","focal_length":"0","iso":"0","shutter_speed":"0","title":"","orientation":"0","keywords":[]}},"post":51914,"source_url":"https:\/\/adanaseshaber.com.tr\/habercim\/wp-content\/uploads\/2026\/08\/1-15-768x201-85.jpg","_links":{"self":[{"href":"https:\/\/adanaseshaber.com.tr\/habercim\/wp-json\/wp\/v2\/media\/51916"}],"collection":[{"href":"https:\/\/adanaseshaber.com.tr\/habercim\/wp-json\/wp\/v2\/media"}],"about":[{"href":"https:\/\/adanaseshaber.com.tr\/habercim\/wp-json\/wp\/v2\/types\/attachment"}],"author":[{"embeddable":true,"href":"https:\/\/adanaseshaber.com.tr\/habercim\/wp-json\/wp\/v2\/users\/2"}],"replies":[{"embeddable":true,"href":"https:\/\/adanaseshaber.com.tr\/habercim\/wp-json\/wp\/v2\/comments?post=51916"}]}}