{"id":51926,"date":"2026-08-06T22:55:47","date_gmt":"2026-08-06T19:55:47","guid":{"rendered":"https:\/\/adanaseshaber.com.tr\/habercim\/wp-content\/uploads\/2026\/08\/1-15-768x201-89.jpg"},"modified":"2026-08-06T22:57:28","modified_gmt":"2026-08-06T19:57:28","slug":"1-15-768x201-2680","status":"inherit","type":"attachment","link":"https:\/\/adanaseshaber.com.tr\/habercim\/foto-galeri\/goruntu-mardinden\/attachment\/1-15-768x201-2680\/","title":{"rendered":"G\u00f6r\u00fcnt\u00fc Mardin&#8217;den"},"author":2,"comment_status":"open","ping_status":"closed","template":"","meta":[],"description":{"rendered":"<p class=\"attachment\"><a href='https:\/\/adanaseshaber.com.tr\/habercim\/wp-content\/uploads\/2026\/08\/1-15-768x201-89.jpg'><img width=\"300\" height=\"79\" src=\"https:\/\/adanaseshaber.com.tr\/habercim\/wp-content\/uploads\/2026\/08\/1-15-768x201-89-300x79.jpg\" class=\"attachment-medium size-medium\" alt=\"\" loading=\"lazy\" srcset=\"https:\/\/adanaseshaber.com.tr\/habercim\/wp-content\/uploads\/2026\/08\/1-15-768x201-89-300x79.jpg 300w, https:\/\/adanaseshaber.com.tr\/habercim\/wp-content\/uploads\/2026\/08\/1-15-768x201-89.jpg 768w\" sizes=\"(max-width: 300px) 100vw, 300px\" \/><\/a><\/p>\n"},"caption":{"rendered":"<p>Mardin Midyat&#8217;ta bir otelin yabanc\u0131 turistler i\u00e7in haz\u0131rlad\u0131\u011f\u0131 sineklikli &#8216;damda uyuma&#8217; konsepti sosyal medyada tart\u0131\u015fma yaratt\u0131. Baz\u0131 kullan\u0131c\u0131lar bu tasar\u0131m\u0131 geleneksel a\u00e7\u0131k hava k\u00fclt\u00fcr\u00fcne ayk\u0131r\u0131 bularak ele\u015ftirirken, di\u011fer bir kesim ise turistleri b\u00f6cek ve akrepten korumak ad\u0131na son derece g\u00fcvenli ve mant\u0131kl\u0131 bir turizm hamlesi olarak de\u011ferlendirdi.<br \/>\nTarihi dokusuyla her y\u0131l binlerce yerli ve yabanc\u0131 turisti a\u011f\u0131rlayan Midyat&#8217;ta, b\u00f6lge halk\u0131n\u0131n yaz aylar\u0131nda serinlemek amac\u0131yla evlerin damlar\u0131nda uyuma k\u00fclt\u00fcr\u00fc turizme kazand\u0131r\u0131ld\u0131. Bir otel i\u015fletmesi, yabanc\u0131 misafirlerine bu yerel k\u00fclt\u00fcr\u00fc konforlu bir \u015fekilde ya\u015fatmak amac\u0131yla teras kat\u0131na \u00f6zel yatak alanlar\u0131 kurdu. Sosyal medyada payla\u015f\u0131lan ve \u00fczerinde yabanc\u0131 bir dille &#8220;Terasta \u00f6ylesine uyurken&#8221; notu d\u00fc\u015f\u00fclen g\u00f6r\u00fcnt\u00fclerde, turistlerin geni\u015f ve y\u00fcksek bir sineklik kafesiyle \u00e7evrili yataklarda uyudu\u011fu anlar yer ald\u0131.<br \/>\nSOSYAL MEDYA KULLANICILARI \u0130K\u0130YE B\u00d6L\u00dcND\u00dc<br \/>\nTuristlerin rahat\u0131 d\u00fc\u015f\u00fcn\u00fclerek haz\u0131rlanan bu modern konsept, sosyal medyada h\u0131zla yay\u0131larak farkl\u0131 g\u00f6r\u00fc\u015flerin ortaya \u00e7\u0131kmas\u0131na neden oldu. G\u00f6r\u00fcnt\u00fcleri izleyen baz\u0131 kullan\u0131c\u0131lar, bu kapal\u0131 tasar\u0131m\u0131n yapay durdu\u011funu ve b\u00f6lgedeki a\u00e7\u0131k hava &#8216;taht&#8217; k\u00fclt\u00fcr\u00fcn\u00fcn otantik ruhunu zedeledi\u011fini savundu. Geleneksel olarak damda uyuman\u0131n en b\u00fcy\u00fck keyfinin g\u00f6ky\u00fcz\u00fcyle araya hi\u00e7bir engel koymadan y\u0131ld\u0131zlar\u0131 seyretmek oldu\u011funu belirten bu kesim, tasar\u0131m\u0131 fazla yal\u0131t\u0131lm\u0131\u015f buldu.<\/p>\n<p>G\u00dcVENL\u0130K VE KONFOR VURGUSU<br \/>\n\u00d6te yandan, uygulaman\u0131n gerekli ve son derece mant\u0131kl\u0131 oldu\u011funu savunan geni\u015f bir kitle de \u00f6ne \u00e7\u0131kt\u0131. G\u00fcneydo\u011fu co\u011frafyas\u0131nda yaz gecelerinde s\u0131k\u00e7a kar\u015f\u0131la\u015f\u0131lan sivrisinek, b\u00f6cek veya akrep gibi tehlikeleri hat\u0131rlatan kullan\u0131c\u0131lar, bu \u015fartlara al\u0131\u015fk\u0131n olmayan turistler i\u00e7in g\u00fcvenlik \u00f6nleminin \u015fart oldu\u011funu vurgulad\u0131. Yabanc\u0131 misafirlerin sa\u011fl\u0131\u011f\u0131n\u0131 riske atmadan geleneksel bir deneyim sunmay\u0131 hedefleyen bu sineklikli oda tasar\u0131m\u0131, yerel k\u00fclt\u00fcr\u00fcn turizme nas\u0131l entegre edilece\u011fi konusunda kamuoyunda ilgin\u00e7 bir beyin f\u0131rt\u0131nas\u0131 yaratm\u0131\u015f oldu. <\/p>\n<p>Kaynak : bursadabugun.com<\/p>\n"},"alt_text":"","media_type":"image","mime_type":"image\/jpeg","media_details":{"width":768,"height":201,"file":"2026\/08\/1-15-768x201-89.jpg","sizes":{"medium":{"file":"1-15-768x201-89-300x79.jpg","width":300,"height":79,"mime_type":"image\/jpeg","source_url":"https:\/\/adanaseshaber.com.tr\/habercim\/wp-content\/uploads\/2026\/08\/1-15-768x201-89-300x79.jpg"},"thumbnail":{"file":"1-15-768x201-89-150x150.jpg","width":150,"height":150,"mime_type":"image\/jpeg","source_url":"https:\/\/adanaseshaber.com.tr\/habercim\/wp-content\/uploads\/2026\/08\/1-15-768x201-89-150x150.jpg"},"kucukResim":{"file":"1-15-768x201-89-80x50.jpg","width":80,"height":50,"mime_type":"image\/jpeg","source_url":"https:\/\/adanaseshaber.com.tr\/habercim\/wp-content\/uploads\/2026\/08\/1-15-768x201-89-80x50.jpg"},"sliderResim":{"file":"1-15-768x201-89-670x201.jpg","width":670,"height":201,"mime_type":"image\/jpeg","source_url":"https:\/\/adanaseshaber.com.tr\/habercim\/wp-content\/uploads\/2026\/08\/1-15-768x201-89-670x201.jpg"},"resim1":{"file":"1-15-768x201-89-184x140.jpg","width":184,"height":140,"mime_type":"image\/jpeg","source_url":"https:\/\/adanaseshaber.com.tr\/habercim\/wp-content\/uploads\/2026\/08\/1-15-768x201-89-184x140.jpg"},"resim2":{"file":"1-15-768x201-89-216x103.jpg","width":216,"height":103,"mime_type":"image\/jpeg","source_url":"https:\/\/adanaseshaber.com.tr\/habercim\/wp-content\/uploads\/2026\/08\/1-15-768x201-89-216x103.jpg"},"resim3":{"file":"1-15-768x201-89-145x70.jpg","width":145,"height":70,"mime_type":"image\/jpeg","source_url":"https:\/\/adanaseshaber.com.tr\/habercim\/wp-content\/uploads\/2026\/08\/1-15-768x201-89-145x70.jpg"},"sagSlider":{"file":"1-15-768x201-89-300x150.jpg","width":300,"height":150,"mime_type":"image\/jpeg","source_url":"https:\/\/adanaseshaber.com.tr\/habercim\/wp-content\/uploads\/2026\/08\/1-15-768x201-89-300x150.jpg"},"yeniSlider":{"file":"1-15-768x201-89-500x201.jpg","width":500,"height":201,"mime_type":"image\/jpeg","source_url":"https:\/\/adanaseshaber.com.tr\/habercim\/wp-content\/uploads\/2026\/08\/1-15-768x201-89-500x201.jpg"},"full":{"file":"1-15-768x201-89.jpg","width":768,"height":201,"mime_type":"image\/jpeg","source_url":"https:\/\/adanaseshaber.com.tr\/habercim\/wp-content\/uploads\/2026\/08\/1-15-768x201-89.jpg"}},"image_meta":{"aperture":"0","credit":"","camera":"","caption":"","created_timestamp":"0","copyright":"","focal_length":"0","iso":"0","shutter_speed":"0","title":"","orientation":"0","keywords":[]}},"post":51924,"source_url":"https:\/\/adanaseshaber.com.tr\/habercim\/wp-content\/uploads\/2026\/08\/1-15-768x201-89.jpg","_links":{"self":[{"href":"https:\/\/adanaseshaber.com.tr\/habercim\/wp-json\/wp\/v2\/media\/51926"}],"collection":[{"href":"https:\/\/adanaseshaber.com.tr\/habercim\/wp-json\/wp\/v2\/media"}],"about":[{"href":"https:\/\/adanaseshaber.com.tr\/habercim\/wp-json\/wp\/v2\/types\/attachment"}],"author":[{"embeddable":true,"href":"https:\/\/adanaseshaber.com.tr\/habercim\/wp-json\/wp\/v2\/users\/2"}],"replies":[{"embeddable":true,"href":"https:\/\/adanaseshaber.com.tr\/habercim\/wp-json\/wp\/v2\/comments?post=51926"}]}}