{"id":51942,"date":"2026-08-07T23:04:08","date_gmt":"2026-08-07T20:04:08","guid":{"rendered":"https:\/\/adanaseshaber.com.tr\/habercim\/wp-content\/uploads\/2026\/08\/1-15-768x201-95.jpg"},"modified":"2026-08-07T23:07:30","modified_gmt":"2026-08-07T20:07:30","slug":"1-15-768x201-2686","status":"inherit","type":"attachment","link":"https:\/\/adanaseshaber.com.tr\/habercim\/foto-galeri\/abuzer-ve-zeynep-dogan-ciftinin\/attachment\/1-15-768x201-2686\/","title":{"rendered":"Abuzer ve Zeynep Do\u011fan \u00e7iftinin"},"author":2,"comment_status":"open","ping_status":"closed","template":"","meta":[],"description":{"rendered":"<p class=\"attachment\"><a href='https:\/\/adanaseshaber.com.tr\/habercim\/wp-content\/uploads\/2026\/08\/1-15-768x201-95.jpg'><img width=\"300\" height=\"79\" src=\"https:\/\/adanaseshaber.com.tr\/habercim\/wp-content\/uploads\/2026\/08\/1-15-768x201-95-300x79.jpg\" class=\"attachment-medium size-medium\" alt=\"\" loading=\"lazy\" srcset=\"https:\/\/adanaseshaber.com.tr\/habercim\/wp-content\/uploads\/2026\/08\/1-15-768x201-95-300x79.jpg 300w, https:\/\/adanaseshaber.com.tr\/habercim\/wp-content\/uploads\/2026\/08\/1-15-768x201-95.jpg 768w\" sizes=\"(max-width: 300px) 100vw, 300px\" \/><\/a><\/p>\n"},"caption":{"rendered":"<p>Ad\u0131yaman&#8217;da 34 y\u0131ll\u0131k tedavi s\u00fcrecinin ard\u0131ndan evlerini satarak \u00e7ocuk sahibi olan Abuzer ve Zeynep Do\u011fan \u00e7iftinin, iki y\u0131l boyunca emekli maa\u015flar\u0131n\u0131n \u00e7al\u0131nd\u0131\u011f\u0131 ortaya \u00e7\u0131kt\u0131. \u00c7ocuklar\u0131na zarar gelece\u011fi endi\u015fesiyle \u015fikayet\u00e7i olmayan aileye dernekler arac\u0131l\u0131\u011f\u0131yla \u00fc\u00e7 y\u0131ll\u0131k kira deste\u011fi sa\u011fland\u0131.<br \/>\n\u0130ki kez hamile kalan Zeynep Do\u011fan, bebeklerini anne karn\u0131nda kaybetti. \u00c7ocuk sahibi olabilmek amac\u0131yla Ad\u0131yaman, \u015eanl\u0131urfa ve Kahramanmara\u015f&#8217;ta tedavi g\u00f6ren \u00e7ift, masraflar\u0131 kar\u015f\u0131lamak i\u00e7in evlerini satt\u0131. Do\u011fan \u00e7ifti, 34 y\u0131l sonra \u00e7ocuk sahibi oldu.<br \/>\nMynet&#8217;te yer alan habere g\u00f6re, ailenin ya\u015fad\u0131\u011f\u0131 doland\u0131r\u0131lma olay\u0131n\u0131, Sevgi Varsa Engel Yok Derne\u011fi Ba\u015fkan\u0131 Zeynep \u00d6\u011fretmen \u015fu s\u00f6zlerle aktard\u0131: &#8216;Biz Abuzer amcayla ilk tan\u0131\u015ft\u0131\u011f\u0131m\u0131zda tek ge\u00e7im kaynaklar\u0131 yakla\u015f\u0131k 16 bin TL\u2019lik bir maa\u015ft\u0131.<br \/>\nAbuzer amca \u00f6yle bir insan ki, y\u0131llarca \u00e7al\u0131\u015f\u0131rken e\u015fi de emekli olabilsin diye onun sigortas\u0131n\u0131 da \u00f6demi\u015f. \u0130ki y\u0131l \u00f6nce Zeynep teyzenin emeklilik ya\u015f\u0131 doluyor. Bankadaki i\u015flemlerini yap\u0131yorlar.<br \/>\nKendilerine, \u201cKart\u0131n\u0131z biraz ge\u00e7 gelir.\u201d deniliyor ve evlerine d\u00f6n\u00fcyorlar. Aylar ge\u00e7iyor ama kart gelmiyor. Sonra biz aileyle tan\u0131\u015f\u0131yoruz. Tek maa\u015fla ge\u00e7inmeye \u00e7al\u0131\u015fan, iki okul \u00e7a\u011f\u0131ndaki \u00e7ocu\u011fuyla k\u0131\u015f\u0131n ortas\u0131nda evinde odun k\u00f6m\u00fcr\u00fc bile olmayan bir aile\u2026 Gelir ara\u015ft\u0131rmas\u0131 yaparken Zeynep teyzenin de emekli maa\u015f\u0131 oldu\u011funu \u00f6\u011freniyoruz. Abuzer amcaya soruyoruz, haberi yok. Zeynep teyzeye soruyoruz, \u201cBiz hi\u00e7 maa\u015f alm\u0131yoruz.\u201d diyor.<br \/>\nKendilerine, \u201cKart\u0131n\u0131z biraz ge\u00e7 gelir.\u201d deniliyor ve evlerine d\u00f6n\u00fcyorlar. Aylar ge\u00e7iyor ama kart gelmiyor. Sonra biz aileyle tan\u0131\u015f\u0131yoruz.<br \/>\nTek maa\u015fla ge\u00e7inmeye \u00e7al\u0131\u015fan, iki okul \u00e7a\u011f\u0131ndaki \u00e7ocu\u011fuyla k\u0131\u015f\u0131n ortas\u0131nda evinde odun k\u00f6m\u00fcr\u00fc bile olmayan bir aile\u2026<br \/>\nGelir ara\u015ft\u0131rmas\u0131 yaparken Zeynep teyzenin de emekli maa\u015f\u0131 oldu\u011funu \u00f6\u011freniyoruz. Abuzer amcaya soruyoruz, haberi yok. Zeynep teyzeye soruyoruz, \u201cBiz hi\u00e7 maa\u015f alm\u0131yoruz.\u201d diyor. Ara\u015ft\u0131r\u0131nca \u00f6\u011freniyoruz ki emekli maa\u015f\u0131 yakla\u015f\u0131k iki y\u0131ld\u0131r her ay d\u00fczenli olarak \u00e7ekilmi\u015f. Me\u011ferse banka kart\u0131 posta yoluyla geldikten sonra mahalleden biri taraf\u0131ndan al\u0131nm\u0131\u015f ve iki y\u0131l boyunca maa\u015f\u0131 \u00e7ekilmi\u015f.<br \/>\nEn \u00e7ok \u015fa\u015f\u0131rd\u0131\u011f\u0131m\u0131z \u015fey ise Abuzer amcan\u0131n buna ra\u011fmen \u015fik\u00e2yet\u00e7i olmamas\u0131yd\u0131. Sebebini sordu\u011fumuzda bize sadece \u015funu s\u00f6yledi: \u201cKim oldu\u011funu bilmiyorum. Allah korusun, \u00e7ocuklar\u0131ma bir zarar verir.\u201d \u00c7\u00fcnk\u00fc Abuzer amca i\u00e7in bu d\u00fcnyada paradan daha k\u0131ymetli tek \u015fey \u00e7ocuklar\u0131. O, hayat\u0131 boyunca paras\u0131n\u0131 de\u011fil, evlatlar\u0131n\u0131 korumay\u0131 se\u00e7mi\u015f bir baba. \u00c7ok \u015f\u00fck\u00fcr kart yenilendi ve birka\u00e7 ayd\u0131r Zeynep teyze kendi emekli maa\u015f\u0131n\u0131 almaya ba\u015flad\u0131.&#8217;<br \/>\nDernek Ba\u015fkan\u0131 Zeynep \u00d6\u011fretmen, aileye verilen kira deste\u011fiyle ilgili derne\u011fin sosyal medya hesab\u0131ndan \u015fu a\u00e7\u0131klamay\u0131 yapt\u0131: \u0130lk plan\u0131m\u0131z, Abuzer amcan\u0131n ya\u015fad\u0131\u011f\u0131 evi ba\u015ftan sona yenilemekti. Bu sabah Abuzer amcayla tekrar g\u00f6r\u00fc\u015ft\u00fck. Evin i\u00e7ini d\u0131\u015f\u0131n\u0131 tamamen yenileyip, \u00e7ocuklar\u0131na s\u0131cac\u0131k bir yuva haz\u0131rlamak istiyorduk. Fakat ev hisseli oldu\u011fu i\u00e7in ba\u015fka akrabalar\u0131n da hakk\u0131 bulunuyormu\u015f. Abuzer amca da bu y\u00fczden, \u201cL\u00fctfen b\u00f6yle bir masrafa girmeyin.\u201d diyerek bu konuda g\u00f6nl\u00fcn\u00fcn rahat etmeyece\u011fini s\u00f6yledi.<br \/>\nBiz de onun iste\u011fine sayg\u0131 duyarak, k\u0131zlar\u0131n okuluna yak\u0131n, merkezi ve g\u00fcvenlikli bir b\u00f6lgede yepyeni bir ev kiralaman\u0131n en do\u011fru karar oldu\u011funa inand\u0131k.<br \/>\nVe Ankara Abisi, Abuzer amcan\u0131n i\u00e7i tamamen rahat etsin diye o evin 3 y\u0131ll\u0131k kiras\u0131n\u0131 pe\u015fin \u00f6deyece\u011fini s\u00f6yledi. \u0130n\u015fallah o \u00fc\u00e7 y\u0131l\u0131n sonunda da Rabbim g\u00fc\u00e7 ve imk\u00e2n verdi\u011fi s\u00fcrece, Abuzer amca ve ailesine bir \u00f6m\u00fcr kira y\u00fck\u00fc ya\u015fatmamak i\u00e7in elimizden geleni yapaca\u011f\u0131z.<br \/>\nZeynep \u00d6\u011fretmen, k\u0131yafetler hakk\u0131nda gelen bir yoruma ise ba\u015fka bir mesaj\u0131nda \u015fu \u015fekilde cevap verdi:<br \/>\nOna da Zeynep teyzeye de hediyeler al\u0131rken inan\u0131n en \u00e7ok d\u00fc\u015f\u00fcnd\u00fc\u011f\u00fcm \u015fey, \u201cAcaba beni yanl\u0131\u015f anlarlar m\u0131?\u201d oldu. \u201cAcaba \u00fczerlerindekini be\u011fenmedi\u011fimizi d\u00fc\u015f\u00fcn\u00fcrler mi?\u201d \u201cAcaba mahcup olurlar m\u0131?\u201d diye defalarca d\u00fc\u015f\u00fcnd\u00fcm.<br \/>\nBir yorum okudum: \u201cAbuzer amcaya bir pantolon alamad\u0131n\u0131z m\u0131?\u201d yazm\u0131\u015f biri.<\/p>\n<p>Elbette ald\u0131k. Ama \u201cBunu giyin.\u201d demedik. \u00c7\u00fcnk\u00fc o \u015falvar, bizim de\u011fi\u015ftirmemiz gereken bir k\u0131yafet de\u011fil; onun y\u0131llard\u0131r ya\u015fatt\u0131\u011f\u0131 bir k\u00fclt\u00fcr\u00fcn, bir \u00f6mr\u00fcn ve al\u0131\u015fkanl\u0131\u011f\u0131n par\u00e7as\u0131. <\/p>\n<p>Kaynak : gzt.com<\/p>\n"},"alt_text":"","media_type":"image","mime_type":"image\/jpeg","media_details":{"width":768,"height":201,"file":"2026\/08\/1-15-768x201-95.jpg","sizes":{"medium":{"file":"1-15-768x201-95-300x79.jpg","width":300,"height":79,"mime_type":"image\/jpeg","source_url":"https:\/\/adanaseshaber.com.tr\/habercim\/wp-content\/uploads\/2026\/08\/1-15-768x201-95-300x79.jpg"},"thumbnail":{"file":"1-15-768x201-95-150x150.jpg","width":150,"height":150,"mime_type":"image\/jpeg","source_url":"https:\/\/adanaseshaber.com.tr\/habercim\/wp-content\/uploads\/2026\/08\/1-15-768x201-95-150x150.jpg"},"kucukResim":{"file":"1-15-768x201-95-80x50.jpg","width":80,"height":50,"mime_type":"image\/jpeg","source_url":"https:\/\/adanaseshaber.com.tr\/habercim\/wp-content\/uploads\/2026\/08\/1-15-768x201-95-80x50.jpg"},"sliderResim":{"file":"1-15-768x201-95-670x201.jpg","width":670,"height":201,"mime_type":"image\/jpeg","source_url":"https:\/\/adanaseshaber.com.tr\/habercim\/wp-content\/uploads\/2026\/08\/1-15-768x201-95-670x201.jpg"},"resim1":{"file":"1-15-768x201-95-184x140.jpg","width":184,"height":140,"mime_type":"image\/jpeg","source_url":"https:\/\/adanaseshaber.com.tr\/habercim\/wp-content\/uploads\/2026\/08\/1-15-768x201-95-184x140.jpg"},"resim2":{"file":"1-15-768x201-95-216x103.jpg","width":216,"height":103,"mime_type":"image\/jpeg","source_url":"https:\/\/adanaseshaber.com.tr\/habercim\/wp-content\/uploads\/2026\/08\/1-15-768x201-95-216x103.jpg"},"resim3":{"file":"1-15-768x201-95-145x70.jpg","width":145,"height":70,"mime_type":"image\/jpeg","source_url":"https:\/\/adanaseshaber.com.tr\/habercim\/wp-content\/uploads\/2026\/08\/1-15-768x201-95-145x70.jpg"},"sagSlider":{"file":"1-15-768x201-95-300x150.jpg","width":300,"height":150,"mime_type":"image\/jpeg","source_url":"https:\/\/adanaseshaber.com.tr\/habercim\/wp-content\/uploads\/2026\/08\/1-15-768x201-95-300x150.jpg"},"yeniSlider":{"file":"1-15-768x201-95-500x201.jpg","width":500,"height":201,"mime_type":"image\/jpeg","source_url":"https:\/\/adanaseshaber.com.tr\/habercim\/wp-content\/uploads\/2026\/08\/1-15-768x201-95-500x201.jpg"},"full":{"file":"1-15-768x201-95.jpg","width":768,"height":201,"mime_type":"image\/jpeg","source_url":"https:\/\/adanaseshaber.com.tr\/habercim\/wp-content\/uploads\/2026\/08\/1-15-768x201-95.jpg"}},"image_meta":{"aperture":"0","credit":"","camera":"","caption":"","created_timestamp":"0","copyright":"","focal_length":"0","iso":"0","shutter_speed":"0","title":"","orientation":"0","keywords":[]}},"post":51940,"source_url":"https:\/\/adanaseshaber.com.tr\/habercim\/wp-content\/uploads\/2026\/08\/1-15-768x201-95.jpg","_links":{"self":[{"href":"https:\/\/adanaseshaber.com.tr\/habercim\/wp-json\/wp\/v2\/media\/51942"}],"collection":[{"href":"https:\/\/adanaseshaber.com.tr\/habercim\/wp-json\/wp\/v2\/media"}],"about":[{"href":"https:\/\/adanaseshaber.com.tr\/habercim\/wp-json\/wp\/v2\/types\/attachment"}],"author":[{"embeddable":true,"href":"https:\/\/adanaseshaber.com.tr\/habercim\/wp-json\/wp\/v2\/users\/2"}],"replies":[{"embeddable":true,"href":"https:\/\/adanaseshaber.com.tr\/habercim\/wp-json\/wp\/v2\/comments?post=51942"}]}}