{"id":51947,"date":"2026-08-07T23:49:26","date_gmt":"2026-08-07T20:49:26","guid":{"rendered":"https:\/\/adanaseshaber.com.tr\/habercim\/wp-content\/uploads\/2026\/08\/1-15-768x201-97.jpg"},"modified":"2026-08-07T23:51:39","modified_gmt":"2026-08-07T20:51:39","slug":"1-15-768x201-2688","status":"inherit","type":"attachment","link":"https:\/\/adanaseshaber.com.tr\/habercim\/foto-galeri\/ben-salim-guran-diyerek\/attachment\/1-15-768x201-2688\/","title":{"rendered":"Ben Salim G\u00fcran Diyerek"},"author":2,"comment_status":"open","ping_status":"closed","template":"","meta":[],"description":{"rendered":"<p class=\"attachment\"><a href='https:\/\/adanaseshaber.com.tr\/habercim\/wp-content\/uploads\/2026\/08\/1-15-768x201-97.jpg'><img width=\"300\" height=\"79\" src=\"https:\/\/adanaseshaber.com.tr\/habercim\/wp-content\/uploads\/2026\/08\/1-15-768x201-97-300x79.jpg\" class=\"attachment-medium size-medium\" alt=\"\" loading=\"lazy\" srcset=\"https:\/\/adanaseshaber.com.tr\/habercim\/wp-content\/uploads\/2026\/08\/1-15-768x201-97-300x79.jpg 300w, https:\/\/adanaseshaber.com.tr\/habercim\/wp-content\/uploads\/2026\/08\/1-15-768x201-97.jpg 768w\" sizes=\"(max-width: 300px) 100vw, 300px\" \/><\/a><\/p>\n"},"caption":{"rendered":"<p>Diyarbak\u0131r&#8217;\u0131n Ba\u011flar il\u00e7esine ba\u011fl\u0131 Tav\u015fantepe Mahallesi&#8217;nde 21 A\u011fustos 2024&#8217;te kaybolduktan 19 g\u00fcn sonra dere yata\u011f\u0131nda \u00e7uval i\u00e7inde cans\u0131z bedeni bulunan 8 ya\u015f\u0131ndaki Narin G\u00fcran&#8217;\u0131n \u00f6ld\u00fcr\u00fclmesine ili\u015fkin davada a\u011f\u0131rla\u015ft\u0131r\u0131lm\u0131\u015f m\u00fcebbet hapis cezas\u0131 alan amcas\u0131 Salim G\u00fcran, cezaevinden dikkat \u00e7eken bir mektup yay\u0131mlad\u0131. Masum oldu\u011funu savunan G\u00fcran, cinayetin tek sorumlusunun Nevzat Bahtiyar oldu\u011funu iddia ederek, kendisine ve ailesine iftira at\u0131ld\u0131\u011f\u0131n\u0131 \u00f6ne s\u00fcrd\u00fc.<\/p>\n<p>&#8220;B\u0130Z KAT\u0130L DE\u011e\u0130L\u0130Z&#8221;<br \/>\nMektubunda &#8220;Ben Salim G\u00fcran, y\u00fcre\u011fi parampar\u00e7a bir amca olarak yaz\u0131yorum&#8221; ifadelerini kullanan G\u00fcran, hi\u00e7bir somut delil olmamas\u0131na ra\u011fmen a\u011f\u0131rla\u015ft\u0131r\u0131lm\u0131\u015f m\u00fcebbet hapis cezas\u0131na mahkum edildi\u011fini savundu.<\/p>\n<p>Yedi \u00e7ocuk babas\u0131 oldu\u011funu belirten G\u00fcran, &#8220;Narin benim can\u0131md\u0131, kan\u0131md\u0131. Beni ye\u011fenimi katletmekle itham ettiler. Biz masumuz, biz katil de\u011filiz.&#8221; ifadelerine yer verdi.<\/p>\n<p>DEM\u0130RTA\u015e&#8217;A TE\u015eEKK\u00dcR ETT\u0130<br \/>\nSalim G\u00fcran, mektubunda eski HDP E\u015f Genel Ba\u015fkan\u0131 Selahattin Demirta\u015f&#8217;\u0131n kendilerine destek verdi\u011fini belirterek, &#8220;Say\u0131n Selahattin Demirta\u015f&#8217;\u0131n selamlar\u0131n\u0131 ald\u0131m. Kendisine buradan \u00e7ok \u00e7ok selam g\u00f6nderiyorum. Bu zorlu s\u00fcre\u00e7te bir\u00e7ok insan\u0131n kula\u011f\u0131n\u0131, a\u011fz\u0131n\u0131, g\u00f6z\u00fcn\u00fc kapad\u0131\u011f\u0131 g\u00fcnlerde kendisi \u00e7\u0131k\u0131p haks\u0131zl\u0131\u011fa u\u011frad\u0131\u011f\u0131m\u0131z\u0131 hayk\u0131rd\u0131.&#8221; dedi.<\/p>\n<p>&#8220;TEK KAT\u0130L NEVZAT BAHT\u0130YAR&#8221;<br \/>\nCinayetin tek failinin Nevzat Bahtiyar oldu\u011funu ileri s\u00fcren G\u00fcran, olay g\u00fcn\u00fc evinde oldu\u011funu ve bunu do\u011frulayan tan\u0131klar\u0131n ifadelerinin dikkate al\u0131nmad\u0131\u011f\u0131n\u0131 savundu.<\/p>\n<p>Telefon kay\u0131tlar\u0131, bilirki\u015fi raporlar\u0131 ve ad\u0131m sayar verilerinin de masumiyetini ortaya koydu\u011funu iddia eden G\u00fcran, &#8220;Dosyay\u0131 okuyun, k\u00f6ye gidin, olay yerini g\u00f6r\u00fcn. Olay sadece 19 dakikada i\u015flenmi\u015f. Bu delillere ra\u011fmen neden kimse ger\u00e7e\u011fi g\u00f6rmek istemiyor?&#8221; ifadelerini kulland\u0131.<\/p>\n<p>G\u00fcran mektubunda \u015fu ifadeleri kulland\u0131:<\/p>\n<p>&#8220;Ben k\u0131z\u0131m\u0131z\u0131 katleden vah\u015fi Nevzat Bahtiyar\u2019a, bizi bu h\u00e2le getiren hi\u00e7 kimseye hakk\u0131m\u0131 helal etmiyorum. Ben de bir babay\u0131m.<br \/>\nHalka sesleniyorum: Bana bu ithamlarda bulunanlar, sizler evlatlar\u0131n\u0131za k\u0131yabiliyor musunuz? Bize att\u0131\u011f\u0131n\u0131z iftiralar kendi hayatlar\u0131n\u0131z da var m\u0131?<br \/>\n8 kez ifade de\u011fi\u015ftiren Nevzat Bahtiyar vah\u015fisini gariban ettiniz. Daha da o vah\u015fiye \u201cgariban\u201d diyenler\u2026 Allah\u2019tan dile\u011fim onu sizlere kom\u015fu eylesin.<br \/>\nDosyay\u0131 okuyun, k\u00f6ye gidin, olay yerini g\u00f6r\u00fcn. Allah a\u015fk\u0131na, olay sadece 19 dakikada i\u015flenmi\u015f. Bunu hangi ak\u0131l, hangi mant\u0131k kabul eder?<br \/>\nOlay g\u00fcn\u00fc evimde 7 \u015fahidim vard\u0131. Evlatlar\u0131m, e\u015fim evdeydi. \u0130fadeleri dikkate bile al\u0131nmad\u0131.&#8221;<\/p>\n<p>&#8220;ADALET \u0130ST\u0130YORUZ&#8221;<br \/>\nYakla\u015f\u0131k iki y\u0131ld\u0131r cezaevinde olduklar\u0131n\u0131 belirten G\u00fcran, mektubunu &#8220;Adalet! Adalet! Adalet!&#8221; s\u00f6zleriyle tamamlad\u0131. &#8220;Yetkililer g\u00f6r\u00fcn art\u0131k, duyun sesimizi. Biz masumuz, biz katil de\u011filiz.&#8221; diyen G\u00fcran, ya\u015fananlar\u0131n ard\u0131ndan adalet talebini yineledi.<\/p>\n<p>Kaynak : Haber Merkezi mucadelegazetesi.com.tr<\/p>\n"},"alt_text":"","media_type":"image","mime_type":"image\/jpeg","media_details":{"width":768,"height":201,"file":"2026\/08\/1-15-768x201-97.jpg","sizes":{"medium":{"file":"1-15-768x201-97-300x79.jpg","width":300,"height":79,"mime_type":"image\/jpeg","source_url":"https:\/\/adanaseshaber.com.tr\/habercim\/wp-content\/uploads\/2026\/08\/1-15-768x201-97-300x79.jpg"},"thumbnail":{"file":"1-15-768x201-97-150x150.jpg","width":150,"height":150,"mime_type":"image\/jpeg","source_url":"https:\/\/adanaseshaber.com.tr\/habercim\/wp-content\/uploads\/2026\/08\/1-15-768x201-97-150x150.jpg"},"kucukResim":{"file":"1-15-768x201-97-80x50.jpg","width":80,"height":50,"mime_type":"image\/jpeg","source_url":"https:\/\/adanaseshaber.com.tr\/habercim\/wp-content\/uploads\/2026\/08\/1-15-768x201-97-80x50.jpg"},"sliderResim":{"file":"1-15-768x201-97-670x201.jpg","width":670,"height":201,"mime_type":"image\/jpeg","source_url":"https:\/\/adanaseshaber.com.tr\/habercim\/wp-content\/uploads\/2026\/08\/1-15-768x201-97-670x201.jpg"},"resim1":{"file":"1-15-768x201-97-184x140.jpg","width":184,"height":140,"mime_type":"image\/jpeg","source_url":"https:\/\/adanaseshaber.com.tr\/habercim\/wp-content\/uploads\/2026\/08\/1-15-768x201-97-184x140.jpg"},"resim2":{"file":"1-15-768x201-97-216x103.jpg","width":216,"height":103,"mime_type":"image\/jpeg","source_url":"https:\/\/adanaseshaber.com.tr\/habercim\/wp-content\/uploads\/2026\/08\/1-15-768x201-97-216x103.jpg"},"resim3":{"file":"1-15-768x201-97-145x70.jpg","width":145,"height":70,"mime_type":"image\/jpeg","source_url":"https:\/\/adanaseshaber.com.tr\/habercim\/wp-content\/uploads\/2026\/08\/1-15-768x201-97-145x70.jpg"},"sagSlider":{"file":"1-15-768x201-97-300x150.jpg","width":300,"height":150,"mime_type":"image\/jpeg","source_url":"https:\/\/adanaseshaber.com.tr\/habercim\/wp-content\/uploads\/2026\/08\/1-15-768x201-97-300x150.jpg"},"yeniSlider":{"file":"1-15-768x201-97-500x201.jpg","width":500,"height":201,"mime_type":"image\/jpeg","source_url":"https:\/\/adanaseshaber.com.tr\/habercim\/wp-content\/uploads\/2026\/08\/1-15-768x201-97-500x201.jpg"},"full":{"file":"1-15-768x201-97.jpg","width":768,"height":201,"mime_type":"image\/jpeg","source_url":"https:\/\/adanaseshaber.com.tr\/habercim\/wp-content\/uploads\/2026\/08\/1-15-768x201-97.jpg"}},"image_meta":{"aperture":"0","credit":"","camera":"","caption":"","created_timestamp":"0","copyright":"","focal_length":"0","iso":"0","shutter_speed":"0","title":"","orientation":"0","keywords":[]}},"post":51945,"source_url":"https:\/\/adanaseshaber.com.tr\/habercim\/wp-content\/uploads\/2026\/08\/1-15-768x201-97.jpg","_links":{"self":[{"href":"https:\/\/adanaseshaber.com.tr\/habercim\/wp-json\/wp\/v2\/media\/51947"}],"collection":[{"href":"https:\/\/adanaseshaber.com.tr\/habercim\/wp-json\/wp\/v2\/media"}],"about":[{"href":"https:\/\/adanaseshaber.com.tr\/habercim\/wp-json\/wp\/v2\/types\/attachment"}],"author":[{"embeddable":true,"href":"https:\/\/adanaseshaber.com.tr\/habercim\/wp-json\/wp\/v2\/users\/2"}],"replies":[{"embeddable":true,"href":"https:\/\/adanaseshaber.com.tr\/habercim\/wp-json\/wp\/v2\/comments?post=51947"}]}}