{"id":51968,"date":"2026-08-08T21:05:14","date_gmt":"2026-08-08T18:05:14","guid":{"rendered":"https:\/\/adanaseshaber.com.tr\/habercim\/wp-content\/uploads\/2026\/08\/1-15-768x201-105.jpg"},"modified":"2026-08-08T21:07:55","modified_gmt":"2026-08-08T18:07:55","slug":"1-15-768x201-2696","status":"inherit","type":"attachment","link":"https:\/\/adanaseshaber.com.tr\/habercim\/foto-galeri\/frank-hoogerbeets-yine\/attachment\/1-15-768x201-2696\/","title":{"rendered":"Frank Hoogerbeets Yine"},"author":2,"comment_status":"open","ping_status":"closed","template":"","meta":[],"description":{"rendered":"<p class=\"attachment\"><a href='https:\/\/adanaseshaber.com.tr\/habercim\/wp-content\/uploads\/2026\/08\/1-15-768x201-105.jpg'><img width=\"300\" height=\"79\" src=\"https:\/\/adanaseshaber.com.tr\/habercim\/wp-content\/uploads\/2026\/08\/1-15-768x201-105-300x79.jpg\" class=\"attachment-medium size-medium\" alt=\"\" loading=\"lazy\" srcset=\"https:\/\/adanaseshaber.com.tr\/habercim\/wp-content\/uploads\/2026\/08\/1-15-768x201-105-300x79.jpg 300w, https:\/\/adanaseshaber.com.tr\/habercim\/wp-content\/uploads\/2026\/08\/1-15-768x201-105.jpg 768w\" sizes=\"(max-width: 300px) 100vw, 300px\" \/><\/a><\/p>\n"},"caption":{"rendered":"<p>Deprem uzman\u0131 olmayan Frank Hoogerbeets kendisine ait SSGEOS adl\u0131 hesab\u0131 ile 21 Mart tarihinde T\u00fcrk\u00e7e terc\u00fcmesi ile \u201c\u2026Yar\u0131n D\u00fcnya, G\u00fcne\u015f ve Nept\u00fcn ile hizalan\u0131rken, Ven\u00fcs, Mars ve Jupiter aras\u0131nda yer alacak. Bu gezegensel geometri Sat\u00fcrn, J\u00fcpiter ve \u00dcran\u00fcs\u2019\u00fc i\u00e7eren dikkat \u00e7ekici bir ay geometrisi ile birle\u015fiyor. Sonu\u00e7 olarak sismik aktivite 23-24 Mart civar\u0131nda zirve yapabilir.\u201d \u015feklinde uyar\u0131da bulunmu\u015ftur. <\/p>\n<p>Frank Hoogerbeets adl\u0131 deprem uzman\u0131 olmayan ki\u015fi daha \u00f6nce de ba\u015fta T\u00fcrkiye olmak \u00fczere farkl\u0131 \u00fclkeler hakk\u0131nda ger\u00e7e\u011fe dayanmayan deprem tahminlerinde bulunmu\u015ftu. T\u00fcrkiye ile ilgili olarak 6 \u015eubat depremlerinden \u00f6nce de\u201c\u2026depremi \u00fc\u00e7 g\u00fcn \u00f6nceden bildi\u2026\u201d \u015feklinde lanse edilen x hesab\u0131ndaki iletisine bir kez daha g\u00f6z atal\u0131m. <\/p>\n<p>Frank Hoogerbeets; iletisini yine T\u00fcrk\u00e7e terc\u00fcme ile \u201cYak\u0131n ve uzak bir zamanda bu b\u00f6lgede 7,5 Magnit\u00fcdl\u00fc deprem olacakt\u0131r. (G\u00fcney-Orta T\u00fcrkiye, \u00dcrd\u00fcn, Suriye, L\u00fcbnan)\u201d<\/p>\n<p>Frank Hoogerbeets\u2019in tektonizma ile alakas\u0131 olmayan bu payla\u015f\u0131m\u0131 T\u00fcrkiye medyas\u0131nda geni\u015f yank\u0131 uyand\u0131rd\u0131. Hemen hemen yaz\u0131l\u0131 ve g\u00f6rsel b\u00fct\u00fcn medya kurulu\u015flar\u0131 haber yapt\u0131lar. \u0130nternet sitelerinde man\u015fetlere ta\u015f\u0131d\u0131lar. Depremlerin gezegenler ile ili\u015fkisinin olmad\u0131\u011f\u0131, bilimsel ger\u00e7ekli\u011fe dayanmayan bu payla\u015f\u0131m\u0131 bir kez daha irdeleyelim. <\/p>\n<p>Deprem tahmininde bulunmak i\u00e7in \u00f6ncelikle faylar\u0131n kayma h\u0131zlar\u0131, en son depremin ger\u00e7ekle\u015fme tarihi, fay uzunluklar\u0131, fay geometrisi ve deprem tekerr\u00fcr periyotlar\u0131n\u0131n tart\u0131\u015fmas\u0131z bir \u015fekilde bilinmesi gerekmektedir. Bu parametreler net bir \u015fekilde bilinebiliyorsa ancak o zaman deprem tahminde bulunabilirsiniz. Deprem tahmini i\u00e7in de, depremin hangi fay \u00fczerinde olaca\u011f\u0131n\u0131, deprem b\u00fcy\u00fckl\u00fc\u011f\u00fcn\u00fc ve yakla\u015f\u0131k deprem tarihinin de belirtilmesi gerekmektedir. <\/p>\n<p>\u015eu sorular\u0131 Frank Hoogerbeets\u2019e soral\u0131m. <\/p>\n<p>Say\u0131n Hoogerbeets; sosyal medyada yay\u0131nlam\u0131\u015f oldu\u011funuz ileti deprem tahmini i\u00e7in a\u015fa\u011f\u0131daki sorulara cevap veriyor mu?<\/p>\n<p>Deprem hangi fay ya da segment \u00fczerinde olacak? (cevap yok)<\/p>\n<p>Deprem nerede olacak? il, il\u00e7e, belde, mahalle, k\u00f6y (cevap yok) <\/p>\n<p>Deprem ka\u00e7 b\u00fcy\u00fckl\u00fc\u011f\u00fcnde olacak? (cevap var. 7,5 M)<\/p>\n<p>Deprem hangi tarihte olacak? (\u00b1 yakla\u015f\u0131k y\u0131l, cevap yok)<\/p>\n<p>Depremin hangi segment \u00fczerinde olaca\u011f\u0131n\u0131 bilemiyorsunuz, ne zaman olaca\u011f\u0131n\u0131 bilemiyorsunuz, nerede olaca\u011f\u0131n\u0131 bilemiyorsunuz ama deprem tahmininde bulunuyorsunuz. <\/p>\n<p>6 \u015eubat depremlerinin oldu\u011fu Pazarc\u0131k Segmentinde en son iki deprem 1114 ve 1513 tarihlerinde ger\u00e7ekle\u015fmi\u015fti. 1513\u2019de ger\u00e7ekle\u015fen son depremden bu yana 510 y\u0131l ge\u00e7mi\u015fti. Pazarc\u0131k Segmentinin deprem \u00fcretme periyodunun ortalama 500 y\u0131l oldu\u011fu ve deprem olma zaman\u0131n\u0131n geldi\u011fi biliniyordu. Bu bilgiyi T\u00fcrkiye\u2019de bilmeyen yoktu. T\u00fcrkiye\u2019deki b\u00fct\u00fcn akademik kadrolar, kamu kurum ve kurulu\u015flar\u0131, \u00fcniversiteler ve di\u011fer ilgili kurulu\u015flar\u0131n hepsi biliyordu. Bu bilgi T\u00fcrkiye\u2019nin \u00f6nemli deprem uzmanlar\u0131 taraf\u0131ndan da sosyal medyada s\u0131k s\u0131k dillendiriliyordu.<\/p>\n<p>Nihayetinde 6 \u015eubat depremleri ger\u00e7ekle\u015fmi\u015fti. \u015eahs\u0131n\u0131z da hak etmedi\u011fi bir ilgiye mazhar olmu\u015ftu. Sosyal medyan\u0131n size olan yo\u011fun ilgisinin nedenini sizin de bilmedi\u011finizi asl\u0131nda bir r\u00f6portaj\u0131n\u0131zda a\u00e7\u0131klam\u0131\u015ft\u0131n\u0131z. <\/p>\n<p>B\u00fct\u00fcn bu olanlara ra\u011fmen taraf\u0131n\u0131zdan yine \u201c\u202623-24 Mart 2026\u2019da sismik aktivite zirve yapabilir\u2026\u201d s\u00f6ylemi ile ortaya bir fikir att\u0131n\u0131z. Bu fikir hayalden da \u00f6te bir iddiad\u0131r. 23-24 Mart tarihlerinde yo\u011fun sismik aktivite nerede olacak? Yo\u011fun sismik aktiviteden kast\u0131n\u0131z nedir? Deprem b\u00fcy\u00fckl\u00fc\u011f\u00fc m\u00fc? Deprem b\u00fcy\u00fckl\u00fc\u011f\u00fc ise hangi b\u00fcy\u00fckl\u00fc\u011f\u00fc \u00f6nceliyorsunuz? Bu sorular\u0131n cevab\u0131n\u0131 vermeden deprem tahmininde bulunulmas\u0131 abesle i\u015ftigaldir. Gezegen dizilimlerinin tektonizma ile ilgisini olmad\u0131\u011f\u0131n\u0131 buradan bir kez daha hayk\u0131ral\u0131m.<\/p>\n<p>Daha \u00f6ncekiler gibi yine hayal k\u0131r\u0131kl\u0131\u011f\u0131 ya\u015fayacaks\u0131n\u0131z. Vaz ge\u00e7in art\u0131k bu t\u00fcr safsatalardan. B\u00fct\u00fcn bunlar ile vakit kaybedece\u011fine, uzmanl\u0131k alan\u0131n\u0131z ne ise orada olmaya gayret g\u00f6sterin. Taraf\u0131n\u0131zdan iddia edilen iletilerinizden dolay\u0131 d\u00fcnyan\u0131n bir\u00e7ok yerinde ya\u015fayan masum vatanda\u015flar etkileniyor ve korkuyorlar. <\/p>\n<p>Son bir \u00f6rnekle konuyu bitirelim. Kuzey Anadolu Fay Zonunun en do\u011fu ucunda yer alan 77 km uzunlu\u011fundaki Yedisu Segmenti bir g\u00fcn mutlaka 7 + deprem \u00fcretecektir. <\/p>\n<p>Kaynak : kayserigundem.com.tr<\/p>\n"},"alt_text":"","media_type":"image","mime_type":"image\/jpeg","media_details":{"width":768,"height":201,"file":"2026\/08\/1-15-768x201-105.jpg","sizes":{"medium":{"file":"1-15-768x201-105-300x79.jpg","width":300,"height":79,"mime_type":"image\/jpeg","source_url":"https:\/\/adanaseshaber.com.tr\/habercim\/wp-content\/uploads\/2026\/08\/1-15-768x201-105-300x79.jpg"},"thumbnail":{"file":"1-15-768x201-105-150x150.jpg","width":150,"height":150,"mime_type":"image\/jpeg","source_url":"https:\/\/adanaseshaber.com.tr\/habercim\/wp-content\/uploads\/2026\/08\/1-15-768x201-105-150x150.jpg"},"kucukResim":{"file":"1-15-768x201-105-80x50.jpg","width":80,"height":50,"mime_type":"image\/jpeg","source_url":"https:\/\/adanaseshaber.com.tr\/habercim\/wp-content\/uploads\/2026\/08\/1-15-768x201-105-80x50.jpg"},"sliderResim":{"file":"1-15-768x201-105-670x201.jpg","width":670,"height":201,"mime_type":"image\/jpeg","source_url":"https:\/\/adanaseshaber.com.tr\/habercim\/wp-content\/uploads\/2026\/08\/1-15-768x201-105-670x201.jpg"},"resim1":{"file":"1-15-768x201-105-184x140.jpg","width":184,"height":140,"mime_type":"image\/jpeg","source_url":"https:\/\/adanaseshaber.com.tr\/habercim\/wp-content\/uploads\/2026\/08\/1-15-768x201-105-184x140.jpg"},"resim2":{"file":"1-15-768x201-105-216x103.jpg","width":216,"height":103,"mime_type":"image\/jpeg","source_url":"https:\/\/adanaseshaber.com.tr\/habercim\/wp-content\/uploads\/2026\/08\/1-15-768x201-105-216x103.jpg"},"resim3":{"file":"1-15-768x201-105-145x70.jpg","width":145,"height":70,"mime_type":"image\/jpeg","source_url":"https:\/\/adanaseshaber.com.tr\/habercim\/wp-content\/uploads\/2026\/08\/1-15-768x201-105-145x70.jpg"},"sagSlider":{"file":"1-15-768x201-105-300x150.jpg","width":300,"height":150,"mime_type":"image\/jpeg","source_url":"https:\/\/adanaseshaber.com.tr\/habercim\/wp-content\/uploads\/2026\/08\/1-15-768x201-105-300x150.jpg"},"yeniSlider":{"file":"1-15-768x201-105-500x201.jpg","width":500,"height":201,"mime_type":"image\/jpeg","source_url":"https:\/\/adanaseshaber.com.tr\/habercim\/wp-content\/uploads\/2026\/08\/1-15-768x201-105-500x201.jpg"},"full":{"file":"1-15-768x201-105.jpg","width":768,"height":201,"mime_type":"image\/jpeg","source_url":"https:\/\/adanaseshaber.com.tr\/habercim\/wp-content\/uploads\/2026\/08\/1-15-768x201-105.jpg"}},"image_meta":{"aperture":"0","credit":"","camera":"","caption":"","created_timestamp":"0","copyright":"","focal_length":"0","iso":"0","shutter_speed":"0","title":"","orientation":"0","keywords":[]}},"post":51966,"source_url":"https:\/\/adanaseshaber.com.tr\/habercim\/wp-content\/uploads\/2026\/08\/1-15-768x201-105.jpg","_links":{"self":[{"href":"https:\/\/adanaseshaber.com.tr\/habercim\/wp-json\/wp\/v2\/media\/51968"}],"collection":[{"href":"https:\/\/adanaseshaber.com.tr\/habercim\/wp-json\/wp\/v2\/media"}],"about":[{"href":"https:\/\/adanaseshaber.com.tr\/habercim\/wp-json\/wp\/v2\/types\/attachment"}],"author":[{"embeddable":true,"href":"https:\/\/adanaseshaber.com.tr\/habercim\/wp-json\/wp\/v2\/users\/2"}],"replies":[{"embeddable":true,"href":"https:\/\/adanaseshaber.com.tr\/habercim\/wp-json\/wp\/v2\/comments?post=51968"}]}}