{"id":51977,"date":"2026-08-08T21:19:05","date_gmt":"2026-08-08T18:19:05","guid":{"rendered":"https:\/\/adanaseshaber.com.tr\/habercim\/wp-content\/uploads\/2026\/08\/images-3.jpg"},"modified":"2026-08-08T21:19:20","modified_gmt":"2026-08-08T18:19:20","slug":"images-3-25","status":"inherit","type":"attachment","link":"https:\/\/adanaseshaber.com.tr\/habercim\/foto-galeri\/universitesi-ogrencisi-rojin-kabais\/attachment\/images-3-25\/","title":{"rendered":"\u00dcniversitesi \u00f6\u011frencisi Rojin Kabai\u015f"},"author":2,"comment_status":"open","ping_status":"closed","template":"","meta":[],"description":{"rendered":"<p class=\"attachment\"><a href='https:\/\/adanaseshaber.com.tr\/habercim\/wp-content\/uploads\/2026\/08\/images-3.jpg'><img width=\"300\" height=\"200\" src=\"https:\/\/adanaseshaber.com.tr\/habercim\/wp-content\/uploads\/2026\/08\/images-3-300x200.jpg\" class=\"attachment-medium size-medium\" alt=\"\" loading=\"lazy\" srcset=\"https:\/\/adanaseshaber.com.tr\/habercim\/wp-content\/uploads\/2026\/08\/images-3-300x200.jpg 300w, https:\/\/adanaseshaber.com.tr\/habercim\/wp-content\/uploads\/2026\/08\/images-3.jpg 639w\" sizes=\"(max-width: 300px) 100vw, 300px\" \/><\/a><\/p>\n"},"caption":{"rendered":"<p>Van Y\u00fcz\u00fcnc\u00fc Y\u0131l \u00dcniversitesi \u00f6\u011frencisi Rojin Kabai\u015f\u2019in \u00f6l\u00fcm\u00fcne ili\u015fkin y\u00fcr\u00fct\u00fclen soru\u015fturmada, davan\u0131n en \u00f6nemli delillerinden biri olarak g\u00f6r\u00fclen cep telefonunun \u015fifresi \u00c7in\u2019de yap\u0131lan teknik incelemede de k\u0131r\u0131lamad\u0131. Detaylar\u0131 CNN T\u00fcrk Muhabiri Burak Emek aktard\u0131\u2026.<\/p>\n<p>devam\u0131 sonraki sayfada\u2026 g\u00f6rsel \u00fczerinden do2\u2019kununuz ge\u00e7ebilirsiniz\u2026<\/p>\n"},"alt_text":"","media_type":"image","mime_type":"image\/jpeg","media_details":{"width":639,"height":426,"file":"2026\/08\/images-3.jpg","sizes":{"medium":{"file":"images-3-300x200.jpg","width":300,"height":200,"mime_type":"image\/jpeg","source_url":"https:\/\/adanaseshaber.com.tr\/habercim\/wp-content\/uploads\/2026\/08\/images-3-300x200.jpg"},"thumbnail":{"file":"images-3-150x150.jpg","width":150,"height":150,"mime_type":"image\/jpeg","source_url":"https:\/\/adanaseshaber.com.tr\/habercim\/wp-content\/uploads\/2026\/08\/images-3-150x150.jpg"},"kucukResim":{"file":"images-3-80x50.jpg","width":80,"height":50,"mime_type":"image\/jpeg","source_url":"https:\/\/adanaseshaber.com.tr\/habercim\/wp-content\/uploads\/2026\/08\/images-3-80x50.jpg"},"sliderResim":{"file":"images-3-639x330.jpg","width":639,"height":330,"mime_type":"image\/jpeg","source_url":"https:\/\/adanaseshaber.com.tr\/habercim\/wp-content\/uploads\/2026\/08\/images-3-639x330.jpg"},"resim1":{"file":"images-3-184x140.jpg","width":184,"height":140,"mime_type":"image\/jpeg","source_url":"https:\/\/adanaseshaber.com.tr\/habercim\/wp-content\/uploads\/2026\/08\/images-3-184x140.jpg"},"resim2":{"file":"images-3-216x103.jpg","width":216,"height":103,"mime_type":"image\/jpeg","source_url":"https:\/\/adanaseshaber.com.tr\/habercim\/wp-content\/uploads\/2026\/08\/images-3-216x103.jpg"},"resim3":{"file":"images-3-145x70.jpg","width":145,"height":70,"mime_type":"image\/jpeg","source_url":"https:\/\/adanaseshaber.com.tr\/habercim\/wp-content\/uploads\/2026\/08\/images-3-145x70.jpg"},"sagSlider":{"file":"images-3-300x150.jpg","width":300,"height":150,"mime_type":"image\/jpeg","source_url":"https:\/\/adanaseshaber.com.tr\/habercim\/wp-content\/uploads\/2026\/08\/images-3-300x150.jpg"},"yeniSlider":{"file":"images-3-500x290.jpg","width":500,"height":290,"mime_type":"image\/jpeg","source_url":"https:\/\/adanaseshaber.com.tr\/habercim\/wp-content\/uploads\/2026\/08\/images-3-500x290.jpg"},"full":{"file":"images-3.jpg","width":639,"height":426,"mime_type":"image\/jpeg","source_url":"https:\/\/adanaseshaber.com.tr\/habercim\/wp-content\/uploads\/2026\/08\/images-3.jpg"}},"image_meta":{"aperture":"0","credit":"","camera":"","caption":"","created_timestamp":"0","copyright":"","focal_length":"0","iso":"0","shutter_speed":"0","title":"","orientation":"0","keywords":[]}},"post":51976,"source_url":"https:\/\/adanaseshaber.com.tr\/habercim\/wp-content\/uploads\/2026\/08\/images-3.jpg","_links":{"self":[{"href":"https:\/\/adanaseshaber.com.tr\/habercim\/wp-json\/wp\/v2\/media\/51977"}],"collection":[{"href":"https:\/\/adanaseshaber.com.tr\/habercim\/wp-json\/wp\/v2\/media"}],"about":[{"href":"https:\/\/adanaseshaber.com.tr\/habercim\/wp-json\/wp\/v2\/types\/attachment"}],"author":[{"embeddable":true,"href":"https:\/\/adanaseshaber.com.tr\/habercim\/wp-json\/wp\/v2\/users\/2"}],"replies":[{"embeddable":true,"href":"https:\/\/adanaseshaber.com.tr\/habercim\/wp-json\/wp\/v2\/comments?post=51977"}]}}