{"id":51999,"date":"2026-08-09T13:58:30","date_gmt":"2026-08-09T10:58:30","guid":{"rendered":"https:\/\/adanaseshaber.com.tr\/habercim\/wp-content\/uploads\/2026\/08\/1-15-768x201-117.jpg"},"modified":"2026-08-09T13:59:51","modified_gmt":"2026-08-09T10:59:51","slug":"1-15-768x201-2708","status":"inherit","type":"attachment","link":"https:\/\/adanaseshaber.com.tr\/habercim\/genel\/simdi-deprem-3\/attachment\/1-15-768x201-2708\/","title":{"rendered":"\u015e\u0130MD\u0130 DEPREM"},"author":2,"comment_status":"open","ping_status":"closed","template":"","meta":[],"description":{"rendered":"<p class=\"attachment\"><a href='https:\/\/adanaseshaber.com.tr\/habercim\/wp-content\/uploads\/2026\/08\/1-15-768x201-117.jpg'><img width=\"300\" height=\"79\" src=\"https:\/\/adanaseshaber.com.tr\/habercim\/wp-content\/uploads\/2026\/08\/1-15-768x201-117-300x79.jpg\" class=\"attachment-medium size-medium\" alt=\"\" loading=\"lazy\" srcset=\"https:\/\/adanaseshaber.com.tr\/habercim\/wp-content\/uploads\/2026\/08\/1-15-768x201-117-300x79.jpg 300w, https:\/\/adanaseshaber.com.tr\/habercim\/wp-content\/uploads\/2026\/08\/1-15-768x201-117.jpg 768w\" sizes=\"(max-width: 300px) 100vw, 300px\" \/><\/a><\/p>\n"},"caption":{"rendered":"<p>Afet ve Acil Durum Y\u00f6netimi Ba\u015fkanl\u0131\u011f\u0131n\u0131n (AFAD) internet sitesinde yer alan bilgiye g\u00f6re, saat 03.42&#8217;de, merkez \u00fcss\u00fc Nurda\u011f\u0131 olan 4,5 b\u00fcy\u00fckl\u00fc\u011f\u00fcnde sars\u0131nt\u0131 kaydedildi.<\/p>\n<p>Depremin yerin 7,44 kilometre derinli\u011finde meydana geldi\u011fi belirlendi.<\/p>\n<p>Afet ve Acil Durum Y\u00f6netimi Ba\u015fkanl\u0131\u011f\u0131 (AFAD), Gaziantep&#8217;in Nurda\u011f\u0131 il\u00e7esinde meydana gelen ve \u00e7evre illerden hissedilen 4,5 b\u00fcy\u00fckl\u00fc\u011f\u00fcndeki deprem sonras\u0131 olumsuz bir durumun bulunmad\u0131\u011f\u0131n\u0131 bildirdi.<\/p>\n<p>AFAD&#8217;\u0131n NSosyal hesab\u0131ndan yap\u0131lan a\u00e7\u0131klamada, \u015funlar kaydedildi:<\/p>\n<p>&#8220;Gaziantep ilimizin Nurda\u011f\u0131 il\u00e7esinde saat 03.42&#8217;de meydana gelen ve Gaziantep, Kilis, Kahramanmara\u015f, Osmaniye ve Hatay illerimizde hissedilen 4,5 b\u00fcy\u00fckl\u00fc\u011f\u00fcndeki deprem sonras\u0131 an itibar\u0131yla olumsuz bir durum bulunmamaktad\u0131r. Saha tarama \u00e7al\u0131\u015fmalar\u0131 devam etmektedir. Etkilenen vatanda\u015flar\u0131m\u0131za ge\u00e7mi\u015f olsun dileklerimizi sunar\u0131z.&#8221;<\/p>\n<p>&#8220;Herhangi bir olumsuzlu\u011fa rastlanmam\u0131\u015ft\u0131r&#8221;<br \/>\nGaziantep Valisi Kemal \u00c7eber, deprem sonras\u0131nda ekiplerin saha taramas\u0131 ger\u00e7ekle\u015ftirdi\u011fini belirterek, &#8220;Hamdolsun, \u015fu ana kadar \u00f6nemli herhangi bir olumsuzlu\u011fa rastlanmam\u0131\u015ft\u0131r. Ekiplerimiz saha taramalar\u0131na devam ediyor. T\u00fcm hem\u015fehrilerimize ge\u00e7mi\u015f olsun dileklerimi iletiyorum. Rabbim \u015fehrimizi ve \u00fclkemizi her t\u00fcrl\u00fc afetten muhafaza eylesin&#8221; ifadelerini kulland\u0131.<\/p>\n<p>Kaynak : trthaber.com<\/p>\n"},"alt_text":"","media_type":"image","mime_type":"image\/jpeg","media_details":{"width":768,"height":201,"file":"2026\/08\/1-15-768x201-117.jpg","sizes":{"medium":{"file":"1-15-768x201-117-300x79.jpg","width":300,"height":79,"mime_type":"image\/jpeg","source_url":"https:\/\/adanaseshaber.com.tr\/habercim\/wp-content\/uploads\/2026\/08\/1-15-768x201-117-300x79.jpg"},"thumbnail":{"file":"1-15-768x201-117-150x150.jpg","width":150,"height":150,"mime_type":"image\/jpeg","source_url":"https:\/\/adanaseshaber.com.tr\/habercim\/wp-content\/uploads\/2026\/08\/1-15-768x201-117-150x150.jpg"},"kucukResim":{"file":"1-15-768x201-117-80x50.jpg","width":80,"height":50,"mime_type":"image\/jpeg","source_url":"https:\/\/adanaseshaber.com.tr\/habercim\/wp-content\/uploads\/2026\/08\/1-15-768x201-117-80x50.jpg"},"sliderResim":{"file":"1-15-768x201-117-670x201.jpg","width":670,"height":201,"mime_type":"image\/jpeg","source_url":"https:\/\/adanaseshaber.com.tr\/habercim\/wp-content\/uploads\/2026\/08\/1-15-768x201-117-670x201.jpg"},"resim1":{"file":"1-15-768x201-117-184x140.jpg","width":184,"height":140,"mime_type":"image\/jpeg","source_url":"https:\/\/adanaseshaber.com.tr\/habercim\/wp-content\/uploads\/2026\/08\/1-15-768x201-117-184x140.jpg"},"resim2":{"file":"1-15-768x201-117-216x103.jpg","width":216,"height":103,"mime_type":"image\/jpeg","source_url":"https:\/\/adanaseshaber.com.tr\/habercim\/wp-content\/uploads\/2026\/08\/1-15-768x201-117-216x103.jpg"},"resim3":{"file":"1-15-768x201-117-145x70.jpg","width":145,"height":70,"mime_type":"image\/jpeg","source_url":"https:\/\/adanaseshaber.com.tr\/habercim\/wp-content\/uploads\/2026\/08\/1-15-768x201-117-145x70.jpg"},"sagSlider":{"file":"1-15-768x201-117-300x150.jpg","width":300,"height":150,"mime_type":"image\/jpeg","source_url":"https:\/\/adanaseshaber.com.tr\/habercim\/wp-content\/uploads\/2026\/08\/1-15-768x201-117-300x150.jpg"},"yeniSlider":{"file":"1-15-768x201-117-500x201.jpg","width":500,"height":201,"mime_type":"image\/jpeg","source_url":"https:\/\/adanaseshaber.com.tr\/habercim\/wp-content\/uploads\/2026\/08\/1-15-768x201-117-500x201.jpg"},"full":{"file":"1-15-768x201-117.jpg","width":768,"height":201,"mime_type":"image\/jpeg","source_url":"https:\/\/adanaseshaber.com.tr\/habercim\/wp-content\/uploads\/2026\/08\/1-15-768x201-117.jpg"}},"image_meta":{"aperture":"0","credit":"","camera":"","caption":"","created_timestamp":"0","copyright":"","focal_length":"0","iso":"0","shutter_speed":"0","title":"","orientation":"0","keywords":[]}},"post":51997,"source_url":"https:\/\/adanaseshaber.com.tr\/habercim\/wp-content\/uploads\/2026\/08\/1-15-768x201-117.jpg","_links":{"self":[{"href":"https:\/\/adanaseshaber.com.tr\/habercim\/wp-json\/wp\/v2\/media\/51999"}],"collection":[{"href":"https:\/\/adanaseshaber.com.tr\/habercim\/wp-json\/wp\/v2\/media"}],"about":[{"href":"https:\/\/adanaseshaber.com.tr\/habercim\/wp-json\/wp\/v2\/types\/attachment"}],"author":[{"embeddable":true,"href":"https:\/\/adanaseshaber.com.tr\/habercim\/wp-json\/wp\/v2\/users\/2"}],"replies":[{"embeddable":true,"href":"https:\/\/adanaseshaber.com.tr\/habercim\/wp-json\/wp\/v2\/comments?post=51999"}]}}