{"id":52009,"date":"2026-08-09T14:19:10","date_gmt":"2026-08-09T11:19:10","guid":{"rendered":"https:\/\/adanaseshaber.com.tr\/habercim\/wp-content\/uploads\/2026\/08\/1-15-768x201-121.jpg"},"modified":"2026-08-09T14:19:43","modified_gmt":"2026-08-09T11:19:43","slug":"1-15-768x201-2712","status":"inherit","type":"attachment","link":"https:\/\/adanaseshaber.com.tr\/habercim\/foto-galeri\/olay-yerinde\/attachment\/1-15-768x201-2712\/","title":{"rendered":"Olay yerinde"},"author":2,"comment_status":"open","ping_status":"closed","template":"","meta":[],"description":{"rendered":"<p class=\"attachment\"><a href='https:\/\/adanaseshaber.com.tr\/habercim\/wp-content\/uploads\/2026\/08\/1-15-768x201-121.jpg'><img width=\"300\" height=\"79\" src=\"https:\/\/adanaseshaber.com.tr\/habercim\/wp-content\/uploads\/2026\/08\/1-15-768x201-121-300x79.jpg\" class=\"attachment-medium size-medium\" alt=\"\" loading=\"lazy\" srcset=\"https:\/\/adanaseshaber.com.tr\/habercim\/wp-content\/uploads\/2026\/08\/1-15-768x201-121-300x79.jpg 300w, https:\/\/adanaseshaber.com.tr\/habercim\/wp-content\/uploads\/2026\/08\/1-15-768x201-121.jpg 768w\" sizes=\"(max-width: 300px) 100vw, 300px\" \/><\/a><\/p>\n"},"caption":{"rendered":"<p>\u0130stanbul Ba\u011fc\u0131lar\u2019da bo\u015f arsada oyun oynayan \u00e7ocuklar park halindeki arac\u0131n i\u00e7erisinde ceset buldu. Ceset, olay yerindeki incelemelerin ard\u0131ndan Adli T\u0131p Kurumu morguna kald\u0131r\u0131l\u0131rken, \u00e7evredekilerin cesetten gelen kokudan bir s\u00fcredir rahats\u0131z oldu\u011fu \u00f6\u011frenildi. Olay, Kemalpa\u015fa Mahallesi Nam\u0131k Kemal Caddesinde bulunan bo\u015f arsada \u00f6\u011flen saatlerinde meydana geldi.<br \/>\nBo\u015f arsada oyun oynayan \u00e7ocuklar park halindeki panelvan arac\u0131n i\u00e7erisinden a\u011f\u0131r kokular gelmesi \u00fczerine araca bakt\u0131lar. Arac\u0131n arka k\u0131sm\u0131nda hareketsiz yatan bir ki\u015fiyi g\u00f6ren \u00e7ocuklar durumu \u00e7evredekilere haber verdi.<br \/>\nArac\u0131n bagaj\u0131n\u0131 a\u00e7anlar hareketsiz yatan ki\u015fiyi g\u00f6r\u00fcnce durumu sa\u011fl\u0131k ve polis ekiplerine bildirdi. Olay yerine gelen sa\u011fl\u0131k ekipleri ara\u00e7ta bulunan ki\u015finin \u00f6ld\u00fc\u011f\u00fcn\u00fc ve cesedin \u015fi\u015fti\u011fini tespit etti. Ceset \u00fczerinde inceleme yapan polis ekipleri, Ferhat K\u0131l\u0131\u00e7arslan ad\u0131na d\u00fczenlenmi\u015f kimlik buldu. Polis ekipleri, arsa \u00e7evresinde g\u00fcvenlik \u00f6nlemi al\u0131rken, ceset incelmelerin ard\u0131ndan Adli T\u0131p Kurumu morguna kald\u0131r\u0131ld\u0131.<br \/>\nCaddeye yay\u0131lan kokudan rahats\u0131z olduklar\u0131n\u0131 s\u00f6yleyen Adil Benli, \u201cArac\u0131n i\u00e7erisinden koku geliyor, \u00e7ocuklar da merak edip bak\u0131yor. 10 g\u00fcnd\u00fcr zaten koku gittik\u00e7e art\u0131yordu. Polisler geldi, gereken yerler arand\u0131. Tan\u0131d\u0131\u011f\u0131m\u0131z, bildi\u011fimiz bir ki\u015fi. Mosmor olmu\u015f \u00e7\u00fcr\u00fcmeye ba\u015flam\u0131\u015f. Biz vidanj\u00f6r \u00e7a\u011f\u0131rd\u0131k alttan koku geliyor diye ama koku ara\u00e7tan geliyormu\u015f\u201d diye konu\u015ftu.<br \/>\n\u00d6te yandan, cesedin yakla\u015f\u0131k bir haftad\u0131r ara\u00e7ta oldu\u011fu d\u00fc\u015f\u00fcn\u00fcl\u00fcyor. <\/p>\n<p>Kaynak : cumhuriyet.com.tr<\/p>\n"},"alt_text":"","media_type":"image","mime_type":"image\/jpeg","media_details":{"width":768,"height":201,"file":"2026\/08\/1-15-768x201-121.jpg","sizes":{"medium":{"file":"1-15-768x201-121-300x79.jpg","width":300,"height":79,"mime_type":"image\/jpeg","source_url":"https:\/\/adanaseshaber.com.tr\/habercim\/wp-content\/uploads\/2026\/08\/1-15-768x201-121-300x79.jpg"},"thumbnail":{"file":"1-15-768x201-121-150x150.jpg","width":150,"height":150,"mime_type":"image\/jpeg","source_url":"https:\/\/adanaseshaber.com.tr\/habercim\/wp-content\/uploads\/2026\/08\/1-15-768x201-121-150x150.jpg"},"kucukResim":{"file":"1-15-768x201-121-80x50.jpg","width":80,"height":50,"mime_type":"image\/jpeg","source_url":"https:\/\/adanaseshaber.com.tr\/habercim\/wp-content\/uploads\/2026\/08\/1-15-768x201-121-80x50.jpg"},"sliderResim":{"file":"1-15-768x201-121-670x201.jpg","width":670,"height":201,"mime_type":"image\/jpeg","source_url":"https:\/\/adanaseshaber.com.tr\/habercim\/wp-content\/uploads\/2026\/08\/1-15-768x201-121-670x201.jpg"},"resim1":{"file":"1-15-768x201-121-184x140.jpg","width":184,"height":140,"mime_type":"image\/jpeg","source_url":"https:\/\/adanaseshaber.com.tr\/habercim\/wp-content\/uploads\/2026\/08\/1-15-768x201-121-184x140.jpg"},"resim2":{"file":"1-15-768x201-121-216x103.jpg","width":216,"height":103,"mime_type":"image\/jpeg","source_url":"https:\/\/adanaseshaber.com.tr\/habercim\/wp-content\/uploads\/2026\/08\/1-15-768x201-121-216x103.jpg"},"resim3":{"file":"1-15-768x201-121-145x70.jpg","width":145,"height":70,"mime_type":"image\/jpeg","source_url":"https:\/\/adanaseshaber.com.tr\/habercim\/wp-content\/uploads\/2026\/08\/1-15-768x201-121-145x70.jpg"},"sagSlider":{"file":"1-15-768x201-121-300x150.jpg","width":300,"height":150,"mime_type":"image\/jpeg","source_url":"https:\/\/adanaseshaber.com.tr\/habercim\/wp-content\/uploads\/2026\/08\/1-15-768x201-121-300x150.jpg"},"yeniSlider":{"file":"1-15-768x201-121-500x201.jpg","width":500,"height":201,"mime_type":"image\/jpeg","source_url":"https:\/\/adanaseshaber.com.tr\/habercim\/wp-content\/uploads\/2026\/08\/1-15-768x201-121-500x201.jpg"},"full":{"file":"1-15-768x201-121.jpg","width":768,"height":201,"mime_type":"image\/jpeg","source_url":"https:\/\/adanaseshaber.com.tr\/habercim\/wp-content\/uploads\/2026\/08\/1-15-768x201-121.jpg"}},"image_meta":{"aperture":"0","credit":"","camera":"","caption":"","created_timestamp":"0","copyright":"","focal_length":"0","iso":"0","shutter_speed":"0","title":"","orientation":"0","keywords":[]}},"post":52007,"source_url":"https:\/\/adanaseshaber.com.tr\/habercim\/wp-content\/uploads\/2026\/08\/1-15-768x201-121.jpg","_links":{"self":[{"href":"https:\/\/adanaseshaber.com.tr\/habercim\/wp-json\/wp\/v2\/media\/52009"}],"collection":[{"href":"https:\/\/adanaseshaber.com.tr\/habercim\/wp-json\/wp\/v2\/media"}],"about":[{"href":"https:\/\/adanaseshaber.com.tr\/habercim\/wp-json\/wp\/v2\/types\/attachment"}],"author":[{"embeddable":true,"href":"https:\/\/adanaseshaber.com.tr\/habercim\/wp-json\/wp\/v2\/users\/2"}],"replies":[{"embeddable":true,"href":"https:\/\/adanaseshaber.com.tr\/habercim\/wp-json\/wp\/v2\/comments?post=52009"}]}}