{"id":52013,"date":"2026-08-09T14:24:10","date_gmt":"2026-08-09T11:24:10","guid":{"rendered":"https:\/\/adanaseshaber.com.tr\/habercim\/wp-content\/uploads\/2026\/08\/80-205-768x384-1-6.webp"},"modified":"2026-08-09T14:25:01","modified_gmt":"2026-08-09T11:25:01","slug":"80-205-768x384-1-251","status":"inherit","type":"attachment","link":"https:\/\/adanaseshaber.com.tr\/habercim\/foto-galeri\/dovmeyi-gorurseniz\/attachment\/80-205-768x384-1-251\/","title":{"rendered":"D\u00f6vmeyi G\u00f6r\u00fcrseniz"},"author":2,"comment_status":"open","ping_status":"closed","template":"","meta":[],"description":{"rendered":"<p class=\"attachment\"><a href='https:\/\/adanaseshaber.com.tr\/habercim\/wp-content\/uploads\/2026\/08\/80-205-768x384-1-6.webp'><img width=\"300\" height=\"150\" src=\"https:\/\/adanaseshaber.com.tr\/habercim\/wp-content\/uploads\/2026\/08\/80-205-768x384-1-6-300x150.webp\" class=\"attachment-medium size-medium\" alt=\"\" loading=\"lazy\" srcset=\"https:\/\/adanaseshaber.com.tr\/habercim\/wp-content\/uploads\/2026\/08\/80-205-768x384-1-6-300x150.webp 300w, https:\/\/adanaseshaber.com.tr\/habercim\/wp-content\/uploads\/2026\/08\/80-205-768x384-1-6.webp 768w\" sizes=\"(max-width: 300px) 100vw, 300px\" \/><\/a><\/p>\n"},"caption":{"rendered":"<p>\u0130zmir\u2019in \u00c7i\u011fli il\u00e7esinde, h\u0131rs\u0131zl\u0131k yapt\u0131\u011f\u0131 s\u0131rada su\u00e7\u00fcst\u00fc yakalanan zanl\u0131n\u0131n ger\u00e7ek kimli\u011fi, kolundaki \u00fc\u00e7 noktal\u0131 d\u00f6vmeden belirlendi. Polis, hapishaneye girip bir s\u00fcre kald\u0131ktan sonra \u00e7\u0131kan ki\u015filerin genellikle kollar\u0131na yapt\u0131rd\u0131klar\u0131, \u2018G\u00f6rmedim, duymad\u0131m, bilmiyorum\u2019 anlam\u0131na gelen \u2018\u00fc\u00e7 nokta\u2019 d\u00f6vmesi sayesinde zanl\u0131n\u0131n ger\u00e7ek kimli\u011fine ula\u015ft\u0131. G\u00f6zalt\u0131na al\u0131nan zanl\u0131n\u0131n, 4 ay \u00f6nce Mardin\u2019deki asker\u00ee birli\u011finden de firar etti\u011fi anla\u015f\u0131ld\u0131.<\/p>\n<p>devam\u0131 sonraki sayfada\u2026<\/p>\n"},"alt_text":"","media_type":"image","mime_type":"image\/webp","media_details":{"width":768,"height":384,"file":"2026\/08\/80-205-768x384-1-6.webp","sizes":{"medium":{"file":"80-205-768x384-1-6-300x150.webp","width":300,"height":150,"mime_type":"image\/webp","source_url":"https:\/\/adanaseshaber.com.tr\/habercim\/wp-content\/uploads\/2026\/08\/80-205-768x384-1-6-300x150.webp"},"thumbnail":{"file":"80-205-768x384-1-6-150x150.webp","width":150,"height":150,"mime_type":"image\/webp","source_url":"https:\/\/adanaseshaber.com.tr\/habercim\/wp-content\/uploads\/2026\/08\/80-205-768x384-1-6-150x150.webp"},"kucukResim":{"file":"80-205-768x384-1-6-80x50.webp","width":80,"height":50,"mime_type":"image\/webp","source_url":"https:\/\/adanaseshaber.com.tr\/habercim\/wp-content\/uploads\/2026\/08\/80-205-768x384-1-6-80x50.webp"},"sliderResim":{"file":"80-205-768x384-1-6-670x330.webp","width":670,"height":330,"mime_type":"image\/webp","source_url":"https:\/\/adanaseshaber.com.tr\/habercim\/wp-content\/uploads\/2026\/08\/80-205-768x384-1-6-670x330.webp"},"resim1":{"file":"80-205-768x384-1-6-184x140.webp","width":184,"height":140,"mime_type":"image\/webp","source_url":"https:\/\/adanaseshaber.com.tr\/habercim\/wp-content\/uploads\/2026\/08\/80-205-768x384-1-6-184x140.webp"},"resim2":{"file":"80-205-768x384-1-6-216x103.webp","width":216,"height":103,"mime_type":"image\/webp","source_url":"https:\/\/adanaseshaber.com.tr\/habercim\/wp-content\/uploads\/2026\/08\/80-205-768x384-1-6-216x103.webp"},"resim3":{"file":"80-205-768x384-1-6-145x70.webp","width":145,"height":70,"mime_type":"image\/webp","source_url":"https:\/\/adanaseshaber.com.tr\/habercim\/wp-content\/uploads\/2026\/08\/80-205-768x384-1-6-145x70.webp"},"sagSlider":{"file":"80-205-768x384-1-6-300x150.webp","width":300,"height":150,"mime_type":"image\/webp","source_url":"https:\/\/adanaseshaber.com.tr\/habercim\/wp-content\/uploads\/2026\/08\/80-205-768x384-1-6-300x150.webp"},"yeniSlider":{"file":"80-205-768x384-1-6-500x290.webp","width":500,"height":290,"mime_type":"image\/webp","source_url":"https:\/\/adanaseshaber.com.tr\/habercim\/wp-content\/uploads\/2026\/08\/80-205-768x384-1-6-500x290.webp"},"full":{"file":"80-205-768x384-1-6.webp","width":768,"height":384,"mime_type":"image\/webp","source_url":"https:\/\/adanaseshaber.com.tr\/habercim\/wp-content\/uploads\/2026\/08\/80-205-768x384-1-6.webp"}},"image_meta":{"aperture":"0","credit":"","camera":"","caption":"","created_timestamp":"0","copyright":"","focal_length":"0","iso":"0","shutter_speed":"0","title":"","orientation":"0","keywords":[]}},"post":52012,"source_url":"https:\/\/adanaseshaber.com.tr\/habercim\/wp-content\/uploads\/2026\/08\/80-205-768x384-1-6.webp","_links":{"self":[{"href":"https:\/\/adanaseshaber.com.tr\/habercim\/wp-json\/wp\/v2\/media\/52013"}],"collection":[{"href":"https:\/\/adanaseshaber.com.tr\/habercim\/wp-json\/wp\/v2\/media"}],"about":[{"href":"https:\/\/adanaseshaber.com.tr\/habercim\/wp-json\/wp\/v2\/types\/attachment"}],"author":[{"embeddable":true,"href":"https:\/\/adanaseshaber.com.tr\/habercim\/wp-json\/wp\/v2\/users\/2"}],"replies":[{"embeddable":true,"href":"https:\/\/adanaseshaber.com.tr\/habercim\/wp-json\/wp\/v2\/comments?post=52013"}]}}