{"id":52014,"date":"2026-08-09T14:24:18","date_gmt":"2026-08-09T11:24:18","guid":{"rendered":"https:\/\/adanaseshaber.com.tr\/habercim\/wp-content\/uploads\/2026\/08\/1-15-768x201-123.jpg"},"modified":"2026-08-09T14:25:42","modified_gmt":"2026-08-09T11:25:42","slug":"1-15-768x201-2714","status":"inherit","type":"attachment","link":"https:\/\/adanaseshaber.com.tr\/habercim\/foto-galeri\/dovmeyi-gorurseniz\/attachment\/1-15-768x201-2714\/","title":{"rendered":"D\u00f6vmeyi G\u00f6r\u00fcrseniz"},"author":2,"comment_status":"open","ping_status":"closed","template":"","meta":[],"description":{"rendered":"<p class=\"attachment\"><a href='https:\/\/adanaseshaber.com.tr\/habercim\/wp-content\/uploads\/2026\/08\/1-15-768x201-123.jpg'><img width=\"300\" height=\"79\" src=\"https:\/\/adanaseshaber.com.tr\/habercim\/wp-content\/uploads\/2026\/08\/1-15-768x201-123-300x79.jpg\" class=\"attachment-medium size-medium\" alt=\"\" loading=\"lazy\" srcset=\"https:\/\/adanaseshaber.com.tr\/habercim\/wp-content\/uploads\/2026\/08\/1-15-768x201-123-300x79.jpg 300w, https:\/\/adanaseshaber.com.tr\/habercim\/wp-content\/uploads\/2026\/08\/1-15-768x201-123.jpg 768w\" sizes=\"(max-width: 300px) 100vw, 300px\" \/><\/a><\/p>\n"},"caption":{"rendered":"<p>H\u0131rs\u0131zl\u0131k, Cumhuriyet Mahallesi 30 A\u011fustos Caddesi\u2019nde, S.K. adl\u0131 vatanda\u015f\u0131n evinde meydana geldi. Eve giren zanl\u0131, birer adet alt\u0131n yonca, alt\u0131n \u2018Y\u2019 harfi, alt\u0131n \u2018A\u2019 harfi ve alt\u0131n y\u00fcz\u00fck \u00e7ald\u0131ktan sonra ka\u00e7maya \u00e7al\u0131\u015f\u0131rken ev sahibi ve \u00e7evredeki vatanda\u015flar taraf\u0131ndan kovalamaca sonucu yakalanarak darp edildi. H\u0131rs\u0131zl\u0131k zanl\u0131s\u0131n\u0131 yakalayan vatanda\u015flar, durumu polise bildirdi. Olay yerine gelen polis ekipleri, \u00fczerinden \u0130smail A. ad\u0131na d\u00fczenlenmi\u015f kimlik \u00e7\u0131kan zanl\u0131y\u0131 g\u00f6zalt\u0131na ald\u0131.<br \/>\n\u0130l Emniyet M\u00fcd\u00fcrl\u00fc\u011f\u00fc H\u0131rs\u0131zl\u0131k B\u00fcro Amirli\u011fi ekipleri, \u0130smail A. ad\u0131na d\u00fczenlenmi\u015f kimlikle yakalanan zanl\u0131n\u0131n sab\u0131kas\u0131na rastlamad\u0131. H\u0131rs\u0131zl\u0131k B\u00fcrosu\u2019nun tecr\u00fcbeli dedektifleri zanl\u0131n\u0131n kolundaki \u00fc\u00e7 noktal\u0131 d\u00f6vmeyi fark edince soru\u015fturman\u0131n seyri bir anda de\u011fi\u015fti. D\u00d6VMEN\u0130N SIRRI \u00dc\u00c7 NOKTADA G\u0130ZL\u0130<br \/>\n\u00dc\u00e7 noktal\u0131 d\u00f6vmeyi genellikle hapishanede kalan ki\u015filerin, di\u011fer su\u00e7lulara g\u00fcvenilir oldu\u011funu ifade etmek i\u00e7in ellerine yapt\u0131rd\u0131\u011f\u0131n\u0131 ve, \u2018G\u00f6rmedim, duymad\u0131m, bilmiyorum\u2019 anlam\u0131na geldi\u011fini bilen polis, zanl\u0131y\u0131 yeniden sorgulad\u0131. Kolundaki d\u00f6vmeyi neden yapt\u0131rd\u0131\u011f\u0131 sorulunca zanl\u0131, ger\u00e7e\u011fi s\u00f6ylemek zorunda kald\u0131. Ger\u00e7ek ad\u0131n\u0131n Ferhat A. oldu\u011funu itiraf etti.<\/p>\n<p>Ferhat A.\u2019n\u0131n incelemesinde, daha \u00f6nce 14 su\u00e7tan poliste kayd\u0131 bulundu\u011fu ortaya \u00e7\u0131kt\u0131. Zanl\u0131 hakk\u0131nda ayr\u0131ca h\u0131rs\u0131zl\u0131k su\u00e7undan kesinle\u015fmi\u015f 2 y\u0131l 6 ay hapis cezas\u0131 bulundu\u011fu ve 4 ay \u00f6nce Mardin\u2019de bulunan asker\u00ee birli\u011finden firar etti\u011fi belirlendi. H\u0131rs\u0131zl\u0131k B\u00fcro Amirli\u011fi\u2019ndeki i\u015flemleri tamamlanan zanl\u0131, asker\u00ee inzibat ekiplerine teslim edildi.<\/p>\n<p>Kaynak : haberturk.com<\/p>\n"},"alt_text":"","media_type":"image","mime_type":"image\/jpeg","media_details":{"width":768,"height":201,"file":"2026\/08\/1-15-768x201-123.jpg","sizes":{"medium":{"file":"1-15-768x201-123-300x79.jpg","width":300,"height":79,"mime_type":"image\/jpeg","source_url":"https:\/\/adanaseshaber.com.tr\/habercim\/wp-content\/uploads\/2026\/08\/1-15-768x201-123-300x79.jpg"},"thumbnail":{"file":"1-15-768x201-123-150x150.jpg","width":150,"height":150,"mime_type":"image\/jpeg","source_url":"https:\/\/adanaseshaber.com.tr\/habercim\/wp-content\/uploads\/2026\/08\/1-15-768x201-123-150x150.jpg"},"kucukResim":{"file":"1-15-768x201-123-80x50.jpg","width":80,"height":50,"mime_type":"image\/jpeg","source_url":"https:\/\/adanaseshaber.com.tr\/habercim\/wp-content\/uploads\/2026\/08\/1-15-768x201-123-80x50.jpg"},"sliderResim":{"file":"1-15-768x201-123-670x201.jpg","width":670,"height":201,"mime_type":"image\/jpeg","source_url":"https:\/\/adanaseshaber.com.tr\/habercim\/wp-content\/uploads\/2026\/08\/1-15-768x201-123-670x201.jpg"},"resim1":{"file":"1-15-768x201-123-184x140.jpg","width":184,"height":140,"mime_type":"image\/jpeg","source_url":"https:\/\/adanaseshaber.com.tr\/habercim\/wp-content\/uploads\/2026\/08\/1-15-768x201-123-184x140.jpg"},"resim2":{"file":"1-15-768x201-123-216x103.jpg","width":216,"height":103,"mime_type":"image\/jpeg","source_url":"https:\/\/adanaseshaber.com.tr\/habercim\/wp-content\/uploads\/2026\/08\/1-15-768x201-123-216x103.jpg"},"resim3":{"file":"1-15-768x201-123-145x70.jpg","width":145,"height":70,"mime_type":"image\/jpeg","source_url":"https:\/\/adanaseshaber.com.tr\/habercim\/wp-content\/uploads\/2026\/08\/1-15-768x201-123-145x70.jpg"},"sagSlider":{"file":"1-15-768x201-123-300x150.jpg","width":300,"height":150,"mime_type":"image\/jpeg","source_url":"https:\/\/adanaseshaber.com.tr\/habercim\/wp-content\/uploads\/2026\/08\/1-15-768x201-123-300x150.jpg"},"yeniSlider":{"file":"1-15-768x201-123-500x201.jpg","width":500,"height":201,"mime_type":"image\/jpeg","source_url":"https:\/\/adanaseshaber.com.tr\/habercim\/wp-content\/uploads\/2026\/08\/1-15-768x201-123-500x201.jpg"},"full":{"file":"1-15-768x201-123.jpg","width":768,"height":201,"mime_type":"image\/jpeg","source_url":"https:\/\/adanaseshaber.com.tr\/habercim\/wp-content\/uploads\/2026\/08\/1-15-768x201-123.jpg"}},"image_meta":{"aperture":"0","credit":"","camera":"","caption":"","created_timestamp":"0","copyright":"","focal_length":"0","iso":"0","shutter_speed":"0","title":"","orientation":"0","keywords":[]}},"post":52012,"source_url":"https:\/\/adanaseshaber.com.tr\/habercim\/wp-content\/uploads\/2026\/08\/1-15-768x201-123.jpg","_links":{"self":[{"href":"https:\/\/adanaseshaber.com.tr\/habercim\/wp-json\/wp\/v2\/media\/52014"}],"collection":[{"href":"https:\/\/adanaseshaber.com.tr\/habercim\/wp-json\/wp\/v2\/media"}],"about":[{"href":"https:\/\/adanaseshaber.com.tr\/habercim\/wp-json\/wp\/v2\/types\/attachment"}],"author":[{"embeddable":true,"href":"https:\/\/adanaseshaber.com.tr\/habercim\/wp-json\/wp\/v2\/users\/2"}],"replies":[{"embeddable":true,"href":"https:\/\/adanaseshaber.com.tr\/habercim\/wp-json\/wp\/v2\/comments?post=52014"}]}}