{"id":52018,"date":"2026-08-09T22:19:08","date_gmt":"2026-08-09T19:19:08","guid":{"rendered":"https:\/\/adanaseshaber.com.tr\/habercim\/wp-content\/uploads\/2026\/08\/thumbs_m_c_f9c173f5b3126411ccf6bc4c405c1e4e-3-1-1.jpg"},"modified":"2026-08-09T22:19:31","modified_gmt":"2026-08-09T19:19:31","slug":"thumbs_m_c_f9c173f5b3126411ccf6bc4c405c1e4e-3-1-3","status":"inherit","type":"attachment","link":"https:\/\/adanaseshaber.com.tr\/habercim\/foto-galeri\/surucu-belgelerinde-trafik-2\/attachment\/thumbs_m_c_f9c173f5b3126411ccf6bc4c405c1e4e-3-1-3\/","title":{"rendered":"S\u00fcr\u00fcc\u00fc belgelerinde trafik"},"author":2,"comment_status":"open","ping_status":"closed","template":"","meta":[],"description":{"rendered":"<p class=\"attachment\"><a href='https:\/\/adanaseshaber.com.tr\/habercim\/wp-content\/uploads\/2026\/08\/thumbs_m_c_f9c173f5b3126411ccf6bc4c405c1e4e-3-1-1.jpg'><img width=\"300\" height=\"169\" src=\"https:\/\/adanaseshaber.com.tr\/habercim\/wp-content\/uploads\/2026\/08\/thumbs_m_c_f9c173f5b3126411ccf6bc4c405c1e4e-3-1-1-300x169.jpg\" class=\"attachment-medium size-medium\" alt=\"\" loading=\"lazy\" srcset=\"https:\/\/adanaseshaber.com.tr\/habercim\/wp-content\/uploads\/2026\/08\/thumbs_m_c_f9c173f5b3126411ccf6bc4c405c1e4e-3-1-1-300x169.jpg 300w, https:\/\/adanaseshaber.com.tr\/habercim\/wp-content\/uploads\/2026\/08\/thumbs_m_c_f9c173f5b3126411ccf6bc4c405c1e4e-3-1-1.jpg 384w\" sizes=\"(max-width: 300px) 100vw, 300px\" \/><\/a><\/p>\n"},"caption":{"rendered":"<p>S\u00fcr\u00fcc\u00fc belgelerinde trafik g\u00fcvenli\u011fi odakl\u0131 yeni bir d\u00f6neme girilirken, ileri ya\u015f grubundaki yurtta\u015flar i\u00e7in ehliyet yenileme ve sa\u011fl\u0131k kontrol\u00fc s\u00fcreleri s\u0131k\u0131la\u015ft\u0131r\u0131ld\u0131. Ticari ara\u00e7 kullan\u0131m\u0131nda ya\u015f s\u0131n\u0131r\u0131n\u0131n yeniden d\u00fczenlendi\u011fi uygulama kapsam\u0131nda, mesleki yeterlilik belgeleri de yol g\u00fcvenli\u011finin temel \u015fart\u0131 haline getiriliyor.<br \/>\nBaz\u0131 ki\u015fileri iptal ediliyor\u2026<\/p>\n<p>devam\u0131 sonraki sayfada\u2026 g\u00f6rsel \u00fczerinden do2\u2019kununuz ge\u00e7ebilirsiniz\u2026.<\/p>\n"},"alt_text":"","media_type":"image","mime_type":"image\/jpeg","media_details":{"width":384,"height":216,"file":"2026\/08\/thumbs_m_c_f9c173f5b3126411ccf6bc4c405c1e4e-3-1-1.jpg","sizes":{"medium":{"file":"thumbs_m_c_f9c173f5b3126411ccf6bc4c405c1e4e-3-1-1-300x169.jpg","width":300,"height":169,"mime_type":"image\/jpeg","source_url":"https:\/\/adanaseshaber.com.tr\/habercim\/wp-content\/uploads\/2026\/08\/thumbs_m_c_f9c173f5b3126411ccf6bc4c405c1e4e-3-1-1-300x169.jpg"},"thumbnail":{"file":"thumbs_m_c_f9c173f5b3126411ccf6bc4c405c1e4e-3-1-1-150x150.jpg","width":150,"height":150,"mime_type":"image\/jpeg","source_url":"https:\/\/adanaseshaber.com.tr\/habercim\/wp-content\/uploads\/2026\/08\/thumbs_m_c_f9c173f5b3126411ccf6bc4c405c1e4e-3-1-1-150x150.jpg"},"kucukResim":{"file":"thumbs_m_c_f9c173f5b3126411ccf6bc4c405c1e4e-3-1-1-80x50.jpg","width":80,"height":50,"mime_type":"image\/jpeg","source_url":"https:\/\/adanaseshaber.com.tr\/habercim\/wp-content\/uploads\/2026\/08\/thumbs_m_c_f9c173f5b3126411ccf6bc4c405c1e4e-3-1-1-80x50.jpg"},"resim1":{"file":"thumbs_m_c_f9c173f5b3126411ccf6bc4c405c1e4e-3-1-1-184x140.jpg","width":184,"height":140,"mime_type":"image\/jpeg","source_url":"https:\/\/adanaseshaber.com.tr\/habercim\/wp-content\/uploads\/2026\/08\/thumbs_m_c_f9c173f5b3126411ccf6bc4c405c1e4e-3-1-1-184x140.jpg"},"resim2":{"file":"thumbs_m_c_f9c173f5b3126411ccf6bc4c405c1e4e-3-1-1-216x103.jpg","width":216,"height":103,"mime_type":"image\/jpeg","source_url":"https:\/\/adanaseshaber.com.tr\/habercim\/wp-content\/uploads\/2026\/08\/thumbs_m_c_f9c173f5b3126411ccf6bc4c405c1e4e-3-1-1-216x103.jpg"},"resim3":{"file":"thumbs_m_c_f9c173f5b3126411ccf6bc4c405c1e4e-3-1-1-145x70.jpg","width":145,"height":70,"mime_type":"image\/jpeg","source_url":"https:\/\/adanaseshaber.com.tr\/habercim\/wp-content\/uploads\/2026\/08\/thumbs_m_c_f9c173f5b3126411ccf6bc4c405c1e4e-3-1-1-145x70.jpg"},"sagSlider":{"file":"thumbs_m_c_f9c173f5b3126411ccf6bc4c405c1e4e-3-1-1-300x150.jpg","width":300,"height":150,"mime_type":"image\/jpeg","source_url":"https:\/\/adanaseshaber.com.tr\/habercim\/wp-content\/uploads\/2026\/08\/thumbs_m_c_f9c173f5b3126411ccf6bc4c405c1e4e-3-1-1-300x150.jpg"},"full":{"file":"thumbs_m_c_f9c173f5b3126411ccf6bc4c405c1e4e-3-1-1.jpg","width":384,"height":216,"mime_type":"image\/jpeg","source_url":"https:\/\/adanaseshaber.com.tr\/habercim\/wp-content\/uploads\/2026\/08\/thumbs_m_c_f9c173f5b3126411ccf6bc4c405c1e4e-3-1-1.jpg"}},"image_meta":{"aperture":"0","credit":"","camera":"","caption":"","created_timestamp":"0","copyright":"","focal_length":"0","iso":"0","shutter_speed":"0","title":"","orientation":"0","keywords":[]}},"post":52017,"source_url":"https:\/\/adanaseshaber.com.tr\/habercim\/wp-content\/uploads\/2026\/08\/thumbs_m_c_f9c173f5b3126411ccf6bc4c405c1e4e-3-1-1.jpg","_links":{"self":[{"href":"https:\/\/adanaseshaber.com.tr\/habercim\/wp-json\/wp\/v2\/media\/52018"}],"collection":[{"href":"https:\/\/adanaseshaber.com.tr\/habercim\/wp-json\/wp\/v2\/media"}],"about":[{"href":"https:\/\/adanaseshaber.com.tr\/habercim\/wp-json\/wp\/v2\/types\/attachment"}],"author":[{"embeddable":true,"href":"https:\/\/adanaseshaber.com.tr\/habercim\/wp-json\/wp\/v2\/users\/2"}],"replies":[{"embeddable":true,"href":"https:\/\/adanaseshaber.com.tr\/habercim\/wp-json\/wp\/v2\/comments?post=52018"}]}}