{"id":52019,"date":"2026-08-09T22:19:12","date_gmt":"2026-08-09T19:19:12","guid":{"rendered":"https:\/\/adanaseshaber.com.tr\/habercim\/wp-content\/uploads\/2026\/08\/1-15-768x201-125.jpg"},"modified":"2026-08-09T22:21:26","modified_gmt":"2026-08-09T19:21:26","slug":"1-15-768x201-2716","status":"inherit","type":"attachment","link":"https:\/\/adanaseshaber.com.tr\/habercim\/foto-galeri\/surucu-belgelerinde-trafik-2\/attachment\/1-15-768x201-2716\/","title":{"rendered":"S\u00fcr\u00fcc\u00fc belgelerinde trafik"},"author":2,"comment_status":"open","ping_status":"closed","template":"","meta":[],"description":{"rendered":"<p class=\"attachment\"><a href='https:\/\/adanaseshaber.com.tr\/habercim\/wp-content\/uploads\/2026\/08\/1-15-768x201-125.jpg'><img width=\"300\" height=\"79\" src=\"https:\/\/adanaseshaber.com.tr\/habercim\/wp-content\/uploads\/2026\/08\/1-15-768x201-125-300x79.jpg\" class=\"attachment-medium size-medium\" alt=\"\" loading=\"lazy\" srcset=\"https:\/\/adanaseshaber.com.tr\/habercim\/wp-content\/uploads\/2026\/08\/1-15-768x201-125-300x79.jpg 300w, https:\/\/adanaseshaber.com.tr\/habercim\/wp-content\/uploads\/2026\/08\/1-15-768x201-125.jpg 768w\" sizes=\"(max-width: 300px) 100vw, 300px\" \/><\/a><\/p>\n"},"caption":{"rendered":"<p>T\u00fcrkiye genelinde s\u00fcr\u00fcc\u00fcleri ilgilendiren yeni d\u00fczenlemeler i\u00e7in \u00e7al\u0131\u015fmalar devam ediyor. \u00d6zellikle ileri ya\u015f grubundaki s\u00fcr\u00fcc\u00fclerin sa\u011fl\u0131k durumlar\u0131n\u0131n ve ara\u00e7 kullanma yeterliliklerinin daha d\u00fczenli \u015fekilde kontrol edilmesi hedeflenirken, ehliyet yenileme s\u00fcre\u00e7lerinde de kapsaml\u0131 de\u011fi\u015fiklikler planlan\u0131yor. Yeni uygulamalarla birlikte s\u00fcr\u00fcc\u00fc de\u011ferlendirme kriterlerinin daha s\u0131k\u0131 hale getirilmesi bekleniyor.<br \/>\nYeni d\u00fczenlemeye g\u00f6re 65 ya\u015f\u0131n\u0131 ge\u00e7en s\u00fcr\u00fcc\u00fclerin her \u00fc\u00e7 y\u0131lda bir sa\u011fl\u0131k raporu alarak ehliyetlerini yenilemeleri gerekecek. 80 ya\u015f\u0131n\u0131 a\u015fan s\u00fcr\u00fcc\u00fcler i\u00e7in ise bu s\u00fcre iki y\u0131la d\u00fc\u015f\u00fcr\u00fcld\u00fc. B\u00f6ylece ileri ya\u015f s\u00fcr\u00fcc\u00fcler i\u00e7in hem sa\u011fl\u0131k kontrollerinin hem de ehliyet yenileme s\u0131kl\u0131\u011f\u0131n\u0131n art\u0131r\u0131lmas\u0131 \u00f6ng\u00f6r\u00fcl\u00fcyor.<br \/>\nT\u0130CAR\u0130 ARA\u00c7 KULLANIMINDA YA\u015e VE YETERL\u0130L\u0130K \u015eARTLARI<br \/>\nKarayolu Ta\u015f\u0131ma Y\u00f6netmeli\u011fi\u2019nde yap\u0131lan g\u00fcncellemelerle ticari ara\u00e7 kullanacak s\u00fcr\u00fcc\u00fcler i\u00e7in yeni ya\u015f ve yeterlilik \u015fartlar\u0131 getirildi. B\u00fcy\u00fck otob\u00fcs kullanan \u015fof\u00f6rlerde en az 26 ya\u015f \u015fart\u0131 korunurken, ticari ara\u00e7 kullanacak s\u00fcr\u00fcc\u00fclerin 66 ya\u015f\u0131n\u0131 doldurmam\u0131\u015f olmas\u0131 gerekecek. Ula\u015ft\u0131rma ve Altyap\u0131 Bakanl\u0131\u011f\u0131 taraf\u0131ndan Aral\u0131k 2023\u2019te al\u0131nan ge\u00e7ici kararla bu \u00fcst ya\u015f s\u0131n\u0131r\u0131 69\u2019a \u00e7\u0131kar\u0131lm\u0131\u015f, salg\u0131n sonras\u0131 artan lojistik hareketlilik ve 6 \u015eubat depremleri nedeniyle uygulama bir s\u00fcre uzat\u0131lm\u0131\u015ft\u0131. Ge\u00e7ici d\u00fczenleme kapsam\u0131nda 68 ve 69 ya\u015f\u0131ndaki s\u00fcr\u00fcc\u00fclerin ticari ara\u00e7 kullan\u0131m\u0131na izin verilmemi\u015fti. MESLEK\u0130 YETERL\u0130L\u0130K BELGES\u0130 ZORUNLU OLACAK<br \/>\nYeni d\u00fczenlemeyle birlikte ticari ara\u00e7 s\u00fcr\u00fcc\u00fclerinin mesleki yeterlilik belgelerini bulundurmalar\u0131 da zorunlu hale getirildi. D\u00fczenlemenin hem trafik g\u00fcvenli\u011fi hem de yol g\u00fcvenli\u011fini art\u0131rmay\u0131 ama\u00e7lad\u0131\u011f\u0131 belirtiliyor. 80 YA\u015e \u00dcST\u00dc S\u00dcR\u00dcC\u00dcLERDE \u0130K\u0130 YILDA B\u0130R YEN\u0130LEME<br \/>\n65 ya\u015f \u00fcst\u00fc s\u00fcr\u00fcc\u00fcler i\u00e7in \u00fc\u00e7 y\u0131lda bir, 80 ya\u015f \u00fcst\u00fc s\u00fcr\u00fcc\u00fcler i\u00e7in ise iki y\u0131lda bir sa\u011fl\u0131k raporu ile ehliyet yenileme zorunlulu\u011fu uygulanacak. S\u00f6z konusu d\u00fczenlemenin, ya\u015fl\u0131 s\u00fcr\u00fcc\u00fclerin hem kendi g\u00fcvenlikleri hem de di\u011fer yol kullan\u0131c\u0131lar\u0131n\u0131n g\u00fcvenli\u011fi a\u00e7\u0131s\u0131ndan \u00f6nem ta\u015f\u0131d\u0131\u011f\u0131 de\u011ferlendiriliyor. \u00d6n\u00fcm\u00fczdeki g\u00fcnlerde ilgili kurumlar\u0131n uygulaman\u0131n detaylar\u0131na ili\u015fkin ek a\u00e7\u0131klamalar yapmas\u0131 bekleniyor. S\u00fcr\u00fcc\u00fclerin ma\u011fduriyet ya\u015famamas\u0131 i\u00e7in sa\u011fl\u0131k kontrollerini zaman\u0131nda yapt\u0131rmalar\u0131 ve ehliyet yenileme s\u00fcre\u00e7lerini takip etmeleri gerekti\u011fi ifade ediliyor.<\/p>\n<p>Kaynak : cumhuriyet.com.tr<\/p>\n"},"alt_text":"","media_type":"image","mime_type":"image\/jpeg","media_details":{"width":768,"height":201,"file":"2026\/08\/1-15-768x201-125.jpg","sizes":{"medium":{"file":"1-15-768x201-125-300x79.jpg","width":300,"height":79,"mime_type":"image\/jpeg","source_url":"https:\/\/adanaseshaber.com.tr\/habercim\/wp-content\/uploads\/2026\/08\/1-15-768x201-125-300x79.jpg"},"thumbnail":{"file":"1-15-768x201-125-150x150.jpg","width":150,"height":150,"mime_type":"image\/jpeg","source_url":"https:\/\/adanaseshaber.com.tr\/habercim\/wp-content\/uploads\/2026\/08\/1-15-768x201-125-150x150.jpg"},"kucukResim":{"file":"1-15-768x201-125-80x50.jpg","width":80,"height":50,"mime_type":"image\/jpeg","source_url":"https:\/\/adanaseshaber.com.tr\/habercim\/wp-content\/uploads\/2026\/08\/1-15-768x201-125-80x50.jpg"},"sliderResim":{"file":"1-15-768x201-125-670x201.jpg","width":670,"height":201,"mime_type":"image\/jpeg","source_url":"https:\/\/adanaseshaber.com.tr\/habercim\/wp-content\/uploads\/2026\/08\/1-15-768x201-125-670x201.jpg"},"resim1":{"file":"1-15-768x201-125-184x140.jpg","width":184,"height":140,"mime_type":"image\/jpeg","source_url":"https:\/\/adanaseshaber.com.tr\/habercim\/wp-content\/uploads\/2026\/08\/1-15-768x201-125-184x140.jpg"},"resim2":{"file":"1-15-768x201-125-216x103.jpg","width":216,"height":103,"mime_type":"image\/jpeg","source_url":"https:\/\/adanaseshaber.com.tr\/habercim\/wp-content\/uploads\/2026\/08\/1-15-768x201-125-216x103.jpg"},"resim3":{"file":"1-15-768x201-125-145x70.jpg","width":145,"height":70,"mime_type":"image\/jpeg","source_url":"https:\/\/adanaseshaber.com.tr\/habercim\/wp-content\/uploads\/2026\/08\/1-15-768x201-125-145x70.jpg"},"sagSlider":{"file":"1-15-768x201-125-300x150.jpg","width":300,"height":150,"mime_type":"image\/jpeg","source_url":"https:\/\/adanaseshaber.com.tr\/habercim\/wp-content\/uploads\/2026\/08\/1-15-768x201-125-300x150.jpg"},"yeniSlider":{"file":"1-15-768x201-125-500x201.jpg","width":500,"height":201,"mime_type":"image\/jpeg","source_url":"https:\/\/adanaseshaber.com.tr\/habercim\/wp-content\/uploads\/2026\/08\/1-15-768x201-125-500x201.jpg"},"full":{"file":"1-15-768x201-125.jpg","width":768,"height":201,"mime_type":"image\/jpeg","source_url":"https:\/\/adanaseshaber.com.tr\/habercim\/wp-content\/uploads\/2026\/08\/1-15-768x201-125.jpg"}},"image_meta":{"aperture":"0","credit":"","camera":"","caption":"","created_timestamp":"0","copyright":"","focal_length":"0","iso":"0","shutter_speed":"0","title":"","orientation":"0","keywords":[]}},"post":52017,"source_url":"https:\/\/adanaseshaber.com.tr\/habercim\/wp-content\/uploads\/2026\/08\/1-15-768x201-125.jpg","_links":{"self":[{"href":"https:\/\/adanaseshaber.com.tr\/habercim\/wp-json\/wp\/v2\/media\/52019"}],"collection":[{"href":"https:\/\/adanaseshaber.com.tr\/habercim\/wp-json\/wp\/v2\/media"}],"about":[{"href":"https:\/\/adanaseshaber.com.tr\/habercim\/wp-json\/wp\/v2\/types\/attachment"}],"author":[{"embeddable":true,"href":"https:\/\/adanaseshaber.com.tr\/habercim\/wp-json\/wp\/v2\/users\/2"}],"replies":[{"embeddable":true,"href":"https:\/\/adanaseshaber.com.tr\/habercim\/wp-json\/wp\/v2\/comments?post=52019"}]}}