{"id":52044,"date":"2026-08-09T23:05:27","date_gmt":"2026-08-09T20:05:27","guid":{"rendered":"https:\/\/adanaseshaber.com.tr\/habercim\/wp-content\/uploads\/2026\/08\/1-15-768x201-135.jpg"},"modified":"2026-08-09T23:06:07","modified_gmt":"2026-08-09T20:06:07","slug":"1-15-768x201-2726","status":"inherit","type":"attachment","link":"https:\/\/adanaseshaber.com.tr\/habercim\/foto-galeri\/25-yildir-kayip-olan\/attachment\/1-15-768x201-2726\/","title":{"rendered":"25 y\u0131ld\u0131r kay\u0131p olan"},"author":2,"comment_status":"open","ping_status":"closed","template":"","meta":[],"description":{"rendered":"<p class=\"attachment\"><a href='https:\/\/adanaseshaber.com.tr\/habercim\/wp-content\/uploads\/2026\/08\/1-15-768x201-135.jpg'><img width=\"300\" height=\"79\" src=\"https:\/\/adanaseshaber.com.tr\/habercim\/wp-content\/uploads\/2026\/08\/1-15-768x201-135-300x79.jpg\" class=\"attachment-medium size-medium\" alt=\"\" loading=\"lazy\" srcset=\"https:\/\/adanaseshaber.com.tr\/habercim\/wp-content\/uploads\/2026\/08\/1-15-768x201-135-300x79.jpg 300w, https:\/\/adanaseshaber.com.tr\/habercim\/wp-content\/uploads\/2026\/08\/1-15-768x201-135.jpg 768w\" sizes=\"(max-width: 300px) 100vw, 300px\" \/><\/a><\/p>\n"},"caption":{"rendered":"<p>Kahramanmara\u015f \u0130l Emniyet M\u00fcd\u00fcrl\u00fc\u011f\u00fc\u2019ne 2015 y\u0131l\u0131nda m\u00fcracaat eden bir k\u0131z, annesi Z.T.\u2019nin kayboldu\u011funu, anneannesi H.T.\u2019ye \u201cAnnem nerede?\u201d diye sordu\u011funda Almanya\u2019ya gitti\u011fini s\u00f6yledi\u011fini, ancak yapt\u0131\u011f\u0131 ara\u015ft\u0131rmada bir ize ula\u015famad\u0131\u011f\u0131n\u0131 s\u00f6yledi. Polis ekipleri de ara\u015ft\u0131rmalar\u0131nda Z.T.\u2019nin izine rastlamad\u0131.<br \/>\n\u0130l Emniyet M\u00fcd\u00fcrl\u00fc\u011f\u00fc, faili me\u00e7hul cinayetleri ayd\u0131nlatma ve kay\u0131p ki\u015fileri bulmaya y\u00f6nelik ba\u015flat\u0131lan \u00e7al\u0131\u015fma kapsam\u0131nda 4 ay \u00f6nce, 7 y\u0131l \u00f6nce kay\u0131p ba\u015fvurusu yap\u0131lan Z.T.\u2019nin dosyas\u0131n\u0131 raftan indirdi.<br \/>\nKay\u0131p kad\u0131n\u0131 bulmak i\u00e7in Asayi\u015f \u015eube M\u00fcd\u00fcrl\u00fc\u011f\u00fc b\u00fcnyesinde \u00f6zel ekip kuruldu ve tekrar k\u0131z\u0131n ifadesine ba\u015fvurdu. Kay\u0131p olan Z.T.\u2019nin ismi a\u00e7\u0131klanmayan k\u0131z\u0131, annesinin Almanya\u2019ya gitti\u011fine inanmad\u0131\u011f\u0131n\u0131, \u00f6ld\u00fcr\u00fclm\u00fc\u015f olabilece\u011fini s\u00f6yledi.<br \/>\n\u00d6zel ekibin ara\u015ft\u0131rmalar\u0131nda Z.T.\u2019nin babas\u0131 A.T.\u2019nin de kay\u0131p oldu\u011fu tespit edildi. Baba ve k\u0131z\u0131n aile i\u00e7i cinayet kurban\u0131 olabilece\u011fini de\u011ferlendiren \u00f6zel ekip, kay\u0131p ki\u015filerin \u00f6ld\u00fcr\u00fcld\u00fc\u011f\u00fcn\u00fc belirledi.<br \/>\n\u00d6zel ekip, A.T.\u2019nin e\u015fi H.T. ve o\u011flunun da aralar\u0131nda oldu\u011fu 6 ki\u015fiyi g\u00f6zalt\u0131na ald\u0131. Emniyete g\u00f6t\u00fcr\u00fclen \u015f\u00fcphelilerden H.T., sorgusunda su\u00e7unu itiraf etti. 1997\u2019de namus meselesi y\u00fcz\u00fcnden A.T. ile tart\u0131\u015ft\u0131\u011f\u0131n\u0131, tart\u0131\u015fman\u0131n sonunda kocas\u0131n\u0131 av t\u00fcfe\u011fiyle \u00f6ld\u00fcr\u00fcp evin bah\u00e7esine g\u00f6md\u00fc\u011f\u00fcn\u00fc, 3 y\u0131l sonra 2000 y\u0131l\u0131nda da k\u0131z\u0131 Z.T.\u2019yi yeme\u011fine katt\u0131\u011f\u0131 zehirle \u00f6ld\u00fcrd\u00fc\u011f\u00fcn\u00fc, onun cesedini de bir f\u0131\u00e7\u0131ya koyup e\u015finin cesedinin \u00fczerine g\u00f6md\u00fc\u011f\u00fcn\u00fc s\u00f6yledi. Daha sonra eve g\u00f6t\u00fcr\u00fclen H.T., savc\u0131 ve polislere kocas\u0131yla k\u0131z\u0131n\u0131 g\u00f6md\u00fc\u011f\u00fc yeri g\u00f6sterdi.<br \/>\n\u0130\u015f makinesiyle ba\u015flat\u0131lan kaz\u0131 \u00e7al\u0131\u015fmalar\u0131na arkeologlar da kat\u0131ld\u0131. Tarihi eser arar gibi kaz\u0131 yapan arkeologlar \u00f6nce Z.T.\u2019nin, onun alt\u0131nda da babas\u0131 A.T.\u2019nin kemiklerini buldu. G\u00f6zalt\u0131na al\u0131nan 6 ki\u015finin emniyetteki sorgusunun devam etti\u011fi, i\u015flemleri tamamlan\u0131nca adliyeye sevk edilecekleri belirtildi. Kaynak : dha.com.tr<\/p>\n"},"alt_text":"","media_type":"image","mime_type":"image\/jpeg","media_details":{"width":768,"height":201,"file":"2026\/08\/1-15-768x201-135.jpg","sizes":{"medium":{"file":"1-15-768x201-135-300x79.jpg","width":300,"height":79,"mime_type":"image\/jpeg","source_url":"https:\/\/adanaseshaber.com.tr\/habercim\/wp-content\/uploads\/2026\/08\/1-15-768x201-135-300x79.jpg"},"thumbnail":{"file":"1-15-768x201-135-150x150.jpg","width":150,"height":150,"mime_type":"image\/jpeg","source_url":"https:\/\/adanaseshaber.com.tr\/habercim\/wp-content\/uploads\/2026\/08\/1-15-768x201-135-150x150.jpg"},"kucukResim":{"file":"1-15-768x201-135-80x50.jpg","width":80,"height":50,"mime_type":"image\/jpeg","source_url":"https:\/\/adanaseshaber.com.tr\/habercim\/wp-content\/uploads\/2026\/08\/1-15-768x201-135-80x50.jpg"},"sliderResim":{"file":"1-15-768x201-135-670x201.jpg","width":670,"height":201,"mime_type":"image\/jpeg","source_url":"https:\/\/adanaseshaber.com.tr\/habercim\/wp-content\/uploads\/2026\/08\/1-15-768x201-135-670x201.jpg"},"resim1":{"file":"1-15-768x201-135-184x140.jpg","width":184,"height":140,"mime_type":"image\/jpeg","source_url":"https:\/\/adanaseshaber.com.tr\/habercim\/wp-content\/uploads\/2026\/08\/1-15-768x201-135-184x140.jpg"},"resim2":{"file":"1-15-768x201-135-216x103.jpg","width":216,"height":103,"mime_type":"image\/jpeg","source_url":"https:\/\/adanaseshaber.com.tr\/habercim\/wp-content\/uploads\/2026\/08\/1-15-768x201-135-216x103.jpg"},"resim3":{"file":"1-15-768x201-135-145x70.jpg","width":145,"height":70,"mime_type":"image\/jpeg","source_url":"https:\/\/adanaseshaber.com.tr\/habercim\/wp-content\/uploads\/2026\/08\/1-15-768x201-135-145x70.jpg"},"sagSlider":{"file":"1-15-768x201-135-300x150.jpg","width":300,"height":150,"mime_type":"image\/jpeg","source_url":"https:\/\/adanaseshaber.com.tr\/habercim\/wp-content\/uploads\/2026\/08\/1-15-768x201-135-300x150.jpg"},"yeniSlider":{"file":"1-15-768x201-135-500x201.jpg","width":500,"height":201,"mime_type":"image\/jpeg","source_url":"https:\/\/adanaseshaber.com.tr\/habercim\/wp-content\/uploads\/2026\/08\/1-15-768x201-135-500x201.jpg"},"full":{"file":"1-15-768x201-135.jpg","width":768,"height":201,"mime_type":"image\/jpeg","source_url":"https:\/\/adanaseshaber.com.tr\/habercim\/wp-content\/uploads\/2026\/08\/1-15-768x201-135.jpg"}},"image_meta":{"aperture":"0","credit":"","camera":"","caption":"","created_timestamp":"0","copyright":"","focal_length":"0","iso":"0","shutter_speed":"0","title":"","orientation":"0","keywords":[]}},"post":52042,"source_url":"https:\/\/adanaseshaber.com.tr\/habercim\/wp-content\/uploads\/2026\/08\/1-15-768x201-135.jpg","_links":{"self":[{"href":"https:\/\/adanaseshaber.com.tr\/habercim\/wp-json\/wp\/v2\/media\/52044"}],"collection":[{"href":"https:\/\/adanaseshaber.com.tr\/habercim\/wp-json\/wp\/v2\/media"}],"about":[{"href":"https:\/\/adanaseshaber.com.tr\/habercim\/wp-json\/wp\/v2\/types\/attachment"}],"author":[{"embeddable":true,"href":"https:\/\/adanaseshaber.com.tr\/habercim\/wp-json\/wp\/v2\/users\/2"}],"replies":[{"embeddable":true,"href":"https:\/\/adanaseshaber.com.tr\/habercim\/wp-json\/wp\/v2\/comments?post=52044"}]}}