{"id":52070,"date":"2026-08-11T01:21:50","date_gmt":"2026-08-10T22:21:50","guid":{"rendered":"https:\/\/adanaseshaber.com.tr\/habercim\/wp-content\/uploads\/2026\/08\/1-15-768x201-145.jpg"},"modified":"2026-08-11T01:23:19","modified_gmt":"2026-08-10T22:23:19","slug":"1-15-768x201-2736","status":"inherit","type":"attachment","link":"https:\/\/adanaseshaber.com.tr\/habercim\/foto-galeri\/10-kisi-hayatini-kaybetti\/attachment\/1-15-768x201-2736\/","title":{"rendered":"10 ki\u015fi hayat\u0131n\u0131 kaybetti"},"author":2,"comment_status":"open","ping_status":"closed","template":"","meta":[],"description":{"rendered":"<p class=\"attachment\"><a href='https:\/\/adanaseshaber.com.tr\/habercim\/wp-content\/uploads\/2026\/08\/1-15-768x201-145.jpg'><img width=\"300\" height=\"79\" src=\"https:\/\/adanaseshaber.com.tr\/habercim\/wp-content\/uploads\/2026\/08\/1-15-768x201-145-300x79.jpg\" class=\"attachment-medium size-medium\" alt=\"\" loading=\"lazy\" srcset=\"https:\/\/adanaseshaber.com.tr\/habercim\/wp-content\/uploads\/2026\/08\/1-15-768x201-145-300x79.jpg 300w, https:\/\/adanaseshaber.com.tr\/habercim\/wp-content\/uploads\/2026\/08\/1-15-768x201-145.jpg 768w\" sizes=\"(max-width: 300px) 100vw, 300px\" \/><\/a><\/p>\n"},"caption":{"rendered":"<p>Sivas Cumhuriyet \u00dcniversitesi (SC\u00dc) T\u0131p Fak\u00fcltesi Hastanesi Ba\u015fhekimi Prof. Dr. \u00d6mer Tamer Do\u011fan, bu y\u0131l K\u0131r\u0131m Kongo Kanamal\u0131 Ate\u015fi (KKKA) \u015f\u00fcphesiyle tedavi g\u00f6ren 129 hastadan 10&#8217;unun hayat\u0131n\u0131 kaybetti\u011fini belirterek, 13 ki\u015finin ise tedavisinin s\u00fcrd\u00fc\u011f\u00fcn\u00fc s\u00f6yledi.<br \/>\nSC\u00dc Rekt\u00f6r\u00fc Prof. Dr. Ahmet \u015eeng\u00f6n\u00fcl, 24 Temmuz Bas\u0131n Bayram\u0131 dolay\u0131s\u0131yla bas\u0131n mensuplar\u0131yla bir araya geldi. Gen\u00e7lik Merkezi Vak\u0131f Kafe\u2019de ger\u00e7ekle\u015ftirilen programda SC\u00dc T\u0131p Fak\u00fcltesi Ba\u015fhekimi Prof. Dr. Tamer Do\u011fan ve rekt\u00f6r yard\u0131mc\u0131lar\u0131 da kat\u0131ld\u0131.<br \/>\nRekt\u00f6r Prof. Dr. \u015eeng\u00f6n\u00fcl, 24 Temmuz Bas\u0131n Bayram\u0131&#8217;n\u0131 kutlayarak \u00fcniversitenin \u00e7al\u0131\u015fmalar\u0131 hakk\u0131nda bilgi verdi. Kene vakalar\u0131n\u0131n sadece Sivas&#8217;a \u00f6zg\u00fcym\u00fc\u015f gibi lanse edilmemesi gerekti\u011fini s\u00f6yleyen \u015eeng\u00f6n\u00fcl, &#8220;Sivas Cumhuriyet \u00dcniversitesi, bu anlamda \u015fifa da\u011f\u0131tan bir yerdir. Hastalar\u0131 iyile\u015ftiren ve olduk\u00e7a ba\u015far\u0131l\u0131 bir oran\u0131m\u0131z var. Hastal\u0131\u011f\u0131n kayna\u011f\u0131 olmayan bir yerdir&#8221; dedi.<br \/>\nSC\u00dc T\u0131p Fak\u00fcltesi Ba\u015fhekimi Prof. Dr. Tamer Do\u011fan ise KKKA hastal\u0131\u011f\u0131 nedeniyle tedavi g\u00f6ren hastalarla ilgili bilgi verdi. Bu y\u0131l i\u00e7erisinde \u015fu ana kadar 129 ki\u015finin hastanede tedavi g\u00f6rd\u00fc\u011f\u00fcn\u00fc anlatan Do\u011fan, &#8220;Bug\u00fcne kadar kene nedeniyle hastanemize 129 ki\u015fi ba\u015fvurdu. Bu vakalardan 10 tanesini maalesef kaybettik. 13 vakan\u0131n \u015fu anda tedavisi devam ediyor. 2 ki\u015fi yo\u011fun bak\u0131mda, durumlar\u0131 kritik. Rakamlar\u0131m\u0131z ge\u00e7en y\u0131l\u0131n ayn\u0131 d\u00f6nemine g\u00f6re benzer seviyelerde. Hastalar erken d\u00f6nemde hastaneye ba\u015fvurdu\u011funda \u00e7ok daha etkili destek tedavisi sa\u011flayabiliyoruz&#8221; diye konu\u015ftu.<\/p>\n<p>Kaynak : hurriyet.com.tr<\/p>\n"},"alt_text":"","media_type":"image","mime_type":"image\/jpeg","media_details":{"width":768,"height":201,"file":"2026\/08\/1-15-768x201-145.jpg","sizes":{"medium":{"file":"1-15-768x201-145-300x79.jpg","width":300,"height":79,"mime_type":"image\/jpeg","source_url":"https:\/\/adanaseshaber.com.tr\/habercim\/wp-content\/uploads\/2026\/08\/1-15-768x201-145-300x79.jpg"},"thumbnail":{"file":"1-15-768x201-145-150x150.jpg","width":150,"height":150,"mime_type":"image\/jpeg","source_url":"https:\/\/adanaseshaber.com.tr\/habercim\/wp-content\/uploads\/2026\/08\/1-15-768x201-145-150x150.jpg"},"kucukResim":{"file":"1-15-768x201-145-80x50.jpg","width":80,"height":50,"mime_type":"image\/jpeg","source_url":"https:\/\/adanaseshaber.com.tr\/habercim\/wp-content\/uploads\/2026\/08\/1-15-768x201-145-80x50.jpg"},"sliderResim":{"file":"1-15-768x201-145-670x201.jpg","width":670,"height":201,"mime_type":"image\/jpeg","source_url":"https:\/\/adanaseshaber.com.tr\/habercim\/wp-content\/uploads\/2026\/08\/1-15-768x201-145-670x201.jpg"},"resim1":{"file":"1-15-768x201-145-184x140.jpg","width":184,"height":140,"mime_type":"image\/jpeg","source_url":"https:\/\/adanaseshaber.com.tr\/habercim\/wp-content\/uploads\/2026\/08\/1-15-768x201-145-184x140.jpg"},"resim2":{"file":"1-15-768x201-145-216x103.jpg","width":216,"height":103,"mime_type":"image\/jpeg","source_url":"https:\/\/adanaseshaber.com.tr\/habercim\/wp-content\/uploads\/2026\/08\/1-15-768x201-145-216x103.jpg"},"resim3":{"file":"1-15-768x201-145-145x70.jpg","width":145,"height":70,"mime_type":"image\/jpeg","source_url":"https:\/\/adanaseshaber.com.tr\/habercim\/wp-content\/uploads\/2026\/08\/1-15-768x201-145-145x70.jpg"},"sagSlider":{"file":"1-15-768x201-145-300x150.jpg","width":300,"height":150,"mime_type":"image\/jpeg","source_url":"https:\/\/adanaseshaber.com.tr\/habercim\/wp-content\/uploads\/2026\/08\/1-15-768x201-145-300x150.jpg"},"yeniSlider":{"file":"1-15-768x201-145-500x201.jpg","width":500,"height":201,"mime_type":"image\/jpeg","source_url":"https:\/\/adanaseshaber.com.tr\/habercim\/wp-content\/uploads\/2026\/08\/1-15-768x201-145-500x201.jpg"},"full":{"file":"1-15-768x201-145.jpg","width":768,"height":201,"mime_type":"image\/jpeg","source_url":"https:\/\/adanaseshaber.com.tr\/habercim\/wp-content\/uploads\/2026\/08\/1-15-768x201-145.jpg"}},"image_meta":{"aperture":"0","credit":"","camera":"","caption":"","created_timestamp":"0","copyright":"","focal_length":"0","iso":"0","shutter_speed":"0","title":"","orientation":"0","keywords":[]}},"post":52068,"source_url":"https:\/\/adanaseshaber.com.tr\/habercim\/wp-content\/uploads\/2026\/08\/1-15-768x201-145.jpg","_links":{"self":[{"href":"https:\/\/adanaseshaber.com.tr\/habercim\/wp-json\/wp\/v2\/media\/52070"}],"collection":[{"href":"https:\/\/adanaseshaber.com.tr\/habercim\/wp-json\/wp\/v2\/media"}],"about":[{"href":"https:\/\/adanaseshaber.com.tr\/habercim\/wp-json\/wp\/v2\/types\/attachment"}],"author":[{"embeddable":true,"href":"https:\/\/adanaseshaber.com.tr\/habercim\/wp-json\/wp\/v2\/users\/2"}],"replies":[{"embeddable":true,"href":"https:\/\/adanaseshaber.com.tr\/habercim\/wp-json\/wp\/v2\/comments?post=52070"}]}}