{"id":52080,"date":"2026-08-11T01:29:12","date_gmt":"2026-08-10T22:29:12","guid":{"rendered":"https:\/\/adanaseshaber.com.tr\/habercim\/wp-content\/uploads\/2026\/08\/1-15-768x201-149.jpg"},"modified":"2026-08-11T01:30:52","modified_gmt":"2026-08-10T22:30:52","slug":"1-15-768x201-2740","status":"inherit","type":"attachment","link":"https:\/\/adanaseshaber.com.tr\/habercim\/genel\/meteorolojiden\/attachment\/1-15-768x201-2740\/","title":{"rendered":"Meteoroloji&#8217;den"},"author":2,"comment_status":"open","ping_status":"closed","template":"","meta":[],"description":{"rendered":"<p class=\"attachment\"><a href='https:\/\/adanaseshaber.com.tr\/habercim\/wp-content\/uploads\/2026\/08\/1-15-768x201-149.jpg'><img width=\"300\" height=\"79\" src=\"https:\/\/adanaseshaber.com.tr\/habercim\/wp-content\/uploads\/2026\/08\/1-15-768x201-149-300x79.jpg\" class=\"attachment-medium size-medium\" alt=\"\" loading=\"lazy\" srcset=\"https:\/\/adanaseshaber.com.tr\/habercim\/wp-content\/uploads\/2026\/08\/1-15-768x201-149-300x79.jpg 300w, https:\/\/adanaseshaber.com.tr\/habercim\/wp-content\/uploads\/2026\/08\/1-15-768x201-149.jpg 768w\" sizes=\"(max-width: 300px) 100vw, 300px\" \/><\/a><\/p>\n"},"caption":{"rendered":"<p>Meteoroloji Genel M\u00fcd\u00fcrl\u00fc\u011f\u00fc taraf\u0131ndan yap\u0131lan son de\u011ferlendirmelere g\u00f6re, \u00fclkemizin kuzey ve do\u011fu kesimlerinin par\u00e7al\u0131 ve yer yer \u00e7ok bulutlu, Akdeniz\u2019in Toroslar mevkii, Do\u011fu Karadeniz, Do\u011fu Anadolu\u2019nun kuzeyi, Kocaeli, Samsun, Ordu, Tokat, Bing\u00f6l, Mu\u015f ve Kilis \u00e7evreleri ile \u0130stanbul&#8217;un kuzey ve do\u011fu kesimlerinin sa\u011fanak ve g\u00f6k g\u00fcr\u00fclt\u00fcl\u00fc sa\u011fanak ya\u011f\u0131\u015fl\u0131, di\u011fer yerlerin az bulutlu ve a\u00e7\u0131k ge\u00e7ece\u011fi tahmin ediliyor. Ya\u011f\u0131\u015flar\u0131n, Samsun, Ordu, Rize, Artvin, Kars ve Ardahan \u00e7evrelerinde yerel kuvvetli olmas\u0131 bekleniyor.<br \/>\nKUVVETL\u0130 YA\u011eI\u015e UYARISI: Ya\u011f\u0131\u015flar\u0131n, Samsun, Ordu, Rize, Artvin, Kars ve Ardahan \u00e7evrelerinde kuvvetli olmas\u0131 beklendi\u011finden ya\u015fanabilecek olumsuzlara kar\u015f\u0131 dikkatli ve tedbirli olunmas\u0131 gerekmektedir.<br \/>\nORTA ve DO\u011eU KARADEN\u0130Z<br \/>\nPar\u00e7al\u0131 ve \u00e7ok bulutlu, Do\u011fu Karadeniz ile Samsun, Tokat ve Ordu \u00e7evrelerinin aral\u0131kl\u0131 ve yerel sa\u011fanak ve g\u00f6k g\u00fcr\u00fclt\u00fcl\u00fc sa\u011fanak ya\u011f\u0131\u015fl\u0131 ge\u00e7ece\u011fi tahmin ediliyor. Ya\u011f\u0131\u015flar\u0131n, Samsun, Ordu, Rize ve Artvin \u00e7evrelerinde yerel kuvvetli olmas\u0131 bekleniyor. DO\u011eU ANADOLU<br \/>\nPar\u00e7al\u0131 ve az bulutlu, kuzey ve do\u011fu kesimlerinin yer yer \u00e7ok bulutlu, kuzey kesimleri ile Bing\u00f6l ve Mu\u015f \u00e7evrelerinin yerel sa\u011fanak ve g\u00f6k g\u00fcr\u00fclt\u00fcl\u00fc sa\u011fanak ya\u011f\u0131\u015fl\u0131 ge\u00e7ece\u011fi tahmin ediliyor. Ya\u011f\u0131\u015flar\u0131n, Kars ve Ardahan \u00e7evrelerinde kuvvetli olmas\u0131 bekleniyor. G\u00dcNEYDO\u011eU ANADOLU<br \/>\nAz bulutlu ve a\u00e7\u0131k, kuzey ve bat\u0131 kesimlerinin par\u00e7al\u0131 yer yer \u00e7ok bulutlu, bu ak\u015fam saatlerinde Kilis \u00e7evrelerinin yerel sa\u011fanak ve g\u00f6k g\u00fcr\u00fclt\u00fcl\u00fc sa\u011fanak ya\u011f\u0131\u015fl\u0131 ge\u00e7ece\u011fi tahmin ediliyor. <\/p>\n<p>Kaynak : hurriyet.com.tr<\/p>\n"},"alt_text":"","media_type":"image","mime_type":"image\/jpeg","media_details":{"width":768,"height":201,"file":"2026\/08\/1-15-768x201-149.jpg","sizes":{"medium":{"file":"1-15-768x201-149-300x79.jpg","width":300,"height":79,"mime_type":"image\/jpeg","source_url":"https:\/\/adanaseshaber.com.tr\/habercim\/wp-content\/uploads\/2026\/08\/1-15-768x201-149-300x79.jpg"},"thumbnail":{"file":"1-15-768x201-149-150x150.jpg","width":150,"height":150,"mime_type":"image\/jpeg","source_url":"https:\/\/adanaseshaber.com.tr\/habercim\/wp-content\/uploads\/2026\/08\/1-15-768x201-149-150x150.jpg"},"kucukResim":{"file":"1-15-768x201-149-80x50.jpg","width":80,"height":50,"mime_type":"image\/jpeg","source_url":"https:\/\/adanaseshaber.com.tr\/habercim\/wp-content\/uploads\/2026\/08\/1-15-768x201-149-80x50.jpg"},"sliderResim":{"file":"1-15-768x201-149-670x201.jpg","width":670,"height":201,"mime_type":"image\/jpeg","source_url":"https:\/\/adanaseshaber.com.tr\/habercim\/wp-content\/uploads\/2026\/08\/1-15-768x201-149-670x201.jpg"},"resim1":{"file":"1-15-768x201-149-184x140.jpg","width":184,"height":140,"mime_type":"image\/jpeg","source_url":"https:\/\/adanaseshaber.com.tr\/habercim\/wp-content\/uploads\/2026\/08\/1-15-768x201-149-184x140.jpg"},"resim2":{"file":"1-15-768x201-149-216x103.jpg","width":216,"height":103,"mime_type":"image\/jpeg","source_url":"https:\/\/adanaseshaber.com.tr\/habercim\/wp-content\/uploads\/2026\/08\/1-15-768x201-149-216x103.jpg"},"resim3":{"file":"1-15-768x201-149-145x70.jpg","width":145,"height":70,"mime_type":"image\/jpeg","source_url":"https:\/\/adanaseshaber.com.tr\/habercim\/wp-content\/uploads\/2026\/08\/1-15-768x201-149-145x70.jpg"},"sagSlider":{"file":"1-15-768x201-149-300x150.jpg","width":300,"height":150,"mime_type":"image\/jpeg","source_url":"https:\/\/adanaseshaber.com.tr\/habercim\/wp-content\/uploads\/2026\/08\/1-15-768x201-149-300x150.jpg"},"yeniSlider":{"file":"1-15-768x201-149-500x201.jpg","width":500,"height":201,"mime_type":"image\/jpeg","source_url":"https:\/\/adanaseshaber.com.tr\/habercim\/wp-content\/uploads\/2026\/08\/1-15-768x201-149-500x201.jpg"},"full":{"file":"1-15-768x201-149.jpg","width":768,"height":201,"mime_type":"image\/jpeg","source_url":"https:\/\/adanaseshaber.com.tr\/habercim\/wp-content\/uploads\/2026\/08\/1-15-768x201-149.jpg"}},"image_meta":{"aperture":"0","credit":"","camera":"","caption":"","created_timestamp":"0","copyright":"","focal_length":"0","iso":"0","shutter_speed":"0","title":"","orientation":"0","keywords":[]}},"post":52078,"source_url":"https:\/\/adanaseshaber.com.tr\/habercim\/wp-content\/uploads\/2026\/08\/1-15-768x201-149.jpg","_links":{"self":[{"href":"https:\/\/adanaseshaber.com.tr\/habercim\/wp-json\/wp\/v2\/media\/52080"}],"collection":[{"href":"https:\/\/adanaseshaber.com.tr\/habercim\/wp-json\/wp\/v2\/media"}],"about":[{"href":"https:\/\/adanaseshaber.com.tr\/habercim\/wp-json\/wp\/v2\/types\/attachment"}],"author":[{"embeddable":true,"href":"https:\/\/adanaseshaber.com.tr\/habercim\/wp-json\/wp\/v2\/users\/2"}],"replies":[{"embeddable":true,"href":"https:\/\/adanaseshaber.com.tr\/habercim\/wp-json\/wp\/v2\/comments?post=52080"}]}}