{"id":52084,"date":"2026-08-11T16:05:34","date_gmt":"2026-08-11T13:05:34","guid":{"rendered":"https:\/\/adanaseshaber.com.tr\/habercim\/wp-content\/uploads\/2026\/08\/PARA-3.webp"},"modified":"2026-08-11T16:06:19","modified_gmt":"2026-08-11T13:06:19","slug":"para-231","status":"inherit","type":"attachment","link":"https:\/\/adanaseshaber.com.tr\/habercim\/foto-galeri\/beklenen-yeni-hak\/attachment\/para-231\/","title":{"rendered":"Beklenen Yeni Hak"},"author":2,"comment_status":"open","ping_status":"closed","template":"","meta":[],"description":{"rendered":"<p class=\"attachment\"><a href='https:\/\/adanaseshaber.com.tr\/habercim\/wp-content\/uploads\/2026\/08\/PARA-3.webp'><img width=\"300\" height=\"150\" src=\"https:\/\/adanaseshaber.com.tr\/habercim\/wp-content\/uploads\/2026\/08\/PARA-3-300x150.webp\" class=\"attachment-medium size-medium\" alt=\"\" loading=\"lazy\" srcset=\"https:\/\/adanaseshaber.com.tr\/habercim\/wp-content\/uploads\/2026\/08\/PARA-3-300x150.webp 300w, https:\/\/adanaseshaber.com.tr\/habercim\/wp-content\/uploads\/2026\/08\/PARA-3.webp 768w\" sizes=\"(max-width: 300px) 100vw, 300px\" \/><\/a><\/p>\n"},"caption":{"rendered":"<p>SGK\u2019n\u0131n mevcut d\u00fczenlemeleri, \u00fc\u00e7 ayr\u0131 gruptaki vatanda\u015flar i\u00e7in ya\u015f beklemeden emekli olman\u0131n kap\u0131lar\u0131n\u0131 aral\u0131yor. Sa\u011fl\u0131k durumu veya engel oran\u0131 mevzuata uygun olan \u00e7al\u0131\u015fanlar, malull\u00fck hakk\u0131 elde edenler ve \u00e7ocuk sahibi olarak do\u011fum bor\u00e7lanmas\u0131 imkan\u0131n\u0131 kullanan anneler, ya\u015fl\u0131l\u0131k ayl\u0131\u011f\u0131na daha erken kavu\u015fma imkan\u0131na sahip. Emekliler i\u00e7in kart sistemi aktif&#8230;.<\/p>\n<p>devam\u0131 sonraki sayfada&#8230; g\u00f6rsel \u00fczerinden do2&#8217;kununuz ge\u00e7ebilirsiniz&#8230;.<\/p>\n"},"alt_text":"","media_type":"image","mime_type":"image\/webp","media_details":{"width":768,"height":384,"file":"2026\/08\/PARA-3.webp","sizes":{"medium":{"file":"PARA-3-300x150.webp","width":300,"height":150,"mime_type":"image\/webp","source_url":"https:\/\/adanaseshaber.com.tr\/habercim\/wp-content\/uploads\/2026\/08\/PARA-3-300x150.webp"},"thumbnail":{"file":"PARA-3-150x150.webp","width":150,"height":150,"mime_type":"image\/webp","source_url":"https:\/\/adanaseshaber.com.tr\/habercim\/wp-content\/uploads\/2026\/08\/PARA-3-150x150.webp"},"kucukResim":{"file":"PARA-3-80x50.webp","width":80,"height":50,"mime_type":"image\/webp","source_url":"https:\/\/adanaseshaber.com.tr\/habercim\/wp-content\/uploads\/2026\/08\/PARA-3-80x50.webp"},"sliderResim":{"file":"PARA-3-670x330.webp","width":670,"height":330,"mime_type":"image\/webp","source_url":"https:\/\/adanaseshaber.com.tr\/habercim\/wp-content\/uploads\/2026\/08\/PARA-3-670x330.webp"},"resim1":{"file":"PARA-3-184x140.webp","width":184,"height":140,"mime_type":"image\/webp","source_url":"https:\/\/adanaseshaber.com.tr\/habercim\/wp-content\/uploads\/2026\/08\/PARA-3-184x140.webp"},"resim2":{"file":"PARA-3-216x103.webp","width":216,"height":103,"mime_type":"image\/webp","source_url":"https:\/\/adanaseshaber.com.tr\/habercim\/wp-content\/uploads\/2026\/08\/PARA-3-216x103.webp"},"resim3":{"file":"PARA-3-145x70.webp","width":145,"height":70,"mime_type":"image\/webp","source_url":"https:\/\/adanaseshaber.com.tr\/habercim\/wp-content\/uploads\/2026\/08\/PARA-3-145x70.webp"},"sagSlider":{"file":"PARA-3-300x150.webp","width":300,"height":150,"mime_type":"image\/webp","source_url":"https:\/\/adanaseshaber.com.tr\/habercim\/wp-content\/uploads\/2026\/08\/PARA-3-300x150.webp"},"yeniSlider":{"file":"PARA-3-500x290.webp","width":500,"height":290,"mime_type":"image\/webp","source_url":"https:\/\/adanaseshaber.com.tr\/habercim\/wp-content\/uploads\/2026\/08\/PARA-3-500x290.webp"},"full":{"file":"PARA-3.webp","width":768,"height":384,"mime_type":"image\/webp","source_url":"https:\/\/adanaseshaber.com.tr\/habercim\/wp-content\/uploads\/2026\/08\/PARA-3.webp"}},"image_meta":{"aperture":"0","credit":"","camera":"","caption":"","created_timestamp":"0","copyright":"","focal_length":"0","iso":"0","shutter_speed":"0","title":"","orientation":"0","keywords":[]}},"post":52083,"source_url":"https:\/\/adanaseshaber.com.tr\/habercim\/wp-content\/uploads\/2026\/08\/PARA-3.webp","_links":{"self":[{"href":"https:\/\/adanaseshaber.com.tr\/habercim\/wp-json\/wp\/v2\/media\/52084"}],"collection":[{"href":"https:\/\/adanaseshaber.com.tr\/habercim\/wp-json\/wp\/v2\/media"}],"about":[{"href":"https:\/\/adanaseshaber.com.tr\/habercim\/wp-json\/wp\/v2\/types\/attachment"}],"author":[{"embeddable":true,"href":"https:\/\/adanaseshaber.com.tr\/habercim\/wp-json\/wp\/v2\/users\/2"}],"replies":[{"embeddable":true,"href":"https:\/\/adanaseshaber.com.tr\/habercim\/wp-json\/wp\/v2\/comments?post=52084"}]}}