{"id":52085,"date":"2026-08-11T16:05:39","date_gmt":"2026-08-11T13:05:39","guid":{"rendered":"https:\/\/adanaseshaber.com.tr\/habercim\/wp-content\/uploads\/2026\/08\/1-15-768x201-151.jpg"},"modified":"2026-08-11T16:07:57","modified_gmt":"2026-08-11T13:07:57","slug":"1-15-768x201-2742","status":"inherit","type":"attachment","link":"https:\/\/adanaseshaber.com.tr\/habercim\/foto-galeri\/beklenen-yeni-hak\/attachment\/1-15-768x201-2742\/","title":{"rendered":"Beklenen Yeni Hak"},"author":2,"comment_status":"open","ping_status":"closed","template":"","meta":[],"description":{"rendered":"<p class=\"attachment\"><a href='https:\/\/adanaseshaber.com.tr\/habercim\/wp-content\/uploads\/2026\/08\/1-15-768x201-151.jpg'><img width=\"300\" height=\"79\" src=\"https:\/\/adanaseshaber.com.tr\/habercim\/wp-content\/uploads\/2026\/08\/1-15-768x201-151-300x79.jpg\" class=\"attachment-medium size-medium\" alt=\"\" loading=\"lazy\" srcset=\"https:\/\/adanaseshaber.com.tr\/habercim\/wp-content\/uploads\/2026\/08\/1-15-768x201-151-300x79.jpg 300w, https:\/\/adanaseshaber.com.tr\/habercim\/wp-content\/uploads\/2026\/08\/1-15-768x201-151.jpg 768w\" sizes=\"(max-width: 300px) 100vw, 300px\" \/><\/a><\/p>\n"},"caption":{"rendered":"<p>Emekli kart ile ba\u015flat\u0131lan yeni d\u00f6nem, emeklilerin ya\u015fam kalitesini art\u0131rmay\u0131 ve sosyal hayata kat\u0131l\u0131mlar\u0131n\u0131 te\u015fvik etmeyi ama\u00e7l\u0131yor. Emeklilerin, haklar\u0131ndan tam olarak yararlanabilmek i\u00e7in Dijital Emekli Kimlik Kart\u0131&#8217;n\u0131 e-Devlet \u00fczerinden olu\u015fturmalar\u0131 veya SGK&#8217;dan fiziksel kartlar\u0131n\u0131 temin etmeleri yeterli oluyor. Peki, Emekli Kart\u0131 2026 nas\u0131l al\u0131n\u0131r? Emekli kart\u0131 nerelerde ge\u00e7erli? \u0130\u015fte, o detaylar<br \/>\n2026 y\u0131l\u0131 d\u00fczenlemeleriyle birlikte, emeklilerin haklardan yararlanmas\u0131 i\u00e7in yanlar\u0131nda fiziksel bir kart bulundurma zorunlulu\u011fu b\u00fcy\u00fck \u00f6l\u00e7\u00fcde ortadan kalkt\u0131. Art\u0131k emekliler, e-Devlet \u00fczerinden saniyeler i\u00e7inde olu\u015fturulabilen &#8220;Dijital Emekli Kimlik Kart\u0131&#8221; ile t\u00fcm avantajlardan faydalanabiliyorlar .<br \/>\ne-Devlet \u00dczerinden ve SGK Arac\u0131l\u0131\u011f\u0131yla \u00d6nemli Not: Yeni d\u00fczenlemelerle birlikte, bu haklardan yararlanmak i\u00e7in 65 ya\u015f s\u0131n\u0131r\u0131 kald\u0131r\u0131lm\u0131\u015ft\u0131r. Emeklilikte Ya\u015fa Tak\u0131lanlar (EYT) d\u00fczenlemesiyle emekli olanlar da dahil olmak \u00fczere, emekli kimlik kart\u0131 sahibi t\u00fcm vatanda\u015flar bu avantajlardan eksiksiz faydalanabilmektedir .<br \/>\nEMEKL\u0130 KARTI NERELERDE GE\u00c7ERL\u0130? 2026 AVANTAJLARI<br \/>\nEmekli Kart\u0131&#8217;n\u0131n ge\u00e7erlilik alan\u0131, k\u00fclt\u00fcr-sanattan ula\u015f\u0131ma, konaklamadan bankac\u0131l\u0131\u011fa kadar geni\u015f bir yelpazeyi kaps\u0131yor. \u0130\u015fte 2026 y\u0131l\u0131 itibar\u0131yla emeklilere sunulan ba\u015fl\u0131ca avantajlar:<\/p>\n<p>1. K\u00fclt\u00fcr, Sanat ve Do\u011fa Alan\u0131nda \u00dccretsiz Eri\u015fim<\/p>\n<p>Emekliler, Dijital Emekli Kimlik Kart\u0131&#8217;n\u0131 g\u00f6stererek belirlenen hizmetlerden \u00fccretsiz yararlanabilirler.<\/p>\n<p>2. Konaklama ve Sosyal Tesislerde \u0130ndirim<\/p>\n<p>Tatil ve konaklama masraflar\u0131n\u0131 d\u00fc\u015f\u00fcrmek amac\u0131yla kamuya ait sosyal tesislerde \u00f6nemli indirimler sa\u011flanm\u0131\u015ft\u0131r:<\/p>\n<p>Kamu Sosyal Tesisleri: \u00d6\u011fretmenevleri, polisevleri, DS\u0130 ve Karayollar\u0131 gibi kamu kurumlar\u0131na ait tesislerde konaklama ve yemek hizmetlerinde y\u00fczde 15 ile y\u00fczde 50 aras\u0131nda de\u011fi\u015fen oranlarda indirim.<\/p>\n<p>Belediye Tesisleri: Bir\u00e7ok belediyeye ait sosyal tesisler, kafeteryalar ve sosyal marketlerde &#8220;Emekli Kart&#8221; sahiplerine \u00f6zel indirimli hizmet. 3. Ula\u015f\u0131m Avantajlar\u0131<\/p>\n<p>\u015eehirler aras\u0131 ve \u015fehir i\u00e7i ula\u015f\u0131mda emeklilere y\u00f6nelik indirimler yasal g\u00fcvence alt\u0131na al\u0131nm\u0131\u015ft\u0131r:<\/p>\n<p>\u015eehirler Aras\u0131 Otob\u00fcsler: Emekli oldu\u011funu beyan eden vatanda\u015flara bilet fiyatlar\u0131nda y\u00fczde 20 yasal indirim zorunlulu\u011fu.<\/p>\n<p>Demiryolu (TCDD): Y\u00fcksek H\u0131zl\u0131 Tren (YHT) ve di\u011fer seferlerde y\u00fczde 10 ile y\u00fczde 20 aras\u0131nda de\u011fi\u015fen d\u00f6nemsel indirim f\u0131rsatlar\u0131.<\/p>\n<p>\u015eehir \u0130\u00e7i Ula\u015f\u0131m: Yerel belediyeler, gen\u00e7 emekliler i\u00e7in de \u00f6zel indirimli kart imkanlar\u0131 sunabilmektedir.<\/p>\n<p>4. Bankac\u0131l\u0131k ve Finansal Ayr\u0131cal\u0131klar<\/p>\n<p>Emeklilerin finansal i\u015flemlerini kolayla\u015ft\u0131rmak ve maliyetlerini d\u00fc\u015f\u00fcrmek amac\u0131yla bankac\u0131l\u0131k sekt\u00f6r\u00fcnde de yeni ayr\u0131cal\u0131klar getirilmi\u015ftir:<\/p>\n<p>Kredi Kart\u0131 Aidat\u0131: Maa\u015f al\u0131nan bankalarda aidats\u0131z kredi kart\u0131 kullan\u0131m hakk\u0131.<\/p>\n<p>\u0130\u015flem \u00dccretleri: Havale ve EFT i\u015flemlerinden \u00fccret al\u0131nmamas\u0131.<\/p>\n<p>\u00d6ncelikli Hizmet: Banka \u015fubelerinde emeklilere s\u0131ra beklemeden \u00f6ncelikli hizmet alma hakk\u0131.<\/p>\n<p>Promosyonlar: Y\u00fcksek promosyon \u00f6demeleri ve bankalarla yap\u0131lan i\u015fbirlikleri sayesinde \u00f6zel indirim, f\u0131rsat ve kampanya imkanlar\u0131.<\/p>\n<p>Kaynak : hurriyet.com.tr<\/p>\n"},"alt_text":"","media_type":"image","mime_type":"image\/jpeg","media_details":{"width":768,"height":201,"file":"2026\/08\/1-15-768x201-151.jpg","sizes":{"medium":{"file":"1-15-768x201-151-300x79.jpg","width":300,"height":79,"mime_type":"image\/jpeg","source_url":"https:\/\/adanaseshaber.com.tr\/habercim\/wp-content\/uploads\/2026\/08\/1-15-768x201-151-300x79.jpg"},"thumbnail":{"file":"1-15-768x201-151-150x150.jpg","width":150,"height":150,"mime_type":"image\/jpeg","source_url":"https:\/\/adanaseshaber.com.tr\/habercim\/wp-content\/uploads\/2026\/08\/1-15-768x201-151-150x150.jpg"},"kucukResim":{"file":"1-15-768x201-151-80x50.jpg","width":80,"height":50,"mime_type":"image\/jpeg","source_url":"https:\/\/adanaseshaber.com.tr\/habercim\/wp-content\/uploads\/2026\/08\/1-15-768x201-151-80x50.jpg"},"sliderResim":{"file":"1-15-768x201-151-670x201.jpg","width":670,"height":201,"mime_type":"image\/jpeg","source_url":"https:\/\/adanaseshaber.com.tr\/habercim\/wp-content\/uploads\/2026\/08\/1-15-768x201-151-670x201.jpg"},"resim1":{"file":"1-15-768x201-151-184x140.jpg","width":184,"height":140,"mime_type":"image\/jpeg","source_url":"https:\/\/adanaseshaber.com.tr\/habercim\/wp-content\/uploads\/2026\/08\/1-15-768x201-151-184x140.jpg"},"resim2":{"file":"1-15-768x201-151-216x103.jpg","width":216,"height":103,"mime_type":"image\/jpeg","source_url":"https:\/\/adanaseshaber.com.tr\/habercim\/wp-content\/uploads\/2026\/08\/1-15-768x201-151-216x103.jpg"},"resim3":{"file":"1-15-768x201-151-145x70.jpg","width":145,"height":70,"mime_type":"image\/jpeg","source_url":"https:\/\/adanaseshaber.com.tr\/habercim\/wp-content\/uploads\/2026\/08\/1-15-768x201-151-145x70.jpg"},"sagSlider":{"file":"1-15-768x201-151-300x150.jpg","width":300,"height":150,"mime_type":"image\/jpeg","source_url":"https:\/\/adanaseshaber.com.tr\/habercim\/wp-content\/uploads\/2026\/08\/1-15-768x201-151-300x150.jpg"},"yeniSlider":{"file":"1-15-768x201-151-500x201.jpg","width":500,"height":201,"mime_type":"image\/jpeg","source_url":"https:\/\/adanaseshaber.com.tr\/habercim\/wp-content\/uploads\/2026\/08\/1-15-768x201-151-500x201.jpg"},"full":{"file":"1-15-768x201-151.jpg","width":768,"height":201,"mime_type":"image\/jpeg","source_url":"https:\/\/adanaseshaber.com.tr\/habercim\/wp-content\/uploads\/2026\/08\/1-15-768x201-151.jpg"}},"image_meta":{"aperture":"0","credit":"","camera":"","caption":"","created_timestamp":"0","copyright":"","focal_length":"0","iso":"0","shutter_speed":"0","title":"","orientation":"0","keywords":[]}},"post":52083,"source_url":"https:\/\/adanaseshaber.com.tr\/habercim\/wp-content\/uploads\/2026\/08\/1-15-768x201-151.jpg","_links":{"self":[{"href":"https:\/\/adanaseshaber.com.tr\/habercim\/wp-json\/wp\/v2\/media\/52085"}],"collection":[{"href":"https:\/\/adanaseshaber.com.tr\/habercim\/wp-json\/wp\/v2\/media"}],"about":[{"href":"https:\/\/adanaseshaber.com.tr\/habercim\/wp-json\/wp\/v2\/types\/attachment"}],"author":[{"embeddable":true,"href":"https:\/\/adanaseshaber.com.tr\/habercim\/wp-json\/wp\/v2\/users\/2"}],"replies":[{"embeddable":true,"href":"https:\/\/adanaseshaber.com.tr\/habercim\/wp-json\/wp\/v2\/comments?post=52085"}]}}