{"id":52090,"date":"2026-08-11T19:02:36","date_gmt":"2026-08-11T16:02:36","guid":{"rendered":"https:\/\/adanaseshaber.com.tr\/habercim\/wp-content\/uploads\/2026\/08\/1-15-768x201-153.jpg"},"modified":"2026-08-11T19:04:44","modified_gmt":"2026-08-11T16:04:44","slug":"1-15-768x201-2744","status":"inherit","type":"attachment","link":"https:\/\/adanaseshaber.com.tr\/habercim\/foto-galeri\/uzman-isimden\/attachment\/1-15-768x201-2744\/","title":{"rendered":"Uzman isimden"},"author":2,"comment_status":"open","ping_status":"closed","template":"","meta":[],"description":{"rendered":"<p class=\"attachment\"><a href='https:\/\/adanaseshaber.com.tr\/habercim\/wp-content\/uploads\/2026\/08\/1-15-768x201-153.jpg'><img width=\"300\" height=\"79\" src=\"https:\/\/adanaseshaber.com.tr\/habercim\/wp-content\/uploads\/2026\/08\/1-15-768x201-153-300x79.jpg\" class=\"attachment-medium size-medium\" alt=\"\" loading=\"lazy\" srcset=\"https:\/\/adanaseshaber.com.tr\/habercim\/wp-content\/uploads\/2026\/08\/1-15-768x201-153-300x79.jpg 300w, https:\/\/adanaseshaber.com.tr\/habercim\/wp-content\/uploads\/2026\/08\/1-15-768x201-153.jpg 768w\" sizes=\"(max-width: 300px) 100vw, 300px\" \/><\/a><\/p>\n"},"caption":{"rendered":"<p>K\u00fcresel piyasalarda alt\u0131n, haftan\u0131n ikinci i\u015flem g\u00fcn\u00fcne g\u00fc\u00e7l\u00fc bir ba\u015flang\u0131\u00e7 yaparak y\u00fckseli\u015f serisini \u00fc\u00e7\u00fcnc\u00fc g\u00fcne ta\u015f\u0131d\u0131. Haftal\u0131k bazda elde etti\u011fi kazan\u00e7lar\u0131 koruyan spot alt\u0131n\u0131n ons fiyat\u0131, g\u00fcnl\u00fck y\u00fczde 1 de\u011fer kazanc\u0131yla 4.432,74 dolara y\u00fckselerek 5 Haziran&#8217;dan bu yana g\u00f6r\u00fclen en y\u00fcksek seviyeyi kaydetti.<\/p>\n<p>Ancak ons alt\u0131n ilerleyen saatlerde kazan\u00e7lar\u0131n\u0131 geri vererek 4397 dolar seviyesinde yatay bir seyir izliyor. Gram alt\u0131n da y\u00fczde 0,2 y\u00fckseli\u015fle TL 6726 TL seviyesinde. Uzmanlar fiyatlar\u0131n 4.000 dolar band\u0131na \u00e7ekildi\u011fi d\u00f6nemde al\u0131m yapamayan yat\u0131r\u0131mc\u0131lar\u0131n yeniden piyasaya girmesi, spek\u00fclatif k\u0131sa pozisyonlar\u0131n kapat\u0131lmas\u0131 ve g\u00fcvenli liman aray\u0131\u015f\u0131n\u0131n tekrar g\u00fc\u00e7 kazanmas\u0131 gibi nedenlerle alt\u0131n\u0131n y\u00fckseldi\u011fini ifade ediyor.<br \/>\nAlt\u0131ndaki yukar\u0131 y\u00f6nl\u00fc trendin kal\u0131c\u0131 olup olmayaca\u011f\u0131, bu hafta ABD&#8217;den gelecek makroekonomik verilerle netle\u015fecek. \u00c7ar\u015famba g\u00fcn\u00fc a\u00e7\u0131klanacak olan temmuz ay\u0131 T\u00fcketici Fiyat Endeksi (T\u00dcFE) ve per\u015fembe g\u00fcn\u00fc yay\u0131mlanacak \u00dcretici Fiyat Endeksi (\u00dcFE) raporlar\u0131, piyasalar\u0131n y\u00f6n\u00fc \u00fczerinde belirleyici rol oynayacak.<\/p>\n<p>\u00d6zellikle beklentilerin alt\u0131nda kalan son ABD istihdam verisinin ard\u0131ndan, enflasyon rakamlar\u0131 Fed&#8217;in sonbahar d\u00f6nemindeki faiz haritas\u0131na dair en net sinyalleri verecek. So\u011fuma i\u015faretleri veren istihdam piyasas\u0131, Fed\u2019in \u00f6n\u00fcm\u00fczdeki ay faiz art\u0131\u015f\u0131na gidece\u011fine y\u00f6nelik tahminlerin zay\u0131flamas\u0131na yol a\u00e7t\u0131. Temmuz toplant\u0131s\u0131nda politika faizini sabit tutan Merkez Bankas\u0131&#8217;nda \u00fc\u00e7 \u00fcyenin art\u0131\u015f y\u00f6n\u00fcnde oy kullanm\u0131\u015f olmas\u0131, enflasyon verilerinin \u00f6nemini daha da art\u0131r\u0131yor.<\/p>\n<p>Faiz getirisi bulunmayan alt\u0131n, d\u00fc\u015fen veya d\u00fc\u015f\u00fck kalmas\u0131 beklenen faiz ortam\u0131nda cazibesini art\u0131r\u0131rken; gev\u015feyen faiz beklentilerinin dolar \u00fczerinde olu\u015fturaca\u011f\u0131 bask\u0131 da alt\u0131n fiyatlar\u0131na ek destek sunabilir. ABD Ba\u015fkan\u0131 Donald Trump&#8217;\u0131n, \u0130ran ile bar\u0131\u015f \u015fartlar\u0131na ili\u015fkin talepleri aras\u0131na \u00e7at\u0131\u015fma ve protestolarda hayat\u0131n\u0131 kaybedenler i\u00e7in tazminat \u00f6denmesi maddesini eklemesi, gerilimi t\u0131rmand\u0131rd\u0131. Kar\u015f\u0131l\u0131kl\u0131 s\u00f6ylemlerin sertle\u015fmesi, H\u00fcrm\u00fcz Bo\u011faz\u0131&#8217;n\u0131n seyr\u00fcsefere a\u00e7\u0131lmas\u0131na y\u00f6nelik diplomatik kanallar\u0131 zorla\u015ft\u0131r\u0131rken, t\u0131rmanan jeopolitik riskler alt\u0131na olan g\u00fcvenli liman talebini canl\u0131 tutuyor.<br \/>\nYat\u0131r\u0131m\u0131m Trader CEO&#8217;su Canda\u015f Atalay, fiyatlar\u0131ndaki ralliyi de\u011ferlendirdi. Ons alt\u0131n fiyatlar\u0131n\u0131n orta vadede 5000 dolar seviyesine d\u00f6nece\u011fini belirten Atalay, piyasadaki en avantajl\u0131 alt\u0131n\u0131n gram alt\u0131n oldu\u011funu da belirtti. Atalay \u015fu ifadeleri kulland\u0131. <\/p>\n<p>Alt\u0131n\u0131n ge\u00e7en hafta ger\u00e7ekle\u015ftirdi\u011fi rallinin yakla\u015f\u0131k 300 dolar seviyesini a\u015fmas\u0131, piyasada yeni bir ivme yarat\u0131yor. Piyasalar bu hafta ya\u015fanan fiyat hareketlerini sindirmeye \u00e7al\u0131\u015f\u0131yor.<\/p>\n<p>Ons alt\u0131n fiyat\u0131n\u0131n orta vadede kademeli olarak 5000 dolar seviyesine geri d\u00f6nece\u011fini tahmin ediyoruz. Yine de bu seviyeye eri\u015fim k\u0131sa s\u00fcrede olmayacakt\u0131r.<\/p>\n<p>Faiz art\u0131r\u0131m senaryosunun ba\u015far\u0131s\u0131z olmas\u0131, alt\u0131n yat\u0131r\u0131m talebinin g\u00fc\u00e7 kazanmas\u0131 ve her \u015feyin \u00f6tesinde merkez bankalar\u0131n\u0131n agresif alt\u0131n sat\u0131n al\u0131mlar\u0131n\u0131n devam etmesi alt\u0131n\u0131n 5000 dolar seviyesine eri\u015fme s\u00fcresini k\u0131saltabilir. K\u00fcresel \u00f6l\u00e7ekte t\u00fcketicilerin sat\u0131n alma g\u00fc\u00e7leri eriyor. Bu, uzun vadede daha b\u00fcy\u00fck bozulma g\u00f6sterecektir. Bu sebeple piyasalar alt\u0131na y\u00f6nelerek sat\u0131n al\u0131m g\u00fc\u00e7lerini nispeten korumak istiyor. Di\u011fer yandan h\u00fck\u00fcmetlerin b\u00fcy\u00fck bor\u00e7 y\u00fckleri alt\u0131na olan talebi g\u00fc\u00e7l\u00fc tutmaya devam edecektir.<\/p>\n<p>\u0130\u00e7 piyasada alt\u0131na talep yok, yurtd\u0131\u015f\u0131 fiyat\u0131na g\u00f6re alt\u0131n 1.500 dolar iskontolu fiyat\u0131 g\u00f6rd\u00fc. B\u00f6yle bir ortamda \u201changi alt\u0131n\u0131 almal\u0131y\u0131m?\u201d diye soruyorsan\u0131z, cevab\u0131 etikette de\u011fil. Bug\u00fcnk\u00fc fiyatlarla 1 gram has alt\u0131n maliyeti gram alt\u0131nda 6.736 TL, Ata Lira\u2019da 6.751 TL, \u00e7eyrekte 6.793 TL. Has alt\u0131n\u0131 6.689 TL ald\u0131\u011f\u0131m\u0131zda \u00f6dedi\u011finiz prim gram alt\u0131nda 47 TL, Ata Lira\u2019da 62 TL, \u00e7eyrekte 104 TL. K\u0131sacas\u0131 bug\u00fcn likiditenin son derece M\u0131s\u0131rl\u0131 oldu\u011fu bu ko\u015fullarda gram alt\u0131n daha avantajl\u0131; sonra Ata Lira, en son \u00e7eyrek.<\/p>\n<p>Kaynak : bigpara.hurriyet.com.tr<br \/>\nNot : Yat\u0131r\u0131m tavsiyesi de\u011fildir<\/p>\n"},"alt_text":"","media_type":"image","mime_type":"image\/jpeg","media_details":{"width":768,"height":201,"file":"2026\/08\/1-15-768x201-153.jpg","sizes":{"medium":{"file":"1-15-768x201-153-300x79.jpg","width":300,"height":79,"mime_type":"image\/jpeg","source_url":"https:\/\/adanaseshaber.com.tr\/habercim\/wp-content\/uploads\/2026\/08\/1-15-768x201-153-300x79.jpg"},"thumbnail":{"file":"1-15-768x201-153-150x150.jpg","width":150,"height":150,"mime_type":"image\/jpeg","source_url":"https:\/\/adanaseshaber.com.tr\/habercim\/wp-content\/uploads\/2026\/08\/1-15-768x201-153-150x150.jpg"},"kucukResim":{"file":"1-15-768x201-153-80x50.jpg","width":80,"height":50,"mime_type":"image\/jpeg","source_url":"https:\/\/adanaseshaber.com.tr\/habercim\/wp-content\/uploads\/2026\/08\/1-15-768x201-153-80x50.jpg"},"sliderResim":{"file":"1-15-768x201-153-670x201.jpg","width":670,"height":201,"mime_type":"image\/jpeg","source_url":"https:\/\/adanaseshaber.com.tr\/habercim\/wp-content\/uploads\/2026\/08\/1-15-768x201-153-670x201.jpg"},"resim1":{"file":"1-15-768x201-153-184x140.jpg","width":184,"height":140,"mime_type":"image\/jpeg","source_url":"https:\/\/adanaseshaber.com.tr\/habercim\/wp-content\/uploads\/2026\/08\/1-15-768x201-153-184x140.jpg"},"resim2":{"file":"1-15-768x201-153-216x103.jpg","width":216,"height":103,"mime_type":"image\/jpeg","source_url":"https:\/\/adanaseshaber.com.tr\/habercim\/wp-content\/uploads\/2026\/08\/1-15-768x201-153-216x103.jpg"},"resim3":{"file":"1-15-768x201-153-145x70.jpg","width":145,"height":70,"mime_type":"image\/jpeg","source_url":"https:\/\/adanaseshaber.com.tr\/habercim\/wp-content\/uploads\/2026\/08\/1-15-768x201-153-145x70.jpg"},"sagSlider":{"file":"1-15-768x201-153-300x150.jpg","width":300,"height":150,"mime_type":"image\/jpeg","source_url":"https:\/\/adanaseshaber.com.tr\/habercim\/wp-content\/uploads\/2026\/08\/1-15-768x201-153-300x150.jpg"},"yeniSlider":{"file":"1-15-768x201-153-500x201.jpg","width":500,"height":201,"mime_type":"image\/jpeg","source_url":"https:\/\/adanaseshaber.com.tr\/habercim\/wp-content\/uploads\/2026\/08\/1-15-768x201-153-500x201.jpg"},"full":{"file":"1-15-768x201-153.jpg","width":768,"height":201,"mime_type":"image\/jpeg","source_url":"https:\/\/adanaseshaber.com.tr\/habercim\/wp-content\/uploads\/2026\/08\/1-15-768x201-153.jpg"}},"image_meta":{"aperture":"0","credit":"","camera":"","caption":"","created_timestamp":"0","copyright":"","focal_length":"0","iso":"0","shutter_speed":"0","title":"","orientation":"0","keywords":[]}},"post":52088,"source_url":"https:\/\/adanaseshaber.com.tr\/habercim\/wp-content\/uploads\/2026\/08\/1-15-768x201-153.jpg","_links":{"self":[{"href":"https:\/\/adanaseshaber.com.tr\/habercim\/wp-json\/wp\/v2\/media\/52090"}],"collection":[{"href":"https:\/\/adanaseshaber.com.tr\/habercim\/wp-json\/wp\/v2\/media"}],"about":[{"href":"https:\/\/adanaseshaber.com.tr\/habercim\/wp-json\/wp\/v2\/types\/attachment"}],"author":[{"embeddable":true,"href":"https:\/\/adanaseshaber.com.tr\/habercim\/wp-json\/wp\/v2\/users\/2"}],"replies":[{"embeddable":true,"href":"https:\/\/adanaseshaber.com.tr\/habercim\/wp-json\/wp\/v2\/comments?post=52090"}]}}