{"id":52120,"date":"2026-08-12T21:34:31","date_gmt":"2026-08-12T18:34:31","guid":{"rendered":"https:\/\/adanaseshaber.com.tr\/habercim\/wp-content\/uploads\/2026\/08\/1-15-768x201-165.jpg"},"modified":"2026-08-12T21:35:12","modified_gmt":"2026-08-12T18:35:12","slug":"1-15-768x201-2756","status":"inherit","type":"attachment","link":"https:\/\/adanaseshaber.com.tr\/habercim\/foto-galeri\/soyad\/attachment\/1-15-768x201-2756\/","title":{"rendered":"Soyad"},"author":2,"comment_status":"open","ping_status":"closed","template":"","meta":[],"description":{"rendered":"<p class=\"attachment\"><a href='https:\/\/adanaseshaber.com.tr\/habercim\/wp-content\/uploads\/2026\/08\/1-15-768x201-165.jpg'><img width=\"300\" height=\"79\" src=\"https:\/\/adanaseshaber.com.tr\/habercim\/wp-content\/uploads\/2026\/08\/1-15-768x201-165-300x79.jpg\" class=\"attachment-medium size-medium\" alt=\"\" loading=\"lazy\" srcset=\"https:\/\/adanaseshaber.com.tr\/habercim\/wp-content\/uploads\/2026\/08\/1-15-768x201-165-300x79.jpg 300w, https:\/\/adanaseshaber.com.tr\/habercim\/wp-content\/uploads\/2026\/08\/1-15-768x201-165.jpg 768w\" sizes=\"(max-width: 300px) 100vw, 300px\" \/><\/a><\/p>\n"},"caption":{"rendered":"<p>ABD\u2019nin Hawaii eyaletinde ya\u015fayan bir kad\u0131n, 35 harflik soyad\u0131n\u0131n\u0131n a\u00e7\u0131k \u015fekilde kimlik kart\u0131nda yer almas\u0131 i\u00e7in verdi\u011fi m\u00fccadeleyi kazand\u0131.<br \/>\nK\u0131zl\u0131k soyad\u0131 Worth olan Janice Keihanaikukauakahihuliheekahaunaele, y\u0131llarca 35 harfe izin verilen kimlik ve 34 harfe izin verilen ehliyet kulland\u0131. May\u0131s ay\u0131nda kimli\u011fini yenileyince, sadece soyad\u0131n\u0131n 34 harfinin yer ald\u0131\u011f\u0131n\u0131 ve ilk ad\u0131n\u0131n kimlikte yer almad\u0131\u011f\u0131n\u0131 g\u00f6rd\u00fc. Hawaii k\u00fclt\u00fcr\u00fcn\u00fc sevdi\u011fini ve bu soyad\u0131n\u0131 ta\u015f\u0131maktan onur duydu\u011funu belirten Keihanaikukauakahihuliheekahaunaele, bir defas\u0131nda trafik polisi taraf\u0131ndan durduruldu\u011funu ve ehliyette ismi yer almad\u0131\u011f\u0131 i\u00e7in uyar\u0131 ald\u0131\u011f\u0131n\u0131 belirtiyor ve ekliyor: \u2018Bunun benim hatam olmad\u0131\u011f\u0131n\u0131 s\u00f6yledim.<br \/>\nPolis memuru, k\u0131zl\u0131k soyad\u0131m\u0131 kullanmam\u0131 tavsiye etti. Bu cevap, beni \u00e7ok \u00fczd\u00fc. Hawaii\u2019de ya\u015fad\u0131\u011f\u0131m 22 y\u0131l boyunca buradaki k\u00fclt\u00fcr\u00fcn yok edilmeye \u00e7al\u0131\u015f\u0131ld\u0131\u011f\u0131n\u0131 g\u00f6rd\u00fcm. Bu polis memuru da, soyad\u0131ma \u2018sa\u00e7mal\u0131k\u2019 muamelesi yapt\u0131. \u2018Yerel medyaya ba\u015fvurarak yetkililerden yard\u0131m isteyen kad\u0131n, sonunda istedi\u011fine kavu\u015ftu. Hawaii Motorlu Ta\u015f\u0131tlar idaresi, isim ve soyisimler i\u00e7in karakter s\u0131n\u0131rlamas\u0131n\u0131 40\u2019a y\u00fckseltmeye karar verdi.<\/p>\n<p>Kaynak : sabah.com.tr<\/p>\n"},"alt_text":"","media_type":"image","mime_type":"image\/jpeg","media_details":{"width":768,"height":201,"file":"2026\/08\/1-15-768x201-165.jpg","sizes":{"medium":{"file":"1-15-768x201-165-300x79.jpg","width":300,"height":79,"mime_type":"image\/jpeg","source_url":"https:\/\/adanaseshaber.com.tr\/habercim\/wp-content\/uploads\/2026\/08\/1-15-768x201-165-300x79.jpg"},"thumbnail":{"file":"1-15-768x201-165-150x150.jpg","width":150,"height":150,"mime_type":"image\/jpeg","source_url":"https:\/\/adanaseshaber.com.tr\/habercim\/wp-content\/uploads\/2026\/08\/1-15-768x201-165-150x150.jpg"},"kucukResim":{"file":"1-15-768x201-165-80x50.jpg","width":80,"height":50,"mime_type":"image\/jpeg","source_url":"https:\/\/adanaseshaber.com.tr\/habercim\/wp-content\/uploads\/2026\/08\/1-15-768x201-165-80x50.jpg"},"sliderResim":{"file":"1-15-768x201-165-670x201.jpg","width":670,"height":201,"mime_type":"image\/jpeg","source_url":"https:\/\/adanaseshaber.com.tr\/habercim\/wp-content\/uploads\/2026\/08\/1-15-768x201-165-670x201.jpg"},"resim1":{"file":"1-15-768x201-165-184x140.jpg","width":184,"height":140,"mime_type":"image\/jpeg","source_url":"https:\/\/adanaseshaber.com.tr\/habercim\/wp-content\/uploads\/2026\/08\/1-15-768x201-165-184x140.jpg"},"resim2":{"file":"1-15-768x201-165-216x103.jpg","width":216,"height":103,"mime_type":"image\/jpeg","source_url":"https:\/\/adanaseshaber.com.tr\/habercim\/wp-content\/uploads\/2026\/08\/1-15-768x201-165-216x103.jpg"},"resim3":{"file":"1-15-768x201-165-145x70.jpg","width":145,"height":70,"mime_type":"image\/jpeg","source_url":"https:\/\/adanaseshaber.com.tr\/habercim\/wp-content\/uploads\/2026\/08\/1-15-768x201-165-145x70.jpg"},"sagSlider":{"file":"1-15-768x201-165-300x150.jpg","width":300,"height":150,"mime_type":"image\/jpeg","source_url":"https:\/\/adanaseshaber.com.tr\/habercim\/wp-content\/uploads\/2026\/08\/1-15-768x201-165-300x150.jpg"},"yeniSlider":{"file":"1-15-768x201-165-500x201.jpg","width":500,"height":201,"mime_type":"image\/jpeg","source_url":"https:\/\/adanaseshaber.com.tr\/habercim\/wp-content\/uploads\/2026\/08\/1-15-768x201-165-500x201.jpg"},"full":{"file":"1-15-768x201-165.jpg","width":768,"height":201,"mime_type":"image\/jpeg","source_url":"https:\/\/adanaseshaber.com.tr\/habercim\/wp-content\/uploads\/2026\/08\/1-15-768x201-165.jpg"}},"image_meta":{"aperture":"0","credit":"","camera":"","caption":"","created_timestamp":"0","copyright":"","focal_length":"0","iso":"0","shutter_speed":"0","title":"","orientation":"0","keywords":[]}},"post":52118,"source_url":"https:\/\/adanaseshaber.com.tr\/habercim\/wp-content\/uploads\/2026\/08\/1-15-768x201-165.jpg","_links":{"self":[{"href":"https:\/\/adanaseshaber.com.tr\/habercim\/wp-json\/wp\/v2\/media\/52120"}],"collection":[{"href":"https:\/\/adanaseshaber.com.tr\/habercim\/wp-json\/wp\/v2\/media"}],"about":[{"href":"https:\/\/adanaseshaber.com.tr\/habercim\/wp-json\/wp\/v2\/types\/attachment"}],"author":[{"embeddable":true,"href":"https:\/\/adanaseshaber.com.tr\/habercim\/wp-json\/wp\/v2\/users\/2"}],"replies":[{"embeddable":true,"href":"https:\/\/adanaseshaber.com.tr\/habercim\/wp-json\/wp\/v2\/comments?post=52120"}]}}