{"id":52135,"date":"2026-08-13T12:24:54","date_gmt":"2026-08-13T09:24:54","guid":{"rendered":"https:\/\/adanaseshaber.com.tr\/habercim\/wp-content\/uploads\/2026\/08\/1-15-768x201-171.jpg"},"modified":"2026-08-13T12:26:58","modified_gmt":"2026-08-13T09:26:58","slug":"1-15-768x201-2762","status":"inherit","type":"attachment","link":"https:\/\/adanaseshaber.com.tr\/habercim\/foto-galeri\/izmirde-bir-eglence-tesisinde\/attachment\/1-15-768x201-2762\/","title":{"rendered":"\u0130zmir\u2019de Bir E\u011flence Tesisinde"},"author":2,"comment_status":"open","ping_status":"closed","template":"","meta":[],"description":{"rendered":"<p class=\"attachment\"><a href='https:\/\/adanaseshaber.com.tr\/habercim\/wp-content\/uploads\/2026\/08\/1-15-768x201-171.jpg'><img width=\"300\" height=\"79\" src=\"https:\/\/adanaseshaber.com.tr\/habercim\/wp-content\/uploads\/2026\/08\/1-15-768x201-171-300x79.jpg\" class=\"attachment-medium size-medium\" alt=\"\" loading=\"lazy\" srcset=\"https:\/\/adanaseshaber.com.tr\/habercim\/wp-content\/uploads\/2026\/08\/1-15-768x201-171-300x79.jpg 300w, https:\/\/adanaseshaber.com.tr\/habercim\/wp-content\/uploads\/2026\/08\/1-15-768x201-171.jpg 768w\" sizes=\"(max-width: 300px) 100vw, 300px\" \/><\/a><\/p>\n"},"caption":{"rendered":"<p>\u0130zmir&#8217;de bir e\u011flence mekan\u0131nda \u00e7ekilip sosyal medyada payla\u015f\u0131lan g\u00f6r\u00fcnt\u00fclere ili\u015fkin ba\u015flat\u0131lan soru\u015fturma kapsam\u0131nda g\u00f6zalt\u0131na al\u0131nan H.K. isimli kad\u0131n tutuklan\u0131rken, A.S. ise adli kontrol \u015fart\u0131yla serbest b\u0131rak\u0131ld\u0131.<br \/>\n\u0130zmir&#8217;deki bir e\u011flence mekan\u0131nda \u00e7ekilen ve sosyal medyada yay\u0131lan g\u00f6r\u00fcnt\u00fclerin ard\u0131ndan d\u00fcn, \u0130zmir Cumhuriyet Ba\u015fsavc\u0131l\u0131\u011f\u0131nca soru\u015fturma ba\u015flat\u0131ld\u0131.<\/p>\n<p>Ba\u015fsavc\u0131l\u0131ktan yap\u0131lan a\u00e7\u0131klamada, &#8220;Sosyal medyada yay\u0131nlanarak g\u00fcndem olan video payla\u015f\u0131m\u0131 sonras\u0131 \u0130zmir Cumhuriyet Ba\u015fsavc\u0131l\u0131\u011f\u0131 taraf\u0131ndan &#8216;Halk\u0131n Bir Kesiminin Benimsedi\u011fi Dini De\u011ferlere Alenen Hakaret ve M\u00fcstehcenlik&#8217; su\u00e7lar\u0131ndan derhal soru\u015fturma i\u015flemlerine ba\u015flan\u0131lm\u0131\u015f, \u015f\u00fcpheliler H.K. ve A.S. g\u00f6zalt\u0131na al\u0131nm\u0131\u015f olup soru\u015fturma i\u015flemleri \u00e7ok y\u00f6nl\u00fc ve titizlikle s\u00fcrd\u00fcr\u00fclmektedir&#8221; denildi.<\/p>\n<p>G\u00f6zalt\u0131na al\u0131nan \u015f\u00fcpheliler, emniyetteki i\u015flemlerinin tamamlanmas\u0131n\u0131n ard\u0131ndan bug\u00fcn adliyeye sevk edildi. Mahkemeye \u00e7\u0131kar\u0131lan H.K. tutuklan\u0131rken, A.S. ise adli kontrol \u015fart\u0131yla serbest b\u0131rak\u0131ld\u0131.<\/p>\n<p>\u0130zmir Cumhuriyet Ba\u015fsavc\u0131l\u0131\u011f\u0131\u2019ndan soru\u015fturmaya ili\u015fkin yap\u0131lan a\u00e7\u0131klamada, \u201cSosyal medyada yay\u0131nlanarak g\u00fcndem olan video payla\u015f\u0131m\u0131 sonras\u0131 \u0130zmir Cumhuriyet Ba\u015fsavc\u0131l\u0131\u011f\u0131 taraf\u0131ndan ba\u015flat\u0131lan soru\u015fturma kapsam\u0131nda \u015f\u00fcphelilerden H.K. \u201cHalk\u0131 Kin ve D\u00fc\u015fmanl\u0131\u011fa Alanen Tahrik Etme\u201d ve \u201cM\u00fcstehcen Yay\u0131nlar\u0131n Yay\u0131mlanmas\u0131na Arac\u0131l\u0131k Etmek\u201d su\u00e7lar\u0131ndan tutuklanm\u0131\u015f, di\u011fer \u015f\u00fcpheli A.S. ise imza ve yurt d\u0131\u015f\u0131 \u00e7\u0131k\u0131\u015f yasa\u011f\u0131 tedbirleri uygulanmak \u00fczere adli kontrol alt\u0131na al\u0131narak serbest b\u0131rak\u0131lm\u0131\u015ft\u0131r\u201d ifadelerine yer verildi. <\/p>\n<p>Kaynak : hurriyet.com.tr<\/p>\n"},"alt_text":"","media_type":"image","mime_type":"image\/jpeg","media_details":{"width":768,"height":201,"file":"2026\/08\/1-15-768x201-171.jpg","sizes":{"medium":{"file":"1-15-768x201-171-300x79.jpg","width":300,"height":79,"mime_type":"image\/jpeg","source_url":"https:\/\/adanaseshaber.com.tr\/habercim\/wp-content\/uploads\/2026\/08\/1-15-768x201-171-300x79.jpg"},"thumbnail":{"file":"1-15-768x201-171-150x150.jpg","width":150,"height":150,"mime_type":"image\/jpeg","source_url":"https:\/\/adanaseshaber.com.tr\/habercim\/wp-content\/uploads\/2026\/08\/1-15-768x201-171-150x150.jpg"},"kucukResim":{"file":"1-15-768x201-171-80x50.jpg","width":80,"height":50,"mime_type":"image\/jpeg","source_url":"https:\/\/adanaseshaber.com.tr\/habercim\/wp-content\/uploads\/2026\/08\/1-15-768x201-171-80x50.jpg"},"sliderResim":{"file":"1-15-768x201-171-670x201.jpg","width":670,"height":201,"mime_type":"image\/jpeg","source_url":"https:\/\/adanaseshaber.com.tr\/habercim\/wp-content\/uploads\/2026\/08\/1-15-768x201-171-670x201.jpg"},"resim1":{"file":"1-15-768x201-171-184x140.jpg","width":184,"height":140,"mime_type":"image\/jpeg","source_url":"https:\/\/adanaseshaber.com.tr\/habercim\/wp-content\/uploads\/2026\/08\/1-15-768x201-171-184x140.jpg"},"resim2":{"file":"1-15-768x201-171-216x103.jpg","width":216,"height":103,"mime_type":"image\/jpeg","source_url":"https:\/\/adanaseshaber.com.tr\/habercim\/wp-content\/uploads\/2026\/08\/1-15-768x201-171-216x103.jpg"},"resim3":{"file":"1-15-768x201-171-145x70.jpg","width":145,"height":70,"mime_type":"image\/jpeg","source_url":"https:\/\/adanaseshaber.com.tr\/habercim\/wp-content\/uploads\/2026\/08\/1-15-768x201-171-145x70.jpg"},"sagSlider":{"file":"1-15-768x201-171-300x150.jpg","width":300,"height":150,"mime_type":"image\/jpeg","source_url":"https:\/\/adanaseshaber.com.tr\/habercim\/wp-content\/uploads\/2026\/08\/1-15-768x201-171-300x150.jpg"},"yeniSlider":{"file":"1-15-768x201-171-500x201.jpg","width":500,"height":201,"mime_type":"image\/jpeg","source_url":"https:\/\/adanaseshaber.com.tr\/habercim\/wp-content\/uploads\/2026\/08\/1-15-768x201-171-500x201.jpg"},"full":{"file":"1-15-768x201-171.jpg","width":768,"height":201,"mime_type":"image\/jpeg","source_url":"https:\/\/adanaseshaber.com.tr\/habercim\/wp-content\/uploads\/2026\/08\/1-15-768x201-171.jpg"}},"image_meta":{"aperture":"0","credit":"","camera":"","caption":"","created_timestamp":"0","copyright":"","focal_length":"0","iso":"0","shutter_speed":"0","title":"","orientation":"0","keywords":[]}},"post":52133,"source_url":"https:\/\/adanaseshaber.com.tr\/habercim\/wp-content\/uploads\/2026\/08\/1-15-768x201-171.jpg","_links":{"self":[{"href":"https:\/\/adanaseshaber.com.tr\/habercim\/wp-json\/wp\/v2\/media\/52135"}],"collection":[{"href":"https:\/\/adanaseshaber.com.tr\/habercim\/wp-json\/wp\/v2\/media"}],"about":[{"href":"https:\/\/adanaseshaber.com.tr\/habercim\/wp-json\/wp\/v2\/types\/attachment"}],"author":[{"embeddable":true,"href":"https:\/\/adanaseshaber.com.tr\/habercim\/wp-json\/wp\/v2\/users\/2"}],"replies":[{"embeddable":true,"href":"https:\/\/adanaseshaber.com.tr\/habercim\/wp-json\/wp\/v2\/comments?post=52135"}]}}