{"id":52150,"date":"2026-08-13T20:45:17","date_gmt":"2026-08-13T17:45:17","guid":{"rendered":"https:\/\/adanaseshaber.com.tr\/habercim\/wp-content\/uploads\/2026\/08\/1-15-768x201-177.jpg"},"modified":"2026-08-13T20:46:58","modified_gmt":"2026-08-13T17:46:58","slug":"1-15-768x201-2768","status":"inherit","type":"attachment","link":"https:\/\/adanaseshaber.com.tr\/habercim\/genel\/bilal-erdogan-2\/attachment\/1-15-768x201-2768\/","title":{"rendered":"Bilal Erdo\u011fan"},"author":2,"comment_status":"open","ping_status":"closed","template":"","meta":[],"description":{"rendered":"<p class=\"attachment\"><a href='https:\/\/adanaseshaber.com.tr\/habercim\/wp-content\/uploads\/2026\/08\/1-15-768x201-177.jpg'><img width=\"300\" height=\"79\" src=\"https:\/\/adanaseshaber.com.tr\/habercim\/wp-content\/uploads\/2026\/08\/1-15-768x201-177-300x79.jpg\" class=\"attachment-medium size-medium\" alt=\"\" loading=\"lazy\" srcset=\"https:\/\/adanaseshaber.com.tr\/habercim\/wp-content\/uploads\/2026\/08\/1-15-768x201-177-300x79.jpg 300w, https:\/\/adanaseshaber.com.tr\/habercim\/wp-content\/uploads\/2026\/08\/1-15-768x201-177.jpg 768w\" sizes=\"(max-width: 300px) 100vw, 300px\" \/><\/a><\/p>\n"},"caption":{"rendered":"<p>Bosphorus Diplomasi Forumu 2026&#8217;n\u0131n a\u00e7\u0131l\u0131\u015f\u0131nda konu\u015fan \u0130lim Yayma Vakf\u0131 M\u00fctevelli Heyeti Ba\u015fkan\u0131 Necmeddin Bilal Erdo\u011fan, T\u00fcrkiye&#8217;de e\u011fitim g\u00f6ren uluslararas\u0131 \u00f6\u011frencilerin \u00fclkenin d\u00fcnyada do\u011fru tan\u0131nmas\u0131na katk\u0131 sa\u011flayaca\u011f\u0131n\u0131 belirterek, bu \u00f6\u011frencilerin &#8220;g\u00f6n\u00fcll\u00fc el\u00e7iler&#8221; olaca\u011f\u0131n\u0131 s\u00f6yledi<br \/>\nGen\u00e7 Diplomasi Derne\u011fi taraf\u0131ndan \u201cKrizler \u00c7a\u011f\u0131nda \u0130nsani Diplomasi\u201d temas\u0131yla d\u00fczenlenen Bosphorus Diplomasi Forumu 2026, Demokrasi ve \u00d6zg\u00fcrl\u00fckler Adas\u0131\u2019nda ba\u015flad\u0131. D\u00fcnyan\u0131n farkl\u0131 b\u00f6lgelerinden gen\u00e7leri diplomasi \u00e7at\u0131s\u0131 alt\u0131nda bulu\u015fturan forumun a\u00e7\u0131l\u0131\u015f paneline, \u0130lim Yayma Vakf\u0131 M\u00fctevelli Heyeti Ba\u015fkan\u0131 Necmeddin Bilal Erdo\u011fan onur konu\u011fu olarak kat\u0131ld\u0131.<br \/>\n\u201cFarkl\u0131 Co\u011frafyalar\u0131 Bir Araya Getirmek: E\u011fitim Diplomasisi\u201d ba\u015fl\u0131kl\u0131 panelde gen\u00e7lerle bir araya gelen Erdo\u011fan, e\u011fitimin \u00fclkeler ve toplumlar aras\u0131nda kurdu\u011fu ba\u011flar ile bu ili\u015fkilerin diplomasi a\u00e7\u0131s\u0131ndan ta\u015f\u0131d\u0131\u011f\u0131 \u00f6nemi de\u011ferlendirdi. Programa \u0130stanbul Valisi Davut G\u00fcl ile \u00fcniversite ve lise \u00f6\u011frencileri de kat\u0131ld\u0131.<br \/>\nT\u00fcrkiye\u2019de yakla\u015f\u0131k 350 bin uluslararas\u0131 \u00f6\u011frencinin e\u011fitim g\u00f6rd\u00fc\u011f\u00fcn\u00fc belirten Erdo\u011fan, akademik hareketlili\u011fin e\u011fitim diplomasisinin \u00f6nemli unsurlar\u0131ndan biri oldu\u011funu s\u00f6yledi. Bilim diplomasisinin ise ortak teknolojik \u00e7al\u0131\u015fmalar, ara\u015ft\u0131rmalar ve kurumlar aras\u0131 ili\u015fkileri de kapsad\u0131\u011f\u0131n\u0131 ifade etti.<\/p>\n<p>T\u00fcrkiye\u2019nin misafirperverli\u011fi, refah seviyesi ve e\u011fitim kurumlar\u0131n\u0131n niteli\u011fiyle uluslararas\u0131 \u00f6\u011frencilerde y\u00fcksek memnuniyet olu\u015fturdu\u011funu savunan Erdo\u011fan, \u00fclkenin \u00f6zellikle Bat\u0131 medyas\u0131nda farkl\u0131 bi\u00e7imde yans\u0131t\u0131lmas\u0131n\u0131n T\u00fcrkiye\u2019nin do\u011fru tan\u0131nmas\u0131n\u0131n \u00f6n\u00fcnde engel olu\u015fturdu\u011funu s\u00f6yledi.<\/p>\n<p>\u201cT\u00dcRK\u0130YE\u2019N\u0130N G\u00d6N\u00dcLL\u00dc EL\u00c7\u0130LER\u0130 OLACAKLAR\u201d<\/p>\n<p>Uluslararas\u0131 \u00f6\u011frencilere yap\u0131lan yat\u0131r\u0131m\u0131n T\u00fcrkiye\u2019nin d\u00fcnyadaki tan\u0131t\u0131m\u0131na \u00f6nemli katk\u0131 sa\u011flad\u0131\u011f\u0131n\u0131 belirten Erdo\u011fan, \u00fclkede e\u011fitim alan \u00f6\u011frencilerin \u00fclkelerine d\u00f6nd\u00fcklerinde T\u00fcrkiye\u2019nin g\u00f6n\u00fcll\u00fc el\u00e7ileri olaca\u011f\u0131na inand\u0131\u011f\u0131n\u0131 ifade etti.<\/p>\n<p>Erdo\u011fan, uluslararas\u0131 \u00f6\u011frencilerin yaln\u0131zca ekonomik katk\u0131lar\u0131 \u00fczerinden de\u011ferlendirilmemesi gerekti\u011fini vurgulayarak, T\u00fcrkiye\u2019de yakla\u015f\u0131k bir e\u011fitim y\u0131l\u0131 ge\u00e7iren bir \u00f6\u011frencinin \u00fclkeye b\u0131rakt\u0131\u011f\u0131 d\u00f6vizin ortalama bir turistin b\u0131rakt\u0131\u011f\u0131 miktar\u0131n en az 10 kat\u0131na ula\u015ft\u0131\u011f\u0131n\u0131 s\u00f6yledi.<\/p>\n<p>30 M\u0130LLETTEN 400\u2019\u00dc A\u015eKIN KATILIMCI<\/p>\n<p>11-16 A\u011fustos tarihleri aras\u0131nda ger\u00e7ekle\u015ftirilecek Bosphorus Diplomasi Forumu\u2019na 30 farkl\u0131 milletten 400\u2019\u00fcn \u00fczerinde gencin kat\u0131lmas\u0131 planlan\u0131yor. Organizasyon, diplomasi ve uluslararas\u0131 ili\u015fkilere ilgi duyan gen\u00e7leri karar al\u0131c\u0131lar, diplomatlar, akademisyenler ve alan\u0131nda uzman isimlerle bir araya getiriyor.<\/p>\n<p>Forumun merkezinde 125 ki\u015filik delege grubunun kat\u0131laca\u011f\u0131 bakanl\u0131k temelli diplomasi sim\u00fclasyonlar\u0131 yer alacak. Delegeler, temsil ettikleri \u00fclkelerin resm\u00ee politikalar\u0131, uluslararas\u0131 hukuk, mevcut g\u00fc\u00e7 dengeleri ve insani sorumluluklar do\u011frultusunda m\u00fczakereler ger\u00e7ekle\u015ftirecek.<\/p>\n<p>T\u00fcrk\u00e7e, \u0130ngilizce, Arap\u00e7a ve Frans\u0131zca d\u00fczenlenecek alt\u0131 komitede Filistin meselesi, Sudan\u2019daki \u00e7at\u0131\u015fmalar, L\u00fcbnan\u2019daki ekonomik kriz, Do\u011fu Akdeniz\u2019de enerji politikalar\u0131 ve egemenlik, Myanmar\u2019daki insani kriz ile Suriye\u2019nin yeniden entegrasyonu ve in\u015fas\u0131 gibi uluslararas\u0131 g\u00fcndemin \u00f6ne \u00e7\u0131kan ba\u015fl\u0131klar\u0131 ele al\u0131nacak.<\/p>\n<p>Forum kapsam\u0131nda ayr\u0131ca enerji, e\u011fitim, yapay zek\u00e2, ekonomik kalk\u0131nma, tarih ve insani diplomasi ba\u015fl\u0131klar\u0131nda panel ve \u00f6zel oturumlar ger\u00e7ekle\u015ftirilecek.<\/p>\n<p>Kaynak : haberturk.com<\/p>\n"},"alt_text":"","media_type":"image","mime_type":"image\/jpeg","media_details":{"width":768,"height":201,"file":"2026\/08\/1-15-768x201-177.jpg","sizes":{"medium":{"file":"1-15-768x201-177-300x79.jpg","width":300,"height":79,"mime_type":"image\/jpeg","source_url":"https:\/\/adanaseshaber.com.tr\/habercim\/wp-content\/uploads\/2026\/08\/1-15-768x201-177-300x79.jpg"},"thumbnail":{"file":"1-15-768x201-177-150x150.jpg","width":150,"height":150,"mime_type":"image\/jpeg","source_url":"https:\/\/adanaseshaber.com.tr\/habercim\/wp-content\/uploads\/2026\/08\/1-15-768x201-177-150x150.jpg"},"kucukResim":{"file":"1-15-768x201-177-80x50.jpg","width":80,"height":50,"mime_type":"image\/jpeg","source_url":"https:\/\/adanaseshaber.com.tr\/habercim\/wp-content\/uploads\/2026\/08\/1-15-768x201-177-80x50.jpg"},"sliderResim":{"file":"1-15-768x201-177-670x201.jpg","width":670,"height":201,"mime_type":"image\/jpeg","source_url":"https:\/\/adanaseshaber.com.tr\/habercim\/wp-content\/uploads\/2026\/08\/1-15-768x201-177-670x201.jpg"},"resim1":{"file":"1-15-768x201-177-184x140.jpg","width":184,"height":140,"mime_type":"image\/jpeg","source_url":"https:\/\/adanaseshaber.com.tr\/habercim\/wp-content\/uploads\/2026\/08\/1-15-768x201-177-184x140.jpg"},"resim2":{"file":"1-15-768x201-177-216x103.jpg","width":216,"height":103,"mime_type":"image\/jpeg","source_url":"https:\/\/adanaseshaber.com.tr\/habercim\/wp-content\/uploads\/2026\/08\/1-15-768x201-177-216x103.jpg"},"resim3":{"file":"1-15-768x201-177-145x70.jpg","width":145,"height":70,"mime_type":"image\/jpeg","source_url":"https:\/\/adanaseshaber.com.tr\/habercim\/wp-content\/uploads\/2026\/08\/1-15-768x201-177-145x70.jpg"},"sagSlider":{"file":"1-15-768x201-177-300x150.jpg","width":300,"height":150,"mime_type":"image\/jpeg","source_url":"https:\/\/adanaseshaber.com.tr\/habercim\/wp-content\/uploads\/2026\/08\/1-15-768x201-177-300x150.jpg"},"yeniSlider":{"file":"1-15-768x201-177-500x201.jpg","width":500,"height":201,"mime_type":"image\/jpeg","source_url":"https:\/\/adanaseshaber.com.tr\/habercim\/wp-content\/uploads\/2026\/08\/1-15-768x201-177-500x201.jpg"},"full":{"file":"1-15-768x201-177.jpg","width":768,"height":201,"mime_type":"image\/jpeg","source_url":"https:\/\/adanaseshaber.com.tr\/habercim\/wp-content\/uploads\/2026\/08\/1-15-768x201-177.jpg"}},"image_meta":{"aperture":"0","credit":"","camera":"","caption":"","created_timestamp":"0","copyright":"","focal_length":"0","iso":"0","shutter_speed":"0","title":"","orientation":"0","keywords":[]}},"post":52148,"source_url":"https:\/\/adanaseshaber.com.tr\/habercim\/wp-content\/uploads\/2026\/08\/1-15-768x201-177.jpg","_links":{"self":[{"href":"https:\/\/adanaseshaber.com.tr\/habercim\/wp-json\/wp\/v2\/media\/52150"}],"collection":[{"href":"https:\/\/adanaseshaber.com.tr\/habercim\/wp-json\/wp\/v2\/media"}],"about":[{"href":"https:\/\/adanaseshaber.com.tr\/habercim\/wp-json\/wp\/v2\/types\/attachment"}],"author":[{"embeddable":true,"href":"https:\/\/adanaseshaber.com.tr\/habercim\/wp-json\/wp\/v2\/users\/2"}],"replies":[{"embeddable":true,"href":"https:\/\/adanaseshaber.com.tr\/habercim\/wp-json\/wp\/v2\/comments?post=52150"}]}}