{"id":52155,"date":"2026-08-13T22:01:25","date_gmt":"2026-08-13T19:01:25","guid":{"rendered":"https:\/\/adanaseshaber.com.tr\/habercim\/wp-content\/uploads\/2026\/08\/1-15-768x201-179.jpg"},"modified":"2026-08-13T22:03:17","modified_gmt":"2026-08-13T19:03:17","slug":"1-15-768x201-2770","status":"inherit","type":"attachment","link":"https:\/\/adanaseshaber.com.tr\/habercim\/foto-galeri\/ocalan-uzun-bir-aradan-sonra\/attachment\/1-15-768x201-2770\/","title":{"rendered":"\u00d6calan uzun bir aradan sonra"},"author":2,"comment_status":"open","ping_status":"closed","template":"","meta":[],"description":{"rendered":"<p class=\"attachment\"><a href='https:\/\/adanaseshaber.com.tr\/habercim\/wp-content\/uploads\/2026\/08\/1-15-768x201-179.jpg'><img width=\"300\" height=\"79\" src=\"https:\/\/adanaseshaber.com.tr\/habercim\/wp-content\/uploads\/2026\/08\/1-15-768x201-179-300x79.jpg\" class=\"attachment-medium size-medium\" alt=\"\" loading=\"lazy\" srcset=\"https:\/\/adanaseshaber.com.tr\/habercim\/wp-content\/uploads\/2026\/08\/1-15-768x201-179-300x79.jpg 300w, https:\/\/adanaseshaber.com.tr\/habercim\/wp-content\/uploads\/2026\/08\/1-15-768x201-179.jpg 768w\" sizes=\"(max-width: 300px) 100vw, 300px\" \/><\/a><\/p>\n"},"caption":{"rendered":"<p>Abdullah \u00d6calan uzun bir aradan sonra kameralara poz verdi. \u00d6calan&#8217;\u0131n verdi\u011fi pozda masadaki kutular\u0131n gizemi \u00e7\u00f6z\u00fcld\u00fc. \u00d6calan&#8217;\u0131n \u0130mral\u0131 Cezaevi&#8217;nde ailesiyle bir araya geldi\u011fi ziyaretin foto\u011fraf\u0131 10 ay sonra g\u00fcn y\u00fcz\u00fcne \u00e7\u0131kt\u0131. Bug\u00fcne kadarki en kalabal\u0131k aile ziyareti oldu\u011fu belirtilen foto\u011fraf karesi, \u00d6calan&#8217;\u0131n kendi iste\u011fi \u00fczerine \u00e7ekildi.<br \/>\n\u0130mral\u0131 Cezaevi&#8217;nde tutuklu bulunan ter\u00f6r \u00f6rg\u00fct\u00fc eleba\u015f\u0131 Abdullah \u00d6calan&#8217;\u0131n bug\u00fcne kadar yaln\u0131zca siyasi heyetler (DEM Parti heyetleri) ile \u00e7ekilmi\u015f foto\u011fraflar\u0131 kamuoyuna yans\u0131m\u0131\u015ft\u0131. \u0130lk kez bir aile ziyaretine ait olan bu foto\u011fraf, DEM Parti \u015eanl\u0131urfa Milletvekili ve \u00d6calan\u2019\u0131n ye\u011feni \u00d6mer \u00d6calan taraf\u0131ndan sosyal medya \u00fczerinden payla\u015f\u0131ld\u0131.<br \/>\nKay\u0131tlara g\u00f6re 31 Ekim 2025 tarihinde ger\u00e7ekle\u015ftirilen ziyarette \u00e7ekilen foto\u011frafta; \u00d6calan&#8217;\u0131n k\u0131z karde\u015fi Fatma \u00d6calan ile ye\u011fenleri \u00d6mer \u00d6calan, Berfin \u00d6calan ve Ali \u00d6calan yer al\u0131yor.<br \/>\nOrtaya \u00e7\u0131kan foto\u011fraf\u0131n arka plan\u0131na dair detaylar da dikkat \u00e7ekti. S\u00f6z konusu g\u00f6r\u00fc\u015fmenin, \u00d6calan ailesinin bug\u00fcne kadar \u0130mral\u0131&#8217;ya ger\u00e7ekle\u015ftirdi\u011fi en kalabal\u0131k ziyaret oldu\u011fu ifade edildi. Ayr\u0131ca bu tarihi ziyaretin \u00f6l\u00fcms\u00fczle\u015ftirilmesi ve foto\u011fraf\u0131n \u00e7ekilmesi talebinin bizzat Abdullah \u00d6calan&#8217;dan geldi\u011fi aktar\u0131ld\u0131.<br \/>\n\u00d6mer \u00d6calan&#8217;\u0131n payla\u015ft\u0131\u011f\u0131 foto\u011frafta dikkat \u00e7eken bir di\u011fer ayr\u0131nt\u0131 ise masan\u0131n \u00fczerinde duran kutular oldu. Edinilen bilgilere g\u00f6re; \u00d6calan&#8217;\u0131n hemen \u00f6n\u00fcnde yer alan bu kutular\u0131n i\u00e7inde kendisine hediye edilen \u00e7e\u015fitli kalemler ve tespihler bulunuyor. \u00d6calan&#8217;\u0131n, bu kutulardaki hediyeleri zaman zaman kendisini ziyarete gelen isimlere da\u011f\u0131tt\u0131\u011f\u0131 \u00f6\u011frenildi.<\/p>\n<p>Kaynak : yeniakit.com.tr<\/p>\n"},"alt_text":"","media_type":"image","mime_type":"image\/jpeg","media_details":{"width":768,"height":201,"file":"2026\/08\/1-15-768x201-179.jpg","sizes":{"medium":{"file":"1-15-768x201-179-300x79.jpg","width":300,"height":79,"mime_type":"image\/jpeg","source_url":"https:\/\/adanaseshaber.com.tr\/habercim\/wp-content\/uploads\/2026\/08\/1-15-768x201-179-300x79.jpg"},"thumbnail":{"file":"1-15-768x201-179-150x150.jpg","width":150,"height":150,"mime_type":"image\/jpeg","source_url":"https:\/\/adanaseshaber.com.tr\/habercim\/wp-content\/uploads\/2026\/08\/1-15-768x201-179-150x150.jpg"},"kucukResim":{"file":"1-15-768x201-179-80x50.jpg","width":80,"height":50,"mime_type":"image\/jpeg","source_url":"https:\/\/adanaseshaber.com.tr\/habercim\/wp-content\/uploads\/2026\/08\/1-15-768x201-179-80x50.jpg"},"sliderResim":{"file":"1-15-768x201-179-670x201.jpg","width":670,"height":201,"mime_type":"image\/jpeg","source_url":"https:\/\/adanaseshaber.com.tr\/habercim\/wp-content\/uploads\/2026\/08\/1-15-768x201-179-670x201.jpg"},"resim1":{"file":"1-15-768x201-179-184x140.jpg","width":184,"height":140,"mime_type":"image\/jpeg","source_url":"https:\/\/adanaseshaber.com.tr\/habercim\/wp-content\/uploads\/2026\/08\/1-15-768x201-179-184x140.jpg"},"resim2":{"file":"1-15-768x201-179-216x103.jpg","width":216,"height":103,"mime_type":"image\/jpeg","source_url":"https:\/\/adanaseshaber.com.tr\/habercim\/wp-content\/uploads\/2026\/08\/1-15-768x201-179-216x103.jpg"},"resim3":{"file":"1-15-768x201-179-145x70.jpg","width":145,"height":70,"mime_type":"image\/jpeg","source_url":"https:\/\/adanaseshaber.com.tr\/habercim\/wp-content\/uploads\/2026\/08\/1-15-768x201-179-145x70.jpg"},"sagSlider":{"file":"1-15-768x201-179-300x150.jpg","width":300,"height":150,"mime_type":"image\/jpeg","source_url":"https:\/\/adanaseshaber.com.tr\/habercim\/wp-content\/uploads\/2026\/08\/1-15-768x201-179-300x150.jpg"},"yeniSlider":{"file":"1-15-768x201-179-500x201.jpg","width":500,"height":201,"mime_type":"image\/jpeg","source_url":"https:\/\/adanaseshaber.com.tr\/habercim\/wp-content\/uploads\/2026\/08\/1-15-768x201-179-500x201.jpg"},"full":{"file":"1-15-768x201-179.jpg","width":768,"height":201,"mime_type":"image\/jpeg","source_url":"https:\/\/adanaseshaber.com.tr\/habercim\/wp-content\/uploads\/2026\/08\/1-15-768x201-179.jpg"}},"image_meta":{"aperture":"0","credit":"","camera":"","caption":"","created_timestamp":"0","copyright":"","focal_length":"0","iso":"0","shutter_speed":"0","title":"","orientation":"0","keywords":[]}},"post":52153,"source_url":"https:\/\/adanaseshaber.com.tr\/habercim\/wp-content\/uploads\/2026\/08\/1-15-768x201-179.jpg","_links":{"self":[{"href":"https:\/\/adanaseshaber.com.tr\/habercim\/wp-json\/wp\/v2\/media\/52155"}],"collection":[{"href":"https:\/\/adanaseshaber.com.tr\/habercim\/wp-json\/wp\/v2\/media"}],"about":[{"href":"https:\/\/adanaseshaber.com.tr\/habercim\/wp-json\/wp\/v2\/types\/attachment"}],"author":[{"embeddable":true,"href":"https:\/\/adanaseshaber.com.tr\/habercim\/wp-json\/wp\/v2\/users\/2"}],"replies":[{"embeddable":true,"href":"https:\/\/adanaseshaber.com.tr\/habercim\/wp-json\/wp\/v2\/comments?post=52155"}]}}