{"id":52165,"date":"2026-08-13T23:31:38","date_gmt":"2026-08-13T20:31:38","guid":{"rendered":"https:\/\/adanaseshaber.com.tr\/habercim\/wp-content\/uploads\/2026\/08\/1-15-768x201-183.jpg"},"modified":"2026-08-13T23:33:56","modified_gmt":"2026-08-13T20:33:56","slug":"1-15-768x201-2774","status":"inherit","type":"attachment","link":"https:\/\/adanaseshaber.com.tr\/habercim\/foto-galeri\/yasamaz-denilen-yedizler\/attachment\/1-15-768x201-2774\/","title":{"rendered":"Ya\u015famaz denilen yedizler"},"author":2,"comment_status":"open","ping_status":"closed","template":"","meta":[],"description":{"rendered":"<p class=\"attachment\"><a href='https:\/\/adanaseshaber.com.tr\/habercim\/wp-content\/uploads\/2026\/08\/1-15-768x201-183.jpg'><img width=\"300\" height=\"79\" src=\"https:\/\/adanaseshaber.com.tr\/habercim\/wp-content\/uploads\/2026\/08\/1-15-768x201-183-300x79.jpg\" class=\"attachment-medium size-medium\" alt=\"\" loading=\"lazy\" srcset=\"https:\/\/adanaseshaber.com.tr\/habercim\/wp-content\/uploads\/2026\/08\/1-15-768x201-183-300x79.jpg 300w, https:\/\/adanaseshaber.com.tr\/habercim\/wp-content\/uploads\/2026\/08\/1-15-768x201-183.jpg 768w\" sizes=\"(max-width: 300px) 100vw, 300px\" \/><\/a><\/p>\n"},"caption":{"rendered":"<p>TODAY program\u0131, d\u00fcnyan\u0131n hayatta kalan ilk yedizleri olan McCaughey ailesiyle, yedi \u00e7ocu\u011fun 18 ya\u015f\u0131na girmesine sadece iki ay kala bir araya geldi.<br \/>\n1997&#8217;de McCaughey yedizleri, d\u00fcnyada hayatta kalan ilk yediz ailesi olarak ulusal bir fenomen olmu\u015ftu. \u015eimdi ise, 18. ya\u015f g\u00fcnlerine iki ay kala, birbirinden farkl\u0131 kimliklere ve hayallere sahip yedi gen\u00e7ten olu\u015fan bir ailede ya\u015f\u0131yorlar.<\/p>\n<p>Hen\u00fcz d\u00f6rt g\u00fcnl\u00fckken TODAY program\u0131na \u00e7\u0131kan Bobbi ve Kenny McCaughey&#8217;nin yedi \u00e7ocu\u011fu, tarihe ge\u00e7tikleri g\u00fcnden bu yana ne kadar yol kat ettiklerini g\u00f6stermek i\u00e7in \u00c7ar\u015famba g\u00fcn\u00fc geri d\u00f6nd\u00fcler. \u015eimdi 17 ya\u015f\u0131nda olan Kenny Jr., Alexis, Natalie, Kelsey, Nathan, Brandon ve Joel, lise son s\u0131n\u0131flar\u0131na ba\u015flarken anne babalar\u0131n\u0131n zaman\u0131n nas\u0131l ge\u00e7ti\u011fini anlamamalar\u0131na neden oldular.<br \/>\nDuygusal bir \u015fekilde konu\u015fan Bobbi, Savannah Guthrie&#8217;ye tarihi do\u011fumlar\u0131ndan bu yana ge\u00e7en y\u0131llar hakk\u0131nda \u015funlar\u0131 s\u00f6yledi: &#8220;Zaman \u00e7ok h\u0131zl\u0131 ge\u00e7ti. \u00c7\u00fcnk\u00fc o kadar \u00e7ok \u015fey oldu ki. An\u0131lar, sevin\u00e7ler, ya\u015fanan kalp k\u0131r\u0131kl\u0131klar\u0131&#8230; Bunlar bizi bug\u00fcn oldu\u011fumuz yere getirdi ve bu \u00e7ok \u00f6zel.&#8221;<\/p>\n<p>Ailelerle yap\u0131lan r\u00f6portaj, TODAY program\u0131n\u0131n &#8220;\u015eimdi Neredeler?&#8221; adl\u0131 bir haftal\u0131k serisinin bir par\u00e7as\u0131 olup, ulusu derinden etkileyen haberleri, bu olaylar\u0131 ya\u015fayan insanlar\u0131n g\u00f6z\u00fcnden inceliyor. Kenny Sr., 19 Kas\u0131m&#8217;da Iowa, Des Moines&#8217;te dokuz hafta erken do\u011fan yedizlerin d\u00fcnyaya geldi\u011fi g\u00fcn\u00fc asla unutmayacak. Yedizler, \u015fu anda 19 ya\u015f\u0131nda ve evli olan ablalar\u0131 Mikayla&#8217;ya kat\u0131ld\u0131lar.<\/p>\n<p>&#8220;Benim i\u00e7in en etkileyici olan, her bir \u00e7ocu\u011fun rahimden \u00e7\u0131k\u0131\u015f\u0131n\u0131 g\u00f6rmekti,&#8221; dedi Kenny. &#8220;Ger\u00e7ekten de g\u00f6r\u00fclmeye de\u011fer bir manzarayd\u0131.&#8221;<br \/>\nMcCaughey ailesi, do\u011fumlar\u0131ndan sonra b\u00fcy\u00fck bir destek g\u00f6rd\u00fc; b\u00fcy\u00fck bir ev, bir minib\u00fcs, dad\u0131 hizmetleri ve daha bir\u00e7ok \u015fey ba\u011f\u0131\u015fland\u0131. Hatta o zamanki Ba\u015fkan Bill Clinton&#8217;dan bir telefon ald\u0131lar ve Iowa&#8217;daki herhangi bir devlet \u00fcniversitesinde tam burs teklifi ald\u0131lar; yedizler \u015fimdi bu teklifi kabul etmeye haz\u0131rlan\u0131yor.<\/p>\n<p>&#8220;San\u0131r\u0131m ba\u015flarda ailemizden ve arkada\u015flar\u0131m\u0131zdan \u00e7ok yard\u0131m ald\u0131k,&#8221; dedi Bobbi. &#8220;\u0130htiyac\u0131m\u0131z olan bir \u015fey oldu\u011funda, her zaman bize yard\u0131m etmeye haz\u0131r biri vard\u0131. \u00c7ok g\u00fc\u00e7l\u00fc bir destek sistemimiz var. Ayakta durmak zorunda kald\u0131\u011f\u0131m\u0131z kaya gibi sa\u011flam bir inanc\u0131m\u0131z var.&#8221; Yedizler, do\u011fduklar\u0131 g\u00fcnden 14 ya\u015f\u0131na kadar her y\u0131l Dateline adl\u0131 \u00f6zel bir programda yer ald\u0131lar. Ancak Bobbi ve Kenny, reality televizyon yoluna girmeyi reddettiler ve \u00e7ocuklar b\u00fcy\u00fcd\u00fck\u00e7e ailenin medyada g\u00f6r\u00fcnme s\u0131kl\u0131\u011f\u0131n\u0131 azaltt\u0131lar.<\/p>\n<p>&#8220;Ger\u00e7ekten olabildi\u011fince normal bir aile olmak istiyoruz,&#8221; dedi Kenny. &#8220;Bir aileyi yeti\u015ftirmenin en iyi yolu, normal, g\u00fcnl\u00fck \u015feylerle yetinmektir.&#8221;<\/p>\n<p>\u00c7ocuklar da kendi kimliklerini olu\u015fturmu\u015f durumda; Kenny Jr. s\u0131n\u0131f\u0131n palya\u00e7osu olarak bilinirken, Joel kitap kurdu, Brandon ise inat\u00e7\u0131 ve korkusuz olarak tan\u0131n\u0131yor.<\/p>\n<p>&#8220;Asla yaln\u0131z de\u011filsiniz,&#8221; dedi Kenny Jr. &#8220;Her zaman konu\u015facak ve vakit ge\u00e7irecek biri var. Bence en iyisi de bu.&#8221;<\/p>\n<p>&#8220;Bence en k\u00f6t\u00fc yan\u0131 diye bir \u015fey yok,&#8221; dedi Kelsey. &#8220;Her \u015feyinden keyif ald\u0131m.&#8221;<\/p>\n<p>Kaynak : today.com<\/p>\n"},"alt_text":"","media_type":"image","mime_type":"image\/jpeg","media_details":{"width":768,"height":201,"file":"2026\/08\/1-15-768x201-183.jpg","sizes":{"medium":{"file":"1-15-768x201-183-300x79.jpg","width":300,"height":79,"mime_type":"image\/jpeg","source_url":"https:\/\/adanaseshaber.com.tr\/habercim\/wp-content\/uploads\/2026\/08\/1-15-768x201-183-300x79.jpg"},"thumbnail":{"file":"1-15-768x201-183-150x150.jpg","width":150,"height":150,"mime_type":"image\/jpeg","source_url":"https:\/\/adanaseshaber.com.tr\/habercim\/wp-content\/uploads\/2026\/08\/1-15-768x201-183-150x150.jpg"},"kucukResim":{"file":"1-15-768x201-183-80x50.jpg","width":80,"height":50,"mime_type":"image\/jpeg","source_url":"https:\/\/adanaseshaber.com.tr\/habercim\/wp-content\/uploads\/2026\/08\/1-15-768x201-183-80x50.jpg"},"sliderResim":{"file":"1-15-768x201-183-670x201.jpg","width":670,"height":201,"mime_type":"image\/jpeg","source_url":"https:\/\/adanaseshaber.com.tr\/habercim\/wp-content\/uploads\/2026\/08\/1-15-768x201-183-670x201.jpg"},"resim1":{"file":"1-15-768x201-183-184x140.jpg","width":184,"height":140,"mime_type":"image\/jpeg","source_url":"https:\/\/adanaseshaber.com.tr\/habercim\/wp-content\/uploads\/2026\/08\/1-15-768x201-183-184x140.jpg"},"resim2":{"file":"1-15-768x201-183-216x103.jpg","width":216,"height":103,"mime_type":"image\/jpeg","source_url":"https:\/\/adanaseshaber.com.tr\/habercim\/wp-content\/uploads\/2026\/08\/1-15-768x201-183-216x103.jpg"},"resim3":{"file":"1-15-768x201-183-145x70.jpg","width":145,"height":70,"mime_type":"image\/jpeg","source_url":"https:\/\/adanaseshaber.com.tr\/habercim\/wp-content\/uploads\/2026\/08\/1-15-768x201-183-145x70.jpg"},"sagSlider":{"file":"1-15-768x201-183-300x150.jpg","width":300,"height":150,"mime_type":"image\/jpeg","source_url":"https:\/\/adanaseshaber.com.tr\/habercim\/wp-content\/uploads\/2026\/08\/1-15-768x201-183-300x150.jpg"},"yeniSlider":{"file":"1-15-768x201-183-500x201.jpg","width":500,"height":201,"mime_type":"image\/jpeg","source_url":"https:\/\/adanaseshaber.com.tr\/habercim\/wp-content\/uploads\/2026\/08\/1-15-768x201-183-500x201.jpg"},"full":{"file":"1-15-768x201-183.jpg","width":768,"height":201,"mime_type":"image\/jpeg","source_url":"https:\/\/adanaseshaber.com.tr\/habercim\/wp-content\/uploads\/2026\/08\/1-15-768x201-183.jpg"}},"image_meta":{"aperture":"0","credit":"","camera":"","caption":"","created_timestamp":"0","copyright":"","focal_length":"0","iso":"0","shutter_speed":"0","title":"","orientation":"0","keywords":[]}},"post":52163,"source_url":"https:\/\/adanaseshaber.com.tr\/habercim\/wp-content\/uploads\/2026\/08\/1-15-768x201-183.jpg","_links":{"self":[{"href":"https:\/\/adanaseshaber.com.tr\/habercim\/wp-json\/wp\/v2\/media\/52165"}],"collection":[{"href":"https:\/\/adanaseshaber.com.tr\/habercim\/wp-json\/wp\/v2\/media"}],"about":[{"href":"https:\/\/adanaseshaber.com.tr\/habercim\/wp-json\/wp\/v2\/types\/attachment"}],"author":[{"embeddable":true,"href":"https:\/\/adanaseshaber.com.tr\/habercim\/wp-json\/wp\/v2\/users\/2"}],"replies":[{"embeddable":true,"href":"https:\/\/adanaseshaber.com.tr\/habercim\/wp-json\/wp\/v2\/comments?post=52165"}]}}