{"id":52175,"date":"2026-08-13T23:41:20","date_gmt":"2026-08-13T20:41:20","guid":{"rendered":"https:\/\/adanaseshaber.com.tr\/habercim\/wp-content\/uploads\/2026\/08\/1-15-768x201-187.jpg"},"modified":"2026-08-13T23:42:50","modified_gmt":"2026-08-13T20:42:50","slug":"1-15-768x201-2778","status":"inherit","type":"attachment","link":"https:\/\/adanaseshaber.com.tr\/habercim\/foto-galeri\/kabe-manzarali-otel-odasinda\/attachment\/1-15-768x201-2778\/","title":{"rendered":"Kabe manzaral\u0131 otel odas\u0131nda"},"author":2,"comment_status":"open","ping_status":"closed","template":"","meta":[],"description":{"rendered":"<p class=\"attachment\"><a href='https:\/\/adanaseshaber.com.tr\/habercim\/wp-content\/uploads\/2026\/08\/1-15-768x201-187.jpg'><img width=\"300\" height=\"79\" src=\"https:\/\/adanaseshaber.com.tr\/habercim\/wp-content\/uploads\/2026\/08\/1-15-768x201-187-300x79.jpg\" class=\"attachment-medium size-medium\" alt=\"\" loading=\"lazy\" srcset=\"https:\/\/adanaseshaber.com.tr\/habercim\/wp-content\/uploads\/2026\/08\/1-15-768x201-187-300x79.jpg 300w, https:\/\/adanaseshaber.com.tr\/habercim\/wp-content\/uploads\/2026\/08\/1-15-768x201-187.jpg 768w\" sizes=\"(max-width: 300px) 100vw, 300px\" \/><\/a><\/p>\n"},"caption":{"rendered":"<p>Kabe manzaral\u0131 otel odas\u0131nda l\u00fcks kahvalt\u0131 masas\u0131 \u00e7ekimi yaparak TikTok&#8217;ta payla\u015fan kad\u0131n\u0131n i\u00e7eri\u011fi sosyal medyada g\u00fcndem olurken b\u00fcy\u00fck tepki toplad\u0131.<br \/>\n\u0130slam alemi, hac ibadeti dolay\u0131s\u0131yla aylar \u00f6nce kutsal topraklar\u0131 ziyaret etti.<\/p>\n<p>Milyonlar\u0131n ihrama girip, gerekli rit\u00fcelleri hep birlikte yapt\u0131\u011f\u0131, kurban keserek \u00fclkelerine da\u011f\u0131ld\u0131\u011f\u0131 Kabe ve di\u011fer kutsal mekanlarda, \u015fimdilerde umre ziyaretleri yap\u0131l\u0131yor.<\/p>\n<p>Bu kapsamda Kabe etraf\u0131ndaki l\u00fcks otellerde konaklayarak bol y\u0131ld\u0131zl\u0131 hizmetler e\u015fli\u011finde ibadet edenlerin payla\u015f\u0131mlar\u0131, s\u0131k s\u0131k tepkilere neden oluyor.<\/p>\n<p>Bu tart\u0131\u015fmalarda yeni bir boyuta ge\u00e7ildi.<\/p>\n<p>Bir TikTok kullan\u0131c\u0131s\u0131, yapt\u0131\u011f\u0131 payla\u015f\u0131mla t\u00fcm \u0130slam aleminin tepkisini \u00fczerine \u00e7ekti.<\/p>\n<p>KABE MANZARALI L\u00dcKS KAHVALTI<br \/>\nArap oldu\u011fu anla\u015f\u0131lan tesett\u00fcrl\u00fc kad\u0131n, Kabe&#8217;nin hemen yan\u0131ndaki y\u00fcksek katl\u0131 l\u00fcks otellerden birinin odas\u0131ndan kahvalt\u0131 yapt\u0131\u011f\u0131 anlar\u0131 payla\u015ft\u0131.<\/p>\n<p>Sofras\u0131nda envai \u00e7e\u015fit kahvalt\u0131l\u0131k ve i\u00e7inde \u015ferbet oldu\u011fu tahmin edilen kadehi ile Kabe manzaras\u0131 \u00f6n\u00fcnden kameraya poz veren kad\u0131n\u0131n payla\u015f\u0131m\u0131, k\u0131sa s\u00fcrede sosyal medyada yay\u0131ld\u0131. T\u00fcrkiye g\u00fcndemine de d\u00fc\u015fen s\u00f6z konusu g\u00f6r\u00fcnt\u00fcler b\u00fcy\u00fck tepki \u00e7ekti.<br \/>\nKimi kullan\u0131c\u0131lar imal\u0131 \u015fekilde &#8220;Allah kabul etsin hacc\u0131n\u0131, umreni!&#8221; yorumu yaparken kimileri, Filistin&#8217;de ya\u015fanan insanl\u0131k dram\u0131n\u0131 hat\u0131rlatt\u0131.<\/p>\n<p>Kaynak : ensonhaber.com<\/p>\n"},"alt_text":"","media_type":"image","mime_type":"image\/jpeg","media_details":{"width":768,"height":201,"file":"2026\/08\/1-15-768x201-187.jpg","sizes":{"medium":{"file":"1-15-768x201-187-300x79.jpg","width":300,"height":79,"mime_type":"image\/jpeg","source_url":"https:\/\/adanaseshaber.com.tr\/habercim\/wp-content\/uploads\/2026\/08\/1-15-768x201-187-300x79.jpg"},"thumbnail":{"file":"1-15-768x201-187-150x150.jpg","width":150,"height":150,"mime_type":"image\/jpeg","source_url":"https:\/\/adanaseshaber.com.tr\/habercim\/wp-content\/uploads\/2026\/08\/1-15-768x201-187-150x150.jpg"},"kucukResim":{"file":"1-15-768x201-187-80x50.jpg","width":80,"height":50,"mime_type":"image\/jpeg","source_url":"https:\/\/adanaseshaber.com.tr\/habercim\/wp-content\/uploads\/2026\/08\/1-15-768x201-187-80x50.jpg"},"sliderResim":{"file":"1-15-768x201-187-670x201.jpg","width":670,"height":201,"mime_type":"image\/jpeg","source_url":"https:\/\/adanaseshaber.com.tr\/habercim\/wp-content\/uploads\/2026\/08\/1-15-768x201-187-670x201.jpg"},"resim1":{"file":"1-15-768x201-187-184x140.jpg","width":184,"height":140,"mime_type":"image\/jpeg","source_url":"https:\/\/adanaseshaber.com.tr\/habercim\/wp-content\/uploads\/2026\/08\/1-15-768x201-187-184x140.jpg"},"resim2":{"file":"1-15-768x201-187-216x103.jpg","width":216,"height":103,"mime_type":"image\/jpeg","source_url":"https:\/\/adanaseshaber.com.tr\/habercim\/wp-content\/uploads\/2026\/08\/1-15-768x201-187-216x103.jpg"},"resim3":{"file":"1-15-768x201-187-145x70.jpg","width":145,"height":70,"mime_type":"image\/jpeg","source_url":"https:\/\/adanaseshaber.com.tr\/habercim\/wp-content\/uploads\/2026\/08\/1-15-768x201-187-145x70.jpg"},"sagSlider":{"file":"1-15-768x201-187-300x150.jpg","width":300,"height":150,"mime_type":"image\/jpeg","source_url":"https:\/\/adanaseshaber.com.tr\/habercim\/wp-content\/uploads\/2026\/08\/1-15-768x201-187-300x150.jpg"},"yeniSlider":{"file":"1-15-768x201-187-500x201.jpg","width":500,"height":201,"mime_type":"image\/jpeg","source_url":"https:\/\/adanaseshaber.com.tr\/habercim\/wp-content\/uploads\/2026\/08\/1-15-768x201-187-500x201.jpg"},"full":{"file":"1-15-768x201-187.jpg","width":768,"height":201,"mime_type":"image\/jpeg","source_url":"https:\/\/adanaseshaber.com.tr\/habercim\/wp-content\/uploads\/2026\/08\/1-15-768x201-187.jpg"}},"image_meta":{"aperture":"0","credit":"","camera":"","caption":"","created_timestamp":"0","copyright":"","focal_length":"0","iso":"0","shutter_speed":"0","title":"","orientation":"0","keywords":[]}},"post":52173,"source_url":"https:\/\/adanaseshaber.com.tr\/habercim\/wp-content\/uploads\/2026\/08\/1-15-768x201-187.jpg","_links":{"self":[{"href":"https:\/\/adanaseshaber.com.tr\/habercim\/wp-json\/wp\/v2\/media\/52175"}],"collection":[{"href":"https:\/\/adanaseshaber.com.tr\/habercim\/wp-json\/wp\/v2\/media"}],"about":[{"href":"https:\/\/adanaseshaber.com.tr\/habercim\/wp-json\/wp\/v2\/types\/attachment"}],"author":[{"embeddable":true,"href":"https:\/\/adanaseshaber.com.tr\/habercim\/wp-json\/wp\/v2\/users\/2"}],"replies":[{"embeddable":true,"href":"https:\/\/adanaseshaber.com.tr\/habercim\/wp-json\/wp\/v2\/comments?post=52175"}]}}