{"id":52185,"date":"2026-08-14T19:45:57","date_gmt":"2026-08-14T16:45:57","guid":{"rendered":"https:\/\/adanaseshaber.com.tr\/habercim\/wp-content\/uploads\/2026\/08\/1-15-768x201-191.jpg"},"modified":"2026-08-14T19:48:23","modified_gmt":"2026-08-14T16:48:23","slug":"1-15-768x201-2782","status":"inherit","type":"attachment","link":"https:\/\/adanaseshaber.com.tr\/habercim\/foto-galeri\/omer-tayyip-erdogandan\/attachment\/1-15-768x201-2782\/","title":{"rendered":"\u00d6mer Tayyip Erdo\u011fan&#8217;dan"},"author":2,"comment_status":"open","ping_status":"closed","template":"","meta":[],"description":{"rendered":"<p class=\"attachment\"><a href='https:\/\/adanaseshaber.com.tr\/habercim\/wp-content\/uploads\/2026\/08\/1-15-768x201-191.jpg'><img width=\"300\" height=\"79\" src=\"https:\/\/adanaseshaber.com.tr\/habercim\/wp-content\/uploads\/2026\/08\/1-15-768x201-191-300x79.jpg\" class=\"attachment-medium size-medium\" alt=\"\" loading=\"lazy\" srcset=\"https:\/\/adanaseshaber.com.tr\/habercim\/wp-content\/uploads\/2026\/08\/1-15-768x201-191-300x79.jpg 300w, https:\/\/adanaseshaber.com.tr\/habercim\/wp-content\/uploads\/2026\/08\/1-15-768x201-191.jpg 768w\" sizes=\"(max-width: 300px) 100vw, 300px\" \/><\/a><\/p>\n"},"caption":{"rendered":"<p>Enerji ve Tabii Kaynaklar Bakan\u0131 Alparslan Bayraktar, Bosphorus Diplomasi Forumu&#8217;nda gen\u00e7lerle bir araya geldi. Panelde, Cumhurba\u015fkan\u0131 Erdo\u011fan&#8217;\u0131n torunu \u00d6mer Tayyip Erdo\u011fan&#8217;\u0131n Bakan Bayraktar&#8217;a y\u00f6neltti\u011fi soru \u00f6ne \u00e7\u0131kt\u0131.<\/p>\n<p>Bosphorus Diplomasi Forumu 2026, 3\u2019\u00fcnc\u00fc g\u00fcn\u00fcnde Enerji ve Tabii Kaynaklar Bakan\u0131 Alparslan Bayraktar\u2019\u0131n kat\u0131l\u0131m\u0131n\u0131 sa\u011flad\u0131\u011f\u0131 panelle devam etti. Panelde Bakan Bayraktar\u2019a soru soran gen\u00e7lerden biri Cumhurba\u015fkan\u0131 Erdo\u011fan\u2019\u0131n torunu ve Gen\u00e7 Diplomasi Derne\u011fi Ba\u015fkan Yard\u0131mc\u0131s\u0131 \u00d6mer Tayyip Erdo\u011fan oldu.<br \/>\nGen\u00e7 Diplomasi Derne\u011fi taraf\u0131ndan bu y\u0131l ikincisi d\u00fczenlenen Bosphorus Diplomasi Forumu, 3\u2019\u00fcnc\u00fc g\u00fcn\u00fcnde Enerji ve Tabii Kaynaklar Bakan\u0131 Alparslan Bayraktar\u2019\u0131 a\u011f\u0131rlad\u0131.<br \/>\nDemokrasi ve \u00d6zg\u00fcrl\u00fckler Adas\u0131\u2019nda ger\u00e7ekle\u015ftirilen foruma kat\u0131lan Bakan Bayraktar, \u201cK\u00fcresel Sistemin K\u0131r\u0131lma Noktas\u0131: Enerji Diplomasisi\u201d adl\u0131 panelde gen\u00e7lerin sorular\u0131n\u0131 yan\u0131tlad\u0131. O gen\u00e7lerden biri Cumhurba\u015fkan\u0131 Recep Tayyip Erdo\u011fan\u2019\u0131n torunu ve ayn\u0131 zamanda Gen\u00e7 Diplomasi Derne\u011fi Ba\u015fkan Yard\u0131mc\u0131s\u0131 \u00d6mer Tayyip Erdo\u011fan oldu.<\/p>\n<p>Erdo\u011fan, Bakan Bayraktar\u2019a &#8220;T\u00fcrkiye\u2019nin enerjide d\u0131\u015fa ba\u011f\u0131ml\u0131l\u0131\u011f\u0131n\u0131 sona erdirmesi i\u00e7in hedef tarih nedir?&#8221; sorusunu y\u00f6neltirken Bakan Bayraktar &#8220;En zor soru bu oldu.&#8221; diyerek kar\u015f\u0131l\u0131k verdi ve hedef tarihin 2035 oldu\u011funu ifade etti. &#8220;T\u00dcRK\u0130YE&#8217;N\u0130N ENERJ\u0130DE DI\u015eA BA\u011eIMLILI\u011eINI SONA ERD\u0130RMEK AMACIYLA B\u0130RKA\u00c7 KOLDAN \u00c7ALI\u015eMA Y\u00dcR\u00dcT\u00dcL\u00dcYOR&#8221;<\/p>\n<p>Bakan Alparslan Bayraktar, \u201c\u00d6zellikle kritik ve stratejik madenlerde T\u00fcrkiye\u2019nin ba\u011f\u0131ms\u0131z olmas\u0131 \u00e7ok \u00f6nemli. Hedef tarih belirledi\u011finiz zaman elbette bunun alt\u0131n\u0131 doldurman\u0131z gerekir.<\/p>\n<p>&#8216;T\u00fcrkiye\u2019nin enerjide d\u0131\u015fa ba\u011f\u0131ml\u0131l\u0131\u011f\u0131n\u0131 10 ya da 20 y\u0131l sonra bitirece\u011fiz.&#8217; dedi\u011finizde, bunun nas\u0131l ve ne zaman yap\u0131laca\u011f\u0131 sorusu g\u00fcndeme geliyor.<\/p>\n<p>En az\u0131ndan 2035 y\u0131l\u0131 i\u00e7in baz\u0131 hedeflerden s\u00f6z edebilirim. T\u00fcrkiye\u2019nin enerjide d\u0131\u015fa ba\u011f\u0131ml\u0131l\u0131\u011f\u0131n\u0131 sona erdirmek amac\u0131yla birka\u00e7 koldan \u00e7al\u0131\u015fma y\u00fcr\u00fct\u00fcl\u00fcyor. Bunlardan biri; kendi petrol\u00fcm\u00fcz\u00fc ve do\u011fal gaz\u0131m\u0131z\u0131 \u00fcretmek.<\/p>\n<p>Sakarya Gaz Sahas\u0131\u2019nda, Karadeniz\u2019de ve Gabar\u2019daki petrol sahalar\u0131nda y\u00fcr\u00fctt\u00fc\u011f\u00fcm\u00fcz \u00e7al\u0131\u015fmalar ile yurt i\u00e7inde ve yurt d\u0131\u015f\u0131nda ger\u00e7ekle\u015ftirdi\u011fimiz faaliyetler bu kapsamda devam ediyor. Di\u011fer taraftan yenilenebilir enerji ve n\u00fckleer enerji alan\u0131ndaki \u00e7al\u0131\u015fmalar\u0131m\u0131z da s\u00fcr\u00fcyor.\u201d diye konu\u015ftu. T\u00fcketim al\u0131\u015fkanl\u0131klar\u0131n\u0131 de\u011fi\u015ftirerek de enerjide d\u0131\u015fa ba\u011f\u0131ml\u0131l\u0131\u011f\u0131 azaltabilece\u011fimizi s\u00f6yleyen Bakan Bayraktar, \u201cD\u0131\u015fa ba\u011f\u0131ml\u0131l\u0131\u011f\u0131 azaltman\u0131n bir ba\u015fka yolu da enerji tasarrufu ve verimlili\u011fidir. T\u00fcketimi bir miktar azaltabilir veya t\u00fcketim al\u0131\u015fkanl\u0131klar\u0131n\u0131 de\u011fi\u015ftirebilirsiniz.<\/p>\n<p>\u2018T\u00fcketimi azaltmak\u2019 dedi\u011fimizde, mevcut ya\u015fam tarz\u0131m\u0131zdan vazge\u00e7meden daha az enerji kullanman\u0131n nas\u0131l m\u00fcmk\u00fcn olabilece\u011fi sorusu ortaya \u00e7\u0131k\u0131yor.<\/p>\n<p>\u00d6rne\u011fin ula\u015ft\u0131rma sekt\u00f6r\u00fcne bakal\u0131m. T\u00fcrkiye\u2019de ula\u015ft\u0131rma alan\u0131nda kullan\u0131lan elektri\u011fin oran\u0131 yaln\u0131zca binde be\u015f. Ancak elektrik, T\u00fcrkiye\u2019nin en g\u00fc\u00e7l\u00fc oldu\u011fu alanlardan biri.<\/p>\n<p>Biz, 2035 y\u0131l\u0131na kadar T\u00fcrkiye\u2019de 8 ila 10 milyon elektrikli arac\u0131n kullan\u0131lmas\u0131n\u0131 hedefliyoruz. Bunu kendi \u00fcretti\u011fimiz ara\u00e7larla ger\u00e7ekle\u015ftirirsek \u00e7ok daha anlaml\u0131 h\u00e2le gelir.<\/p>\n<p>T\u00fcrkiye\u2019nin 8 ila 10 milyon elektrikli arac\u0131n kullan\u0131ld\u0131\u011f\u0131 bir \u00fclke olmas\u0131n\u0131 ve b\u00f6ylece \u00f6zellikle petroldeki d\u0131\u015fa ba\u011f\u0131ml\u0131l\u0131\u011f\u0131m\u0131z\u0131n azalmaya ba\u015flamas\u0131n\u0131 istiyoruz.\u201d dedi. As\u0131l hedefin enerjide d\u0131\u015fa ba\u011f\u0131ml\u0131l\u0131\u011f\u0131 s\u0131f\u0131ra indirerek T\u00fcrkiye\u2019yi enerji konusunda tam ba\u011f\u0131ms\u0131z yapmak oldu\u011funu ifade eden Bayraktar, \u201cT\u00fcketim yine devam edecek ancak elektrik \u00fcretimindeki d\u0131\u015fa ba\u011f\u0131ml\u0131l\u0131\u011f\u0131m\u0131z, di\u011fer enerji kaynaklar\u0131na k\u0131yasla \u00e7ok daha d\u00fc\u015f\u00fck.<\/p>\n<p>Bu nedenle y\u00fczde 65-70 seviyelerinde bulunan yerlilik oran\u0131m\u0131z\u0131 art\u0131rmay\u0131, yenilenebilir enerjiden daha fazla yararlanmay\u0131 ve elektrikli ara\u00e7larla ula\u015ft\u0131rma sekt\u00f6r\u00fcn\u00fc d\u00f6n\u00fc\u015ft\u00fcrmeyi ama\u00e7l\u0131yoruz. \u015eu anda y\u00fczde 70 seviyelerinde bulunan enerjide d\u0131\u015fa ba\u011f\u0131ml\u0131l\u0131k oran\u0131n\u0131 2035 y\u0131l\u0131na kadar y\u00fczde 50\u2019nin alt\u0131na \u00e7ekmeyi hedefliyoruz.<\/p>\n<p>Bu, son derece \u00f6nemli bir hedef. \u00d6n\u00fcm\u00fczdeki 10 y\u0131l i\u00e7erisinde bunu ba\u015farabilirsek T\u00fcrkiye, enerji kaynakl\u0131 cari a\u00e7\u0131k meselesini b\u00fcy\u00fck \u00f6l\u00e7\u00fcde geride b\u0131rakabilir.<\/p>\n<p>Bundan sonraki hedefimiz ise bu oran\u0131 s\u0131f\u0131ra d\u00fc\u015f\u00fcrerek T\u00fcrkiye\u2019yi enerjide tamamen ba\u011f\u0131ms\u0131z h\u00e2le getirmek. Enerji kaynakl\u0131 d\u0131\u015f ticaret a\u00e7\u0131\u011f\u0131 meselesini ortadan kald\u0131rmak i\u00e7in yo\u011fun bir \u015fekilde \u00e7al\u0131\u015f\u0131yoruz.\u201d diyerek soruyu cevaplad\u0131.<\/p>\n<p>Kaynak : ekonomi.haber7.com<\/p>\n"},"alt_text":"","media_type":"image","mime_type":"image\/jpeg","media_details":{"width":768,"height":201,"file":"2026\/08\/1-15-768x201-191.jpg","sizes":{"medium":{"file":"1-15-768x201-191-300x79.jpg","width":300,"height":79,"mime_type":"image\/jpeg","source_url":"https:\/\/adanaseshaber.com.tr\/habercim\/wp-content\/uploads\/2026\/08\/1-15-768x201-191-300x79.jpg"},"thumbnail":{"file":"1-15-768x201-191-150x150.jpg","width":150,"height":150,"mime_type":"image\/jpeg","source_url":"https:\/\/adanaseshaber.com.tr\/habercim\/wp-content\/uploads\/2026\/08\/1-15-768x201-191-150x150.jpg"},"kucukResim":{"file":"1-15-768x201-191-80x50.jpg","width":80,"height":50,"mime_type":"image\/jpeg","source_url":"https:\/\/adanaseshaber.com.tr\/habercim\/wp-content\/uploads\/2026\/08\/1-15-768x201-191-80x50.jpg"},"sliderResim":{"file":"1-15-768x201-191-670x201.jpg","width":670,"height":201,"mime_type":"image\/jpeg","source_url":"https:\/\/adanaseshaber.com.tr\/habercim\/wp-content\/uploads\/2026\/08\/1-15-768x201-191-670x201.jpg"},"resim1":{"file":"1-15-768x201-191-184x140.jpg","width":184,"height":140,"mime_type":"image\/jpeg","source_url":"https:\/\/adanaseshaber.com.tr\/habercim\/wp-content\/uploads\/2026\/08\/1-15-768x201-191-184x140.jpg"},"resim2":{"file":"1-15-768x201-191-216x103.jpg","width":216,"height":103,"mime_type":"image\/jpeg","source_url":"https:\/\/adanaseshaber.com.tr\/habercim\/wp-content\/uploads\/2026\/08\/1-15-768x201-191-216x103.jpg"},"resim3":{"file":"1-15-768x201-191-145x70.jpg","width":145,"height":70,"mime_type":"image\/jpeg","source_url":"https:\/\/adanaseshaber.com.tr\/habercim\/wp-content\/uploads\/2026\/08\/1-15-768x201-191-145x70.jpg"},"sagSlider":{"file":"1-15-768x201-191-300x150.jpg","width":300,"height":150,"mime_type":"image\/jpeg","source_url":"https:\/\/adanaseshaber.com.tr\/habercim\/wp-content\/uploads\/2026\/08\/1-15-768x201-191-300x150.jpg"},"yeniSlider":{"file":"1-15-768x201-191-500x201.jpg","width":500,"height":201,"mime_type":"image\/jpeg","source_url":"https:\/\/adanaseshaber.com.tr\/habercim\/wp-content\/uploads\/2026\/08\/1-15-768x201-191-500x201.jpg"},"full":{"file":"1-15-768x201-191.jpg","width":768,"height":201,"mime_type":"image\/jpeg","source_url":"https:\/\/adanaseshaber.com.tr\/habercim\/wp-content\/uploads\/2026\/08\/1-15-768x201-191.jpg"}},"image_meta":{"aperture":"0","credit":"","camera":"","caption":"","created_timestamp":"0","copyright":"","focal_length":"0","iso":"0","shutter_speed":"0","title":"","orientation":"0","keywords":[]}},"post":52183,"source_url":"https:\/\/adanaseshaber.com.tr\/habercim\/wp-content\/uploads\/2026\/08\/1-15-768x201-191.jpg","_links":{"self":[{"href":"https:\/\/adanaseshaber.com.tr\/habercim\/wp-json\/wp\/v2\/media\/52185"}],"collection":[{"href":"https:\/\/adanaseshaber.com.tr\/habercim\/wp-json\/wp\/v2\/media"}],"about":[{"href":"https:\/\/adanaseshaber.com.tr\/habercim\/wp-json\/wp\/v2\/types\/attachment"}],"author":[{"embeddable":true,"href":"https:\/\/adanaseshaber.com.tr\/habercim\/wp-json\/wp\/v2\/users\/2"}],"replies":[{"embeddable":true,"href":"https:\/\/adanaseshaber.com.tr\/habercim\/wp-json\/wp\/v2\/comments?post=52185"}]}}