{"id":52195,"date":"2026-08-14T21:58:49","date_gmt":"2026-08-14T18:58:49","guid":{"rendered":"https:\/\/adanaseshaber.com.tr\/habercim\/wp-content\/uploads\/2026\/08\/1-15-768x201-195.jpg"},"modified":"2026-08-14T22:00:40","modified_gmt":"2026-08-14T19:00:40","slug":"1-15-768x201-2786","status":"inherit","type":"attachment","link":"https:\/\/adanaseshaber.com.tr\/habercim\/foto-galeri\/14-15-16-agustos\/attachment\/1-15-768x201-2786\/","title":{"rendered":"14-15-16 A\u011fustos"},"author":2,"comment_status":"open","ping_status":"closed","template":"","meta":[],"description":{"rendered":"<p class=\"attachment\"><a href='https:\/\/adanaseshaber.com.tr\/habercim\/wp-content\/uploads\/2026\/08\/1-15-768x201-195.jpg'><img width=\"300\" height=\"79\" src=\"https:\/\/adanaseshaber.com.tr\/habercim\/wp-content\/uploads\/2026\/08\/1-15-768x201-195-300x79.jpg\" class=\"attachment-medium size-medium\" alt=\"\" loading=\"lazy\" srcset=\"https:\/\/adanaseshaber.com.tr\/habercim\/wp-content\/uploads\/2026\/08\/1-15-768x201-195-300x79.jpg 300w, https:\/\/adanaseshaber.com.tr\/habercim\/wp-content\/uploads\/2026\/08\/1-15-768x201-195.jpg 768w\" sizes=\"(max-width: 300px) 100vw, 300px\" \/><\/a><\/p>\n"},"caption":{"rendered":"<p>A\u011fustos ay\u0131n\u0131n ortas\u0131nda ya\u015fad\u0131\u011f\u0131m\u0131z bunalt\u0131c\u0131 s\u0131cak hava dalgas\u0131n\u0131n ard\u0131ndan meteorolojik tablo aniden de\u011fi\u015fiyor. Cuma sabah saatlerinden itibaren Marmara&#8217;n\u0131n bat\u0131s\u0131 ve Kuzey Ege k\u0131y\u0131lar\u0131nda r\u00fczgar h\u0131z\u0131n\u0131n saatte 60-80 kilometreye ula\u015fmas\u0131 bekleniyor.<br \/>\nSabah saatlerinde Samsun, Ordu, Giresun, Trabzon ve Rize&#8217;de kuvvetli sa\u011fanak ya\u011f\u0131\u015f\u0131n ba\u015flamas\u0131 \u00f6ng\u00f6r\u00fcl\u00fcrken, sabah trafi\u011fine \u00e7\u0131kacak s\u00fcr\u00fcc\u00fclerin su birikintilerine kar\u015f\u0131 dikkatli olmas\u0131 gerekiyor. \u00d6\u011fle saatlerine gelindi\u011finde ise Ege ve Marmara genelinde f\u0131rt\u0131na h\u0131z\u0131n\u0131 art\u0131racak ve \u00f6zellikle \u00c7anakkale \u00e7evresinde r\u00fczgar\u0131n h\u0131z\u0131 yer yer 80 kilometreye kadar \u00e7\u0131kacak.<br \/>\nBu sebeple deniz ula\u015f\u0131m\u0131n\u0131 kullanacaklar\u0131n sefer iptallerini kontrol etmesi b\u00fcy\u00fck \u00f6nem ta\u015f\u0131yor. \u00d6\u011fleden sonra sa\u011fanak ya\u011f\u0131\u015f hatt\u0131 \u0130\u00e7 Anadolu&#8217;nun do\u011fusu, Adana, Kahramanmara\u015f ve Do\u011fu Anadolu&#8217;ya kadar geni\u015fleyecek. Ak\u015fam ve gece saatlerinde ise Do\u011fu Karadeniz ile Kuzeydo\u011fu Anadolu hatt\u0131nda ya\u011f\u0131\u015flar aral\u0131ks\u0131z \u015fekilde s\u00fcrecek.<br \/>\nHafta sonu tatili i\u00e7in sahil \u015feridine inmeyi veya piknik yapmay\u0131 planlayanlar i\u00e7in hava durumu pek i\u00e7 a\u00e7\u0131c\u0131 g\u00f6r\u00fcnm\u00fcyor. Cumartesi g\u00fcn\u00fc bat\u0131 kesimlerde par\u00e7al\u0131 bulutlu ve yer yer ya\u011f\u0131\u015fl\u0131 bir hava h\u00e2kim olurken, as\u0131l s\u00fcrpriz pazar g\u00fcn\u00fc ya\u015fanacak. Meteoroloji&#8217;nin son be\u015f g\u00fcnl\u00fck tahmin haritas\u0131na g\u00f6re pazar g\u00fcn\u00fc; Marmara, Ege, Akdeniz&#8217;in i\u00e7 kesimleri, \u0130\u00e7 Anadolu ve Karadeniz&#8217;in b\u00fcy\u00fck b\u00f6l\u00fcm\u00fc g\u00f6k g\u00fcr\u00fclt\u00fcl\u00fc sa\u011fana\u011fa teslim olacak.<br \/>\n14 A\u011fustos 2026 Cuma g\u00fcn\u00fcne ait genel hava durumu haritas\u0131 incelendi\u011finde; Marmara ve Ege&#8217;nin do\u011fusu ile Bat\u0131 Karadeniz&#8217;de Kocaeli, Sakarya, Bursa, Bilecik, K\u00fctahya, Afyonkarahisar, D\u00fczce, Bolu, Karab\u00fck, Kastamonu; \u0130\u00e7 Anadolu ve Orta\/Do\u011fu Karadeniz&#8217;de \u00c7ank\u0131r\u0131, \u00c7orum, Amasya, Samsun, Tokat, Yozgat, Sivas, Kayseri, Ni\u011fde, Ordu, Giresun, Trabzon, Rize, Artvin, G\u00fcm\u00fc\u015fhane, Bayburt; Do\u011fu Anadolu&#8217;da Erzincan, Erzurum, Ardahan, Kars, Tunceli, Bing\u00f6l, Elaz\u0131\u011f, Malatya ve Do\u011fu Akdeniz ile \u00e7evresinde Adana, Osmaniye, Hatay, Kahramanmara\u015f, Ad\u0131yaman olmak \u00fczere toplam 39 ilde g\u00f6k g\u00fcr\u00fclt\u00fcl\u00fc sa\u011fanak ya\u011f\u0131\u015f beklenmektedir (g\u00fcn i\u00e7erisindeki dilim haritalar\u0131nda yerel ge\u00e7i\u015flerle U\u015fak, Isparta ve Gaziantep s\u0131n\u0131rlar\u0131nda da k\u0131sa s\u00fcreli ya\u011f\u0131\u015f sembolleri g\u00f6r\u00fclmektedir).<br \/>\nYeni haftan\u0131n ilk g\u00fcn\u00fcnde ise ya\u011f\u0131\u015fl\u0131 sistem do\u011fuya kayarak Karadeniz, \u0130\u00e7 Anadolu ve Do\u011fu Anadolu&#8217;da etkisini korumaya devam edecek. Sal\u0131 g\u00fcn\u00fcnden itibaren bat\u0131 illeri derin bir nefes alarak yeniden g\u00fcne\u015fle bulu\u015furken, ya\u011f\u0131\u015fl\u0131 hava sadece Do\u011fu Karadeniz ile s\u0131n\u0131rl\u0131 kalacak.<br \/>\nAni hava de\u011fi\u015fimi sadece planlar\u0131 bozmakla kalm\u0131yor, beraberinde ciddi g\u00fcvenlik riskleri de getiriyor. Uzmanlar, bat\u0131 b\u00f6lgelerinde beklenen \u015fiddetli f\u0131rt\u0131na nedeniyle a\u011fa\u00e7 devrilmesi, \u00e7at\u0131 u\u00e7mas\u0131 ve \u00f6zellikle deniz ula\u015f\u0131m\u0131nda ya\u015fanabilecek aksamalara kar\u015f\u0131 vatanda\u015flar\u0131 uyar\u0131yor.<br \/>\nDo\u011fu Karadeniz ve Adana \u00e7evresinde ise kuvvetli ya\u011f\u0131\u015flar\u0131n toprak doygunlu\u011funu art\u0131rmas\u0131 sebebiyle ani sel, heyelan ve su bask\u0131n\u0131 riski y\u00fcksek g\u00f6r\u00fcl\u00fcyor. \u00d6te yandan G\u00fcneydo\u011fu Anadolu&#8217;da termometreler 40 dereceyi zorlamaya devam ediyor ve uzmanlar ya\u015fl\u0131lar, \u00e7ocuklar ile kronik hastalar\u0131n g\u00fcn ortas\u0131nda g\u00fcne\u015f alt\u0131nda kalmamas\u0131n\u0131n hayati \u00f6nem ta\u015f\u0131d\u0131\u011f\u0131n\u0131 belirtiyor.<br \/>\nHaritalara g\u00f6re \u00fc\u00e7 b\u00fcy\u00fck ilimiz olan \u0130stanbul, \u0130zmir ve Ankara&#8217;da 5 g\u00fcnl\u00fck s\u00fcre\u00e7 boyunca genel olarak ya\u011f\u0131\u015fs\u0131z, az bulutlu ve g\u00fcne\u015fli bir hava hakim olacakt\u0131r. \u0130stanbul&#8217;da hava s\u0131cakl\u0131klar\u0131 27-28\u00b0C seviyelerinde seyredecek olup, g\u00fcn genelinde par\u00e7al\u0131 ve az bulutlu bir g\u00f6ky\u00fcz\u00fc beklenirken, \u00f6zellikle s\u00fcrecin ilk g\u00fcnlerinde kuzeydo\u011fudan esen ve h\u0131z\u0131 saatte 40-80 kilometreye kadar ula\u015fan kuvvetli r\u00fczgarlar etkisini hissettirecektir. \u0130zmir&#8217;de be\u015f g\u00fcn boyunca a\u00e7\u0131k ve g\u00fcne\u015fli bir hava beklenmekte; en y\u00fcksek s\u0131cakl\u0131klar\u0131n 29\u00b0C ile 33\u00b0C aras\u0131nda de\u011fi\u015fece\u011fi kentte, t\u0131pk\u0131 \u0130stanbul&#8217;da oldu\u011fu gibi ilk g\u00fcnlerde kuzeyli y\u00f6nlerden esen kuvvetli r\u00fczgarlar \u00f6ne \u00e7\u0131kacakt\u0131r. Ankara&#8217;da ise s\u0131cakl\u0131klar\u0131n 28\u00b0C ile 31\u00b0C band\u0131nda seyretti\u011fi, ya\u011f\u0131\u015f riskinin bulunmad\u0131\u011f\u0131 dengeli bir yaz havas\u0131 ya\u015fanacak ve g\u00fcnler genellikle par\u00e7al\u0131, az bulutlu veya g\u00fcne\u015fli ge\u00e7ecektir.<\/p>\n<p>Kaynak : sabah.com.tr<\/p>\n"},"alt_text":"","media_type":"image","mime_type":"image\/jpeg","media_details":{"width":768,"height":201,"file":"2026\/08\/1-15-768x201-195.jpg","sizes":{"medium":{"file":"1-15-768x201-195-300x79.jpg","width":300,"height":79,"mime_type":"image\/jpeg","source_url":"https:\/\/adanaseshaber.com.tr\/habercim\/wp-content\/uploads\/2026\/08\/1-15-768x201-195-300x79.jpg"},"thumbnail":{"file":"1-15-768x201-195-150x150.jpg","width":150,"height":150,"mime_type":"image\/jpeg","source_url":"https:\/\/adanaseshaber.com.tr\/habercim\/wp-content\/uploads\/2026\/08\/1-15-768x201-195-150x150.jpg"},"kucukResim":{"file":"1-15-768x201-195-80x50.jpg","width":80,"height":50,"mime_type":"image\/jpeg","source_url":"https:\/\/adanaseshaber.com.tr\/habercim\/wp-content\/uploads\/2026\/08\/1-15-768x201-195-80x50.jpg"},"sliderResim":{"file":"1-15-768x201-195-670x201.jpg","width":670,"height":201,"mime_type":"image\/jpeg","source_url":"https:\/\/adanaseshaber.com.tr\/habercim\/wp-content\/uploads\/2026\/08\/1-15-768x201-195-670x201.jpg"},"resim1":{"file":"1-15-768x201-195-184x140.jpg","width":184,"height":140,"mime_type":"image\/jpeg","source_url":"https:\/\/adanaseshaber.com.tr\/habercim\/wp-content\/uploads\/2026\/08\/1-15-768x201-195-184x140.jpg"},"resim2":{"file":"1-15-768x201-195-216x103.jpg","width":216,"height":103,"mime_type":"image\/jpeg","source_url":"https:\/\/adanaseshaber.com.tr\/habercim\/wp-content\/uploads\/2026\/08\/1-15-768x201-195-216x103.jpg"},"resim3":{"file":"1-15-768x201-195-145x70.jpg","width":145,"height":70,"mime_type":"image\/jpeg","source_url":"https:\/\/adanaseshaber.com.tr\/habercim\/wp-content\/uploads\/2026\/08\/1-15-768x201-195-145x70.jpg"},"sagSlider":{"file":"1-15-768x201-195-300x150.jpg","width":300,"height":150,"mime_type":"image\/jpeg","source_url":"https:\/\/adanaseshaber.com.tr\/habercim\/wp-content\/uploads\/2026\/08\/1-15-768x201-195-300x150.jpg"},"yeniSlider":{"file":"1-15-768x201-195-500x201.jpg","width":500,"height":201,"mime_type":"image\/jpeg","source_url":"https:\/\/adanaseshaber.com.tr\/habercim\/wp-content\/uploads\/2026\/08\/1-15-768x201-195-500x201.jpg"},"full":{"file":"1-15-768x201-195.jpg","width":768,"height":201,"mime_type":"image\/jpeg","source_url":"https:\/\/adanaseshaber.com.tr\/habercim\/wp-content\/uploads\/2026\/08\/1-15-768x201-195.jpg"}},"image_meta":{"aperture":"0","credit":"","camera":"","caption":"","created_timestamp":"0","copyright":"","focal_length":"0","iso":"0","shutter_speed":"0","title":"","orientation":"0","keywords":[]}},"post":52193,"source_url":"https:\/\/adanaseshaber.com.tr\/habercim\/wp-content\/uploads\/2026\/08\/1-15-768x201-195.jpg","_links":{"self":[{"href":"https:\/\/adanaseshaber.com.tr\/habercim\/wp-json\/wp\/v2\/media\/52195"}],"collection":[{"href":"https:\/\/adanaseshaber.com.tr\/habercim\/wp-json\/wp\/v2\/media"}],"about":[{"href":"https:\/\/adanaseshaber.com.tr\/habercim\/wp-json\/wp\/v2\/types\/attachment"}],"author":[{"embeddable":true,"href":"https:\/\/adanaseshaber.com.tr\/habercim\/wp-json\/wp\/v2\/users\/2"}],"replies":[{"embeddable":true,"href":"https:\/\/adanaseshaber.com.tr\/habercim\/wp-json\/wp\/v2\/comments?post=52195"}]}}